{"id":17068,"date":"2025-07-15T23:39:58","date_gmt":"2025-07-15T21:39:58","guid":{"rendered":"https:\/\/uj.adatbank.ro\/lexikon\/termek\/oprean-gheorghe\/"},"modified":"2025-07-15T23:39:58","modified_gmt":"2025-07-15T21:39:58","slug":"oprean-gheorghe","status":"publish","type":"product","link":"https:\/\/uj.adatbank.ro\/lexikon\/termek\/oprean-gheorghe\/","title":{"rendered":"OPREAN, Gheorghe"},"content":{"rendered":"<p>Ol\u00e1hszentl\u00e1szl\u00f3, 1891. okt. 6., \u2020 Dics\u0151szentm\u00e1rton, 1974. szept. 17: ort. pap. \u2013Brass\u00f3ban \u00e9retts\u00e9gizett. Egyetemistak\u00e9nt r\u00e9szt vett a gyulafeh\u00e9rv\u00e1ri egyes\u00fcl\u00e9si n\u00e9pgy\u0171l\u00e9sen (1918. dec. 1.), majd ugyan abban az \u00e9vben, \u0151sszel B\u00e9csben tanult az egyetem B\u00f6lcs\u00e9sz Kar\u00e1n (1918). Papkapit\u00e1nyk\u00e9nt, titk\u00e1ra volt az Erd\u00e9lyi, B\u00e1ns\u00e1gi \u00e9s Bukovinai Rom\u00e1n Tisztek \u00e9s Katon\u00e1k Tan\u00e1cs\u00e1nak, amely az egyes\u00fcl\u00e9s megval\u00f3sul\u00e1s\u00e1\u00e9rt tev\u00e9kenykedett. P\u00e1lyafut\u00e1sa K\u00fck\u00fcll\u0151sz\u00e9plakon indult, ahonnan Cs\u00fcd\u0151telk\u00e9re helyezt\u00e9k, \u00e9s r\u00e1b\u00edzt\u00e1k Dics\u0151szentm\u00e1rton 21 ort. h\u00edv\u00e9nek szolg\u00e1lat\u00e1t is, akik kis sz\u00e1muk miatt nem alkothattak parochi\u00e1t (1921. febr. 7.\u201367). Az ortodoxia \u00fajj\u00e1\u00e9leszt\u0151je Dics\u0151szentm\u00e1rtonban \u00e9s a Kisk\u00fck\u00fcll\u0151 vid\u00e9k\u00e9n. Kitart\u00f3 gy\u0171jt\u0151 \u00e9s alkot\u00f3 munk\u00e1j\u00e1nak k\u00f6sz\u00f6nhet\u0151en a szebeni p\u00fcsp\u00f6kt\u0151l megkapta az enged\u00e9lyt az ort. parochia megnyit\u00e1s\u00e1ra (1922. \u00e1pr. 8.\u2013). Templomuk nem volt, vall\u00e1sos tev\u00e9kenys\u00e9get a Traian Gimn. egyik term\u00e9ben v\u00e9geztek, am\u00edg k\u00f6zadakoz\u00e1sb\u00f3l \u00e9s k\u00f6zmunk\u00e1val lassan fel\u00e9p\u00edtett\u00e9k az ort. templomot (1927\u201337), terveit Surinya Bal\u00e1zs k\u00e9sz\u00edtette \u00e9s Strucsk\u00f3 Ferenc \u00e9p\u00edt\u0151mesterrel egy\u00fctt vezett\u00e9k az \u00e9p\u00edtkez\u00e9st. Fresk\u00f3it Iv\u0103nescu festette. Felszentelt\u00e9k Sf. Mucenic Gheorghe-nak aj\u00e1lva (1938. okt. 9.). Ort. temet\u0151t l\u00e9tes\u00edtett, amelyhez harangot \u00e9s fakeresztet (troi\u0163\u0103) szereltetett (1929). Papi lakot \u00e9s irod\u00e1kat is \u00e9p\u00edtettek a templom mell\u00e9(1936), majd a v\u00e1rosi k\u00f3rh\u00e1z ter\u00fclet\u00e9n a betegek r\u00e9sz\u00e9re k\u00e1poln\u00e1t l\u00e9tes\u00edtett, a templomhoz harangokat szereltetett fel. Elnyerte Dics\u0151 traktus adminisztr\u00e1l\u00f3 pl\u00e9b\u00e1nosa, majd az eg\u00e9sz K\u00fck\u00fcll\u0151 \u2013 vid\u00e9k pl\u00e9b\u00e1nosa funkci\u00f3t (1938. j\u00fan. 11.\u2013). Kv.-ra ker\u00fclt egyh\u00e1zmegyei misszion\u00e1riusnak. A kommunista rendszerben \u00fcld\u00f6zni kezdt\u00e9k, eltiltott\u00e1k az istentiszteletek tart\u00e1s\u00e1t\u00f3l (1948\u2013), letart\u00f3ztatt\u00e1k \u00e9s a Duna \u2013 Fekete tenger csatorn\u00e1hoz vitt\u00e9k k\u00e9nyszermunk\u00e1ra (1952\u201353). K\u00e9s\u0151bb rehabilit\u00e1lt\u00e1k (1968). \u00c9letrajz\u00e1t \u00e9s tev\u00e9kenys\u00e9g\u00e9t R. Ducan foglalta monogr\u00e1fi\u00e1ba. <br \/><strong>Irod.:<\/strong> Dics\u0151szentm\u00e1rton r\u00e9gi arca; Ducan, R\u0103zvan: Preotul Gheorghe Oprean \u2013 o via\u0163\u0103 \u00eenchinat\u0103 unirii rom\u00e2nilor \u015fi \u00een\u0103l\u0163\u0103rii bisericii na\u0163ionale (Tg. M., 1999) \u00e9s (C.L., 24. febr. 2000.; 18. sept. 2002.); Szab\u00f3\u2013Simon\u2013Sz\u00f6gi; T\u00e2rn\u0103veni, cult.-ist.; Todea 2013<\/br><\/p>\n","protected":false},"excerpt":{"rendered":"<p>Ol\u00e1hszentl\u00e1szl\u00f3, 1891. okt. 6., \u2020 Dics\u0151szentm\u00e1rton, 1974. szept. 17: ort. pap. \u2013Brass\u00f3ban \u00e9retts\u00e9gizett. Egyetemistak\u00e9nt r\u00e9szt vett a gyulafeh\u00e9rv\u00e1ri egyes\u00fcl\u00e9si n\u00e9pgy\u0171l\u00e9sen (1918. dec. 1.), majd ugyan abban az \u00e9vben, \u0151sszel B\u00e9csben tanult az egyetem B\u00f6lcs\u00e9sz Kar\u00e1n (1918). Papkapit\u00e1nyk\u00e9nt, titk\u00e1ra volt az Erd\u00e9lyi, B\u00e1ns\u00e1gi \u00e9s Bukovinai Rom\u00e1n Tisztek \u00e9s Katon\u00e1k Tan\u00e1cs\u00e1nak, amely az egyes\u00fcl\u00e9s megval\u00f3sul\u00e1s\u00e1\u00e9rt tev\u00e9kenykedett. P\u00e1lyafut\u00e1sa [&hellip;]<\/p>\n","protected":false},"featured_media":0,"comment_status":"open","ping_status":"closed","template":"","meta":[],"product_brand":[],"product_cat":[137],"product_tag":[],"class_list":{"0":"post-17068","1":"product","2":"type-product","3":"status-publish","5":"product_cat-maros-megyei-eletrajzi-lexikon","7":"first","8":"instock","9":"shipping-taxable","10":"product-type-simple"},"_links":{"self":[{"href":"https:\/\/uj.adatbank.ro\/lexikon\/wp-json\/wp\/v2\/product\/17068","targetHints":{"allow":["GET"]}}],"collection":[{"href":"https:\/\/uj.adatbank.ro\/lexikon\/wp-json\/wp\/v2\/product"}],"about":[{"href":"https:\/\/uj.adatbank.ro\/lexikon\/wp-json\/wp\/v2\/types\/product"}],"replies":[{"embeddable":true,"href":"https:\/\/uj.adatbank.ro\/lexikon\/wp-json\/wp\/v2\/comments?post=17068"}],"wp:attachment":[{"href":"https:\/\/uj.adatbank.ro\/lexikon\/wp-json\/wp\/v2\/media?parent=17068"}],"wp:term":[{"taxonomy":"product_brand","embeddable":true,"href":"https:\/\/uj.adatbank.ro\/lexikon\/wp-json\/wp\/v2\/product_brand?post=17068"},{"taxonomy":"product_cat","embeddable":true,"href":"https:\/\/uj.adatbank.ro\/lexikon\/wp-json\/wp\/v2\/product_cat?post=17068"},{"taxonomy":"product_tag","embeddable":true,"href":"https:\/\/uj.adatbank.ro\/lexikon\/wp-json\/wp\/v2\/product_tag?post=17068"}],"curies":[{"name":"wp","href":"https:\/\/api.w.org\/{rel}","templated":true}]}}