{"id":17086,"date":"2025-07-15T23:40:36","date_gmt":"2025-07-15T21:40:36","guid":{"rendered":"https:\/\/uj.adatbank.ro\/lexikon\/termek\/orban-balazs-%c2%a7-br-lengyelfalvi\/"},"modified":"2025-07-15T23:40:36","modified_gmt":"2025-07-15T21:40:36","slug":"orban-balazs-%c2%a7-br-lengyelfalvi","status":"publish","type":"product","link":"https:\/\/uj.adatbank.ro\/lexikon\/termek\/orban-balazs-%c2%a7-br-lengyelfalvi\/","title":{"rendered":"ORB\u00c1N Bal\u00e1zs, \u00a7 br., lengyelfalvi"},"content":{"rendered":"<p>Lengyelfalva, 1829. febr. 3., \u2020 Bp., 1890. \u00e1pr. 19.: tud\u00f3s, utaz\u00f3, n\u00e9prajzi gy\u0171jt\u0151, t\u00f6rt\u00e9net\u00edr\u00f3, parlamenti k\u00e9pvisel\u0151. \u2013 A sz\u00e9kelyudvarhelyi ref. koll.-ban fejezte be tanulm\u00e1nyait (1847). Isztambulba ment (1847\u2013), majd beutazta Sz\u00edri\u00e1t, Palesztin\u00e1t, Egyiptomot \u00e9s Ar\u00e1bi\u00e1t. M\u00e1sodszor is Isztambulba utazott (1849), ahol 150 f\u0151s szabadcsapatot toborzott a m. honv\u00e9dsereg sz\u00e1m\u00e1ra, de Vidinn\u00e9l \u00e9rtes\u00fclt a vil\u00e1gosi fegyverlet\u00e9telr\u0151l, ez\u00e9rt az emigr\u00e1ci\u00f3t v\u00e1lasztva visszat\u00e9rt T\u00f6r\u00f6ko.-ba. T\u00e1mogatta a m. emigr\u00e1ci\u00f3t, ekkor ker\u00fclt kap\u00adcsolatba Kossuth Lajossal (1849\u201352). A K-i uta\u00adz\u00e1sain megismert orsz\u00e1gok t\u00f6rt. tanulm\u00e1nyo\u00adz\u00e1sa c\u00e9lj\u00e1b\u00f3l Londonba ment (1852), Jersey \u00e9s Guernsey sziget\u00e9n V. Hug\u00f3 \u00e9s csa\u00adl\u00e1dja t\u00e1rsas\u00e1g\u00e1ban \u00e9lt (1852\u2013). Hazat\u00e9rt (1859), Udvarhelysz\u00e9k ideiglenes f\u0151jegyz\u0151je (1861\u2013), Kv. f\u0151jegyz\u0151je (1867\u2013). Pesten \u00e9lt (1868\u2013).Mv.-en k\u00e9pvisel\u0151nek v\u00e1lasztott\u00e1k f\u00fcggetlens\u00e9gi p\u00e1rti programmal (1870). Mv. og.-i k\u00e9pvisel\u0151je. Interpell\u00e1lt a parlamentben (1872\u201375) a Teleki T\u00e9ka \u00fcgy\u00e9ben ill. kisaj\u00e1t\u00edt\u00e1sa ellen (1874). Eml\u00e9kbesz\u00e9det mondott a Sz\u00e9kely V\u00e9rtan\u00fak eml\u00e9km\u0171v\u00e9nek avat\u00f3 \u00fcnneps\u00e9g\u00e9n (1875), Udvarhely\u00adsz\u00e9k als\u00f3 ker. (1872\u20131875), a beretty\u00f3\u00fajfa\u00adlui v\u00e1laszt\u00f3ker. orsz\u00e1ggy\u0171l\u00e9si k\u00e9pvisel\u0151je (1881\u201390 hal\u00e1l\u00e1ig) f\u00fcg\u00adgetlens\u00e9gi p\u00e1rti programmal. Az MTA l tagja (l. 1887). Bp.-en halt meg (1890. \u00e1pr. 19.), a parlamenti \u00fcl\u00e9sszak alatt.Szejkef\u00fcrd\u0151n temetik el. Jakab Elek tartott eml\u00e9kbesz\u00e9det felette az Akad\u00e9mia t\u00f6rt\u00e9neti oszt\u00e1ly\u00e1n. A Sz\u00e9kelyf\u00f6ldr\u0151l sz\u00f3l\u00f3, t\u00f6bb\u00e9ves, szem\u00e9lyes gy\u0171jt\u0151\u00fatja eredm\u00e9nyeit feldolgoz\u00f3, enciklop\u00e9dikus jelle\u00adg\u0171 munk\u00e1j\u00e1ban j\u00f3r\u00e9szt addig ismeretlen t\u00f6rt\u00e9nelmi, r\u00e9g\u00e9szeti \u00e9s n\u00e9prajzi anyagot dolgozott fel. A Sz\u00e9kelyf\u00f6ld le\u00edr\u00e1sa anyaggy\u0171jt\u00e9se sor\u00e1n 150 f\u00e9nyk\u00e9pfelv\u00e9telt k\u00e9sz\u00edtett, amelyek a sz\u00e9kelykereszt\u00fari gimn\u00e1ziumi k\u00f6nyvt\u00e1rban voltak, innen Mv.-re ker\u00fcltek az iskol\u00e1k \u00e1llamos\u00edt\u00e1sa ut\u00e1n. Az elveszettnek hitt \u00e9rt\u00e9ket M\u00e9sz\u00e1ros J\u00f3zsef k\u00f6nyvt\u00e1ros tal\u00e1lta meg \u00e9s Erd\u00e9lyi Lajos fot\u00f3m\u0171v\u00e9sz tette mai reproduk\u00e1l\u00e1sra alkalmass\u00e1 az \u00fcveglemezeket \u00e9s jelentette meg szakszer\u0171 tanulm\u00e1ny kis\u00e9ret\u00e9ben, S\u00fct\u0151 Andr\u00e1s el\u0151szav\u00e1val (1971, 1993). A M. N\u00e9pk\u00f6lt\u00e9si Gy\u0171jtem\u00e9ny (Bp., 1882) t\u00e1rs-szerk. Mv.-en utc\u00e1t neveztek el r\u00f3la (1941\u20131995), az \u00c1llami Kereskedelmi Iskola felvette nev\u00e9t (1941). Sz\u00e9kelyudvarhelyen Orb\u00e1n Bal\u00e1zs K\u00f6zm\u0171vel\u0151d\u00e9si Egylet l\u00e9tes\u00fclt (1990), melynek tiszteletbeli eln\u00f6k\u00e9v\u00e9 S\u00fct\u0151 Andr\u00e1st v\u00e1lasztott\u00e1k. Szobr\u00e1t Hunyadi L\u00e1szl\u00f3 alkotta \u00e9s Sz\u00e9kelyudvarhely f\u0151ter\u00e9n \u00e1ll\u00edtott\u00e1k fel (1995. febr. 4). \u2013 <strong>F. m.:<\/strong> Utaz\u00e1s Keleten. I\u2014VI. (K\u00adv., 1861); A Sz\u00e9kelyf\u00f6ld le\u00edr\u00e1sa&#8230; I-VI. (Pest, 1868\u201373; repr. I\u2014III. Bp., 1982; r\u00f6vid\u00ed\u00adtett kiad. Bp., 1982, 2. kiad. 1985; repr., 1\u20136. Bp., 1991); Marosv\u00e1s\u00e1rhely szabad kir. v\u00e1ros le\u00edr\u00e1sa (Pest, 1870); Torock\u00f3 \u00e9s v\u00f6lhy\u00e9nek ismertet\u00e9se r\u00e9g\u00e9szeti, term\u00e9szetrajzi \u00e9s n\u00e9pismei szempontb\u00f3l (Pest, 1871); Brass\u00f3 szab. kir. v\u00e1ros le\u00edr\u00e1sa&#8230; (Pest, 1873); A b\u00e1rcas\u00e1gi t\u00edz magyar falu le\u00edr\u00e1sa&#8230; (Pest, 1873); Orb\u00e1n Bal\u00e1zs orsz\u00e1ggy\u0171l\u00e9si besz\u00e9dei 1871\u20131884 ; A sz\u00e9kelyek sz\u00e1rmaz\u00e1s\u00e1r\u00f3l \u00e9s int\u00e9zm\u00e9nyeir\u0151l (Bp., 1888); Torda v\u00e1ros \u00e9s k\u00f6rny\u00e9ke (Bp., 1889; repr. Bp., 1986); Sz\u00e9\u00adkelyf\u00f6ld k\u00e9pekben. (Bev. Erd\u00e9lyi Lajos, el\u0151sz\u00f3 S\u00fct\u0151 Andr\u00e1s; Buk., 1971); Sztambult\u00f3l Szejk\u00e9ig. V\u00e1logatott \u00edr\u00e1sok. (Kiad., bev., jegyz. Bal\u00e1zs \u00c1d\u00e1m; Debrecen, 1990; Kv., 2009); O. B. \u00f6sszes f\u00e9nyk\u00e9pe. (Szerk. Kolta Magdolna; Bp., 1993); <strong>antol\u00f3g.:<\/strong> Szigetek a Holttengerben (Mv., 1998); Erd\u00e9lyi csillagok (Bp., 1943); Id\u0151t\u00e1r 2; Jakab Elek: Eml\u00e9kbesz\u00e9d O. B. felett (Bp., 1891); O. B. eml\u00e9ke (Kv., 1890); P\u00e1l-Antal 2002; RMIL; Sz\u00e9kelys\u00e9g t\u00f6rt ; Szinnyei; Tavaszi S\u00e1ndor: Orb\u00e1n Bal\u00e1zs (1829\u20131890), portr\u00e9 = Erd\u00e9lyi csillagok 1942, portr\u00e9 is; \u00daM\u00c9L, Uni\u00f3 zsebk\u00f6nyv 1848 (Kv, 1848); Vigh: Erd\u00e9lyi csillagok<\/br><\/p>\n","protected":false},"excerpt":{"rendered":"<p>Lengyelfalva, 1829. febr. 3., \u2020 Bp., 1890. \u00e1pr. 19.: tud\u00f3s, utaz\u00f3, n\u00e9prajzi gy\u0171jt\u0151, t\u00f6rt\u00e9net\u00edr\u00f3, parlamenti k\u00e9pvisel\u0151. \u2013 A sz\u00e9kelyudvarhelyi ref. koll.-ban fejezte be tanulm\u00e1nyait (1847). Isztambulba ment (1847\u2013), majd beutazta Sz\u00edri\u00e1t, Palesztin\u00e1t, Egyiptomot \u00e9s Ar\u00e1bi\u00e1t. M\u00e1sodszor is Isztambulba utazott (1849), ahol 150 f\u0151s szabadcsapatot toborzott a m. honv\u00e9dsereg sz\u00e1m\u00e1ra, de Vidinn\u00e9l \u00e9rtes\u00fclt a vil\u00e1gosi fegyverlet\u00e9telr\u0151l, [&hellip;]<\/p>\n","protected":false},"featured_media":0,"comment_status":"open","ping_status":"closed","template":"","meta":[],"product_brand":[],"product_cat":[137],"product_tag":[],"class_list":{"0":"post-17086","1":"product","2":"type-product","3":"status-publish","5":"product_cat-maros-megyei-eletrajzi-lexikon","7":"first","8":"instock","9":"shipping-taxable","10":"product-type-simple"},"_links":{"self":[{"href":"https:\/\/uj.adatbank.ro\/lexikon\/wp-json\/wp\/v2\/product\/17086","targetHints":{"allow":["GET"]}}],"collection":[{"href":"https:\/\/uj.adatbank.ro\/lexikon\/wp-json\/wp\/v2\/product"}],"about":[{"href":"https:\/\/uj.adatbank.ro\/lexikon\/wp-json\/wp\/v2\/types\/product"}],"replies":[{"embeddable":true,"href":"https:\/\/uj.adatbank.ro\/lexikon\/wp-json\/wp\/v2\/comments?post=17086"}],"wp:attachment":[{"href":"https:\/\/uj.adatbank.ro\/lexikon\/wp-json\/wp\/v2\/media?parent=17086"}],"wp:term":[{"taxonomy":"product_brand","embeddable":true,"href":"https:\/\/uj.adatbank.ro\/lexikon\/wp-json\/wp\/v2\/product_brand?post=17086"},{"taxonomy":"product_cat","embeddable":true,"href":"https:\/\/uj.adatbank.ro\/lexikon\/wp-json\/wp\/v2\/product_cat?post=17086"},{"taxonomy":"product_tag","embeddable":true,"href":"https:\/\/uj.adatbank.ro\/lexikon\/wp-json\/wp\/v2\/product_tag?post=17086"}],"curies":[{"name":"wp","href":"https:\/\/api.w.org\/{rel}","templated":true}]}}