{"id":17124,"date":"2025-07-15T23:41:49","date_gmt":"2025-07-15T21:41:49","guid":{"rendered":"https:\/\/uj.adatbank.ro\/lexikon\/termek\/orban-karoly-2\/"},"modified":"2025-07-31T19:18:30","modified_gmt":"2025-07-31T17:18:30","slug":"orban-karoly-2","status":"publish","type":"product","link":"https:\/\/uj.adatbank.ro\/lexikon\/termek\/orban-karoly-2\/","title":{"rendered":"ORB\u00c1N K\u00e1roly"},"content":{"rendered":"<p>Mez\u0151madaras, 1888. j\u00fal. 6.? vagy 1889. \u00e1pr. 3., a keresztlev\u00e9l ki\u00e1ll\u00edt\u00e1sa: 1889. \u00e1pr. 20. \u2020 Temesv\u00e1r, 1958. szept. 1.-\u00e9n kiv\u00e9gezt\u00e9k.: Mv-re kitelep\u00edtett f\u00f6ldbirtokos, \u00fcgyv\u00e9d, ul\u00e1nus f\u0151hadnagy, 1956 Maros megyei m\u00e1rt\u00edrja. \u2013 O. Gy\u00f6rgy \u00e9s zeykfalvi Zeyk Sarolta fia. Feles\u00e9ge: 1. Bohus Ilona, 2. l\u00e9cfalvi Bodor Ilona, 3. Constance Emily Hill (esk\u00fcv\u0151: 1926), visszak\u00f6lt\u00f6z\u00f6tt Angli\u00e1ba (1936) \u00e9s meghalt (\u2020 1941), gyermekeik: \u00c9va \u00e9s P\u00e1l, 4. nagymajth\u00e9nyi Majth\u00e9nyi Anna, le\u00e1nyuk: M\u00e1ria \u2013 Bihari L\u00e1szl\u00f3n\u00e9, New Yorkban \u00e9l, anyja korai hal\u00e1la ut\u00e1n, nevel\u0151sz\u00fcl\u0151k gondozt\u00e1k gyermekkor\u00e1ban. P\u00e1l fia pszihi\u00e1ter Angli\u00e1ban. \u2013 Kad\u00e9tiskol\u00e1t v\u00e9gzett, majd a bp.-i Ludovika Akad\u00e9mi\u00e1n tanult, ul\u00e1nus hadnagy, majd f\u0151hadnagy. Angli\u00e1ba ment (1911\u201312). Oxfordban fels\u0151 kereskedelmi akad\u00e9mi\u00e1t l\u00e1togatott. Elef\u00e1ncsontpartra szerz\u0151d\u00f6tt, egy angol kereskedelmi c\u00e9gnek dolgozott (1912\u2013). Besz\u00e9lt: m., angol, n\u00e9met, francia, olasz, spanyol, rom\u00e1n \u00e9s horv\u00e1t nyelveken. Apja hal\u00e1la miatt t\u00e9rt haza (1913) \u00e9rt\u00e9kes afrikai gy\u0171jtem\u00e9nnyel, tr\u00f3fe\u00e1kkal a mez\u0151madarasi k\u00fari\u00e1ba (1517-ben \u00e9p\u00fclt). Az I. (1914\u201316) \u00e9s a II. vh.-ban is harcolt, visszavonult a katonas\u00e1gt\u00f3l. A M. Sz\u00f6vets\u00e9g k\u00e9pvisel\u0151jel\u00f6ltje a mez\u0151s\u00e9gi ker\u00fcletben (1922). Az Egys\u00e9ges M. P\u00e1rt mv.-i szervezet\u00e9nek vezet\u0151s\u00e9gi tagja (1922) Mez\u0151madarason gazd\u00e1lkodott, gazdak\u00f6ri munk\u00e1t is kifejtett, malomtulajdonos (1926), a madarasi Ref. Egyh\u00e1z presbitere, az Erd\u00e9lyi M. P\u00e1rt tagja volt (1940\u201344). A johannita rend tiszteleti lovagja (1942\u201358). A csal\u00e1d Bp.-re menek\u00fclt, ott \u00e9lt\u00e9k \u00e1t az ostromot (1944), majd visszat\u00e9rtek a kifosztott kast\u00e9lyba. K\u00e9nyszerlakhelyre, Mv.-re egy pinc\u00e9be hurcolt\u00e1k (1949. m\u00e1rc. 2\u20133.), a gy\u0171jtem\u00e9nye, a nagy\u00e9rt\u00e9k\u0171 k\u00f6nyvt\u00e1ra, lev\u00e9lt\u00e1ra \u00e9s minden egy\u00e9b megsemis\u00fclt, soha nem t\u00e9rhettek vissza Mez\u0151madarasra. Angol nyelvleck\u00e9kkel, alkalmi k\u00f6nyvel\u00e9sb\u0151l tartotta fent csal\u00e1dj\u00e1t. Az 1956-os esem\u00e9nyek kapcs\u00e1n, fegyveres l\u00e1zad\u00e1st k\u00e9sz\u00edtettek el\u0151, letart\u00f3ztatt\u00e1k (1957. szept. 10. v. nov. 27.). Gr. Ku\u00fan Zsigmond v\u00e1dlottal egy\u00fctt Temesv\u00e1rra sz\u00e1ll\u00edtott\u00e1k, ahol t\u00f6bb h\u00f3napon kereszt\u00fcl kegyetlen\u00fcl vallatt\u00e1k. A Szoboszlai-perben hal\u00e1lra \u00e9s szem\u00e9lyi vagyona elkobz\u00e1s\u00e1ra \u00edt\u00e9lte a Kv.-i Katonai B\u00edr\u00f3s\u00e1g (1958. m\u00e1j. 30.). A kegyelmi k\u00e9r\u00e9s\u00e9t visszautas\u00edtott\u00e1k. Az \u00edt\u00e9letet a Szekurit\u00e1t\u00e9 temesv\u00e1ri vagy aradi b\u00f6rt\u00f6n\u00e9ben v\u00e9grehajtott\u00e1k (1958. szept. 1.).<br \/>\n<strong>Irod.:<\/strong> 1956 Erd\u00e9lyben; Bottoni 2006; Castellum \u00c9rtes\u00edt\u0151 (2004, 13\/2. sz.); Id\u0151t\u00e1r 3; M. Johannita csal\u00e1dt\u00f6rt.; Mez\u0151madaras; Mik\u00f3; Pan\u0103; Scholten; Sepsisz\u00e9ki; T\u00f3falvi 1.; T\u00f3falvi Zolt\u00e1n: 1956 erd\u00e9lyi m\u00e1rt\u00edrjai (Sz\u00e9kelyf\u00f6ld, 2002. okt., 10. sz.); T\u00f3falvi Zolt\u00e1n: 1956 Maros megyei m\u00e1rt\u00edrjai (N\u00fa., 1998. okt. 23.); T\u00f3falvi Zolt\u00e1n: A Szoboszlai-per (Sz\u00e9kelyf\u00f6ld, 2006, 9. sz.)<\/p>\n","protected":false},"excerpt":{"rendered":"<p>Mez\u0151madaras, 1888. j\u00fal. 6.? vagy 1889. \u00e1pr. 3., a keresztlev\u00e9l ki\u00e1ll\u00edt\u00e1sa: 1889. \u00e1pr. 20. \u2020 Temesv\u00e1r, 1958. szept. 1.-\u00e9n kiv\u00e9gezt\u00e9k.: Mv-re kitelep\u00edtett f\u00f6ldbirtokos, \u00fcgyv\u00e9d, ul\u00e1nus f\u0151hadnagy, 1956 Maros megyei m\u00e1rt\u00edrja. \u2013 O. Gy\u00f6rgy \u00e9s zeykfalvi Zeyk Sarolta fia. Feles\u00e9ge: 1. Bohus Ilona, 2. l\u00e9cfalvi Bodor Ilona, 3. Constance Emily Hill (esk\u00fcv\u0151: 1926), visszak\u00f6lt\u00f6z\u00f6tt Angli\u00e1ba (1936) [&hellip;]<\/p>\n","protected":false},"featured_media":0,"comment_status":"open","ping_status":"closed","template":"","meta":[],"product_brand":[],"product_cat":[137],"product_tag":[],"class_list":{"0":"post-17124","1":"product","2":"type-product","3":"status-publish","5":"product_cat-maros-megyei-eletrajzi-lexikon","7":"first","8":"instock","9":"shipping-taxable","10":"product-type-simple"},"_links":{"self":[{"href":"https:\/\/uj.adatbank.ro\/lexikon\/wp-json\/wp\/v2\/product\/17124","targetHints":{"allow":["GET"]}}],"collection":[{"href":"https:\/\/uj.adatbank.ro\/lexikon\/wp-json\/wp\/v2\/product"}],"about":[{"href":"https:\/\/uj.adatbank.ro\/lexikon\/wp-json\/wp\/v2\/types\/product"}],"replies":[{"embeddable":true,"href":"https:\/\/uj.adatbank.ro\/lexikon\/wp-json\/wp\/v2\/comments?post=17124"}],"wp:attachment":[{"href":"https:\/\/uj.adatbank.ro\/lexikon\/wp-json\/wp\/v2\/media?parent=17124"}],"wp:term":[{"taxonomy":"product_brand","embeddable":true,"href":"https:\/\/uj.adatbank.ro\/lexikon\/wp-json\/wp\/v2\/product_brand?post=17124"},{"taxonomy":"product_cat","embeddable":true,"href":"https:\/\/uj.adatbank.ro\/lexikon\/wp-json\/wp\/v2\/product_cat?post=17124"},{"taxonomy":"product_tag","embeddable":true,"href":"https:\/\/uj.adatbank.ro\/lexikon\/wp-json\/wp\/v2\/product_tag?post=17124"}],"curies":[{"name":"wp","href":"https:\/\/api.w.org\/{rel}","templated":true}]}}