{"id":17433,"date":"2025-07-16T10:14:28","date_gmt":"2025-07-16T08:14:28","guid":{"rendered":"https:\/\/uj.adatbank.ro\/lexikon\/termek\/palko-attila-andras\/"},"modified":"2025-07-16T10:14:28","modified_gmt":"2025-07-16T08:14:28","slug":"palko-attila-andras","status":"publish","type":"product","link":"https:\/\/uj.adatbank.ro\/lexikon\/termek\/palko-attila-andras\/","title":{"rendered":"PALK\u00d3 Attila Andr\u00e1s"},"content":{"rendered":"<p>Magyar\u00f3, 1922. okt. 9., \u2020\u00a0?: helyt\u00f6rt\u00e9n\u00e9sz, r\u00e9g\u00e9sz, n\u00e9prajzi \u00edr\u00f3. \u2013 K\u00f6z\u00e9piskolai tanulm\u00e1nyait Nagyenyeden \u00e9s Marosv\u00e1s\u00e1rhelyen v\u00e9gezte, majd a kv.-i BTE-en t\u00f6rt\u00e9nelem szakos tan\u00e1ri diplom\u00e1t szerzett (1949). Pedag\u00f3giai p\u00e1ly\u00e1j\u00e1t Kv.-on tan\u00e1rseg\u00e9dk\u00e9nt kezdte, majd egyetemi adjunktus (1951\u201358), k\u00f6zben t\u00f6rt\u00e9nelmi tanulm\u00e1nyokat folytatott a moszkvai Lomonoszov Egyetemen (1954\u201357). Kv.-on tan\u00e1r (1959\u201385), nyugd\u00edjask\u00e9nt is \u00f3raad\u00f3 a Ref. Koll.-ban (1990\u2013); az Erd\u00e9lyi Gyop\u00e1r szerkeszt\u0151bizotts\u00e1g\u00e1nak tagja (1993\u201394). R\u00e9g\u00e9szeti tanulm\u00e1nyai: Acta Arheologica, Apulum, Studii \u015fi Cercet\u0103ri de Istorie Veche, Acta Musei Napociensis, Korunk-ban jelentek meg. Kurt Horedt munkat\u00e1rsa a Hallstadt-kori lel\u0151helyek felt\u00e1r\u00e1s\u00e1n\u00e1l Vajdaszentiv\u00e1nyon (1965), N. Vass\u00e1val folytatott \u00e1sat\u00e1sokat a B\u00e1csi-torokban (1968\u201369). Iskol\u00e1j\u00e1ban bevezette a t\u00f6rt\u00e9nelemoktat\u00e1sba a gyakorlati r\u00e9g\u00e9szetet: az \u00e9vente ism\u00e9tl\u0151d\u0151 t\u00e1boroz\u00e1s keret\u00e9ben t\u00e1rta fel L\u00e9ta v\u00e1r\u00e1t, s mind r\u00e9g\u00e9szeti mind pedag\u00f3giai tapasztalatait A r\u00e9g\u00e9szeti t\u00e1boroz\u00e1s kock\u00e1zatair\u00f3l c. alatt dolgozta fel (Korunk, 1976\/3). N\u00e9prajzi munk\u00e1ss\u00e1ga sor\u00e1n sz\u00fcl\u0151f\u00f6ldj\u00e9t a Fels\u0151-Maros vid\u00e9k etnogr\u00e1fi\u00e1j\u00e1t dolgozta fel a tutajoz\u00e1st\u00f3l a n\u00e9pdalokig. \u00c9vekig tart\u00f3 gy\u0171jt\u0151munk\u00e1val elk\u00e9sz\u00edtette Magyar\u00f3 k\u00f6zs\u00e9g t\u00f6rt\u00e9neti \u00e9s t\u00e1rsadalomrajzi monogr\u00e1fi\u00e1j\u00e1t. Az erd\u00e9lyi magyars\u00e1g m\u00faltj\u00e1t felt\u00e1r\u00f3 \u00edr\u00e1sait az \u00daj \u00c9let, Igazs\u00e1g, Dolgoz\u00f3 N\u0151, Fiatal F\u00f3rum, \u00dczenet, Reform\u00e1tus Szemle, Tan\u00fcgyi \u00dajs\u00e1g, N\u00e9prajzi L\u00e1t\u00f3hat\u00e1r k\u00f6z\u00f6lte; tan\u00edtv\u00e1nyaival szerkesztette a kv.-i Ref. Koll. Koll\u00e9giumi T\u00fck\u00f6r c. 1993-as \u00e9vk\u00f6nyv\u00e9t. Ki\u00e1ll\u00edt\u00e1sokat rendezett a l\u00e9tav\u00e1ri \u00e1sat\u00e1s anyag\u00e1b\u00f3l (1984), magyar\u00f3i gy\u0171jt\u00e9seib\u0151l (1986); a r\u00e9g\u00e9szeti t\u00e1boroz\u00e1sok nevel\u0151 hat\u00e1s\u00e1r\u00f3l \u00e9rtekezett a B\u00e1thory Istv\u00e1n Liceum Tiltott k\u00f6nyv c. kiadv\u00e1ny\u00e1ban (Kv., 1990), a Kalotaszegi F\u00fczetek c. sorozatban Varga Alfonzzal k\u00f6z\u00f6sen kis turistakalauzt \u00e1ll\u00edtott \u00f6ssze Kalotaszeg c\u00edmmel. P.A. sz\u00fclet\u00e9s\u00e9nek 100.\u00e9vfordul\u00f3ja alkalm\u00e1b\u00f3l eml\u00e9kt\u00e1bl\u00e1t avattak \u00e9s eml\u00e9kk\u00f6nyvet mutattak be. \u2013 <strong>F. m.:<\/strong> Gy\u0151z a vil\u00e1goss\u00e1g (Buk., 1953); Magyar\u00f3: Egy Fels\u0151-Maros menti falu \u00e9vsz\u00e1zadai (Buk., 1995); <strong>t\u00e1rssz.:<\/strong> Magyar\u00f3 \u00e9nekes n\u00e9pzen\u00e9je (Buk., 1984); Fels\u0151-Maros-vid\u00e9ki varrottasok (Portik Ir\u00e9n-, Zsigmond J\u00f3zseffel; Buk, 1985); Magyar\u00f3 n\u00e9phagyom\u00e1nyaib\u00f3l (Mv., 1998). <br \/><strong>Irod.:<\/strong> KM\u00cd; Magy.kutat\u00f3k; Moln\u00e1r; RM\u00c9L; RMIL; RMKK<\/br><\/p>\n","protected":false},"excerpt":{"rendered":"<p>Magyar\u00f3, 1922. okt. 9., \u2020\u00a0?: helyt\u00f6rt\u00e9n\u00e9sz, r\u00e9g\u00e9sz, n\u00e9prajzi \u00edr\u00f3. \u2013 K\u00f6z\u00e9piskolai tanulm\u00e1nyait Nagyenyeden \u00e9s Marosv\u00e1s\u00e1rhelyen v\u00e9gezte, majd a kv.-i BTE-en t\u00f6rt\u00e9nelem szakos tan\u00e1ri diplom\u00e1t szerzett (1949). Pedag\u00f3giai p\u00e1ly\u00e1j\u00e1t Kv.-on tan\u00e1rseg\u00e9dk\u00e9nt kezdte, majd egyetemi adjunktus (1951\u201358), k\u00f6zben t\u00f6rt\u00e9nelmi tanulm\u00e1nyokat folytatott a moszkvai Lomonoszov Egyetemen (1954\u201357). Kv.-on tan\u00e1r (1959\u201385), nyugd\u00edjask\u00e9nt is \u00f3raad\u00f3 a Ref. Koll.-ban (1990\u2013); az [&hellip;]<\/p>\n","protected":false},"featured_media":0,"comment_status":"open","ping_status":"closed","template":"","meta":[],"product_brand":[],"product_cat":[137],"product_tag":[],"class_list":{"0":"post-17433","1":"product","2":"type-product","3":"status-publish","5":"product_cat-maros-megyei-eletrajzi-lexikon","7":"first","8":"instock","9":"shipping-taxable","10":"product-type-simple"},"_links":{"self":[{"href":"https:\/\/uj.adatbank.ro\/lexikon\/wp-json\/wp\/v2\/product\/17433","targetHints":{"allow":["GET"]}}],"collection":[{"href":"https:\/\/uj.adatbank.ro\/lexikon\/wp-json\/wp\/v2\/product"}],"about":[{"href":"https:\/\/uj.adatbank.ro\/lexikon\/wp-json\/wp\/v2\/types\/product"}],"replies":[{"embeddable":true,"href":"https:\/\/uj.adatbank.ro\/lexikon\/wp-json\/wp\/v2\/comments?post=17433"}],"wp:attachment":[{"href":"https:\/\/uj.adatbank.ro\/lexikon\/wp-json\/wp\/v2\/media?parent=17433"}],"wp:term":[{"taxonomy":"product_brand","embeddable":true,"href":"https:\/\/uj.adatbank.ro\/lexikon\/wp-json\/wp\/v2\/product_brand?post=17433"},{"taxonomy":"product_cat","embeddable":true,"href":"https:\/\/uj.adatbank.ro\/lexikon\/wp-json\/wp\/v2\/product_cat?post=17433"},{"taxonomy":"product_tag","embeddable":true,"href":"https:\/\/uj.adatbank.ro\/lexikon\/wp-json\/wp\/v2\/product_tag?post=17433"}],"curies":[{"name":"wp","href":"https:\/\/api.w.org\/{rel}","templated":true}]}}