{"id":1750,"date":"2025-06-28T11:51:59","date_gmt":"2025-06-28T09:51:59","guid":{"rendered":"https:\/\/uj.adatbank.ro\/lexikon\/termek\/albu-nicolae-%c2%a7\/"},"modified":"2025-06-28T11:51:59","modified_gmt":"2025-06-28T09:51:59","slug":"albu-nicolae-%c2%a7","status":"publish","type":"product","link":"https:\/\/uj.adatbank.ro\/lexikon\/termek\/albu-nicolae-%c2%a7\/","title":{"rendered":"ALBU Nicolae, \u00a7"},"content":{"rendered":"<p>G\u00f6rg\u00e9nyadorj\u00e1n, 1910. \u00e1pr. 7., \u2020 Bal\u00e1zsfalva, 1986. jan. 17.: \u00edr\u00f3, irod. t\u00f6rt\u00e9n\u00e9sz. \u2013 Tanulm\u00e1nyait G\u00f6rg\u00e9nyszentimr\u00e9n kezdte, Mv.- en folytatta a tan\u00edt\u00f3k\u00e9pz\u0151ben (1929), majd Kv.-on az egyetemen t\u00f6rt\u00e9nelem szakot v\u00e9gzett (1945\u201349). Tan\u00edtott Petel\u00e9n, Mez\u0151szentm\u00e1rtonban, Sz\u00e1szr\u00e9genben, Ny\u00e1r\u00e1dszentbenedeken, G\u00f6rg\u00e9nyadorj\u00e1nban. A sz\u00e1szr\u00e9geni Tinerimea Rom\u00e2n\u0103 Egyes\u00fcletben tev\u00e9kenykedett, el\u0151adott az Astra \u00f6sszej\u00f6vetelein; dolgozott a megyei tanfel\u00fcgyel\u0151s\u00e9gen Mv.-en uo. a Progres \u015fi Cultur\u0103 f\u0151szerk.-je volt (1933\u201335). Bal\u00e1zsfalv\u00e1ra k\u00f6lt\u00f6z\u00f6tt \u00e9s ott \u00e9lt hal\u00e1l\u00e1ig (193an5\u201386), ahol rom\u00e1n nyelv \u2013 \u00e9s irodalom tan\u00e1rk\u00e9nt m\u0171k\u00f6d\u00f6tt. Kutatott a bal\u00e1zsfalvi \u00e9s szebeni \u00e9rseks\u00e9g lev\u00e9lt\u00e1rban. A kv.-i T\u00f6rt\u00e9nelmi Int\u00e9zet megb\u00edz\u00e1s\u00e1b\u00f3l erd\u00e9lyi m\u0171vel\u0151d\u00e9st\u00f6rt\u00e9neti kutat\u00e1sokat v\u00e9gzett. A mv.-i Av\u00e2ntul c. iskolai lapban jelentek meg els\u0151 \u00edr\u00e1sai, munkat\u00e1rsa az Unirea, Unirea poporului, Cultura cre\u015ftin\u0103, Blajul, Credin\u0163a, Sem\u0103n\u0103torul, Astra, Rena\u015fterea Rom\u00e2n\u0103, Lanuri, Izvodiri, Eu \u015fi Europa, Fream\u0103tul \u015ecoalei, Clipa, Jar de slov\u0103. Emellett cikkei jelentek meg a Transilvania, Familia, Revista de pedagogie, Studia historica, Apulum, Revista arhivelor c. foly\u00f3iratoknak. Kiadta \u00e9s szerkesztette t\u00f6bbekkel az Av\u00e2ntul \u00e9s Blajul c. foly\u00f3iratokat. A Rom\u00e1n Akad\u00e9mia Gh. Asachi d\u00edj\u00e1nak kit\u00fcntetettje. Bal\u00e1zsfalv\u00e1n eml\u00e9kt\u00e1bl\u00e1val jel\u0151lt\u00e9k meg h\u00e1z\u00e1t (1993. m\u00e1j. 8.). \u2013 <strong>F. m.:<\/strong> Insemn\u0103ri literare \u015fi pedagogice (Tg. M., 1935); Rom\u00e2nii din Valea Mure\u015fului de Sus: Oameni, locuri, c\u00e2ntece \u015fi obiceiuri (Sibiu, 1943); Un satelit al \u015ecoalei Ardelene \u015etefan P. Niagoe (Sibiu, 1943); Dr. Zaharie Pop un erou \u015fi martir al neamului (Blaj, 1943); Istoria \u00eenv\u0103\u0163\u0103m\u00eentului rom\u00e2nesc din Transilvania p\u00e2n\u0103 la 1800 (Blaj, 1944); Istoria \u015fcolilor rom\u00e2ne\u015fti din Transilvania \u00eentre 1800\u20131867 (Buc.,1971); Contribu\u0163ii la istoria culturii b\u0103n\u0103\u0163ene (1973); Din rela\u0163iile c\u0103rturarilor b\u0103n\u0103\u0163eni cu Blajul (1974); <strong>antol\u00f3g.:<\/strong> Copilul din lemn\u0103rie = Antologia \u00eenv\u0103\u0163\u0103torilor in literatur\u0103 (Buc., s.a.); <strong>szerk.:<\/strong> Maior, Petru: Scrisori \u015fi documente inedite (szerk., el\u0151sz\u00f3 \u00e9s jegyzetek N. A.; Buc., 1968); Cipariu, Timotei: Poezii (szerk., el\u0151sz\u00f3 \u00e9s jegyzetek N. A.; Cluj-N., 1971). <br \/><strong>Irod.:<\/strong> Albu, Corneliu: \u00cempotriva diktatului dela Viena (Buc., 1944); Com\u015fa-Seiceanu; Cosma; Dasc\u0103li mure\u015feni 5.; Ghid Alba; Gurghiu; Predescu; Regh. cult. 3; \u015eerban 2006<\/br><\/p>\n","protected":false},"excerpt":{"rendered":"<p>G\u00f6rg\u00e9nyadorj\u00e1n, 1910. \u00e1pr. 7., \u2020 Bal\u00e1zsfalva, 1986. jan. 17.: \u00edr\u00f3, irod. t\u00f6rt\u00e9n\u00e9sz. \u2013 Tanulm\u00e1nyait G\u00f6rg\u00e9nyszentimr\u00e9n kezdte, Mv.- en folytatta a tan\u00edt\u00f3k\u00e9pz\u0151ben (1929), majd Kv.-on az egyetemen t\u00f6rt\u00e9nelem szakot v\u00e9gzett (1945\u201349). Tan\u00edtott Petel\u00e9n, Mez\u0151szentm\u00e1rtonban, Sz\u00e1szr\u00e9genben, Ny\u00e1r\u00e1dszentbenedeken, G\u00f6rg\u00e9nyadorj\u00e1nban. A sz\u00e1szr\u00e9geni Tinerimea Rom\u00e2n\u0103 Egyes\u00fcletben tev\u00e9kenykedett, el\u0151adott az Astra \u00f6sszej\u00f6vetelein; dolgozott a megyei tanfel\u00fcgyel\u0151s\u00e9gen Mv.-en uo. a Progres \u015fi [&hellip;]<\/p>\n","protected":false},"featured_media":0,"comment_status":"open","ping_status":"closed","template":"","meta":[],"product_brand":[],"product_cat":[137],"product_tag":[],"class_list":{"0":"post-1750","1":"product","2":"type-product","3":"status-publish","5":"product_cat-maros-megyei-eletrajzi-lexikon","7":"first","8":"instock","9":"shipping-taxable","10":"product-type-simple"},"_links":{"self":[{"href":"https:\/\/uj.adatbank.ro\/lexikon\/wp-json\/wp\/v2\/product\/1750","targetHints":{"allow":["GET"]}}],"collection":[{"href":"https:\/\/uj.adatbank.ro\/lexikon\/wp-json\/wp\/v2\/product"}],"about":[{"href":"https:\/\/uj.adatbank.ro\/lexikon\/wp-json\/wp\/v2\/types\/product"}],"replies":[{"embeddable":true,"href":"https:\/\/uj.adatbank.ro\/lexikon\/wp-json\/wp\/v2\/comments?post=1750"}],"wp:attachment":[{"href":"https:\/\/uj.adatbank.ro\/lexikon\/wp-json\/wp\/v2\/media?parent=1750"}],"wp:term":[{"taxonomy":"product_brand","embeddable":true,"href":"https:\/\/uj.adatbank.ro\/lexikon\/wp-json\/wp\/v2\/product_brand?post=1750"},{"taxonomy":"product_cat","embeddable":true,"href":"https:\/\/uj.adatbank.ro\/lexikon\/wp-json\/wp\/v2\/product_cat?post=1750"},{"taxonomy":"product_tag","embeddable":true,"href":"https:\/\/uj.adatbank.ro\/lexikon\/wp-json\/wp\/v2\/product_tag?post=1750"}],"curies":[{"name":"wp","href":"https:\/\/api.w.org\/{rel}","templated":true}]}}