{"id":17618,"date":"2025-07-16T10:21:42","date_gmt":"2025-07-16T08:21:42","guid":{"rendered":"https:\/\/uj.adatbank.ro\/lexikon\/termek\/papp-ferenc-pap-ferenc\/"},"modified":"2025-07-16T10:21:42","modified_gmt":"2025-07-16T08:21:42","slug":"papp-ferenc-pap-ferenc","status":"publish","type":"product","link":"https:\/\/uj.adatbank.ro\/lexikon\/termek\/papp-ferenc-pap-ferenc\/","title":{"rendered":"PAPP Ferenc, Pap Ferenc"},"content":{"rendered":"<p>Holtmaros, 1854 m\u00e1j. 3. \u2020\u00a0G\u00f6demesterh\u00e1za, 1911. dec. 5.: tan\u00edt\u00f3, iskolaigazgat\u00f3. \u2013 P. Andr\u00e1s \u00e9s Sz\u00e1sz Zs\u00f3fia fia. Testv\u00e9rei: P. Andr\u00e1s; P. M\u00e1ria Zsigmond J\u00e1nosn\u00e9; P. Gy\u00f6rgy; P. Zsuzs\u00e1nna Jakab Ferencn\u00e9; P. Mih\u00e1ly. Feles\u00e9ge: Z\u00f6ldi \u00c1gnes. Gyermekei: Ferenc, Erzsike, M\u00e1rton, \u00d6d\u00f6n, Piroska, S\u00e1ndor. \u2013 \u00c1llami elemi iskola igazgat\u00f3 G\u00f6demesterh\u00e1z\u00e1n. \u2013 Tanulm\u00e1nyait sz\u00fcl\u0151faluj\u00e1ban kezdte, a nagyenyedi ref. koll-ban folytatta innen a d\u00e9vai \u00e1llami tan\u00edt\u00f3k\u00e9pz\u0151be ker\u00fclt ott szerzett oklevelet kit\u0171n\u0151 eredm\u00e9nnyel. (1872\u201375). A marosszentkir\u00e1lyi \u00e1llami elemi iskola rendes tan\u00edt\u00f3ja lett (1875). Ott neh\u00e9z k\u00f6r\u00fclm\u00e9nyek k\u00f6z\u00f6tt nagy lelkesed\u00e9ssel dolgozott, \u00faj iskol\u00e1t nyitott meg. Sokat f\u00e1radozott egy megyei \u00e1ltal\u00e1nos tan\u00edt\u00f3test\u00fclet l\u00e9tes\u00edt\u00e9s\u00e9n, k\u00e9t tan\u00edt\u00f3t\u00e1rs\u00e1val Nagy Lajossal \u00e9s Kerekes Samuval elk\u00e9sz\u00edtett\u00e9k a test\u00fclet alapszab\u00e1lyait. G\u00f6demesterh\u00e1z\u00e1ra az akkor fel\u00e1ll\u00edtott \u00e1llami iskol\u00e1hoz ker\u00fclt (1878) Itt nemzetis\u00e9gi, felekezeti f\u00e9lt\u00e9kenys\u00e9ggel kellet megk\u00fczdenie. Soknemzetis\u00e1g\u0171 tanul\u00f3it sikerrel k\u00e9sz\u00edtette fel a vizsg\u00e1kra. T\u00e1rsadalmi tev\u00e9kenys\u00e9ge is eml\u00edt\u00e9sre m\u00e9lt\u0151. Megalkotta a G\u00f6demesterh\u00e1za \u00e9s vid\u00e9ke k\u00f6zs\u00e9gi hitelsz\u00f6vetkezetet, amelynek eln\u00f6kigazgat\u00f3ja, m. kir. \u00e1ll. anyak\u00f6nyvvezet\u0151, m. kir. postamester, v\u00edz\u00e1ll\u00e1si jegyz\u0151, a ref. egyh\u00e1z gondnoka, v\u00e1lasztott megyei bizotts\u00e1gi tag, k\u00f6zs\u00e9gi k\u00e9pvisel\u0151.. Meghonos\u00edtotta a gy\u00fcm\u00f6lcsternmeszt\u00e9st a k\u00f6zs\u00e9gben \u00e9s vid\u00e9k\u00e9n, m\u00e9h\u00e9szkedett. A MT megyei \u00c1lt. Tan\u00edt\u00f3test\u00fclet g\u00f6rg\u00e9nyi k\u00f6r\u00e9nek \u00f6t \u00e9vig volt jegyz\u0151je, sz\u00e1mos felolvas\u00e1st tartott, \u00e9rtekez\u00e9se van a test\u00fclet eml\u00e9kk\u00f6nyv\u00e9ben. Dolgozott az EKE kalauzban, a Marosvid\u00e9k, Erd\u00e9lyi H\u00edrad\u00fc, Ellenz\u00e9k, Bp.-i H\u00edrlap \u00e9s a N\u00e9ptan\u00edt\u00f3k Lapj\u00e1-nak. A Vall\u00e1s- \u00e9s K\u00f6zoktat\u00e1s\u00fcgyi miniszter, a f\u00f6ldm\u0171vel\u00e9s\u00fcgyi miniszter \u00e9s az EMKE k\u00e9t-k\u00e9t \u00edzben jutalmazta meg. A br. B\u00e1nffy Endre-alapb\u00f3l k\u00e9tszer nyert jutalmat. Tan\u00edt\u00f3i oklevel\u00e9n k\u00edv\u00fcl volt tornatan\u00edt\u00f3i, gy\u00fcm\u00f6lcs\u00e9szeti (1894) oklevele is. Az ezred\u00e9vi orsz\u00e1gos ki\u00e1ll\u00edt\u00e1sr\u00f3l elismer\u0151 oklevele \u00e9s az 1898 \u00e9vi mv.-i gazdas\u00e1gi egylet ki\u00e1ll\u00edt\u00e1s\u00e1r\u00f3l arany oklevele volt. Feles\u00e9ge Z\u00f6ld \u00c1gnes (1881\u2013), 4 fia \u00e9s 2 le\u00e1nya volt. <br \/><strong>Irod.:<\/strong> Eml\u00e9kk\u00f6nyv; Gy\u00e1szjelent\u0151<\/br><\/p>\n","protected":false},"excerpt":{"rendered":"<p>Holtmaros, 1854 m\u00e1j. 3. \u2020\u00a0G\u00f6demesterh\u00e1za, 1911. dec. 5.: tan\u00edt\u00f3, iskolaigazgat\u00f3. \u2013 P. Andr\u00e1s \u00e9s Sz\u00e1sz Zs\u00f3fia fia. Testv\u00e9rei: P. Andr\u00e1s; P. M\u00e1ria Zsigmond J\u00e1nosn\u00e9; P. Gy\u00f6rgy; P. Zsuzs\u00e1nna Jakab Ferencn\u00e9; P. Mih\u00e1ly. Feles\u00e9ge: Z\u00f6ldi \u00c1gnes. Gyermekei: Ferenc, Erzsike, M\u00e1rton, \u00d6d\u00f6n, Piroska, S\u00e1ndor. \u2013 \u00c1llami elemi iskola igazgat\u00f3 G\u00f6demesterh\u00e1z\u00e1n. \u2013 Tanulm\u00e1nyait sz\u00fcl\u0151faluj\u00e1ban kezdte, a nagyenyedi ref. [&hellip;]<\/p>\n","protected":false},"featured_media":0,"comment_status":"open","ping_status":"closed","template":"","meta":[],"product_brand":[],"product_cat":[137],"product_tag":[],"class_list":{"0":"post-17618","1":"product","2":"type-product","3":"status-publish","5":"product_cat-maros-megyei-eletrajzi-lexikon","7":"first","8":"instock","9":"shipping-taxable","10":"product-type-simple"},"_links":{"self":[{"href":"https:\/\/uj.adatbank.ro\/lexikon\/wp-json\/wp\/v2\/product\/17618","targetHints":{"allow":["GET"]}}],"collection":[{"href":"https:\/\/uj.adatbank.ro\/lexikon\/wp-json\/wp\/v2\/product"}],"about":[{"href":"https:\/\/uj.adatbank.ro\/lexikon\/wp-json\/wp\/v2\/types\/product"}],"replies":[{"embeddable":true,"href":"https:\/\/uj.adatbank.ro\/lexikon\/wp-json\/wp\/v2\/comments?post=17618"}],"wp:attachment":[{"href":"https:\/\/uj.adatbank.ro\/lexikon\/wp-json\/wp\/v2\/media?parent=17618"}],"wp:term":[{"taxonomy":"product_brand","embeddable":true,"href":"https:\/\/uj.adatbank.ro\/lexikon\/wp-json\/wp\/v2\/product_brand?post=17618"},{"taxonomy":"product_cat","embeddable":true,"href":"https:\/\/uj.adatbank.ro\/lexikon\/wp-json\/wp\/v2\/product_cat?post=17618"},{"taxonomy":"product_tag","embeddable":true,"href":"https:\/\/uj.adatbank.ro\/lexikon\/wp-json\/wp\/v2\/product_tag?post=17618"}],"curies":[{"name":"wp","href":"https:\/\/api.w.org\/{rel}","templated":true}]}}