{"id":17674,"date":"2025-07-16T10:23:45","date_gmt":"2025-07-16T08:23:45","guid":{"rendered":"https:\/\/uj.adatbank.ro\/lexikon\/termek\/parajdi-illyes-janos-illyes-janos\/"},"modified":"2025-07-16T10:23:45","modified_gmt":"2025-07-16T08:23:45","slug":"parajdi-illyes-janos-illyes-janos","status":"publish","type":"product","link":"https:\/\/uj.adatbank.ro\/lexikon\/termek\/parajdi-illyes-janos-illyes-janos\/","title":{"rendered":"PARAJDI ILLY\u00c9S J\u00e1nos, Illy\u00e9s J\u00e1nos"},"content":{"rendered":"<p>? \u2020\u00a0?: asztalos, mennyezetfest\u0151 \u2013 V\u00e1ndor sz\u00e9kely asztalosfest\u0151. P\u00f3ka r\u00e9gi temploma kazett\u00e1s mennyezet\u00e9nek fest\u0151je, ami ma m\u00e1r nem l\u00e9tezik. Tancson is dolgozott, val\u00f3sz\u00edn\u0171 a ref. templom kazett\u00e1s mennyezet\u00e9t k\u00e9sz\u00edtette (1676). \u0150 k\u00e9sz\u00edtette a ny\u00e1r\u00e1dszentimrei ref. templom haj\u00f3j\u00e1nak mennyezetfestm\u00e9nyeit (1676). Sajnos a k\u00e9pek a templomi mennyezet \u00fajrafest\u00e9sekor megsemmis\u00fcltek, csak a haj\u00f3ban \u00e1ll\u00f3 le\u00e1nyok k\u00f3rusa maradt meg, 9. drb 50\u201360 cm sz\u00e9les \u00e9s 60\u201370 cm. magas festett n\u00e9gysz\u00f6g. Az eg\u00e9sz sornak al\u00f3l sz\u00fcrke alappal feh\u00e9rre festett v\u00e9kony tulip\u00e1np\u00e1rk\u00e1nyuata van. Az els\u0151 k\u00e9t n\u00e9gysz\u00f6gben \u00e9s az \u00f6t\u00f6dikben vir\u00e1gd\u00edszt, a harmadikban kezdetleges szir\u00e9nt, a negyedikben stiliz\u00e1lt r\u00f3zs\u00e1kat tal\u00e1lunk, a hatodikban felirat, a k\u00f6vetkez\u0151 h\u00e1rom n\u00e9gysz\u00f6gben tulip\u00e1nleveles \u00e9s vir\u00e1gos mint\u00e1k l\u00e1that\u00f3k. Munk\u00e1i maradv\u00e1nyainak meg\u0151rz\u00e9s\u00e9re az Erd\u00e9lyi Nemzeti M\u00fazeum R\u00e9gis\u00e9gt\u00e1ra felh\u00edvta a ny\u00e1r\u00e1dszentimrei ref. egyh\u00e1z figyelm\u00e9t (1904) \u00e9s \u00e1tv\u00e9telre is aj\u00e1nlatott tett. Val\u00f3sz\u00edn\u0171leg \u0151 festette a tancsi ref. templom mennyezet\u00e9t is (1676). Dolgozott P\u00f3k\u00e1ban, Alm\u0171sm\u00e1lom (1682). <br \/><strong>Irod.:<\/strong> Adamovits S\u00e1dor: Kalotaszeg h\u00edres \u201cdeszkafest\u0151i\u201d \u2013 az Umlingok (\u00daj Kezdet, 6. sz., 2008. j\u00fan.); B\u00e1lint Zsigmond 2010; K.L. M\u0171v. t\u00f6rt. tan. 1.; Kelemen Lajos 2009; L\u00e9sty\u00e1n \u2013 templomok 1.; P\u00f3ka<\/br><\/p>\n","protected":false},"excerpt":{"rendered":"<p>? \u2020\u00a0?: asztalos, mennyezetfest\u0151 \u2013 V\u00e1ndor sz\u00e9kely asztalosfest\u0151. P\u00f3ka r\u00e9gi temploma kazett\u00e1s mennyezet\u00e9nek fest\u0151je, ami ma m\u00e1r nem l\u00e9tezik. Tancson is dolgozott, val\u00f3sz\u00edn\u0171 a ref. templom kazett\u00e1s mennyezet\u00e9t k\u00e9sz\u00edtette (1676). \u0150 k\u00e9sz\u00edtette a ny\u00e1r\u00e1dszentimrei ref. templom haj\u00f3j\u00e1nak mennyezetfestm\u00e9nyeit (1676). Sajnos a k\u00e9pek a templomi mennyezet \u00fajrafest\u00e9sekor megsemmis\u00fcltek, csak a haj\u00f3ban \u00e1ll\u00f3 le\u00e1nyok k\u00f3rusa maradt meg, [&hellip;]<\/p>\n","protected":false},"featured_media":0,"comment_status":"open","ping_status":"closed","template":"","meta":[],"product_brand":[],"product_cat":[137],"product_tag":[],"class_list":{"0":"post-17674","1":"product","2":"type-product","3":"status-publish","5":"product_cat-maros-megyei-eletrajzi-lexikon","7":"first","8":"instock","9":"shipping-taxable","10":"product-type-simple"},"_links":{"self":[{"href":"https:\/\/uj.adatbank.ro\/lexikon\/wp-json\/wp\/v2\/product\/17674","targetHints":{"allow":["GET"]}}],"collection":[{"href":"https:\/\/uj.adatbank.ro\/lexikon\/wp-json\/wp\/v2\/product"}],"about":[{"href":"https:\/\/uj.adatbank.ro\/lexikon\/wp-json\/wp\/v2\/types\/product"}],"replies":[{"embeddable":true,"href":"https:\/\/uj.adatbank.ro\/lexikon\/wp-json\/wp\/v2\/comments?post=17674"}],"wp:attachment":[{"href":"https:\/\/uj.adatbank.ro\/lexikon\/wp-json\/wp\/v2\/media?parent=17674"}],"wp:term":[{"taxonomy":"product_brand","embeddable":true,"href":"https:\/\/uj.adatbank.ro\/lexikon\/wp-json\/wp\/v2\/product_brand?post=17674"},{"taxonomy":"product_cat","embeddable":true,"href":"https:\/\/uj.adatbank.ro\/lexikon\/wp-json\/wp\/v2\/product_cat?post=17674"},{"taxonomy":"product_tag","embeddable":true,"href":"https:\/\/uj.adatbank.ro\/lexikon\/wp-json\/wp\/v2\/product_tag?post=17674"}],"curies":[{"name":"wp","href":"https:\/\/api.w.org\/{rel}","templated":true}]}}