{"id":17745,"date":"2025-07-16T10:26:23","date_gmt":"2025-07-16T08:26:23","guid":{"rendered":"https:\/\/uj.adatbank.ro\/lexikon\/termek\/pataky-etelka-g-pataky-etelka-gidofalvy-istvanne-pataky-etelka-pataki-etelka\/"},"modified":"2025-07-16T10:26:23","modified_gmt":"2025-07-16T08:26:23","slug":"pataky-etelka-g-pataky-etelka-gidofalvy-istvanne-pataky-etelka-pataki-etelka","status":"publish","type":"product","link":"https:\/\/uj.adatbank.ro\/lexikon\/termek\/pataky-etelka-g-pataky-etelka-gidofalvy-istvanne-pataky-etelka-pataki-etelka\/","title":{"rendered":"PATAKY Etelka, G. Pataky Etelka; Gid\u00f3falvy Istv\u00e1nn\u00e9 Pataky Etelka, Pataki Etelka"},"content":{"rendered":"<p>Dics\u0151szentm\u00e1rton, 1898. m\u00e1j. 28., \u2020 Dics\u0151szentm\u00e1rton, 1984. \u00e1pr.11., Mv.-en temett\u00e9k: fest\u0151m\u0171v\u00e9sz, akvarellista. \u2013 Pataki S\u00e1ndor Dics\u0151szentm\u00e1rton v\u00e1ros f\u0151szolgab\u00edr\u00f3ja \u00e9s G\u00e1l Etelka tan\u00e1r le\u00e1nya. F\u00e9rje Gid\u00f3falvy Istv\u00e1n f\u00f6ldbirtokos. Dics\u0151szentm\u00e1rtonban elemi \u00e9s polg\u00e1ri iskol\u00e1ban tanult (1904\u201312), m\u0171v\u00e9szeti k\u00e9pz\u00e9s\u00e9t Romek \u00c1rp\u00e1d fest\u0151m\u0171v\u00e9sszel kezdte (14 \u00e9vesen festette els\u0151 k\u00e9p\u00e9t), majd tanulm\u00e1nyokat folytatott Olm\u00fctzben (1912\u201313), M\u00fcnchenben Fritz Bergner de Latour mag\u00e1nisk.-j\u00e1ban (1914\u201315), Bp.-en a M\u0171v\u00e9szeti Akad\u00e9mi\u00e1n, tan\u00e1ra De\u00e1k-\u00c9bner Lajos volt (1917\u201318); Romek \u00c1rp\u00e1d, Tatz L\u00e1szl\u00f3 \u00e9s R\u00e9ti Istv\u00e1n ir\u00e1ny\u00edtott\u00e1k (1918\u201319), nyaranta a nagyb\u00e1nyai m\u0171v\u00e9sztelepen dolgozott, ahol Thorma J\u00e1nos tan\u00edtv\u00e1nya volt (1923\u2013). F\u00e9rje birtok\u00e1n, Dob\u00f3k\u00e1n telepedett le (1919\u201344), melynek udvarh\u00e1z\u00e1t \u00e9s utc\u00e1it sz\u00e1mos akvarellben \u00f6r\u00f6k\u00edtette meg. A k\u00e9t vh. k\u00f6\u00adz\u00f6tt \u00f6n\u00e1ll\u00f3 t\u00e1rlatain k\u00edv\u00fcl alkot\u00e1sait Bp.-en \u00e9s Buk.-ben is bemutatt\u00e1k. Magyars\u00e1roson \u00e9lt (1944\u201349), majd a birtokos csal\u00e1dokat s\u00fajt\u00f3 kitelep\u00edt\u00e9sek idej\u00e9n Mv.-en jel\u0151ltek ki sz\u00e1mukra k\u00e9nyszerlakhelyet (1949\u201382), itt \u00e9lt \u00e9s dolgozott, f\u00f6leg akvarelleket festett. L\u00e1t\u00e1s\u00e1t elvesztette, le\u00e1ny\u00e1hoz k\u00f6lt\u00f6z\u00f6tt (1982\u201384). Hangu\u00adlatos plein air st\u00edlus\u00fa t\u00e1jk\u00e9peket, valamint csend\u00e9leteket, \u00e9letk\u00e9peket \u00e9s portr\u00e9kat festett.A II. vh. idej\u00e9n festett k\u00e9peinek j\u00f3r\u00e9sze Bp.-re mag\u00e1ngy\u0171jtem\u00e9nyekbe ker\u00fcltek, kb. 150 akvarellje ill. olajfestm\u00e9nye semmis\u00fclt meg (1944\u201349). K\u00e9pei egy r\u00e9sz\u00e9t a Kv.-i Etnogr\u00e1fiai M\u00faz. \u00e9s az Erd\u00e9lyi M\u00faz., valamint a mv.-i K\u00e9pz\u0151m\u0171v\u00e9szeti M\u00fazeum, a dics\u0151szentm\u00e1rtoni Kult\u00farh\u00e1z, a sepsiszentgy\u00f6r\u00adgyi Sz\u00e9kely Nemzeti M\u00faz. \u0151rzi. V\u00edzfestm\u00e9nyein nagysz\u00e1m\u00fa erd\u00e9lyi m\u0171eml\u00e9ket \u00e9s v\u00e1rosk\u00e9pi r\u00e9szleget \u00f6r\u00f6k\u00edtett meg, ezeket m\u0171v\u00e9szett\u00f6rt\u00e9neti \u00edr\u00e1sainak illusztr\u00e1ci\u00f3jak\u00e9nt Kelemen Lajos is f\u00f6lhaszn\u00e1lta.Tagja volt a K\u00e9pz\u0151m\u0171v\u00e9szek Sz\u00f6vets\u00e9g\u00e9nek (1930) \u00e9s a K\u00e9pz\u0151m\u0171v\u00e9szeti Alapnak. A magyars\u00e1rosi m\u0171vel\u0151d\u00e9si otthon \u00fcnnepi megeml\u00e9kez\u00e9s keret\u00e9ben f\u00f6lvette Gid\u00f3falvin\u00e1 Pataky Etelka nev\u00e9t (2003. j\u00fan. \u2013 F. ki\u00e1ll: Kv. (1925, 1928, 1930, 1932, 1936, 1941); Sepsiszentgy\u00f6rgy (1928); Brass\u00f3 (1929); Mv. (1927, 1929, a tartom\u00e1nyi ill. a megyei t\u00e1rlatokon szerepelt 1\u20133 k\u00e9ppel, 1950-; 2006. jan.); Bp. (1931; 1942 k. a Nemzeti Szalonban 46 k\u00e9ppel szerepelt, d\u00edjat is kapott; Ga\u00e1l I. G\u00e1l\u00e9Ria, 1999), Buk.(orsz\u00e1gos t\u00e1rlat, 1933.k.); <strong>Eml\u00e9kki\u00e1ll.:<\/strong> Bp. (1999, 2000), Dics\u0151szentm\u00e1rton Magyar kultur\u00e1lis K\u00f6zpont (2003), a M. Eminescu M\u0171vel\u0151d\u00e9sih\u00e1zban (2008); Mv. Kult\u00farpalot\u00e1ban (2006) \u00e9s sz\u00fclet\u00e9s\u00e9nek 110. \u00e9vfordul\u00f3j\u00e1n az Unit\u00e1rius ki\u00e1ll\u00edt\u00f3 teremben (2008). Oroszidecs falu d\u00edszpolg\u00e1ra (2003), mikor itt lakott (1945\u201349) t\u00f6bb mint 150 akvarellt festett, a Kulturotthon felvette a Gid\u00f3falvy Pataki Etelka nevet; a magyars\u00e1rosi m\u0171vel\u0151d\u00e9si otthon felvette a nev\u00e9t (2003). <br \/><strong>Irod.:<\/strong> 100 \u00e9v; Banner; Bodolai Gy\u00f6ngyi: \u00d6narck\u00e9p vir\u00e1gos szalmakalappal (N\u00fa., 1995. nov. 15.); B\u00f6l\u00f6ni Domokos: \u201eV\u00e1gyom ut\u00e1nad, \u0151si otthonom\u201d (N\u00fa., 2003. j\u00fan. 18.); Gid\u00f3falvi Istv\u00e1n: \u00d6n\u00e9letrajz (Kv., 2005); Kelemen; Kelemen L.ajos 2009; Kusz\u00e1lik; Marosi-KZST; M\u00c9L; Moldovan, Iuliu: Art\u0103 plastic\u0103 t\u00e2rn\u0103vean\u0103: repere culturale (Tg. M., 2008); Moln\u00e1r; [Nekrol\u00f3g] (V. Z., 1984. \u00e1pr. 13.); N\u00fa. (2006. jan. 28.); RMIL; R\u00daL; Sas P\u00e1ter: Pataky Etelka (M\u0171vel\u0151d\u00e1s Gal\u00e9ria, Kv., 2002, 88\u201390), Szab\u00f3 \u2013 K\u00e1llai; Todea 2013; \u00daM\u00c9L; Unit. lex.<\/br><\/p>\n","protected":false},"excerpt":{"rendered":"<p>Dics\u0151szentm\u00e1rton, 1898. m\u00e1j. 28., \u2020 Dics\u0151szentm\u00e1rton, 1984. \u00e1pr.11., Mv.-en temett\u00e9k: fest\u0151m\u0171v\u00e9sz, akvarellista. \u2013 Pataki S\u00e1ndor Dics\u0151szentm\u00e1rton v\u00e1ros f\u0151szolgab\u00edr\u00f3ja \u00e9s G\u00e1l Etelka tan\u00e1r le\u00e1nya. F\u00e9rje Gid\u00f3falvy Istv\u00e1n f\u00f6ldbirtokos. Dics\u0151szentm\u00e1rtonban elemi \u00e9s polg\u00e1ri iskol\u00e1ban tanult (1904\u201312), m\u0171v\u00e9szeti k\u00e9pz\u00e9s\u00e9t Romek \u00c1rp\u00e1d fest\u0151m\u0171v\u00e9sszel kezdte (14 \u00e9vesen festette els\u0151 k\u00e9p\u00e9t), majd tanulm\u00e1nyokat folytatott Olm\u00fctzben (1912\u201313), M\u00fcnchenben Fritz Bergner de Latour [&hellip;]<\/p>\n","protected":false},"featured_media":0,"comment_status":"open","ping_status":"closed","template":"","meta":[],"product_brand":[],"product_cat":[137],"product_tag":[],"class_list":{"0":"post-17745","1":"product","2":"type-product","3":"status-publish","5":"product_cat-maros-megyei-eletrajzi-lexikon","7":"first","8":"instock","9":"shipping-taxable","10":"product-type-simple"},"_links":{"self":[{"href":"https:\/\/uj.adatbank.ro\/lexikon\/wp-json\/wp\/v2\/product\/17745","targetHints":{"allow":["GET"]}}],"collection":[{"href":"https:\/\/uj.adatbank.ro\/lexikon\/wp-json\/wp\/v2\/product"}],"about":[{"href":"https:\/\/uj.adatbank.ro\/lexikon\/wp-json\/wp\/v2\/types\/product"}],"replies":[{"embeddable":true,"href":"https:\/\/uj.adatbank.ro\/lexikon\/wp-json\/wp\/v2\/comments?post=17745"}],"wp:attachment":[{"href":"https:\/\/uj.adatbank.ro\/lexikon\/wp-json\/wp\/v2\/media?parent=17745"}],"wp:term":[{"taxonomy":"product_brand","embeddable":true,"href":"https:\/\/uj.adatbank.ro\/lexikon\/wp-json\/wp\/v2\/product_brand?post=17745"},{"taxonomy":"product_cat","embeddable":true,"href":"https:\/\/uj.adatbank.ro\/lexikon\/wp-json\/wp\/v2\/product_cat?post=17745"},{"taxonomy":"product_tag","embeddable":true,"href":"https:\/\/uj.adatbank.ro\/lexikon\/wp-json\/wp\/v2\/product_tag?post=17745"}],"curies":[{"name":"wp","href":"https:\/\/api.w.org\/{rel}","templated":true}]}}