{"id":17747,"date":"2025-07-16T10:26:31","date_gmt":"2025-07-16T08:26:31","guid":{"rendered":"https:\/\/uj.adatbank.ro\/lexikon\/termek\/pataky-katalin-majzik-laszlone\/"},"modified":"2025-07-16T10:26:31","modified_gmt":"2025-07-16T08:26:31","slug":"pataky-katalin-majzik-laszlone","status":"publish","type":"product","link":"https:\/\/uj.adatbank.ro\/lexikon\/termek\/pataky-katalin-majzik-laszlone\/","title":{"rendered":"PATAKY Katalin, Majzik L\u00e1szl\u00f3n\u00e9"},"content":{"rendered":"<p>Mv., 1912. j\u00fan. 19., \u2020 Bp., 1999. j\u00fan.16.: pedag\u00f3gus. \u2013 A bp.-i Damjanich u.-i Tan\u00edt\u00f3k\u00e9pz\u0151ben n\u00e9ptan\u00edt\u00f3i okl. (1930), a P\u00e1zm\u00e1ny P\u00e9ter TE-en pedag\u00f3gia-filoz\u00f3fia-m\u0171v\u00e9szett\u00f6rt\u00e9net szakos k\u00f6z\u00e9pisk. tan\u00e1ri \u00e9s b\u00f6lcs\u00e9szdoktori okl. szerzett (1935), a nevel\u00e9stud. kandid\u00e1tusa (1989). Bp.-en n\u00e9pisk.-i tan\u00edt\u00f3n\u0151 (1933\u20131945), a bp.-i Nevel\u00e9studom\u00e1nyi Int. Pedag\u00f3giai F\u0151oszt. r. tan\u00e1ra (1945\u20131948), a Bp.-i Pedag\u00f3giai F\u0151isk. ny. r. tan\u00e1ra (1948\u20131952), f\u0151isk. tan\u00e1ra (1952\u20131954). A Pedag\u00f3giai Tud. Int. Nevel\u00e9selm\u00e9leti Oszt. tud. Munkat\u00e1rsa (1954\u20131962), az Orsz\u00e1gos Pedag\u00f3giai Int. Nevel\u00e9stud. Tansz\u00e9k f\u0151isk. tan\u00e1ra (1962\u20131972). Kidolgozta az \u00e1ltal\u00e1nos iskol\u00e1k \u00e9s a k\u00f6z\u00e9pfok\u00fa di\u00e1kotthoni nevel\u00e9si terveit, kialak\u00edtotta az oszt\u00e1lyf\u0151n\u00f6ki \u00f3r\u00e1k oktat\u00e1si profilj\u00e1t.- <strong>F. m.:<\/strong> Az \u00e1ltal\u00e1nos iskolai tanul\u00f3k tervszer\u0171 nevel\u00e9s\u00e9nek programja. Nevel\u00e9si terv (Bp., 1963); Sz\u00fcl\u0151k kislexikona. F\u0151szerk.(Bp., 1966); A p\u00e1lyav\u00e1laszt\u00e1s el\u0151k\u00e9sz\u00edt\u00e9s\u00e9nek m\u00f3dszerei az \u00e1ltal\u00e1nos iskol\u00e1ban \u00e9s a gimn\u00e1ziumban. F\u0151szerk. 1\u20132. (Bp., 1973); Tervszer\u0171 nevel\u00e9s- nevel\u00e9si eredm\u00e9nyvizsg\u00e1lat. Tud. tev\u00e9kenys\u00e9g t\u00e9zisszer\u0171 \u00f6sszefoglal\u00e1sa. Kand. \u00c9rtek.(Bp., 1989).-<br \/><strong>Irod.:<\/strong> R\u00daL<\/br><\/p>\n","protected":false},"excerpt":{"rendered":"<p>Mv., 1912. j\u00fan. 19., \u2020 Bp., 1999. j\u00fan.16.: pedag\u00f3gus. \u2013 A bp.-i Damjanich u.-i Tan\u00edt\u00f3k\u00e9pz\u0151ben n\u00e9ptan\u00edt\u00f3i okl. (1930), a P\u00e1zm\u00e1ny P\u00e9ter TE-en pedag\u00f3gia-filoz\u00f3fia-m\u0171v\u00e9szett\u00f6rt\u00e9net szakos k\u00f6z\u00e9pisk. tan\u00e1ri \u00e9s b\u00f6lcs\u00e9szdoktori okl. szerzett (1935), a nevel\u00e9stud. kandid\u00e1tusa (1989). Bp.-en n\u00e9pisk.-i tan\u00edt\u00f3n\u0151 (1933\u20131945), a bp.-i Nevel\u00e9studom\u00e1nyi Int. Pedag\u00f3giai F\u0151oszt. r. tan\u00e1ra (1945\u20131948), a Bp.-i Pedag\u00f3giai F\u0151isk. ny. r. tan\u00e1ra [&hellip;]<\/p>\n","protected":false},"featured_media":0,"comment_status":"open","ping_status":"closed","template":"","meta":[],"product_brand":[],"product_cat":[137],"product_tag":[],"class_list":{"0":"post-17747","1":"product","2":"type-product","3":"status-publish","5":"product_cat-maros-megyei-eletrajzi-lexikon","7":"first","8":"instock","9":"shipping-taxable","10":"product-type-simple"},"_links":{"self":[{"href":"https:\/\/uj.adatbank.ro\/lexikon\/wp-json\/wp\/v2\/product\/17747","targetHints":{"allow":["GET"]}}],"collection":[{"href":"https:\/\/uj.adatbank.ro\/lexikon\/wp-json\/wp\/v2\/product"}],"about":[{"href":"https:\/\/uj.adatbank.ro\/lexikon\/wp-json\/wp\/v2\/types\/product"}],"replies":[{"embeddable":true,"href":"https:\/\/uj.adatbank.ro\/lexikon\/wp-json\/wp\/v2\/comments?post=17747"}],"wp:attachment":[{"href":"https:\/\/uj.adatbank.ro\/lexikon\/wp-json\/wp\/v2\/media?parent=17747"}],"wp:term":[{"taxonomy":"product_brand","embeddable":true,"href":"https:\/\/uj.adatbank.ro\/lexikon\/wp-json\/wp\/v2\/product_brand?post=17747"},{"taxonomy":"product_cat","embeddable":true,"href":"https:\/\/uj.adatbank.ro\/lexikon\/wp-json\/wp\/v2\/product_cat?post=17747"},{"taxonomy":"product_tag","embeddable":true,"href":"https:\/\/uj.adatbank.ro\/lexikon\/wp-json\/wp\/v2\/product_tag?post=17747"}],"curies":[{"name":"wp","href":"https:\/\/api.w.org\/{rel}","templated":true}]}}