{"id":1839,"date":"2025-06-28T11:54:52","date_gmt":"2025-06-28T09:54:52","guid":{"rendered":"https:\/\/uj.adatbank.ro\/lexikon\/termek\/bagyi-janos\/"},"modified":"2025-06-28T11:54:52","modified_gmt":"2025-06-28T09:54:52","slug":"bagyi-janos","status":"publish","type":"product","link":"https:\/\/uj.adatbank.ro\/lexikon\/termek\/bagyi-janos\/","title":{"rendered":"B\u00c1GYI J\u00e1nos"},"content":{"rendered":"<p>B\u00f6z\u00f6d, 1876., \u2020 B\u00f6z\u00f6d, 1953.: mesemond\u00f3, \u00e9nekes. \u2013 \u00cdr\u00e1studatlan p\u00e1sztor volt. T\u00f6bbsz\u00e1z t\u00fcnd\u00e9rmes\u00e9t \u00e9s tr\u00e9f\u00e1s mes\u00e9t ismert, ezeket egy\u00e9ni st\u00edlusban adta el\u0151. Mes\u00e9ib\u0151l B\u00f6z\u00f6di Gy\u00f6rgy k\u00f6z\u00f6lt v\u00e1logat\u00e1st. Dalait Kod\u00e1ly Zolt\u00e1n jegyezte le, vette hanglemezre. B\u00e1r \u00edr\u00e1studatlan volt, Benedek Elek sz\u00e1mos mes\u00e9j\u00e9t ismerte \u00e9s mes\u00e9lte tov\u00e1bb (\u201eA varj\u00fakir\u00e1ly\u201d \u201eSz\u00e9p Mikl\u00f3s\u201d, \u201eAz \u00f3ri\u00e1s fogadott fia\u201d stb.). \u2013 <strong>F. m.:<\/strong> [B\u00f6z\u00f6di Gy\u00f6rgy: ] A tr\u00e9f\u00e1s farkas (Bp., 1942); [B\u00f6z\u00f6di Gy\u00f6rgy: ] Az esz\u00f6s gyerm\u00f6k (Buk., 1958); A Nap s a Hold keres\u00e9se: B\u00f6z\u00f6di n\u00e9pmes\u00e9k \/ Gy\u0171jt\u00f6tte B\u00f6z\u00f6di Gy\u00f6rgy, elmondta B. J. (Bp., 1993). <br \/><strong>Irod.:<\/strong> K. Kov\u00e1cs L\u00e1szl\u00f3: K\u00e9t k\u00f6nyv: 2. M. Mes\u00e9sk\u00f6nyv: A tr\u00e9f\u00e1s farkas (Term\u00e9s, \u0150sz, 1943)<\/br><\/p>\n","protected":false},"excerpt":{"rendered":"<p>B\u00f6z\u00f6d, 1876., \u2020 B\u00f6z\u00f6d, 1953.: mesemond\u00f3, \u00e9nekes. \u2013 \u00cdr\u00e1studatlan p\u00e1sztor volt. T\u00f6bbsz\u00e1z t\u00fcnd\u00e9rmes\u00e9t \u00e9s tr\u00e9f\u00e1s mes\u00e9t ismert, ezeket egy\u00e9ni st\u00edlusban adta el\u0151. Mes\u00e9ib\u0151l B\u00f6z\u00f6di Gy\u00f6rgy k\u00f6z\u00f6lt v\u00e1logat\u00e1st. Dalait Kod\u00e1ly Zolt\u00e1n jegyezte le, vette hanglemezre. B\u00e1r \u00edr\u00e1studatlan volt, Benedek Elek sz\u00e1mos mes\u00e9j\u00e9t ismerte \u00e9s mes\u00e9lte tov\u00e1bb (\u201eA varj\u00fakir\u00e1ly\u201d \u201eSz\u00e9p Mikl\u00f3s\u201d, \u201eAz \u00f3ri\u00e1s fogadott fia\u201d stb.). \u2013 [&hellip;]<\/p>\n","protected":false},"featured_media":0,"comment_status":"open","ping_status":"closed","template":"","meta":[],"product_brand":[],"product_cat":[137],"product_tag":[],"class_list":{"0":"post-1839","1":"product","2":"type-product","3":"status-publish","5":"product_cat-maros-megyei-eletrajzi-lexikon","7":"first","8":"instock","9":"shipping-taxable","10":"product-type-simple"},"_links":{"self":[{"href":"https:\/\/uj.adatbank.ro\/lexikon\/wp-json\/wp\/v2\/product\/1839","targetHints":{"allow":["GET"]}}],"collection":[{"href":"https:\/\/uj.adatbank.ro\/lexikon\/wp-json\/wp\/v2\/product"}],"about":[{"href":"https:\/\/uj.adatbank.ro\/lexikon\/wp-json\/wp\/v2\/types\/product"}],"replies":[{"embeddable":true,"href":"https:\/\/uj.adatbank.ro\/lexikon\/wp-json\/wp\/v2\/comments?post=1839"}],"wp:attachment":[{"href":"https:\/\/uj.adatbank.ro\/lexikon\/wp-json\/wp\/v2\/media?parent=1839"}],"wp:term":[{"taxonomy":"product_brand","embeddable":true,"href":"https:\/\/uj.adatbank.ro\/lexikon\/wp-json\/wp\/v2\/product_brand?post=1839"},{"taxonomy":"product_cat","embeddable":true,"href":"https:\/\/uj.adatbank.ro\/lexikon\/wp-json\/wp\/v2\/product_cat?post=1839"},{"taxonomy":"product_tag","embeddable":true,"href":"https:\/\/uj.adatbank.ro\/lexikon\/wp-json\/wp\/v2\/product_tag?post=1839"}],"curies":[{"name":"wp","href":"https:\/\/api.w.org\/{rel}","templated":true}]}}