{"id":1849,"date":"2025-06-28T11:55:23","date_gmt":"2025-06-28T09:55:23","guid":{"rendered":"https:\/\/uj.adatbank.ro\/lexikon\/termek\/bajko-laszlo\/"},"modified":"2025-06-28T11:55:23","modified_gmt":"2025-06-28T09:55:23","slug":"bajko-laszlo","status":"publish","type":"product","link":"https:\/\/uj.adatbank.ro\/lexikon\/termek\/bajko-laszlo\/","title":{"rendered":"BAJK\u00d3 L\u00e1szl\u00f3"},"content":{"rendered":"<p>Szenth\u00e1roms\u00e1g, 1906. j\u00fan. 2., \u2020 Jobb\u00e1gyfalva, 1984. \u00e1pr. 25.: r. k. pap, amat\u00f6r fest\u0151, iparm\u0171v\u00e9sz, orgonista, \u00e9nekkarvezet\u0151. \u2013 Tanulm\u00e1nyait Mv.-en, Gyulafeh\u00e9rv\u00e1ron v\u00e9gezte, papp\u00e1 szentelt\u00e9k (1930. dec. 21.). Dics\u0151szentm\u00e1rtonban mint k\u00e1pl\u00e1n kezdte m\u0171k\u00f6d\u00e9s\u00e9t (1931\u2013), majd Cs\u00edkszentdomokos, Brass\u00f3 (1932\u2013), Sz\u00e9kelyudvarhely (1933\u2013) \u00e1llom\u00e1shelyei. Pl\u00e9b\u00e1nos Verespatakon (1934\u2013), Erzs\u00e9betb\u00e1ny\u00e1n, Parajdon (1940\u2013), Tusn\u00e1df\u00fcrd\u0151n (1942\u2013) \u00e9s Ny\u00e1r\u00e1dszenth\u00e1roms\u00e1gon (1945. szept. 16. \u2013), Kily\u00e9nfalv\u00e1n (1964\u201375), Jobb\u00e1gyfalv\u00e1n (1980\u201384). Ny\u00e1r\u00e1dt\u0151 k\u0151templom\u00e1ban falfestm\u00e9nyt k\u00e9sz\u00edtett (1960). Szenth\u00e1roms\u00e1gon tartoztatt\u00e1k le (1961. \u00e1pr. 23.). A v\u00e1d: \u00fasz\u00edt\u00e1s a rom\u00e1niai n\u00e9pi hatalom ellen, d\u00edcs\u0151\u00edtette a m. forradalmat. A t\u00e1rsadalmi rend elleni tev\u00e9kenys\u00e9g v\u00e9tk\u00e9ben k\u00e9t \u00e9v b\u00f6rt\u00f6nre \u00edt\u00e9lt\u00e9k. Szabadul\u00e1sa ut\u00e1n Gyergy\u00f3kily\u00e9nfalv\u00e1n volt pl\u00e9b\u00e1nos (\u20131975). Nyugd\u00edjask\u00e9nt kiseg\u00edt\u0151 lelk\u00e9sz volt Jobb\u00e1gyfalv\u00e1n. Sz\u00e1mos egyes\u00fclet alap\u00edt\u00e1s\u00e1ban vett r\u00e9szt, t\u00f6bb vall\u00e1sos \u00e9s hazafias egyes\u00fclet t\u00e1mogat\u00f3ja volt. <br \/><strong>Irod.:<\/strong> 1956 Erd\u00e9lyben; \u00c1ldozatok; Cs\u00edkfalva; EM; Ferenczi S\u00e1ndor 2009; Het\u00e9nyi; Maros-k\u00fck\u00fcll\u0151i f\u0151esp.; Sz\u00e9kelyf\u00f6ld \u00ed. k.<\/br><\/p>\n","protected":false},"excerpt":{"rendered":"<p>Szenth\u00e1roms\u00e1g, 1906. j\u00fan. 2., \u2020 Jobb\u00e1gyfalva, 1984. \u00e1pr. 25.: r. k. pap, amat\u00f6r fest\u0151, iparm\u0171v\u00e9sz, orgonista, \u00e9nekkarvezet\u0151. \u2013 Tanulm\u00e1nyait Mv.-en, Gyulafeh\u00e9rv\u00e1ron v\u00e9gezte, papp\u00e1 szentelt\u00e9k (1930. dec. 21.). Dics\u0151szentm\u00e1rtonban mint k\u00e1pl\u00e1n kezdte m\u0171k\u00f6d\u00e9s\u00e9t (1931\u2013), majd Cs\u00edkszentdomokos, Brass\u00f3 (1932\u2013), Sz\u00e9kelyudvarhely (1933\u2013) \u00e1llom\u00e1shelyei. Pl\u00e9b\u00e1nos Verespatakon (1934\u2013), Erzs\u00e9betb\u00e1ny\u00e1n, Parajdon (1940\u2013), Tusn\u00e1df\u00fcrd\u0151n (1942\u2013) \u00e9s Ny\u00e1r\u00e1dszenth\u00e1roms\u00e1gon (1945. szept. 16. \u2013), Kily\u00e9nfalv\u00e1n [&hellip;]<\/p>\n","protected":false},"featured_media":0,"comment_status":"open","ping_status":"closed","template":"","meta":[],"product_brand":[],"product_cat":[137],"product_tag":[],"class_list":{"0":"post-1849","1":"product","2":"type-product","3":"status-publish","5":"product_cat-maros-megyei-eletrajzi-lexikon","7":"first","8":"instock","9":"shipping-taxable","10":"product-type-simple"},"_links":{"self":[{"href":"https:\/\/uj.adatbank.ro\/lexikon\/wp-json\/wp\/v2\/product\/1849","targetHints":{"allow":["GET"]}}],"collection":[{"href":"https:\/\/uj.adatbank.ro\/lexikon\/wp-json\/wp\/v2\/product"}],"about":[{"href":"https:\/\/uj.adatbank.ro\/lexikon\/wp-json\/wp\/v2\/types\/product"}],"replies":[{"embeddable":true,"href":"https:\/\/uj.adatbank.ro\/lexikon\/wp-json\/wp\/v2\/comments?post=1849"}],"wp:attachment":[{"href":"https:\/\/uj.adatbank.ro\/lexikon\/wp-json\/wp\/v2\/media?parent=1849"}],"wp:term":[{"taxonomy":"product_brand","embeddable":true,"href":"https:\/\/uj.adatbank.ro\/lexikon\/wp-json\/wp\/v2\/product_brand?post=1849"},{"taxonomy":"product_cat","embeddable":true,"href":"https:\/\/uj.adatbank.ro\/lexikon\/wp-json\/wp\/v2\/product_cat?post=1849"},{"taxonomy":"product_tag","embeddable":true,"href":"https:\/\/uj.adatbank.ro\/lexikon\/wp-json\/wp\/v2\/product_tag?post=1849"}],"curies":[{"name":"wp","href":"https:\/\/api.w.org\/{rel}","templated":true}]}}