{"id":18645,"date":"2025-07-16T11:00:06","date_gmt":"2025-07-16T09:00:06","guid":{"rendered":"https:\/\/uj.adatbank.ro\/lexikon\/termek\/popoviciu-grigoriu-popovits-grigore\/"},"modified":"2025-07-16T11:00:06","modified_gmt":"2025-07-16T09:00:06","slug":"popoviciu-grigoriu-popovits-grigore","status":"publish","type":"product","link":"https:\/\/uj.adatbank.ro\/lexikon\/termek\/popoviciu-grigoriu-popovits-grigore\/","title":{"rendered":"POPOVICIU Grigoriu; Popovits, Grigore"},"content":{"rendered":"<p>? \u2020 ?: ort. pap Fels\u0151r\u00e9p\u00e1ban, R\u00e9gen traktus jegyz\u0151je. A k\u00f6rzeti papi tan\u00e1cs (soborul tractual) Idecspatakon tartott gy\u0171l\u00e9st (1867. jan.12.), az egyh\u00e1z \u00e9s az isk. gazdas\u00e1gi helyzet\u00e9t t\u00e1rgyalt\u00e1k. P\u00e9nzforr\u00e1sokhoz val\u00f3 jut\u00e1s\u00e9rt \u00e9s a gazdas\u00e1gi fejl\u0151d\u00e9s biztos\u00edt\u00e1sa \u00e9rdek\u00e9ben javasolta a r\u00e9geni \u00e9rseks\u00e9gben l\u00e9tes\u00edtsenek gazdas\u00e1gi k\u00f6rzeteket, amelyeket a pl\u00e9b\u00e1nosok vezessenek \u00e9s munk\u00e1lkodjanak a sz\u00fcks\u00e9ges anyagi alapok megteremt\u00e9s\u00e9\u00e9rt. A traktust hat k\u00f6rzetre osztott\u00e1k, amelyekhez \u00e1tlagban hat \u2013 hat k\u00f6zs\u00e9g tartozott, munkatervet is fogadtak el \u00e9s biztos\u00edtott\u00e1k az \u00e1lland\u00f3 egyh\u00e1zi, iskolai, alap\u00edtv\u00e1nyi \u00e9s kultur\u00e1lis ellen\u0151rz\u00e9st is. Fels\u0151r\u00e9p\u00e1n ort. templom \u00e9p\u00edt\u00e9s\u00e9t tervezt\u00e9k (1862), az csak k\u00e9s\u0151bb val\u00f3asulhatott meg (1898). Alkoholista m\u00edvolta miatt felmentett\u00e9k (1884. jan. 4.). <br \/><strong>Irod.:<\/strong> Dobozi<\/br><\/p>\n","protected":false},"excerpt":{"rendered":"<p>? \u2020 ?: ort. pap Fels\u0151r\u00e9p\u00e1ban, R\u00e9gen traktus jegyz\u0151je. A k\u00f6rzeti papi tan\u00e1cs (soborul tractual) Idecspatakon tartott gy\u0171l\u00e9st (1867. jan.12.), az egyh\u00e1z \u00e9s az isk. gazdas\u00e1gi helyzet\u00e9t t\u00e1rgyalt\u00e1k. P\u00e9nzforr\u00e1sokhoz val\u00f3 jut\u00e1s\u00e9rt \u00e9s a gazdas\u00e1gi fejl\u0151d\u00e9s biztos\u00edt\u00e1sa \u00e9rdek\u00e9ben javasolta a r\u00e9geni \u00e9rseks\u00e9gben l\u00e9tes\u00edtsenek gazdas\u00e1gi k\u00f6rzeteket, amelyeket a pl\u00e9b\u00e1nosok vezessenek \u00e9s munk\u00e1lkodjanak a sz\u00fcks\u00e9ges anyagi alapok megteremt\u00e9s\u00e9\u00e9rt. [&hellip;]<\/p>\n","protected":false},"featured_media":0,"comment_status":"open","ping_status":"closed","template":"","meta":[],"product_brand":[],"product_cat":[137],"product_tag":[],"class_list":{"0":"post-18645","1":"product","2":"type-product","3":"status-publish","5":"product_cat-maros-megyei-eletrajzi-lexikon","7":"first","8":"instock","9":"shipping-taxable","10":"product-type-simple"},"_links":{"self":[{"href":"https:\/\/uj.adatbank.ro\/lexikon\/wp-json\/wp\/v2\/product\/18645","targetHints":{"allow":["GET"]}}],"collection":[{"href":"https:\/\/uj.adatbank.ro\/lexikon\/wp-json\/wp\/v2\/product"}],"about":[{"href":"https:\/\/uj.adatbank.ro\/lexikon\/wp-json\/wp\/v2\/types\/product"}],"replies":[{"embeddable":true,"href":"https:\/\/uj.adatbank.ro\/lexikon\/wp-json\/wp\/v2\/comments?post=18645"}],"wp:attachment":[{"href":"https:\/\/uj.adatbank.ro\/lexikon\/wp-json\/wp\/v2\/media?parent=18645"}],"wp:term":[{"taxonomy":"product_brand","embeddable":true,"href":"https:\/\/uj.adatbank.ro\/lexikon\/wp-json\/wp\/v2\/product_brand?post=18645"},{"taxonomy":"product_cat","embeddable":true,"href":"https:\/\/uj.adatbank.ro\/lexikon\/wp-json\/wp\/v2\/product_cat?post=18645"},{"taxonomy":"product_tag","embeddable":true,"href":"https:\/\/uj.adatbank.ro\/lexikon\/wp-json\/wp\/v2\/product_tag?post=18645"}],"curies":[{"name":"wp","href":"https:\/\/api.w.org\/{rel}","templated":true}]}}