{"id":18647,"date":"2025-07-16T11:00:11","date_gmt":"2025-07-16T09:00:11","guid":{"rendered":"https:\/\/uj.adatbank.ro\/lexikon\/termek\/popoviciu-liviu\/"},"modified":"2025-07-16T11:00:11","modified_gmt":"2025-07-16T09:00:11","slug":"popoviciu-liviu","status":"publish","type":"product","link":"https:\/\/uj.adatbank.ro\/lexikon\/termek\/popoviciu-liviu\/","title":{"rendered":"POPOVICIU, Liviu"},"content":{"rendered":"<p>Bran, 1927. febr. 8., \u2020 Mv., 1994. j\u00fal. 18.: orvos, prof, dr. doc. \u2013 K\u00f6z\u00e9piskol\u00e1t Brass\u00f3ban (1946), az orvosi egyetemet Kv.-on (1952) v\u00e9gezte; doktor\u00e1lt (1966), dr. docens (1972); Az Orvostudom\u00e1nyi Akad\u00e9mia tagja (1990). Egyetemi karrierj\u00e9t Kv.-on kezdte (1951\u2013), majd Mv.-en folytatta (1966\u2013), ahol prof. C\u00edmet nyert (1970), katedraf\u0151n\u00f6k (1967\u201372), prod\u00e9k\u00e1n (1967. m\u00e1j. 3.\u2013), majd d\u00e9k\u00e1n az \u00c1ltal\u00e1nos Orvosi Karon (1976\u201385); igazgat\u00f3ja az Orvosi Kutat\u00f3 K\u00f6zpontnak (1985\u2013); vezet\u0151je a Neurol\u00f3gia \u00e9s neurofiziol\u00f3giai oszt\u00e1lynak. Kutat\u00e1si ter\u00fclete\u00a0: agy\u00e9r betegs\u00e9gek, alv\u00e1szavarok, epilepszia, EEG gyakorlat, sklerozis multiplex, \u00f6r\u00f6kl\u0151d\u0151 betegs\u00e9gek, neurol\u00f3giai informatika. T\u00f6bb mint 25 kongresszust \u00e9s tan\u00e1cskoz\u00e1st szervezett, r\u00e9szt vett 54 rendezv\u00e9nyen. Tudom\u00e1nyos tev\u00e9kenys\u00e9ge eredm\u00e9nye szakk\u00f6zlem\u00e9nyekben. Monogr\u00e1fi\u00e1kban, k\u00e9zik\u00f6nyvekben jelent meg itthon \u00e9s k\u00fclf\u00f6ld\u00f6n. Kit\u0171ntet\u00e9sei\u00a0: a Francia Nemzeti Orvosi Akad\u00e9mia bronz \u00e9rme (1984); I. d\u00edj 3 monogr\u00e1fi\u00e1j\u00e1\u00e9rt (Pr\u00e1ga, Moszkva). A Francia Akad\u00e9mia tagja (1984); aleln\u00f6ke az Eur\u00f3pai \u00c1lomkutat\u00f3 T\u00e1rsas\u00e1gnak, a Nemzetk\u00f6zi Magn\u00e9ziumkutat\u00f3 T\u00e1rsas\u00e1gnak, tagja a Rom\u00e1n Tudom\u00e1nyos Akad\u00e9mia Informatikai Bizotts\u00e1g\u00e1nak; eln\u00f6ke a Balk\u00e1n Orvosi Egyes\u00fcletnek. \u2013 <strong>F. m.:<\/strong> Somnul normal \u015fi patologic (Buc., 1972); Enciclopedie de neurologie \u015fi neurochirurgie. 2. vol. (Buc., 1992\u20131994); <strong>t\u00e1rssz.:<\/strong> Cercet\u0103ri medicale.(Buc, 1968); Somnul normal \u015fi patologic. ( Buc., 1972); Manual de neurologie : curs (Tg.M., 1975, 1980); Epilepsiile. (szerk.; Cluj, 1976; Buc., 1984); Manifest\u0103ri paroxistice cerebrale neepileptice. (Buc., 1978); Visul \u2013 probleme de fiziologie, psihologie \u015fi patologie (szerk; ; Cluj-N., 1978); Manifest\u0103ri paroxistice cerebrale neepileptice (Buc., 1978); Semiologie neurologic\u0103 : curs (Tg. M., 1979); Bolile vasculare cerebrale ale sistemului arterial vertebro-bazilar. (Pendefunda, Gh.-, Pascu Ionnal; Ia\u015fi, 1980); Semiologie neurologic\u0103 (Arseni, Constantinnal; Buc., 1981); Sleep \u201e78\u201d (B. A\u015fgian, G. Badiu-val, Basel, 1980); Bolile sistemului nervos vegetativ (B. A\u015fgian, I. H\u0103ulic\u0103-val, Buc., 1982); Bolile vasculare ale creierului \u015fi m\u0103duvei spin\u0103rii 1\u20133 (Arseni, Constantin-, Pascu Ionnal; Buc., 1982\u201385); Patologia sistemului nervos vegetativ. (szer.; Buc., 1982); Epilepsiil (Arseni, Constantinnal; Buc., 1984); Epilepsia de lob temporal : Diagnostic \u2013 Tratament; (Arseni, Constantinnal; szer.; Buc., 1984); Metode de neurofiziologie clinic\u0103. (Buc., 1984); Patologia st\u0103rilor de veghe \u015fi de somn (Arseni, Constantinnal; Buc., 1984); Ideggy\u00f3gy\u00e1szati alapismeretek: Az \u00e1ltal\u00e1nos orvosi kar V. \u00e9ves \u00e9s a gyermekgy\u00f3gy\u00e1szati kar VI. \u00e9ves hallgat\u00f3i r\u00e9sz\u00e9re. 2. k\u00f6t. (Mv., 1985); Bazele semiologice ale practicii neurologice \u015fi neurochirurgicale (Berdj A\u015fgian-nal; Buc., 1991); Neurologia (Buc., 1993); Visul: de la medicin\u0103 psihanaliz\u0103, cultur\u0103 \u015fi filozofie (Foi\u015foreanu Voicaval; Buc., 1994); Enurezia nocturn\u0103 (Berdj A\u015fgian-nal; Buc., 1995); Pa\u015fi \u00een noroaie (versek; 2002); <strong>szerk.:<\/strong> Enciclopedie de neurologie \u015fi neurochirurgie 1\u20132. (Buc., 1992, 1994); <br \/><strong>Irod.:<\/strong> Genersich; IMF; [R\u00e9szv\u00e9tnyilv\u00e1n\u00edt\u00e1s] (N\u00fa., 1994. j\u00fal. 19.); P\u00e9ter; Todea\u2013F\u00fcl\u00f6p\u2013Avram.<\/br><\/p>\n","protected":false},"excerpt":{"rendered":"<p>Bran, 1927. febr. 8., \u2020 Mv., 1994. j\u00fal. 18.: orvos, prof, dr. doc. \u2013 K\u00f6z\u00e9piskol\u00e1t Brass\u00f3ban (1946), az orvosi egyetemet Kv.-on (1952) v\u00e9gezte; doktor\u00e1lt (1966), dr. docens (1972); Az Orvostudom\u00e1nyi Akad\u00e9mia tagja (1990). Egyetemi karrierj\u00e9t Kv.-on kezdte (1951\u2013), majd Mv.-en folytatta (1966\u2013), ahol prof. C\u00edmet nyert (1970), katedraf\u0151n\u00f6k (1967\u201372), prod\u00e9k\u00e1n (1967. m\u00e1j. 3.\u2013), majd d\u00e9k\u00e1n [&hellip;]<\/p>\n","protected":false},"featured_media":0,"comment_status":"open","ping_status":"closed","template":"","meta":[],"product_brand":[],"product_cat":[137],"product_tag":[],"class_list":{"0":"post-18647","1":"product","2":"type-product","3":"status-publish","5":"product_cat-maros-megyei-eletrajzi-lexikon","7":"first","8":"instock","9":"shipping-taxable","10":"product-type-simple"},"_links":{"self":[{"href":"https:\/\/uj.adatbank.ro\/lexikon\/wp-json\/wp\/v2\/product\/18647","targetHints":{"allow":["GET"]}}],"collection":[{"href":"https:\/\/uj.adatbank.ro\/lexikon\/wp-json\/wp\/v2\/product"}],"about":[{"href":"https:\/\/uj.adatbank.ro\/lexikon\/wp-json\/wp\/v2\/types\/product"}],"replies":[{"embeddable":true,"href":"https:\/\/uj.adatbank.ro\/lexikon\/wp-json\/wp\/v2\/comments?post=18647"}],"wp:attachment":[{"href":"https:\/\/uj.adatbank.ro\/lexikon\/wp-json\/wp\/v2\/media?parent=18647"}],"wp:term":[{"taxonomy":"product_brand","embeddable":true,"href":"https:\/\/uj.adatbank.ro\/lexikon\/wp-json\/wp\/v2\/product_brand?post=18647"},{"taxonomy":"product_cat","embeddable":true,"href":"https:\/\/uj.adatbank.ro\/lexikon\/wp-json\/wp\/v2\/product_cat?post=18647"},{"taxonomy":"product_tag","embeddable":true,"href":"https:\/\/uj.adatbank.ro\/lexikon\/wp-json\/wp\/v2\/product_tag?post=18647"}],"curies":[{"name":"wp","href":"https:\/\/api.w.org\/{rel}","templated":true}]}}