{"id":18830,"date":"2025-07-16T11:07:18","date_gmt":"2025-07-16T09:07:18","guid":{"rendered":"https:\/\/uj.adatbank.ro\/lexikon\/termek\/racota-tuliu-%c2%a7\/"},"modified":"2025-07-16T11:07:18","modified_gmt":"2025-07-16T09:07:18","slug":"racota-tuliu-%c2%a7","status":"publish","type":"product","link":"https:\/\/uj.adatbank.ro\/lexikon\/termek\/racota-tuliu-%c2%a7\/","title":{"rendered":"RACOT\u0102, Tuliu, \u00a7"},"content":{"rendered":"<p>Sz\u00e1szegerbegy, 1908. jan. 22., \u2020 Segesv\u00e1r, 1991. \u00e1pr. 9. : irodalomt\u00f6rt\u00e9n\u00e9sz, publicista. \u2013 Tanulm\u00e1nyait a sz\u00fcl\u0151falu elemi iskol\u00e1j\u00e1ban kezdte \u00e9s Szebenben folytatta (1914\u201318); a l\u00edc.-ot Erzs\u00e9betv\u00e1rosban (1919\u201320), Bal\u00e1zsfalv\u00e1n (1920\u201323), Segesv\u00e1ron a \u201dPrincipele Nicolae\u201d Fi\u00fa l\u00edc.-ban v\u00e9gezte (1923\u201327), Irodalom \u00e9s Filoz\u00f3fia Fak. a \u201eDacia Superioara\u201d Egyetemen Kv.-on v\u00e9gzett (1927\u201331). Nevel\u0151 Segesv\u00e1ron a l\u00edc.-ban (1931\u201332); tan\u00e1r (1933\u201335) \u00e9s igazgat\u00f3 Aranyosb\u00e1ny\u00e1n a gimn\u00e1ziumban (1936\u201338); l\u00edceumi tan\u00e1r Gyergy\u00f3ban (1938\u201339); igazgat\u00f3 \u00e9s tan\u00e1r Sz\u00e9kelykereszt\u00faron az \u201eI. Gh. Duca\u201d Fi\u00fa Tan\u00edt\u00f3k\u00e9pz\u0151ben (1939\u201340), Segesv\u00e1ron igazgat\u00f3 \u00e9s tan\u00e1r a Fi\u00falic.-ban (1940\u201360) \u00e9s a 2-es sz. L\u00edc.-ban nyugd\u00edjaz\u00e1s\u00e1ig (1960\u201366). Maros megyei tanfel\u00fcgyel\u0151 (1949\u201350). \u00c9rdemes Tan\u00e1r kit\u00fcntet\u00e9st kapott. Tev\u00e9kenys\u00e9get fejtett ki az Astra-ban, amelynek eln\u00f6ke Nagy-K\u00fck\u00fcll\u0151 T\u00e9rs\u00e9gben (1947\u2013), k\u00e9s\u0151bb K. B.-i tagja is volt. Eln\u00f6ke volt a T\u00f6rt\u00e9nelem \u00e9s Filol\u00f3gia T\u00e1rsas\u00e1g segesv\u00e1ri alegys\u00e9g\u00e9nek (1955\u201366). Kitart\u00f3 m\u0171vel\u0151d\u00e9st\u00f6rt\u00e9neti \u00e9s rom\u00e1n irodalomt\u00f6rt\u00e9neti kutat\u00f3munk\u00e1t v\u00e9gzett. Jelent\u0151s sz\u00e1m\u00fa tanulm\u00e1nyt k\u00f6z\u00f6lt kora periodik\u00e1iban: Blajul, Ogorul \u015fcoalei (Torda), Tinerimea rom\u00e2n\u0103, Curentul literar, \u0162inuturi secuizate, \u0162ara, Transilvania, Revista teologic\u0103, Lumea nou\u0103, Mitropolia Ardealului, Orizont, Tribuna, Drum nou, Arge\u015f, Steaua rosie, Revista de istorie si teorie literara, Revista de pedagogie, Vatra, Limb\u0103 si literatur\u0103, Telegraful rom\u00e2n, Studii de onomastic\u0103, Universitatea \u201eBabes-Bolyai\u201dCluj-Napoca. \u2013 <strong>F. m.:<\/strong> Energii transilv\u0103nene: Cnezii C\u00e2ndea de Lup\u015fa \u015fi voievodul Ioan de Hunedoara (Buc.,1941); Ion Inochen\u0163ie Micu (Sibiu,1944), Momente culturale \u015fi literare transilv\u0103nene: eseuri (Buc., 1982). <br \/><strong>Irod.:<\/strong> Astra Sighi\u015forean\u0103; Cosma; \u015eerban 2006<\/br><\/p>\n","protected":false},"excerpt":{"rendered":"<p>Sz\u00e1szegerbegy, 1908. jan. 22., \u2020 Segesv\u00e1r, 1991. \u00e1pr. 9. : irodalomt\u00f6rt\u00e9n\u00e9sz, publicista. \u2013 Tanulm\u00e1nyait a sz\u00fcl\u0151falu elemi iskol\u00e1j\u00e1ban kezdte \u00e9s Szebenben folytatta (1914\u201318); a l\u00edc.-ot Erzs\u00e9betv\u00e1rosban (1919\u201320), Bal\u00e1zsfalv\u00e1n (1920\u201323), Segesv\u00e1ron a \u201dPrincipele Nicolae\u201d Fi\u00fa l\u00edc.-ban v\u00e9gezte (1923\u201327), Irodalom \u00e9s Filoz\u00f3fia Fak. a \u201eDacia Superioara\u201d Egyetemen Kv.-on v\u00e9gzett (1927\u201331). Nevel\u0151 Segesv\u00e1ron a l\u00edc.-ban (1931\u201332); tan\u00e1r (1933\u201335) [&hellip;]<\/p>\n","protected":false},"featured_media":0,"comment_status":"open","ping_status":"closed","template":"","meta":[],"product_brand":[],"product_cat":[137],"product_tag":[],"class_list":{"0":"post-18830","1":"product","2":"type-product","3":"status-publish","5":"product_cat-maros-megyei-eletrajzi-lexikon","7":"first","8":"instock","9":"shipping-taxable","10":"product-type-simple"},"_links":{"self":[{"href":"https:\/\/uj.adatbank.ro\/lexikon\/wp-json\/wp\/v2\/product\/18830","targetHints":{"allow":["GET"]}}],"collection":[{"href":"https:\/\/uj.adatbank.ro\/lexikon\/wp-json\/wp\/v2\/product"}],"about":[{"href":"https:\/\/uj.adatbank.ro\/lexikon\/wp-json\/wp\/v2\/types\/product"}],"replies":[{"embeddable":true,"href":"https:\/\/uj.adatbank.ro\/lexikon\/wp-json\/wp\/v2\/comments?post=18830"}],"wp:attachment":[{"href":"https:\/\/uj.adatbank.ro\/lexikon\/wp-json\/wp\/v2\/media?parent=18830"}],"wp:term":[{"taxonomy":"product_brand","embeddable":true,"href":"https:\/\/uj.adatbank.ro\/lexikon\/wp-json\/wp\/v2\/product_brand?post=18830"},{"taxonomy":"product_cat","embeddable":true,"href":"https:\/\/uj.adatbank.ro\/lexikon\/wp-json\/wp\/v2\/product_cat?post=18830"},{"taxonomy":"product_tag","embeddable":true,"href":"https:\/\/uj.adatbank.ro\/lexikon\/wp-json\/wp\/v2\/product_tag?post=18830"}],"curies":[{"name":"wp","href":"https:\/\/api.w.org\/{rel}","templated":true}]}}