{"id":18856,"date":"2025-07-16T11:08:19","date_gmt":"2025-07-16T09:08:19","guid":{"rendered":"https:\/\/uj.adatbank.ro\/lexikon\/termek\/racz-lajos-erno\/"},"modified":"2025-07-16T11:08:19","modified_gmt":"2025-07-16T09:08:19","slug":"racz-lajos-erno","status":"publish","type":"product","link":"https:\/\/uj.adatbank.ro\/lexikon\/termek\/racz-lajos-erno\/","title":{"rendered":"R\u00c1CZ Lajos Ern\u0151"},"content":{"rendered":"<p>Petrozs\u00e9ny, 1928. jan. 15., \u2020 Mv., 2002. j\u00fal. 23.: orvos. \u2013 A k\u00f6z\u00e9piskol\u00e1t Gyulafeh\u00e9rv\u00e1ron v\u00e9gezte, orvosi diplom\u00e1j\u00e1t a MOGYI-n szerezte (1955); doktori dolgozat\u00e1t v\u00e9di meg (1974). \u00dczem\u00f6rvosk\u00e9nt kezdte p\u00e1ly\u00e1j\u00e1t (1955\u201360), majd a MOGYI Anatomia \u2013 \u00c9lettan Tansz\u00e9k\u00e9n gyakornok, tan\u00e1rseg\u00e9d, adjunktus, egyetemi el\u0151ad\u00f3tan\u00e1r, docens (1960\u2013); a Gy\u00f3gyszer\u00e9szeti Karon az anat\u00f3mia-\u00e9lettan el\u0151ad\u00f3ja nyugalomba vonul\u00e1s\u00e1ig (\u20131998); a Fog\u00e1szati Anat\u00f3miai Tansz\u00e9k vezet\u0151je (1990\u2013); az Orvos \u00e9s Gy\u00f3gyszer\u00e9szet-t\u00f6rt\u00e9neti Tansz\u00e9k m. nyelv\u0171 el\u0151ad\u00e1sait tartotta (1998\u2013). Kutat\u00e1si ter\u00fcletei \u00e9s eredm\u00e9nyei: a daganatos betegs\u00e9g \u00e9s terhess\u00e9g, a cukor betegs\u00e9g \u00e9s terhess\u00e9g, szervi elv\u00e1ltoz\u00e1sok a k\u00f6zponti idegrendszer betegs\u00e9geiben; az anatomiai tansz\u00e9ken a fejl\u0151d\u00e9si rendelleness\u00e9gek, az arc, a sz\u00e1j, a nyelv \u00e9s a fogak koronk\u00e9nti v\u00e9rell\u00e1t\u00e1sa \u00e9s beidegz\u00e9se, a Bichat-f\u00e9le zs\u00edrcsom\u00f3 fejl\u0151d\u00e9se koronk\u00e9nti alakja, szerkezete \u00e9s \u00e9lettana, az V. Agyideg \u00e9rz\u0151\u00e1gainak anat\u00f3miai v\u00e1ltozatai, egyes gy\u00f3gyszerek \u00e9s fizikai \u00e1rtalmak teratog\u00e9n hat\u00e1sai a magzat fejl\u0151d\u00e9s kritikus szakaszaiban; az orvos- \u00e9s gy\u00f3gyszer\u00e9szett\u00f6rt\u00e9net tansz\u00e9k\u00e9n hazai j\u00e1rv\u00e1nyt\u00f6rt\u00e9net, oktat\u00e1s- \u00e9s k\u00f3rh\u00e1zszervez\u00e9s, egyetemes \u00e9s hazai gy\u00f3gyszer\u00e9szet, egyes anat\u00f3miai szervek, bonctani k\u00e9pletek vagy m\u00e1s orvosi felfedez\u00e9sek m. vonatkoz\u00e1sai. K\u00f6zel 30 tanulm\u00e1nyt k\u00f6z\u00f6lt az Orvostudom\u00e1nyi \u00c9rtes\u00edt\u0151, Orvosi Szemle, Morfologia normal\u0103 \u015fi patologic\u0103, Morphologie et Embryologie, Anatomischer Anzeiger-ben. El\u0151sz\u00f3t \u00edrt Anka Aurel \u00e9lete \u00e9s hadiseb\u00e9szeti munk\u00e1ss\u00e1ga c. k\u00f6tethez (Kv., 2002). \u2013 <strong>F. m.:<\/strong> Anatomia, fiziologia \u015fi patologie uman\u0103 : curs. (TgM., 1987); Anatomia sistematic\u0103 a omului. 5. vol. (TgM., 1996\u20131998); Az orvostudom\u00e1ny t\u00f6rt\u00e9nete. (TgM., 2001); <strong>t\u00e1rssz.:<\/strong> Sz\u00f6vettan egyetemi hallgat\u00f3k sz\u00e1m\u00e1ra. 3 k\u00f6t (Mv., 1981\u20131985); Anatomie \u015fi fiziologie farmaceutic\u0103 (Seres-Sturm L.-al, TgM., 1990); Anatomia \u00e9s \u00e9lettan: Gy\u00f3gyszer\u00e9sz hallgat\u00f3k r\u00e9sz\u00e9re (Seres Sturm Lajos, Seres Sturm Magd\u00e1val; Mv., 1995.); Cervico-oro-facialis anatomia (Seres-Sturm L., P\u00e1vai Z.-al, TgM.,1997.). <br \/><strong>Irod.:<\/strong> EMKK 2000; Genersich; Kiss-P.- P; [Nekrol\u00f3g] (N\u00fa., 2002. j\u00fal. 26.); RMIL; RMKK; Todea\u2013F\u00fcl\u00f6p\u2013Avram<\/br><\/p>\n","protected":false},"excerpt":{"rendered":"<p>Petrozs\u00e9ny, 1928. jan. 15., \u2020 Mv., 2002. j\u00fal. 23.: orvos. \u2013 A k\u00f6z\u00e9piskol\u00e1t Gyulafeh\u00e9rv\u00e1ron v\u00e9gezte, orvosi diplom\u00e1j\u00e1t a MOGYI-n szerezte (1955); doktori dolgozat\u00e1t v\u00e9di meg (1974). \u00dczem\u00f6rvosk\u00e9nt kezdte p\u00e1ly\u00e1j\u00e1t (1955\u201360), majd a MOGYI Anatomia \u2013 \u00c9lettan Tansz\u00e9k\u00e9n gyakornok, tan\u00e1rseg\u00e9d, adjunktus, egyetemi el\u0151ad\u00f3tan\u00e1r, docens (1960\u2013); a Gy\u00f3gyszer\u00e9szeti Karon az anat\u00f3mia-\u00e9lettan el\u0151ad\u00f3ja nyugalomba vonul\u00e1s\u00e1ig (\u20131998); a Fog\u00e1szati [&hellip;]<\/p>\n","protected":false},"featured_media":0,"comment_status":"open","ping_status":"closed","template":"","meta":[],"product_brand":[],"product_cat":[137],"product_tag":[],"class_list":{"0":"post-18856","1":"product","2":"type-product","3":"status-publish","5":"product_cat-maros-megyei-eletrajzi-lexikon","7":"first","8":"instock","9":"shipping-taxable","10":"product-type-simple"},"_links":{"self":[{"href":"https:\/\/uj.adatbank.ro\/lexikon\/wp-json\/wp\/v2\/product\/18856","targetHints":{"allow":["GET"]}}],"collection":[{"href":"https:\/\/uj.adatbank.ro\/lexikon\/wp-json\/wp\/v2\/product"}],"about":[{"href":"https:\/\/uj.adatbank.ro\/lexikon\/wp-json\/wp\/v2\/types\/product"}],"replies":[{"embeddable":true,"href":"https:\/\/uj.adatbank.ro\/lexikon\/wp-json\/wp\/v2\/comments?post=18856"}],"wp:attachment":[{"href":"https:\/\/uj.adatbank.ro\/lexikon\/wp-json\/wp\/v2\/media?parent=18856"}],"wp:term":[{"taxonomy":"product_brand","embeddable":true,"href":"https:\/\/uj.adatbank.ro\/lexikon\/wp-json\/wp\/v2\/product_brand?post=18856"},{"taxonomy":"product_cat","embeddable":true,"href":"https:\/\/uj.adatbank.ro\/lexikon\/wp-json\/wp\/v2\/product_cat?post=18856"},{"taxonomy":"product_tag","embeddable":true,"href":"https:\/\/uj.adatbank.ro\/lexikon\/wp-json\/wp\/v2\/product_tag?post=18856"}],"curies":[{"name":"wp","href":"https:\/\/api.w.org\/{rel}","templated":true}]}}