{"id":18882,"date":"2025-07-16T11:09:22","date_gmt":"2025-07-16T09:09:22","guid":{"rendered":"https:\/\/uj.adatbank.ro\/lexikon\/termek\/raday-eszter-%c2%a7-radai-eszter-teleki-laszlone\/"},"modified":"2025-07-16T11:09:22","modified_gmt":"2025-07-16T09:09:22","slug":"raday-eszter-%c2%a7-radai-eszter-teleki-laszlone","status":"publish","type":"product","link":"https:\/\/uj.adatbank.ro\/lexikon\/termek\/raday-eszter-%c2%a7-radai-eszter-teleki-laszlone\/","title":{"rendered":"R\u00c1DAY Eszter, \u00a7 R\u00e1dai Eszter Teleki L\u00e1szl\u00f3n\u00e9"},"content":{"rendered":"<p>Lud\u00e1ny, Losonc, 1716. \u00e1pr. 24., \u2020 Gernyeszeg, 1764. jan.1.\u00a0: k\u00f6nyvgy\u0171jt\u0151, mec\u00e9n\u00e1s, k\u00f6lt\u0151. \u2013 R\u00e1day P\u00e1l II. R\u00e1k\u00f3czi Ferenc kancell\u00e1rja \u00e9s Kajaly Kl\u00e1ra le\u00e1nya, R\u00e1day Gedeon huga, Bethlen Zsuzs\u00e1nna nagyanyja, Teleki J\u00f3zsef (1738\u20131796) anyja. \u2013 F\u00e9rjhez ment (1732) Teleki L\u00e1szl\u00f3hoz (1710\u20131778) kir. kamar\u00e1s, k\u00e9s\u0151bb erd\u00e9lyi f\u0151korm\u00e1nysz\u00e9ki tan\u00e1csoshoz, aki maga is foglalkozott k\u00f6nyvek gy\u0171jt\u00e9s\u00e9vel. H\u00e1zass\u00e1gukb\u00f3l t\u00edz gyermek sz\u00fcletett, k\u00f6z\u00fcl\u00fck csak 3 \u00e9rte meg a feln\u0151ttkort. Eleinte Huszton k\u00e9s\u0151bb Gernyeszegen \u00e9ltek purit\u00e1n p\u00e9ldamutat\u00f3 \u00e9letet. Hal\u00e1los \u00e1gy\u00e1n \u0151 maga rendelkezett temet\u00e9si besz\u00e9d\u00e9r\u0151l.-A k\u00f6nyvek szeretet\u00e9t a csal\u00e1di h\u00e1zb\u00f3l vitte mag\u00e1val, apj\u00e1hoz \u00e9s testv\u00e9reihez hasonl\u00f3an eg\u00e9sz \u00e9let\u00e9ben gy\u0171jt\u00f6tte a k\u00f6nyveket, valamint meg\u00f6r\u00f6k\u00f6lte anyja magyar nyelv\u0171 k\u00f6nyveit is(1742) R. E. k\u00f6nyvszeretet\u00e9r\u0151l Bod P\u00e9ter \u00edrt a Smirnai Szent Polik\u00e1rpus aj\u00e1nl\u00e1s\u00e1ban, M\u00e1ln\u00e1si L\u00e1szl\u00f3 lelkip\u00e1sztor pedig temet\u00e9si besz\u00e9d\u00e9ben eml\u00e9kezett meg. Egy Gernyeszegen k\u00e9sz\u00fclt bet\u0171rendes lajstrom (1757) szerint, amely Bethlen Zsuzs\u00e1nna hagyat\u00e9k\u00e1ban tal\u00e1lhat\u00f3, k\u00f6nyvt\u00e1ra 244 k\u00f6tetb\u0151l \u00e1llt, f\u0151leg magyar nyelv\u0171 17\u201318 sz\u00e1zadi munk\u00e1k. Leveleit (1732\u20131745) Jakab Elek ismertette a M. Szalonban (1890). Mecenatur\u00e1ja tette lehet\u0151v\u00e9 Bod P\u00e9ter t\u00f6bb k\u00f6nyv\u00e9nek kiad\u00e1s\u00e1t. K\u00f6ltem\u00e9nyeket is \u00edrt. <br \/><strong>Irod.:<\/strong> \u00c1rva Bethlen K.; B\u00f6jthe Andor: A G\u00f6rg\u00e9nyi ev. ref. egyh\u00e1zmegye t\u00f6rt\u00e9nete [k\u00e9zirat]; Castellum \u00c9rtes\u00edt\u0151 3.sz. 2000; De\u00e9 Nagy; Halotti besz\u00e9dek; Halotti besz\u00e9dek n\u00e9hai m, gr. R\u00e1dai Eszter gr. sz\u00e9ki Teleki L\u00e1szl\u00f3 \u00e9lete p\u00e1rja felett (Kv., 1766), Hegyaljai-Kiss; MAM\u0170L\u00a0; S\u00e1muel Alad\u00e1r: Fels\u0151csern\u00e1toni Bod P\u00e9ter \u00e9lete \u00e9s m\u0171vei (Bp., 1899); Szinnyei; \u00daMIL<\/br><\/p>\n","protected":false},"excerpt":{"rendered":"<p>Lud\u00e1ny, Losonc, 1716. \u00e1pr. 24., \u2020 Gernyeszeg, 1764. jan.1.\u00a0: k\u00f6nyvgy\u0171jt\u0151, mec\u00e9n\u00e1s, k\u00f6lt\u0151. \u2013 R\u00e1day P\u00e1l II. R\u00e1k\u00f3czi Ferenc kancell\u00e1rja \u00e9s Kajaly Kl\u00e1ra le\u00e1nya, R\u00e1day Gedeon huga, Bethlen Zsuzs\u00e1nna nagyanyja, Teleki J\u00f3zsef (1738\u20131796) anyja. \u2013 F\u00e9rjhez ment (1732) Teleki L\u00e1szl\u00f3hoz (1710\u20131778) kir. kamar\u00e1s, k\u00e9s\u0151bb erd\u00e9lyi f\u0151korm\u00e1nysz\u00e9ki tan\u00e1csoshoz, aki maga is foglalkozott k\u00f6nyvek gy\u0171jt\u00e9s\u00e9vel. H\u00e1zass\u00e1gukb\u00f3l t\u00edz gyermek [&hellip;]<\/p>\n","protected":false},"featured_media":0,"comment_status":"open","ping_status":"closed","template":"","meta":[],"product_brand":[],"product_cat":[137],"product_tag":[],"class_list":{"0":"post-18882","1":"product","2":"type-product","3":"status-publish","5":"product_cat-maros-megyei-eletrajzi-lexikon","7":"first","8":"instock","9":"shipping-taxable","10":"product-type-simple"},"_links":{"self":[{"href":"https:\/\/uj.adatbank.ro\/lexikon\/wp-json\/wp\/v2\/product\/18882","targetHints":{"allow":["GET"]}}],"collection":[{"href":"https:\/\/uj.adatbank.ro\/lexikon\/wp-json\/wp\/v2\/product"}],"about":[{"href":"https:\/\/uj.adatbank.ro\/lexikon\/wp-json\/wp\/v2\/types\/product"}],"replies":[{"embeddable":true,"href":"https:\/\/uj.adatbank.ro\/lexikon\/wp-json\/wp\/v2\/comments?post=18882"}],"wp:attachment":[{"href":"https:\/\/uj.adatbank.ro\/lexikon\/wp-json\/wp\/v2\/media?parent=18882"}],"wp:term":[{"taxonomy":"product_brand","embeddable":true,"href":"https:\/\/uj.adatbank.ro\/lexikon\/wp-json\/wp\/v2\/product_brand?post=18882"},{"taxonomy":"product_cat","embeddable":true,"href":"https:\/\/uj.adatbank.ro\/lexikon\/wp-json\/wp\/v2\/product_cat?post=18882"},{"taxonomy":"product_tag","embeddable":true,"href":"https:\/\/uj.adatbank.ro\/lexikon\/wp-json\/wp\/v2\/product_tag?post=18882"}],"curies":[{"name":"wp","href":"https:\/\/api.w.org\/{rel}","templated":true}]}}