{"id":18944,"date":"2025-07-16T11:11:47","date_gmt":"2025-07-16T09:11:47","guid":{"rendered":"https:\/\/uj.adatbank.ro\/lexikon\/termek\/radvanyi-jozsef-reichel-jozsef-kalman\/"},"modified":"2025-07-16T11:11:47","modified_gmt":"2025-07-16T09:11:47","slug":"radvanyi-jozsef-reichel-jozsef-kalman","status":"publish","type":"product","link":"https:\/\/uj.adatbank.ro\/lexikon\/termek\/radvanyi-jozsef-reichel-jozsef-kalman\/","title":{"rendered":"RADVANYI J\u00f3zsef; Reichel J\u00f3zsef K\u00e1lm\u00e1n"},"content":{"rendered":"<p>Sz\u00e1szr\u00e9gen, 1890. jan. 11., \u2020\u00a0?\u00a0: r. k. pap, \u00fcgyv\u00e9d, publicista. \u2013 Apja cip\u00e9sz. Tanulm\u00e1nyait Gyulafeh\u00e9rv\u00e1ron majd a az Erd\u00e9lyi r. k. Egyh\u00e1zmegye seg\u00edts\u00e9g\u00e9vel a b\u00e9csi Pazmaneumban (1912\u20131913) v\u00e9gezte. Papp\u00e1 szentelt\u00e9k (1913. j\u00fan. 15.). Ezt k\u00f6vet\u0151en a romai Institutum Biblicumban tanult (1913\u201315).. K\u00e1pl\u00e1n Beszterc\u00e9n, Cs\u00edkszentdomokoson. Hitoktat\u00f3 Petrozs\u00e9nyban, majd Petrill\u00e1n. Felf\u00fcggesztett\u00e9k (1925 v. 1927). Az egyetemet Kv.-on, B\u00e9csben \u00e9s Iasiban v\u00e9gezte. Kv.-on volt gyakorl\u00f3 \u00fcgyv\u00e9d. A Mag\u00e1ntisztvisel\u0151k Egyes\u00fclet\u00e9nek \u00fcgyv. titk\u00e1ra volt. \u00c9l\u00e9nk publicisztikai tev\u00e9kenys\u00e9get fejtett ki napilapokban, foly\u00f3iratokban t\u00f6rt\u00e9nelmi, t\u00e1rsadalmi, szoci\u00e1lis \u00e9s jogi cikkei jelentek meg. Az Erd\u00e9lyi K\u00f6zgazdas\u00e1g (Economia Ardeleana) hetilap munkat\u00e1rsa volt. Ez m\u00e1s lehet <br \/><strong>Irod.:<\/strong> EM; Ferenczi S\u00e1ndor 2009; Szab\u00f3\u2013Simon\u2013Sz\u00f6gi<\/br><\/p>\n","protected":false},"excerpt":{"rendered":"<p>Sz\u00e1szr\u00e9gen, 1890. jan. 11., \u2020\u00a0?\u00a0: r. k. pap, \u00fcgyv\u00e9d, publicista. \u2013 Apja cip\u00e9sz. Tanulm\u00e1nyait Gyulafeh\u00e9rv\u00e1ron majd a az Erd\u00e9lyi r. k. Egyh\u00e1zmegye seg\u00edts\u00e9g\u00e9vel a b\u00e9csi Pazmaneumban (1912\u20131913) v\u00e9gezte. Papp\u00e1 szentelt\u00e9k (1913. j\u00fan. 15.). Ezt k\u00f6vet\u0151en a romai Institutum Biblicumban tanult (1913\u201315).. K\u00e1pl\u00e1n Beszterc\u00e9n, Cs\u00edkszentdomokoson. Hitoktat\u00f3 Petrozs\u00e9nyban, majd Petrill\u00e1n. Felf\u00fcggesztett\u00e9k (1925 v. 1927). Az egyetemet Kv.-on, [&hellip;]<\/p>\n","protected":false},"featured_media":0,"comment_status":"open","ping_status":"closed","template":"","meta":[],"product_brand":[],"product_cat":[137],"product_tag":[],"class_list":{"0":"post-18944","1":"product","2":"type-product","3":"status-publish","5":"product_cat-maros-megyei-eletrajzi-lexikon","7":"first","8":"instock","9":"shipping-taxable","10":"product-type-simple"},"_links":{"self":[{"href":"https:\/\/uj.adatbank.ro\/lexikon\/wp-json\/wp\/v2\/product\/18944","targetHints":{"allow":["GET"]}}],"collection":[{"href":"https:\/\/uj.adatbank.ro\/lexikon\/wp-json\/wp\/v2\/product"}],"about":[{"href":"https:\/\/uj.adatbank.ro\/lexikon\/wp-json\/wp\/v2\/types\/product"}],"replies":[{"embeddable":true,"href":"https:\/\/uj.adatbank.ro\/lexikon\/wp-json\/wp\/v2\/comments?post=18944"}],"wp:attachment":[{"href":"https:\/\/uj.adatbank.ro\/lexikon\/wp-json\/wp\/v2\/media?parent=18944"}],"wp:term":[{"taxonomy":"product_brand","embeddable":true,"href":"https:\/\/uj.adatbank.ro\/lexikon\/wp-json\/wp\/v2\/product_brand?post=18944"},{"taxonomy":"product_cat","embeddable":true,"href":"https:\/\/uj.adatbank.ro\/lexikon\/wp-json\/wp\/v2\/product_cat?post=18944"},{"taxonomy":"product_tag","embeddable":true,"href":"https:\/\/uj.adatbank.ro\/lexikon\/wp-json\/wp\/v2\/product_tag?post=18944"}],"curies":[{"name":"wp","href":"https:\/\/api.w.org\/{rel}","templated":true}]}}