{"id":18971,"date":"2025-07-16T11:12:52","date_gmt":"2025-07-16T09:12:52","guid":{"rendered":"https:\/\/uj.adatbank.ro\/lexikon\/termek\/rakoczi-gyorgy-ii\/"},"modified":"2025-07-16T11:12:52","modified_gmt":"2025-07-16T09:12:52","slug":"rakoczi-gyorgy-ii","status":"publish","type":"product","link":"https:\/\/uj.adatbank.ro\/lexikon\/termek\/rakoczi-gyorgy-ii\/","title":{"rendered":"R\u00c1K\u00d3CZI Gy\u00f6rgy, II."},"content":{"rendered":"<p>S\u00e1rospatak, 1621. jan. 30, \u2020 V\u00e1rad, 1660. j\u00fan. 7.: erd\u00e9lyi fejedelem (1648\u201360). \u2013 I.R. Gy\u00f6rgy \u00e9s L\u00f3r\u00e1ntffy Zsuzsanna fia. Feles\u00e9ge: B\u00e1thory Zs\u00f3fia. \u2013 M\u00e9g apja I. R. Gy\u00f6rgy \u00e9let\u00e9ben (1642. febr. 19.) fejedelemm\u00e9 v\u00e1lasztott\u00e1k \u00e9s (1642. m\u00e1rc. 4.) be is iktatt\u00e1k. Erd\u00e9ly t\u00e1rsuralkod\u00f3ja I. R\u00e1k\u00f3czi Gy\u00f6rggyel (1642\u2013) \u00e9s apja hal\u00e1la ut\u00e1n (1648) egyed\u00fcl uralkodott. Hadsereg\u00e9nek f\u0151vez\u00e9re Kem\u00e9ny J\u00e1nos volt, akinek adom\u00e1nyozta a v\u00e9csi v\u00e1rat \u00f6t faluval egy\u00fctt (1648. nov. 28.). Mv.-en tartozkodott (1649), Kornis Ferencz lemondott a fejedelem jav\u00e1ra a radn\u00f3ti uradalomr\u00f3l (1649), m\u00e1s forr\u00e1s szerint a fejedelem kiv\u00e1ltotta P\u00e9chi Simont\u00f3l a v\u00e1rat \u00e9s az uradalmat (1649) \u00e9s ezt a feles\u00e9g\u00e9nek, B\u00e1thory Zs\u00f3fi\u00e1nak \u00e9s \u00f6ccs\u00e9nek, R\u00e1k\u00f3czi Zsigmondnak adom\u00e1nyozta (1650). \u00c1t\u00e9p\u00edtette a radn\u00f3ti (Kornis-R\u00e1k\u00f3czi-Bethlen) renesz\u00e1nsz v\u00e1rkast\u00e9lyt, Agostino Seren\u00e1val (1650\u201360 k\u00f6z\u00f6tt), ma \u201cA\u201d kateg\u00f3ri\u00e1ba tartoz\u00f3 m\u0171eml\u00e9k. Visszavitte Radn\u00f3t n\u00e9p\u00e9t a ref. egyh\u00e1zba \u00e9s a templom is ref. lett. A radn\u00f3ti birtok az \u00faj fejedelem I. Apafi Mih\u00e1ly feles\u00e9ge, Bornemissza Anna birtok\u00e1ba ker\u00fclt.A radn\u00f3ti birtokait is visszaszerezte, a templomot is elfoglalta, \u00e9s a reform\u00e1tusoknak adta. Meger\u0151s\u00edtette a csizmadi\u00e1k kiv\u00e1lts\u00e1glevel\u00e9t (1651); A kor\u00e1bbi rendelkez\u00e9seket meger\u0151s\u00edtve a v\u00e1s\u00e1rhelyi Schol\u00e1nak 200 forint seg\u00e9lyt rendelt a fejedelmi tizedekb\u0151l (1654); Mv. gyalogokat k\u00fcld\u00f6tt a fejedelem seg\u00edts\u00e9g\u00e9re, aki Havasalf\u00f6ldre k\u00e9sz\u00fclt Serban Constantin vajda t\u00e1mogat\u00e1s\u00e1ra (1655). A Mikh\u00e1z\u00e1n letelepedett boszniai ferences aty\u00e1knak protection\u00e1lis levelet adott (1656. \u00e1pr. 10.), rendelete alapj\u00e1n a mikh\u00e1zi kolostorb\u00f3l a m. bar\u00e1tok nem z\u00e1rhat\u00f3k ki (1656. j\u00fan. 13.). A fejedelems\u00e9gr\u0151l lemondott (1657. okt. 27.), nov.-ben a rendek 2200 tall\u00e9r kifizet\u00e9se mellett G\u00f6rg\u00e9nyt neki om\u00e1nyozt\u00e1k. Mv.-et t\u00f6r\u00f6k t\u00e1mad\u00e1s \u00e9rte (1658. aug. 23), fel\u00e9gett\u00e9k a v\u00e1rat, rabs\u00e1gba hurcolt\u00e1k a lakoss\u00e1g egy r\u00e9sz\u00e9t. M\u00e1sodszor a radn\u00f3ti v\u00e1rb\u00f3l vonult \u00e1t d\u00edszkis\u00e9rettel a Mv.-en tartott ogy.-re \u00e9s \u00fajra elfoglalta a fejedelmi sz\u00e9ket (1659. szept. 24.). <br \/><strong>Irod.:<\/strong> Bagyinszki; Bethlen Imre: M\u00e1sodik R. Gy. ideje (Nagy Enyeden, 1829); Bicsok-Orb\u00e1n; Binder P\u00e1l: Az erd\u00e9lyi fejedelems\u00e9g rom\u00e1n diplomat\u00e1i vagy rom\u00e1nok az erd\u00e9lyi fejedelms\u00e9g szolg\u00e1lat\u00e1ban (Mv., 1996); B\u00f3nis Johanna: A mv.-i c\u00e9hekr\u0151l = P\u00e1l-Antal \u2013 Szab\u00f3 1.; Csetri \u2013 Szab\u00f3; Erd\u00e9ly (portr\u00e9 is ); Erd\u00e9lyi fejedelmek; Fekete; Fodor\u2013Bal\u00e1s; Gyallay; Id\u0151t\u00e1r 1; Keresztes 1995; Keresztes Gyula: A radn\u00f3ti reform\u00e1tus templom: \u00c9vfordul\u00f3 k\u00fcsz\u00f6b\u00e9n (N\u00fa., 1993. jan. 29.); Kiss Zsuzs\u00e1nna: A fejedelem hal\u00e1la (5.) (N\u00fa., 2022. dec. 15.); Kov\u00e1cs Andr\u00e1s: A radn\u00f3ti v\u00e1rkast\u00e9ly (Kv., 1994); Kraus: Erd\u00e9lyi kr\u00f3nika; L\u00e9sty\u00e1n \u2013 templomok 1.; M. t\u00f6rt. t\u00e1r 16.,18.; Nagy-Bod\u00f3 Tibor: \u00c9p\u00edtett \u00d6r\u00f6ks\u00e9g\u00fcnk. Kir\u00e1lyok \u00e9s fejedelmek kedvebc tal\u00e1lkoz\u00f3helye G\u00f6rg\u00e9ny v\u00e1ra (N\u00fa., Sz\u00ednes vil\u00e1g,2023. jan. 6.); Orb\u00e1n Dezs\u0151; Pesty 2014; Szekeres A. I.: C\u00edmeres eml\u00e9kek Radn\u00f3ton = P\u00e1l-Antal \u2013 Simon; Teleki Mih\u00e1ly udvartart\u00e1si napl\u00f3ja (1673\u20131681) (Kv., 2007); Turisztikai kalauz; \u00daIL; \u00daM\u00c9L; Valori mure\u015fene de patrimoniu; Egy k\u00fcl\u00f6nleges radn\u00f3ti kir\u00e1ndul\u00e1sr\u00f3l (N\u00e9p\u00fajs\u00e1g, 2023. j\u00fal. 4.; j\u00fal.5.); A sz\u00e9kelyek \u00e9s a R\u00e1k\u00f3cziak (Sz\u00e9kelys\u00e9g t\u00f6rt.)<\/br><\/p>\n","protected":false},"excerpt":{"rendered":"<p>S\u00e1rospatak, 1621. jan. 30, \u2020 V\u00e1rad, 1660. j\u00fan. 7.: erd\u00e9lyi fejedelem (1648\u201360). \u2013 I.R. Gy\u00f6rgy \u00e9s L\u00f3r\u00e1ntffy Zsuzsanna fia. Feles\u00e9ge: B\u00e1thory Zs\u00f3fia. \u2013 M\u00e9g apja I. R. Gy\u00f6rgy \u00e9let\u00e9ben (1642. febr. 19.) fejedelemm\u00e9 v\u00e1lasztott\u00e1k \u00e9s (1642. m\u00e1rc. 4.) be is iktatt\u00e1k. Erd\u00e9ly t\u00e1rsuralkod\u00f3ja I. R\u00e1k\u00f3czi Gy\u00f6rggyel (1642\u2013) \u00e9s apja hal\u00e1la ut\u00e1n (1648) egyed\u00fcl uralkodott. Hadsereg\u00e9nek [&hellip;]<\/p>\n","protected":false},"featured_media":0,"comment_status":"open","ping_status":"closed","template":"","meta":[],"product_brand":[],"product_cat":[137],"product_tag":[],"class_list":{"0":"post-18971","1":"product","2":"type-product","3":"status-publish","5":"product_cat-maros-megyei-eletrajzi-lexikon","7":"first","8":"instock","9":"shipping-taxable","10":"product-type-simple"},"_links":{"self":[{"href":"https:\/\/uj.adatbank.ro\/lexikon\/wp-json\/wp\/v2\/product\/18971","targetHints":{"allow":["GET"]}}],"collection":[{"href":"https:\/\/uj.adatbank.ro\/lexikon\/wp-json\/wp\/v2\/product"}],"about":[{"href":"https:\/\/uj.adatbank.ro\/lexikon\/wp-json\/wp\/v2\/types\/product"}],"replies":[{"embeddable":true,"href":"https:\/\/uj.adatbank.ro\/lexikon\/wp-json\/wp\/v2\/comments?post=18971"}],"wp:attachment":[{"href":"https:\/\/uj.adatbank.ro\/lexikon\/wp-json\/wp\/v2\/media?parent=18971"}],"wp:term":[{"taxonomy":"product_brand","embeddable":true,"href":"https:\/\/uj.adatbank.ro\/lexikon\/wp-json\/wp\/v2\/product_brand?post=18971"},{"taxonomy":"product_cat","embeddable":true,"href":"https:\/\/uj.adatbank.ro\/lexikon\/wp-json\/wp\/v2\/product_cat?post=18971"},{"taxonomy":"product_tag","embeddable":true,"href":"https:\/\/uj.adatbank.ro\/lexikon\/wp-json\/wp\/v2\/product_tag?post=18971"}],"curies":[{"name":"wp","href":"https:\/\/api.w.org\/{rel}","templated":true}]}}