{"id":1918,"date":"2025-06-28T11:57:45","date_gmt":"2025-06-28T09:57:45","guid":{"rendered":"https:\/\/uj.adatbank.ro\/lexikon\/termek\/baladfi-farkas-kiskendi\/"},"modified":"2025-06-28T11:57:45","modified_gmt":"2025-06-28T09:57:45","slug":"baladfi-farkas-kiskendi","status":"publish","type":"product","link":"https:\/\/uj.adatbank.ro\/lexikon\/termek\/baladfi-farkas-kiskendi\/","title":{"rendered":"BAL\u00c1DFI Farkas, kiskendi"},"content":{"rendered":"<p>? \u2020\u00a0? : f\u00f6ldbirtokos. \u2013 A gyulafeh\u00e9rv\u00e1ri k\u00e1ptalan bizonyitja, hogy Kiskendi Bal\u00e1dfi Farkas a K\u00fck\u00fcll\u0151 v\u00e1rmegyei Kiskend, Nagykend, Balav\u00e1s\u00e1ra, Z\u00e1gor, Sz\u00e9naver\u0151, Dom\u00e1ld, Domb\u00f3, \u00c1d\u00e1mos, Kincsi, B\u00e1bahalma \u00e9s Sz\u00e9plak, s Fej\u00e9r v\u00e1rmegyei Lap\u00e1d helys\u00e9gben, valamint a szenlt\u00e9leki v\u00e1rban s annak K\u00e9zdisz\u00e9ken \u00e9s Fej\u00e9r v\u00e1rmegy\u00e9ben fekv\u0151 tartozand\u00f3s\u00e1gaiban l\u00e9v\u0151 birtokr\u00e9szeit \u00f6ccs\u00e9nek Bal\u00e1dfi Ferencnek \u00f6r\u00f6k\u00f6sen \u00e1tadta, ugy azonban, hogy ha Ferenc el\u00e9bb tal\u00e1lna meghalni, vagy ha \u0151 ezen j\u00f3sz\u00e1gokat Ferenc \u00e9let\u00e9ben vissza akarn\u00e1 venni, azokat minden akad\u00e1ly n\u00e9lk\u00fcl visszakapja. (Kelt 1540. oct. 4-dik\u00e9n. 2). <br \/><strong>Irod.:<\/strong> SzOkl, 1.<\/br><\/p>\n","protected":false},"excerpt":{"rendered":"<p>? \u2020\u00a0? : f\u00f6ldbirtokos. \u2013 A gyulafeh\u00e9rv\u00e1ri k\u00e1ptalan bizonyitja, hogy Kiskendi Bal\u00e1dfi Farkas a K\u00fck\u00fcll\u0151 v\u00e1rmegyei Kiskend, Nagykend, Balav\u00e1s\u00e1ra, Z\u00e1gor, Sz\u00e9naver\u0151, Dom\u00e1ld, Domb\u00f3, \u00c1d\u00e1mos, Kincsi, B\u00e1bahalma \u00e9s Sz\u00e9plak, s Fej\u00e9r v\u00e1rmegyei Lap\u00e1d helys\u00e9gben, valamint a szenlt\u00e9leki v\u00e1rban s annak K\u00e9zdisz\u00e9ken \u00e9s Fej\u00e9r v\u00e1rmegy\u00e9ben fekv\u0151 tartozand\u00f3s\u00e1gaiban l\u00e9v\u0151 birtokr\u00e9szeit \u00f6ccs\u00e9nek Bal\u00e1dfi Ferencnek \u00f6r\u00f6k\u00f6sen \u00e1tadta, ugy azonban, hogy [&hellip;]<\/p>\n","protected":false},"featured_media":0,"comment_status":"open","ping_status":"closed","template":"","meta":[],"product_brand":[],"product_cat":[137],"product_tag":[],"class_list":{"0":"post-1918","1":"product","2":"type-product","3":"status-publish","5":"product_cat-maros-megyei-eletrajzi-lexikon","7":"first","8":"instock","9":"shipping-taxable","10":"product-type-simple"},"_links":{"self":[{"href":"https:\/\/uj.adatbank.ro\/lexikon\/wp-json\/wp\/v2\/product\/1918","targetHints":{"allow":["GET"]}}],"collection":[{"href":"https:\/\/uj.adatbank.ro\/lexikon\/wp-json\/wp\/v2\/product"}],"about":[{"href":"https:\/\/uj.adatbank.ro\/lexikon\/wp-json\/wp\/v2\/types\/product"}],"replies":[{"embeddable":true,"href":"https:\/\/uj.adatbank.ro\/lexikon\/wp-json\/wp\/v2\/comments?post=1918"}],"wp:attachment":[{"href":"https:\/\/uj.adatbank.ro\/lexikon\/wp-json\/wp\/v2\/media?parent=1918"}],"wp:term":[{"taxonomy":"product_brand","embeddable":true,"href":"https:\/\/uj.adatbank.ro\/lexikon\/wp-json\/wp\/v2\/product_brand?post=1918"},{"taxonomy":"product_cat","embeddable":true,"href":"https:\/\/uj.adatbank.ro\/lexikon\/wp-json\/wp\/v2\/product_cat?post=1918"},{"taxonomy":"product_tag","embeddable":true,"href":"https:\/\/uj.adatbank.ro\/lexikon\/wp-json\/wp\/v2\/product_tag?post=1918"}],"curies":[{"name":"wp","href":"https:\/\/api.w.org\/{rel}","templated":true}]}}