{"id":1937,"date":"2025-06-28T11:58:29","date_gmt":"2025-06-28T09:58:29","guid":{"rendered":"https:\/\/uj.adatbank.ro\/lexikon\/termek\/balasko-nandor\/"},"modified":"2025-06-28T11:58:29","modified_gmt":"2025-06-28T09:58:29","slug":"balasko-nandor","status":"publish","type":"product","link":"https:\/\/uj.adatbank.ro\/lexikon\/termek\/balasko-nandor\/","title":{"rendered":"BALASK\u00d3 N\u00e1ndor"},"content":{"rendered":"<p>\u00c9rszalacs, 1918. aug. 30., \u2020 Trauberbischofsheim, 1996. j\u00fan. 28. Hamvai a kv.-i H\u00e1zsong\u00e1rdi temet\u0151ben: szobr\u00e1sz. \u2013 Feles\u00e9ge: Osv\u00e1th K\u00e1roly gy\u00f3gyszer\u00e9sz le\u00e1nya, Osv\u00e1th Zsuzsa fest\u0151m\u0171v\u00e9sz (esk\u00fcv\u0151 Mv., 1946. dec.). \u2013 Zilahon, Mv.-en a ref. koll.-ban \u00e9s Nagyb\u00e1ny\u00e1n tanult (1934). Sz\u00e9pm\u0171v\u00e9szeti F\u0151iskol\u00e1t v\u00e9gzett Buk.-ben (1937\u201340), M. K\u00e9pz\u0151m\u0171v\u00e9szeti F\u0151iskol\u00e1t Bp.-en, ahol mestere volt Kand\u00f3 L\u00e1szl\u00f3 (1940\u201343). Feles\u00e9g\u00e9nek ki\u00e1ll\u00edt\u00e1sa volt Mv.-en a Transylvania teremben (1947). Mv.-en tan\u00edtott a m\u0171v\u00e9szeti l\u00edc.-ban \u00e9s az akkori Ranghe\u0163 Fi\u00falic-ban (ma Bolyai Farkas L\u00edc.) (\u20131948). Kv.-on a M. M\u0171v. Int\u00e9zet tan\u00e1ra (1948\u2013), majd az ebb\u0151l alakult Ion Andreescu K\u00e9pz\u0151m\u0171v. F\u0151iskola szobr\u00e1szat tan\u00e1ra \u00e9s a ker\u00e1mia tansz\u00e9k vezet\u0151je volt. Portug\u00e1li\u00e1ba emigr\u00e1lt, Sintra v\u00e1ros\u00e1ban telepedett le (1970). Nagym\u00e9ret\u0171 kompoz\u00edci\u00f3s m\u0171veket, portr\u00e9kat, domborm\u0171veket alkotott, nagy r\u00e9szt vall\u00e1sos t\u00e1m\u00e1val. II. J\u00e1nos P\u00e1l p\u00e1pa mer\u00e9nylet ut\u00e1ni fel\u00e9p\u00fcl\u00e9se tisztelet\u00e9re Fatim\u00e1ban felk\u00e9rt\u00e9k egy nagy m\u00e9ret\u0171 h\u00e1rmas olt\u00e1r elkl\u00e9sz\u00edt\u00e9s\u00e9re (1982), ma is megtekinthet\u0151 a Vatik\u00e1ni M\u00fazeum \u00e1lland\u00f3 ki\u00e1ll\u00edt\u00e1s\u00e1n. A Portug\u00e1l K\u00e9pz\u0151m\u0171v\u00e9szek Sz\u00f6vets\u00e9g\u00e9nek tagja (1975). Sz\u00e1mos orsz\u00e1gban rendezett ki\u00e1ll\u00edt\u00e1st \u00e9s kapott d\u00edjakat. D\u00edjai: Az Erd\u00e9lyi Szalon ki\u00e1ll\u00edt\u00e1s\u00e1n (1947) szobr\u00e1szati els\u0151 d\u00edjat nyert. Auschwitz t\u00e9m\u00e1ban ki\u00edrt p\u00e1ly\u00e1zat nyertese (1958). Br\u00fcsszel a nemzetk\u00f6zi ki\u00e1ll. arany\u00e9rme (1975), a k\u00f6z\u00f6ns\u00e9g nagyd\u00edja (1976). \u2013 <strong>F. ki\u00e1ll.:<\/strong> Kv. (1942, 1943, 1947, 1948, 1949, 1951, 1952, 1953, 1954, 1955); Buk. (1941, 1942, 1943, 1946); Mv. (1947); Sz\u00f3fia (1951); k\u00f6zt\u00e9ri m\u0171vei: Zilah (F\u00f6lsz\u00e1lott a p\u00e1va, Ady Endre mellszobra (k\u0151, 1957); Kv. (Hunyadi J\u00e1nos lovasszobra); Nagyv\u00e1rad (Pet\u0151fi-szobor); Buk. (Kend\u0151t\u00e1nc); Lengyelo. (Birkenau szoborcsoport). <br \/><strong>Irod.:<\/strong> Er\u0151ss Attila: L\u00e1togat\u00e1s B. N. \u00d6szt\u00f6nd\u00edjban r\u00e9szes\u00fclt szobr\u00e1szm\u0171v\u00e9sz m\u0171term\u00e9ben (N\u00e9p\u00fajs\u00e1g, 1948. okt. 25.); H\u00e1zsong\u00e1rd; Id\u0151t\u00e1r 4.; L\u00e1szl\u00f3 L\u00e1szl\u00f3: A Reform\u00e1tus Koll\u00e9giumt\u00f3l a Silvania F\u0151gimn\u00e1ziumig (Zilah, 2014); Moln\u00e1r; Sk\u00f3la; Sz\u00f3, eszme, l\u00e1tv\u00e1ny; T\u00f3falvi Zolt\u00e1n. Az \u00e9rmih\u00e1lyfalvi csoport pere (Sz\u00e9kelyf\u00f6ld, 2007., 8. sz.)<\/br><\/p>\n","protected":false},"excerpt":{"rendered":"<p>\u00c9rszalacs, 1918. aug. 30., \u2020 Trauberbischofsheim, 1996. j\u00fan. 28. Hamvai a kv.-i H\u00e1zsong\u00e1rdi temet\u0151ben: szobr\u00e1sz. \u2013 Feles\u00e9ge: Osv\u00e1th K\u00e1roly gy\u00f3gyszer\u00e9sz le\u00e1nya, Osv\u00e1th Zsuzsa fest\u0151m\u0171v\u00e9sz (esk\u00fcv\u0151 Mv., 1946. dec.). \u2013 Zilahon, Mv.-en a ref. koll.-ban \u00e9s Nagyb\u00e1ny\u00e1n tanult (1934). Sz\u00e9pm\u0171v\u00e9szeti F\u0151iskol\u00e1t v\u00e9gzett Buk.-ben (1937\u201340), M. K\u00e9pz\u0151m\u0171v\u00e9szeti F\u0151iskol\u00e1t Bp.-en, ahol mestere volt Kand\u00f3 L\u00e1szl\u00f3 (1940\u201343). Feles\u00e9g\u00e9nek ki\u00e1ll\u00edt\u00e1sa [&hellip;]<\/p>\n","protected":false},"featured_media":0,"comment_status":"open","ping_status":"closed","template":"","meta":[],"product_brand":[],"product_cat":[137],"product_tag":[],"class_list":{"0":"post-1937","1":"product","2":"type-product","3":"status-publish","5":"product_cat-maros-megyei-eletrajzi-lexikon","7":"first","8":"instock","9":"shipping-taxable","10":"product-type-simple"},"_links":{"self":[{"href":"https:\/\/uj.adatbank.ro\/lexikon\/wp-json\/wp\/v2\/product\/1937","targetHints":{"allow":["GET"]}}],"collection":[{"href":"https:\/\/uj.adatbank.ro\/lexikon\/wp-json\/wp\/v2\/product"}],"about":[{"href":"https:\/\/uj.adatbank.ro\/lexikon\/wp-json\/wp\/v2\/types\/product"}],"replies":[{"embeddable":true,"href":"https:\/\/uj.adatbank.ro\/lexikon\/wp-json\/wp\/v2\/comments?post=1937"}],"wp:attachment":[{"href":"https:\/\/uj.adatbank.ro\/lexikon\/wp-json\/wp\/v2\/media?parent=1937"}],"wp:term":[{"taxonomy":"product_brand","embeddable":true,"href":"https:\/\/uj.adatbank.ro\/lexikon\/wp-json\/wp\/v2\/product_brand?post=1937"},{"taxonomy":"product_cat","embeddable":true,"href":"https:\/\/uj.adatbank.ro\/lexikon\/wp-json\/wp\/v2\/product_cat?post=1937"},{"taxonomy":"product_tag","embeddable":true,"href":"https:\/\/uj.adatbank.ro\/lexikon\/wp-json\/wp\/v2\/product_tag?post=1937"}],"curies":[{"name":"wp","href":"https:\/\/api.w.org\/{rel}","templated":true}]}}