{"id":1948,"date":"2025-06-28T11:58:53","date_gmt":"2025-06-28T09:58:53","guid":{"rendered":"https:\/\/uj.adatbank.ro\/lexikon\/termek\/balassy-istvan-balazsi-istvan\/"},"modified":"2025-06-28T11:58:53","modified_gmt":"2025-06-28T09:58:53","slug":"balassy-istvan-balazsi-istvan","status":"publish","type":"product","link":"https:\/\/uj.adatbank.ro\/lexikon\/termek\/balassy-istvan-balazsi-istvan\/","title":{"rendered":"BAL\u00c1SSY Istv\u00e1n, Bal\u00e1zsi Istv\u00e1n"},"content":{"rendered":"<p>? \u2020\u00a0? : f\u0151b\u00edr\u00f3. \u2013 Gy\u00f6rgy fia. \u2013 Marossz\u00e9k f\u0151b\u00edr\u00e1ja (1506\u2013), f\u0151kapit\u00e1nya (1515\u2013). Cs\u00facsi Thomori Istv\u00e1n erd\u00e9lyi alvajda \u00e9s sz\u00e9kelyek alisp\u00e1nja megparancsolta h\u00e1rom megnevezett sz\u00e9kely birtokosnak, hogy, miut\u00e1n n\u00e9hai Andr\u00e1sfalvi Bal\u00e1ssi Istv\u00e1n minden sz\u00e9kely \u00f6r\u00f6ks\u00e9geinek fel\u00e9t Nyujt\u00f3di Istv\u00e1n \u00e9s fia Demeter perrel elnyerte \u00e9s v\u00e9grehajt\u00e1si uton birtokba is vette, minthogy az emlitett Bal\u00e1ssi Istv\u00e1n a megnevezett Ny\u00fajt\u00f3diak ellen k\u00e9t k\u00fcl\u00f6n cim alatt m\u00e9g 400 arany forintban is el volt marasztalva, ezen 400 arany forint fej\u00e9ben foglalj\u00e1k el Maros sz\u00e9ken l\u00e9v\u0151 minden sz\u00e9kely \u00f6r\u00f6ks\u00e9g\u00e9t \u00e9s 400 forintban z\u00e1log c. adj\u00e1k \u00e1t Nyujt\u00f3di Istv\u00e1n \u00e9s Demeter birtok\u00e1ba. (Kelt Cs\u00facson 1523. apr. 8-dik\u00e1n). <br \/><strong>Irod.:<\/strong> Aranka Gy\u00f6rgy; SzOkl, 2; \u00daIL<\/br><\/p>\n","protected":false},"excerpt":{"rendered":"<p>? \u2020\u00a0? : f\u0151b\u00edr\u00f3. \u2013 Gy\u00f6rgy fia. \u2013 Marossz\u00e9k f\u0151b\u00edr\u00e1ja (1506\u2013), f\u0151kapit\u00e1nya (1515\u2013). Cs\u00facsi Thomori Istv\u00e1n erd\u00e9lyi alvajda \u00e9s sz\u00e9kelyek alisp\u00e1nja megparancsolta h\u00e1rom megnevezett sz\u00e9kely birtokosnak, hogy, miut\u00e1n n\u00e9hai Andr\u00e1sfalvi Bal\u00e1ssi Istv\u00e1n minden sz\u00e9kely \u00f6r\u00f6ks\u00e9geinek fel\u00e9t Nyujt\u00f3di Istv\u00e1n \u00e9s fia Demeter perrel elnyerte \u00e9s v\u00e9grehajt\u00e1si uton birtokba is vette, minthogy az emlitett Bal\u00e1ssi Istv\u00e1n a [&hellip;]<\/p>\n","protected":false},"featured_media":0,"comment_status":"open","ping_status":"closed","template":"","meta":[],"product_brand":[],"product_cat":[137],"product_tag":[],"class_list":{"0":"post-1948","1":"product","2":"type-product","3":"status-publish","5":"product_cat-maros-megyei-eletrajzi-lexikon","7":"first","8":"instock","9":"shipping-taxable","10":"product-type-simple"},"_links":{"self":[{"href":"https:\/\/uj.adatbank.ro\/lexikon\/wp-json\/wp\/v2\/product\/1948","targetHints":{"allow":["GET"]}}],"collection":[{"href":"https:\/\/uj.adatbank.ro\/lexikon\/wp-json\/wp\/v2\/product"}],"about":[{"href":"https:\/\/uj.adatbank.ro\/lexikon\/wp-json\/wp\/v2\/types\/product"}],"replies":[{"embeddable":true,"href":"https:\/\/uj.adatbank.ro\/lexikon\/wp-json\/wp\/v2\/comments?post=1948"}],"wp:attachment":[{"href":"https:\/\/uj.adatbank.ro\/lexikon\/wp-json\/wp\/v2\/media?parent=1948"}],"wp:term":[{"taxonomy":"product_brand","embeddable":true,"href":"https:\/\/uj.adatbank.ro\/lexikon\/wp-json\/wp\/v2\/product_brand?post=1948"},{"taxonomy":"product_cat","embeddable":true,"href":"https:\/\/uj.adatbank.ro\/lexikon\/wp-json\/wp\/v2\/product_cat?post=1948"},{"taxonomy":"product_tag","embeddable":true,"href":"https:\/\/uj.adatbank.ro\/lexikon\/wp-json\/wp\/v2\/product_tag?post=1948"}],"curies":[{"name":"wp","href":"https:\/\/api.w.org\/{rel}","templated":true}]}}