{"id":19831,"date":"2025-07-22T18:26:40","date_gmt":"2025-07-22T16:26:40","guid":{"rendered":"https:\/\/uj.adatbank.ro\/lexikon\/termek\/sarpataky-sarpataki-csalad\/"},"modified":"2025-07-22T18:26:40","modified_gmt":"2025-07-22T16:26:40","slug":"sarpataky-sarpataki-csalad","status":"publish","type":"product","link":"https:\/\/uj.adatbank.ro\/lexikon\/termek\/sarpataky-sarpataki-csalad\/","title":{"rendered":"S\u00c1RPATAKY, s\u00e1rpataki csal\u00e1d"},"content":{"rendered":"<p>Erd\u00e9lyi nemesi csal\u00e1d, mely el\u0151- \u00e9s vezet\u00e9knev\u00e9t a marosparti S\u00e1rpatak helys\u00e9gr\u0151l vette. A csal\u00e1d el\u0151bbi vezet\u00e9kneve \u201es\u00e1rpataki Nagy\u201d volt. S\u00e1rpataki Nagy Mikl\u00f3snak fia I. M\u00e1rton \u00e9s J\u00e1nos, amaz a h\u00edres \u00fcgyv\u00e9d, majd kir. \u00fcgyigazgat\u00f3 \u00e9s \u00edt\u00e9l\u0151mester csak S\u00e1rpatakynak \u00edrta nev\u00e9t, ut\u00f3bb pedig gr\u00f3fs\u00e1got szerzett (1709. aug. 16), majd nev\u00e9t Keresztesre v\u00e1ltoztatta v\u00e1rhegyi el\u0151n\u00e9vvel (1718. j\u00fal. 20). E n\u00e9ven vir\u00e1gzott ivad\u00e9ka h\u00e1rom nemzed\u00e9ken, m\u00edg a m\u00falt sz\u00e1zadban le\u00e1ny\u00e1gon is kihalt. M\u00e1rtonnak oldalas rokon \u00e1gazata azonban m\u00e1ig \u00e9l S\u00e1rpataki n\u00e9ven, \u00e9s nevezett M\u00e1rtont is el\u0151dei k\u00f6z\u00e9 sz\u00e1m\u00edtja. Ez \u00e1g egyik el\u0151de S. Mih\u00e1ly kolozsv\u00e1ri ref. lelk\u00e9sz volt, \u00e9s \u201eNo\u00e9 b\u00e1rk\u00e1ja\u201d c\u00edm\u0171 munk\u00e1j\u00e1t 1681-ben kiadta Kv.-on. Ezen \u00e1gazat t\u00f6rzse Istv\u00e1n, ki I. Apaffy Mih\u00e1lyt\u00f3l Fels\u0151 Fej\u00e9r megyei S\u00e1rpataki birtok\u00e1ra \u00faj adom\u00e1nyt nyert; I. Eleknek fiai k\u00f6z\u00fcl Gy\u00f6rgy Als\u00f3-Fej\u00e9r v\u00e1rmegy\u00e9n\u00e9l kezdte hivatalos p\u00e1ly\u00e1j\u00e1t, m\u00e1r 1794-ben ott aljegyz\u0151 volt, 1815-ben m\u00e1r f\u0151szolgab\u00edr\u00f3, ut\u00f3bb kir. tan\u00e1csos \u00e9s kir. t\u00e1blai \u00fcln\u00f6k, testv\u00e9re L\u0151rinc Fels\u0151-Fej\u00e9rben f\u0151b\u00edr\u00f3; Elek a kincst\u00e1rn\u00e1l szolg\u00e1lt. Ez \u00e1g kihalt. I. Zsigmond \u00e1g\u00e1n a k\u00e9t v\u00e9gs\u0151 nemzed\u00e9k IV. Zsigmond, ki 1862. okt. 6-\u00e1n m\u00falt ki, \u00e9s J\u00e1nos (n\u0151tlen), mindketten Als\u00f3-Fej\u00e9r v\u00e1rmegy\u00e9nek 1848. \u00e9v el\u0151tt t\u00f6rv\u00e9nysz\u00e9ki \u00fcln\u00f6kei voltak, \u00e9s az ellenz\u00e9ki p\u00e1rtnak er\u00e9lyes h\u00edvei. Ugyane csal\u00e1d ivad\u00e9kai voltak e sz\u00e1zad elej\u00e9n Zsuzsanna b\u00e9riv\u00f3i B\u00f3\u00e9r Antaln\u00e9 \u00e9s L\u00e1szl\u00f3, 1815-ben Torda megy\u00e9nek als\u00f3 j\u00e1r\u00e1s\u00e1ban \u00e1rvasz\u00e9ki b\u00edr\u00f3. Egy \u00e1g megtartotta a r\u00e9gi nevet, \u00e9s s\u00e1rpataki Nagy n\u00e9vvel \u00e9l. C\u00edmerpecs\u00e9t \u00e9s lesz\u00e1rmaz\u00e1si adatok a gr. Teleki-lev\u00e9lt\u00e1rban Mv. <br \/><strong>Irod.:<\/strong> Kempelen; Nagy Iv\u00e1n.<\/br><\/p>\n","protected":false},"excerpt":{"rendered":"<p>Erd\u00e9lyi nemesi csal\u00e1d, mely el\u0151- \u00e9s vezet\u00e9knev\u00e9t a marosparti S\u00e1rpatak helys\u00e9gr\u0151l vette. A csal\u00e1d el\u0151bbi vezet\u00e9kneve \u201es\u00e1rpataki Nagy\u201d volt. S\u00e1rpataki Nagy Mikl\u00f3snak fia I. M\u00e1rton \u00e9s J\u00e1nos, amaz a h\u00edres \u00fcgyv\u00e9d, majd kir. \u00fcgyigazgat\u00f3 \u00e9s \u00edt\u00e9l\u0151mester csak S\u00e1rpatakynak \u00edrta nev\u00e9t, ut\u00f3bb pedig gr\u00f3fs\u00e1got szerzett (1709. aug. 16), majd nev\u00e9t Keresztesre v\u00e1ltoztatta v\u00e1rhegyi el\u0151n\u00e9vvel (1718. j\u00fal. [&hellip;]<\/p>\n","protected":false},"featured_media":0,"comment_status":"open","ping_status":"closed","template":"","meta":[],"product_brand":[],"product_cat":[137],"product_tag":[],"class_list":{"0":"post-19831","1":"product","2":"type-product","3":"status-publish","5":"product_cat-maros-megyei-eletrajzi-lexikon","7":"first","8":"instock","9":"shipping-taxable","10":"product-type-simple"},"_links":{"self":[{"href":"https:\/\/uj.adatbank.ro\/lexikon\/wp-json\/wp\/v2\/product\/19831","targetHints":{"allow":["GET"]}}],"collection":[{"href":"https:\/\/uj.adatbank.ro\/lexikon\/wp-json\/wp\/v2\/product"}],"about":[{"href":"https:\/\/uj.adatbank.ro\/lexikon\/wp-json\/wp\/v2\/types\/product"}],"replies":[{"embeddable":true,"href":"https:\/\/uj.adatbank.ro\/lexikon\/wp-json\/wp\/v2\/comments?post=19831"}],"wp:attachment":[{"href":"https:\/\/uj.adatbank.ro\/lexikon\/wp-json\/wp\/v2\/media?parent=19831"}],"wp:term":[{"taxonomy":"product_brand","embeddable":true,"href":"https:\/\/uj.adatbank.ro\/lexikon\/wp-json\/wp\/v2\/product_brand?post=19831"},{"taxonomy":"product_cat","embeddable":true,"href":"https:\/\/uj.adatbank.ro\/lexikon\/wp-json\/wp\/v2\/product_cat?post=19831"},{"taxonomy":"product_tag","embeddable":true,"href":"https:\/\/uj.adatbank.ro\/lexikon\/wp-json\/wp\/v2\/product_tag?post=19831"}],"curies":[{"name":"wp","href":"https:\/\/api.w.org\/{rel}","templated":true}]}}