{"id":19837,"date":"2025-07-22T18:26:54","date_gmt":"2025-07-22T16:26:54","guid":{"rendered":"https:\/\/uj.adatbank.ro\/lexikon\/termek\/sartorius-johann-ifj-schneider\/"},"modified":"2025-07-22T18:26:54","modified_gmt":"2025-07-22T16:26:54","slug":"sartorius-johann-ifj-schneider","status":"publish","type":"product","link":"https:\/\/uj.adatbank.ro\/lexikon\/termek\/sartorius-johann-ifj-schneider\/","title":{"rendered":"SARTORIUS, Johann, ifj., Schneider,"},"content":{"rendered":"<p>Nagyszeben, 1712. m\u00e1rc. 22., \u2020 Segesv\u00e1r, 1787. aug.: zeneszerz\u0151. \u2013 Szebenben, J\u00e9n\u00e1ban \u00e9s Mo.-on tanult (1732\u201335). Szebenben Otto von Holstein herceg udvar\u00e1ban tan\u00e1csos \u00e9s az evang\u00e9likus egyh\u00e1z orgonist\u00e1ja \u00e9s \u00e9nekese (1735\u201359). Dolm\u00e1nyon lelk\u00e9sz \u00e9s orgonista (1759\u201362), hal\u00e1l\u00e1ig Segesv\u00e1ron k\u00e1ntor \u00e9s orgonista (1762\u20131787). Szerzem\u00e9nyei vok\u00e1lis, zenekari- \u00e9s k\u00f3rusm\u0171vek. \u2013 <strong><strong>F. m.<\/strong><\/strong>: Musikalische Andachten (\u00e9nek -\u00e9s zenekarra); Das Himmelreich ist gleich einem K\u00f6nige (kantata, 1767); \u00e9s m\u00e1sok. <br \/><strong>Irod.:<\/strong> MMK; MRL; Todea 2013.<\/br><\/p>\n","protected":false},"excerpt":{"rendered":"<p>Nagyszeben, 1712. m\u00e1rc. 22., \u2020 Segesv\u00e1r, 1787. aug.: zeneszerz\u0151. \u2013 Szebenben, J\u00e9n\u00e1ban \u00e9s Mo.-on tanult (1732\u201335). Szebenben Otto von Holstein herceg udvar\u00e1ban tan\u00e1csos \u00e9s az evang\u00e9likus egyh\u00e1z orgonist\u00e1ja \u00e9s \u00e9nekese (1735\u201359). Dolm\u00e1nyon lelk\u00e9sz \u00e9s orgonista (1759\u201362), hal\u00e1l\u00e1ig Segesv\u00e1ron k\u00e1ntor \u00e9s orgonista (1762\u20131787). Szerzem\u00e9nyei vok\u00e1lis, zenekari- \u00e9s k\u00f3rusm\u0171vek. \u2013 F. m.: Musikalische Andachten (\u00e9nek -\u00e9s zenekarra); [&hellip;]<\/p>\n","protected":false},"featured_media":0,"comment_status":"open","ping_status":"closed","template":"","meta":[],"product_brand":[],"product_cat":[137],"product_tag":[],"class_list":{"0":"post-19837","1":"product","2":"type-product","3":"status-publish","5":"product_cat-maros-megyei-eletrajzi-lexikon","7":"first","8":"instock","9":"shipping-taxable","10":"product-type-simple"},"_links":{"self":[{"href":"https:\/\/uj.adatbank.ro\/lexikon\/wp-json\/wp\/v2\/product\/19837","targetHints":{"allow":["GET"]}}],"collection":[{"href":"https:\/\/uj.adatbank.ro\/lexikon\/wp-json\/wp\/v2\/product"}],"about":[{"href":"https:\/\/uj.adatbank.ro\/lexikon\/wp-json\/wp\/v2\/types\/product"}],"replies":[{"embeddable":true,"href":"https:\/\/uj.adatbank.ro\/lexikon\/wp-json\/wp\/v2\/comments?post=19837"}],"wp:attachment":[{"href":"https:\/\/uj.adatbank.ro\/lexikon\/wp-json\/wp\/v2\/media?parent=19837"}],"wp:term":[{"taxonomy":"product_brand","embeddable":true,"href":"https:\/\/uj.adatbank.ro\/lexikon\/wp-json\/wp\/v2\/product_brand?post=19837"},{"taxonomy":"product_cat","embeddable":true,"href":"https:\/\/uj.adatbank.ro\/lexikon\/wp-json\/wp\/v2\/product_cat?post=19837"},{"taxonomy":"product_tag","embeddable":true,"href":"https:\/\/uj.adatbank.ro\/lexikon\/wp-json\/wp\/v2\/product_tag?post=19837"}],"curies":[{"name":"wp","href":"https:\/\/api.w.org\/{rel}","templated":true}]}}