{"id":19858,"date":"2025-07-22T18:27:41","date_gmt":"2025-07-22T16:27:41","guid":{"rendered":"https:\/\/uj.adatbank.ro\/lexikon\/termek\/saszet-gyozo\/"},"modified":"2025-07-22T18:27:41","modified_gmt":"2025-07-22T16:27:41","slug":"saszet-gyozo","status":"publish","type":"product","link":"https:\/\/uj.adatbank.ro\/lexikon\/termek\/saszet-gyozo\/","title":{"rendered":"SASZET Gy\u0151z\u0151"},"content":{"rendered":"<p>Havadt\u0151, 1901. m\u00e1j. 17., \u2020\u00a0Nagyv\u00e1rad, 1981. m\u00e1j. 30: n\u00e9pm\u0171vel\u0151, k\u00f6lt\u0151. \u2013 Tan\u00edt\u00f3i oklevel\u00e9t Nagyenyeden szerezte, majd Kv.-on k\u00e1ntor \u00e9s l\u00e9vitalelk\u00e9szi vizsg\u00e1t tett (1920). Sz\u00f3rv\u00e1nylelk\u00e9szi \u00e9s l\u00e9vitalelk\u00e9szi p\u00e1ly\u00e1j\u00e1t Aranyosgerenden kezdte, majd \u00c9rhatvanban, Kisny\u00e9gerfalv\u00e1n \u00e9s Biharp\u00fcsp\u00f6kiben folytatta. Eg\u00e9sz \u00e9letp\u00e1ly\u00e1j\u00e1t misszi\u00f3s feladatnak tekintette, az anyanyelvi kult\u00fara \u00e1p\u00e1l\u00e1s\u00e1ra k\u00f6telezte el mag\u00e1t. Alkalmi \u00e9s \u00fcnnepi m\u0171sorokat szervezett, maga is \u00edrt darabokat. Azok nagyr\u00e9sze a h\u00e1bor\u00faban elvesztek. Csak az Aranykamp\u00f3, V\u00e9r \u00e9s l\u00e9lek\u00a0c. sz\u00ednm\u0171v\u00e9r\u0151l tudunk. Arany ek\u00e9vel sz\u00e1ntok c. verse a Magyar N\u00e9p p\u00e1ly\u00e1zat\u00e1n d\u00edjat nyert (1941). Vall\u00e1sos versei az Istenes \u00e9nekek c. k\u00f6tetben jelentek meg (Nv., 1939). K\u00e9t elbesz\u00e9l\u00e9se a nagyv\u00e1radi Ref. K\u00f6nyvt\u00e1r f\u00fczetes sorozat\u00e1ban jelent meg: Julika lelke, \u00c1ldozatok (1938\u201339). A Kir\u00e1lyh\u00e1g\u00f3mell\u00e9ki Egyh\u00e1zker\u00fclet Ref. J\u00f6v\u0151 c. k\u00e9pes csal\u00e1di n\u00e9plapja gyermekrovat\u00e1t Gy\u0151z\u0151 b\u00e1csi n\u00e9ven szerkesztette (1936). \u2013 <strong>F. m.<\/strong>: Antol\u00f3gi\u00e1ban: Istenes \u00e9nekek (Berde M\u00e1ri. Orth Gy\u0151z\u0151, R\u00f3th Jen\u0151 gondoz\u00e1sa, Nv., 1939). <br \/><strong>Irod.:<\/strong> RMIL.<\/br><\/p>\n","protected":false},"excerpt":{"rendered":"<p>Havadt\u0151, 1901. m\u00e1j. 17., \u2020\u00a0Nagyv\u00e1rad, 1981. m\u00e1j. 30: n\u00e9pm\u0171vel\u0151, k\u00f6lt\u0151. \u2013 Tan\u00edt\u00f3i oklevel\u00e9t Nagyenyeden szerezte, majd Kv.-on k\u00e1ntor \u00e9s l\u00e9vitalelk\u00e9szi vizsg\u00e1t tett (1920). Sz\u00f3rv\u00e1nylelk\u00e9szi \u00e9s l\u00e9vitalelk\u00e9szi p\u00e1ly\u00e1j\u00e1t Aranyosgerenden kezdte, majd \u00c9rhatvanban, Kisny\u00e9gerfalv\u00e1n \u00e9s Biharp\u00fcsp\u00f6kiben folytatta. Eg\u00e9sz \u00e9letp\u00e1ly\u00e1j\u00e1t misszi\u00f3s feladatnak tekintette, az anyanyelvi kult\u00fara \u00e1p\u00e1l\u00e1s\u00e1ra k\u00f6telezte el mag\u00e1t. Alkalmi \u00e9s \u00fcnnepi m\u0171sorokat szervezett, maga is \u00edrt [&hellip;]<\/p>\n","protected":false},"featured_media":0,"comment_status":"open","ping_status":"closed","template":"","meta":[],"product_brand":[],"product_cat":[137],"product_tag":[],"class_list":{"0":"post-19858","1":"product","2":"type-product","3":"status-publish","5":"product_cat-maros-megyei-eletrajzi-lexikon","7":"first","8":"instock","9":"shipping-taxable","10":"product-type-simple"},"_links":{"self":[{"href":"https:\/\/uj.adatbank.ro\/lexikon\/wp-json\/wp\/v2\/product\/19858","targetHints":{"allow":["GET"]}}],"collection":[{"href":"https:\/\/uj.adatbank.ro\/lexikon\/wp-json\/wp\/v2\/product"}],"about":[{"href":"https:\/\/uj.adatbank.ro\/lexikon\/wp-json\/wp\/v2\/types\/product"}],"replies":[{"embeddable":true,"href":"https:\/\/uj.adatbank.ro\/lexikon\/wp-json\/wp\/v2\/comments?post=19858"}],"wp:attachment":[{"href":"https:\/\/uj.adatbank.ro\/lexikon\/wp-json\/wp\/v2\/media?parent=19858"}],"wp:term":[{"taxonomy":"product_brand","embeddable":true,"href":"https:\/\/uj.adatbank.ro\/lexikon\/wp-json\/wp\/v2\/product_brand?post=19858"},{"taxonomy":"product_cat","embeddable":true,"href":"https:\/\/uj.adatbank.ro\/lexikon\/wp-json\/wp\/v2\/product_cat?post=19858"},{"taxonomy":"product_tag","embeddable":true,"href":"https:\/\/uj.adatbank.ro\/lexikon\/wp-json\/wp\/v2\/product_tag?post=19858"}],"curies":[{"name":"wp","href":"https:\/\/api.w.org\/{rel}","templated":true}]}}