{"id":19895,"date":"2025-07-22T18:29:03","date_gmt":"2025-07-22T16:29:03","guid":{"rendered":"https:\/\/uj.adatbank.ro\/lexikon\/termek\/schech-martin-sternheimi\/"},"modified":"2025-07-22T18:29:03","modified_gmt":"2025-07-22T16:29:03","slug":"schech-martin-sternheimi","status":"publish","type":"product","link":"https:\/\/uj.adatbank.ro\/lexikon\/termek\/schech-martin-sternheimi\/","title":{"rendered":"SCHECH Martin, sternheimi"},"content":{"rendered":"<p>Segesv\u00e1r, 1724. m\u00e1rc. 25., \u2020\u00a0Segesv\u00e1r, 1807. aug. 26.: a sz\u00e1szsebesi sz\u00e9k korm\u00e1nyz\u00f3ja. \u2013 A gimn\u00e1zium bev\u00e9gz\u00e9se ut\u00e1n b\u00e1r\u00f3 Incz\u00e9dy J\u00f3zsef protonotarius irod\u00e1j\u00e1ban \u00edrnoknak esk\u00fcd\u00f6tt fel (1742); de m\u00e1r szept. a boroszl\u00f3i akad\u00e9miai gimn\u00e1ziumba ment tov\u00e1bbi kik\u00e9pz\u00e9se v\u00e9gett, azut\u00e1n pedig Odera-Frankfurtban tanult k\u00e9t \u00e9vig az egyetemen, egy f\u00e9l\u00e9vig Lipcs\u00e9ben. Vissza\u00e9rve, Wayda Mih\u00e1ly kir. udvari tan\u00e1csos h\u00e1z\u00e1n\u00e1l B\u00e9csben v\u00e1llalt h\u00e1zi titk\u00e1ri \u00e1ll\u00e1st, egyszersmind fi\u00e1nak tan\u00edt\u00f3ja volt. Nagyszebenben sz\u00e1sz comesi titk\u00e1r lett (1747. okt. \u2013 1749. dec.); betegs\u00e9ge miatt sz\u00fcl\u0151v\u00e1ros\u00e1ban ment. Visszanyerve eg\u00e9szs\u00e9g\u00e9t konzuli titk\u00e1r (1750\u2013), a k\u00fcls\u0151 tan\u00e1cstag (1752\u2013), jegyz\u0151, (1756\u2013), megtartva Segesv\u00e1rt a tan\u00e1cs jegyz\u0151s\u00e9get, jegyz\u0151 lett (1765\u2013). Miut\u00e1n 19 \u00e9vig t\u00f6lt\u00f6tte be jegyz\u0151i hivatal\u00e1t, kir\u00e1lyb\u00edr\u00f3 lett (1775\u2013). E hivatalt 22 \u00e9vig viselte, amikor a korm\u00e1nyrendelettel a kir\u00e1lyb\u00edr\u00f3s\u00e1got elt\u00f6r\u00f6lte (1796). Miut\u00e1n Sch. h\u00e1rom \u00e9vet nyugalomban t\u00f6lt\u00f6tt, az erd\u00e9lyi korm\u00e1nysz\u00e9k a sz\u00e1szsebesi sz\u00e9k korm\u00e1nyz\u00f3j\u00e1nak nevezte ki (1799-t\u0151l 1805). T\u00f6bb \u00e9vi szolg\u00e1lat\u00e1nak elismer\u00e9se\u00fcl II. Ferenc kir\u00e1ly (1804. nov. 16). neki \u00e9s ut\u00f3dainak Sternheim el\u0151n\u00e9vvel nemess\u00e9get adom\u00e1nyozott. Foglalkozott a sz\u00e1szok t\u00f6rt\u00e9net\u00e9vel, eredet\u00e9vel. Cikkei az Ungarisches Magazinban; a Siebenb\u00fcrger Quartalschriftben jelentek meg. K\u00f6ltem\u00e9nye van a N\u00e9hai gr\u00f3fn\u0151 Teleki M\u00e1ria s\u00edrhalma. (Pest, 1801). c. gy\u0171jtem\u00e9nyes munk\u00e1ban. K\u00e9zirati munk\u00e1i: Historisches Lexikon von Ungarn und Siebenb\u00fcrgen; Siebenb\u00fcrgische Nachrichten von 1514 bis 1710. K\u00e9t f\u00fczet; Verzeichniss einiger Oberh\u00e4upter, welche Siebenb\u00fcrgen seit dem Jahre der Welt 3366 bis auf unsere Zeiten beherrscht haben, aus verschiedenen Geschichtschreibern mit m\u00f6glichster Genauigkeit zusammengetragen und in chronologische Ordnung gebracht; Geschichte von Siebenb\u00fcrgen, 1780\u201384., \u00edvr\u00e9t 36 f\u00fczet 782 f\u00e9lig be\u00edrt oldal, az erd\u00e9lyi honismertet\u0151 t\u00e1rsulat birtok\u00e1ban; Geschichte von Sch\u00e4ssburg (a segesv\u00e1ri nagy toronyg\u00f6mbbe helyeztetett 1776-ban); Dissertatio de usurpatione termini Peculii 1769. j\u00fan. (mind a kett\u0151 a Heidendorf Mih\u00e1ly-f\u00e9le k\u00e9ziratgy\u0171jtem\u00e9nyben); Etwas weniges zu Erl\u00e4uterung der Geschichte des in der s\u00e4chsischen Nation ehehin \u00fcblich gewesenen sogenannten Census S. Martini. <br \/><strong>Irod.:<\/strong> Szab\u00f3\u2013Sz\u00f6gi; Szinnyei.<\/br><\/p>\n","protected":false},"excerpt":{"rendered":"<p>Segesv\u00e1r, 1724. m\u00e1rc. 25., \u2020\u00a0Segesv\u00e1r, 1807. aug. 26.: a sz\u00e1szsebesi sz\u00e9k korm\u00e1nyz\u00f3ja. \u2013 A gimn\u00e1zium bev\u00e9gz\u00e9se ut\u00e1n b\u00e1r\u00f3 Incz\u00e9dy J\u00f3zsef protonotarius irod\u00e1j\u00e1ban \u00edrnoknak esk\u00fcd\u00f6tt fel (1742); de m\u00e1r szept. a boroszl\u00f3i akad\u00e9miai gimn\u00e1ziumba ment tov\u00e1bbi kik\u00e9pz\u00e9se v\u00e9gett, azut\u00e1n pedig Odera-Frankfurtban tanult k\u00e9t \u00e9vig az egyetemen, egy f\u00e9l\u00e9vig Lipcs\u00e9ben. Vissza\u00e9rve, Wayda Mih\u00e1ly kir. udvari tan\u00e1csos h\u00e1z\u00e1n\u00e1l [&hellip;]<\/p>\n","protected":false},"featured_media":0,"comment_status":"open","ping_status":"closed","template":"","meta":[],"product_brand":[],"product_cat":[137],"product_tag":[],"class_list":{"0":"post-19895","1":"product","2":"type-product","3":"status-publish","5":"product_cat-maros-megyei-eletrajzi-lexikon","7":"first","8":"instock","9":"shipping-taxable","10":"product-type-simple"},"_links":{"self":[{"href":"https:\/\/uj.adatbank.ro\/lexikon\/wp-json\/wp\/v2\/product\/19895","targetHints":{"allow":["GET"]}}],"collection":[{"href":"https:\/\/uj.adatbank.ro\/lexikon\/wp-json\/wp\/v2\/product"}],"about":[{"href":"https:\/\/uj.adatbank.ro\/lexikon\/wp-json\/wp\/v2\/types\/product"}],"replies":[{"embeddable":true,"href":"https:\/\/uj.adatbank.ro\/lexikon\/wp-json\/wp\/v2\/comments?post=19895"}],"wp:attachment":[{"href":"https:\/\/uj.adatbank.ro\/lexikon\/wp-json\/wp\/v2\/media?parent=19895"}],"wp:term":[{"taxonomy":"product_brand","embeddable":true,"href":"https:\/\/uj.adatbank.ro\/lexikon\/wp-json\/wp\/v2\/product_brand?post=19895"},{"taxonomy":"product_cat","embeddable":true,"href":"https:\/\/uj.adatbank.ro\/lexikon\/wp-json\/wp\/v2\/product_cat?post=19895"},{"taxonomy":"product_tag","embeddable":true,"href":"https:\/\/uj.adatbank.ro\/lexikon\/wp-json\/wp\/v2\/product_tag?post=19895"}],"curies":[{"name":"wp","href":"https:\/\/api.w.org\/{rel}","templated":true}]}}