{"id":19944,"date":"2025-07-22T18:30:50","date_gmt":"2025-07-22T16:30:50","guid":{"rendered":"https:\/\/uj.adatbank.ro\/lexikon\/termek\/schlett-oliver\/"},"modified":"2025-07-22T18:30:50","modified_gmt":"2025-07-22T16:30:50","slug":"schlett-oliver","status":"publish","type":"product","link":"https:\/\/uj.adatbank.ro\/lexikon\/termek\/schlett-oliver\/","title":{"rendered":"SCHLETT Oliv\u00e9r"},"content":{"rendered":"<p>Szatm\u00e1rhegy, 1922. aug. 22., \u2020 Radn\u00f3t, 1999. \u00e1pr. 1.: gy\u00f3gyszer\u00e9sz. \u2013 Sch. Oliv\u00e9r (1890\u20131973) gy\u00f3gyszer\u00e9sz \u00e9s V\u00e1mosi Erzs\u00e9bet fia. Testv\u00e9re: Ern\u0151 (1925\u20131988) gy\u00f3gyszer\u00e9sz. Feles\u00e9ge Essigmann Margit (1927\u2013?) tan\u00e1rn\u0151. Fi\u00fak: Istv\u00e1n Oliv\u00e9r orvos. \u2013 Abrudb\u00e1ny\u00e1n kezdte tanulm\u00e1nyait, majd Kv.-on \u00e9retts\u00e9gizett (1941. j\u00fan. 14.) \u00e9s a gy\u00f3gyszer\u00e9szeti tanulm\u00e1nyait a FJTE kezdte (1941), folytatta a bp.-i P\u00e1zm\u00e1ny P\u00e9ter TE hallgat\u00f3jak\u00e9nt, \u00e9s az egyetemmel egy\u00fctt menek\u00edtett\u00e9k nyugat fel\u00e9: Breslau, Graz, Aufhausen voltak \u00e1llom\u00e1saik. Amerikai fogs\u00e1gba ker\u00fclt, majd Szegedre menek\u00fclt, az FJTE-en vizsg\u00e1zott \u00e9s gy\u00f3gyszer\u00e9sz diplom\u00e1t szerzett (1946. aug. 24.). Az abrudb\u00e1nyai csal\u00e1di gy\u00f3gyszert\u00e1rban dolgozott az \u00e1llamos\u00edt\u00e1sig (1946. dec. 1. \u2013 49. \u00e1pr. 2.), oklevel\u00e9t honos\u00edtott\u00e1k (1947. okt. 7.). Verespatak, Top\u00e1nfalva \u00e9s Borg\u00f3prund ut\u00e1n \u00e1thelyezt\u00e9k Radn\u00f3tra, ahol beosztott, majd gy\u00f3gyszert\u00e1rvezet\u0151 nyugd\u00edjaz\u00e1s\u00e1ig (1958. szept.1. \u2013 1984. szept. 1.). A szegedi Szent-Gy\u00f6rgyi Albert Orvostudom\u00e1nyi Egyetem aranydiplom\u00e1val jutalmazta 50 \u00e9ves tev\u00e9kenys\u00e9g\u00e9\u00e9rt (1996. szept. 9.). <br \/><strong>Irod.:<\/strong> [Nekrol\u00f3g] (N\u00fa., 1999. \u00e1pr. 3.); P\u00e9ter H. M. 2013.<\/br><\/p>\n","protected":false},"excerpt":{"rendered":"<p>Szatm\u00e1rhegy, 1922. aug. 22., \u2020 Radn\u00f3t, 1999. \u00e1pr. 1.: gy\u00f3gyszer\u00e9sz. \u2013 Sch. Oliv\u00e9r (1890\u20131973) gy\u00f3gyszer\u00e9sz \u00e9s V\u00e1mosi Erzs\u00e9bet fia. Testv\u00e9re: Ern\u0151 (1925\u20131988) gy\u00f3gyszer\u00e9sz. Feles\u00e9ge Essigmann Margit (1927\u2013?) tan\u00e1rn\u0151. Fi\u00fak: Istv\u00e1n Oliv\u00e9r orvos. \u2013 Abrudb\u00e1ny\u00e1n kezdte tanulm\u00e1nyait, majd Kv.-on \u00e9retts\u00e9gizett (1941. j\u00fan. 14.) \u00e9s a gy\u00f3gyszer\u00e9szeti tanulm\u00e1nyait a FJTE kezdte (1941), folytatta a bp.-i P\u00e1zm\u00e1ny P\u00e9ter [&hellip;]<\/p>\n","protected":false},"featured_media":0,"comment_status":"open","ping_status":"closed","template":"","meta":[],"product_brand":[],"product_cat":[137],"product_tag":[],"class_list":{"0":"post-19944","1":"product","2":"type-product","3":"status-publish","5":"product_cat-maros-megyei-eletrajzi-lexikon","7":"first","8":"instock","9":"shipping-taxable","10":"product-type-simple"},"_links":{"self":[{"href":"https:\/\/uj.adatbank.ro\/lexikon\/wp-json\/wp\/v2\/product\/19944","targetHints":{"allow":["GET"]}}],"collection":[{"href":"https:\/\/uj.adatbank.ro\/lexikon\/wp-json\/wp\/v2\/product"}],"about":[{"href":"https:\/\/uj.adatbank.ro\/lexikon\/wp-json\/wp\/v2\/types\/product"}],"replies":[{"embeddable":true,"href":"https:\/\/uj.adatbank.ro\/lexikon\/wp-json\/wp\/v2\/comments?post=19944"}],"wp:attachment":[{"href":"https:\/\/uj.adatbank.ro\/lexikon\/wp-json\/wp\/v2\/media?parent=19944"}],"wp:term":[{"taxonomy":"product_brand","embeddable":true,"href":"https:\/\/uj.adatbank.ro\/lexikon\/wp-json\/wp\/v2\/product_brand?post=19944"},{"taxonomy":"product_cat","embeddable":true,"href":"https:\/\/uj.adatbank.ro\/lexikon\/wp-json\/wp\/v2\/product_cat?post=19944"},{"taxonomy":"product_tag","embeddable":true,"href":"https:\/\/uj.adatbank.ro\/lexikon\/wp-json\/wp\/v2\/product_tag?post=19944"}],"curies":[{"name":"wp","href":"https:\/\/api.w.org\/{rel}","templated":true}]}}