{"id":2023,"date":"2025-06-28T12:01:21","date_gmt":"2025-06-28T10:01:21","guid":{"rendered":"https:\/\/uj.adatbank.ro\/lexikon\/termek\/balint-jeno-2\/"},"modified":"2025-06-28T12:01:21","modified_gmt":"2025-06-28T10:01:21","slug":"balint-jeno-2","status":"publish","type":"product","link":"https:\/\/uj.adatbank.ro\/lexikon\/termek\/balint-jeno-2\/","title":{"rendered":"B\u00c1LINT Jen\u0151"},"content":{"rendered":"<p>Mikefalva, 1952. okt. 20., \u2020\u00a0Gyulafeh\u00e9rv\u00e1r, 1994. m\u00e1j. 22., Mikefalv\u00e1n temett\u00e9k el.: ferencrendi szerzetes, r. k. kanonok-pl\u00e9b\u00e1nos. \u2013 Elemi iskol\u00e1t a sz\u00fcl\u0151faluban v\u00e9gezte (1959\u201367), \u00e9retts\u00e9gi ut\u00e1n (1971) sikeresen felv\u00e9telizett Mv.-en az \u00c9p\u00edt\u00e9szeti Iskola alm\u00e9rn\u00f6ki kar\u00e1ra, de nem foglalta el hely\u00e9t. Seg\u00e9dk\u00f6nyvel\u0151 lett Bonyh\u00e1n a Mez\u0151gazd.-i \u00c1llom\u00e1son. Gyulafeh\u00e9rv\u00e1ron a Papnevel\u0151 Int\u00e9zetben teol\u00f3gi\u00e1t v\u00e9gzett (1972\u201377), el\u0151bb diak\u00f3nus, azut\u00e1n M\u00e1rton \u00c1ron p\u00fcsp\u00f6k szentelte papp\u00e1 (1978. j\u00fan. 18.). Els\u0151 szentmise\u00e1ldozat\u00e1t sz\u00fcl\u0151faluj\u00e1ban mutatta be (1978. j\u00fal. 2.). Seg\u00e9dlelk\u00e9sz Sz\u00e9kelyudvarhelyen (1978. szept. 18. \u201381. j\u00fal. 31); lelk\u00e9sz Kiskapuson (1981. aug. 1\u201384. j\u00fal. 31.). Marosszentgy\u00f6rgy pl\u00e9b\u00e1nosa (1984\u201390); p\u00fcsp\u00f6ki gazdas\u00e1gi igazgat\u00f3 \u00e9s zalatnai pl\u00e9b\u00e1nos (1990. m\u00e1j. 11.- hal\u00e1l\u00e1ig). <br \/><strong>Irod.:<\/strong> Baricz; Baricz Lajos: A marosszentgy\u00f6rgyi egyh\u00e1zk\u00f6zs\u00e9g t\u00f6rt\u00e9nete Maros-k\u00fck\u00fcll\u0151i f\u0151esp.; Ferenczi S\u00e1ndor 2009; [Nekrol\u00f3g] (N\u00fa., 1994. m\u00e1j. 24.)<\/br><\/p>\n","protected":false},"excerpt":{"rendered":"<p>Mikefalva, 1952. okt. 20., \u2020\u00a0Gyulafeh\u00e9rv\u00e1r, 1994. m\u00e1j. 22., Mikefalv\u00e1n temett\u00e9k el.: ferencrendi szerzetes, r. k. kanonok-pl\u00e9b\u00e1nos. \u2013 Elemi iskol\u00e1t a sz\u00fcl\u0151faluban v\u00e9gezte (1959\u201367), \u00e9retts\u00e9gi ut\u00e1n (1971) sikeresen felv\u00e9telizett Mv.-en az \u00c9p\u00edt\u00e9szeti Iskola alm\u00e9rn\u00f6ki kar\u00e1ra, de nem foglalta el hely\u00e9t. Seg\u00e9dk\u00f6nyvel\u0151 lett Bonyh\u00e1n a Mez\u0151gazd.-i \u00c1llom\u00e1son. Gyulafeh\u00e9rv\u00e1ron a Papnevel\u0151 Int\u00e9zetben teol\u00f3gi\u00e1t v\u00e9gzett (1972\u201377), el\u0151bb diak\u00f3nus, azut\u00e1n [&hellip;]<\/p>\n","protected":false},"featured_media":0,"comment_status":"open","ping_status":"closed","template":"","meta":[],"product_brand":[],"product_cat":[137],"product_tag":[],"class_list":{"0":"post-2023","1":"product","2":"type-product","3":"status-publish","5":"product_cat-maros-megyei-eletrajzi-lexikon","7":"first","8":"instock","9":"shipping-taxable","10":"product-type-simple"},"_links":{"self":[{"href":"https:\/\/uj.adatbank.ro\/lexikon\/wp-json\/wp\/v2\/product\/2023","targetHints":{"allow":["GET"]}}],"collection":[{"href":"https:\/\/uj.adatbank.ro\/lexikon\/wp-json\/wp\/v2\/product"}],"about":[{"href":"https:\/\/uj.adatbank.ro\/lexikon\/wp-json\/wp\/v2\/types\/product"}],"replies":[{"embeddable":true,"href":"https:\/\/uj.adatbank.ro\/lexikon\/wp-json\/wp\/v2\/comments?post=2023"}],"wp:attachment":[{"href":"https:\/\/uj.adatbank.ro\/lexikon\/wp-json\/wp\/v2\/media?parent=2023"}],"wp:term":[{"taxonomy":"product_brand","embeddable":true,"href":"https:\/\/uj.adatbank.ro\/lexikon\/wp-json\/wp\/v2\/product_brand?post=2023"},{"taxonomy":"product_cat","embeddable":true,"href":"https:\/\/uj.adatbank.ro\/lexikon\/wp-json\/wp\/v2\/product_cat?post=2023"},{"taxonomy":"product_tag","embeddable":true,"href":"https:\/\/uj.adatbank.ro\/lexikon\/wp-json\/wp\/v2\/product_tag?post=2023"}],"curies":[{"name":"wp","href":"https:\/\/api.w.org\/{rel}","templated":true}]}}