{"id":2034,"date":"2025-06-28T12:01:37","date_gmt":"2025-06-28T10:01:37","guid":{"rendered":"https:\/\/uj.adatbank.ro\/lexikon\/termek\/balint-simon-%c2%a7-balint-simion-de-budesti\/"},"modified":"2025-06-28T12:01:37","modified_gmt":"2025-06-28T10:01:37","slug":"balint-simon-%c2%a7-balint-simion-de-budesti","status":"publish","type":"product","link":"https:\/\/uj.adatbank.ro\/lexikon\/termek\/balint-simon-%c2%a7-balint-simion-de-budesti\/","title":{"rendered":"B\u00c1LINT Simon, \u00a7 Balint Simion de Bude\u015fti"},"content":{"rendered":"<p>Raksa, 1882. febr. 8. \u2020 Segesv\u00e1r, ?: \u00fcgyv\u00e9d, alisp\u00e1n. \u2013 Apja lelk\u00e9sz volt.- Szatm\u00e1ron \u00e9retts\u00e9gizett, jogi egyetemet Kv.-on v\u00e9gzett, jog- \u00e9s \u00e1llamtudom\u00e1nyi doktor\u00e1tust szerzett. \u00dcgyv\u00e9di praxis ut\u00e1n k\u00f6zigazgat\u00e1si p\u00e1ly\u00e1ra l\u00e9pett M\u00e1ramaros megy\u00e9ben. Az imp\u00e9rium v\u00e1lt\u00e1s ut\u00e1n f\u0151szolgab\u00edr\u00f3, majd Segesv\u00e1ron f\u0151jegyz\u0151, Nagyk\u00fck\u00fcll\u0151 vm. alisp\u00e1nja (1921\u2013), majd f\u0151isp\u00e1nja. Udvarhely vm. f\u0151isp\u00e1nja (\u20131930), azut\u00e1n a nagyk\u00fck\u00fcll\u0151i megyei tan\u00e1cs eln\u00f6ke volt, Segesv\u00e1r alpolg\u00e1rmestere (1930\u2013). Kiv\u00e1l\u00f3 k\u00f6zigazgat\u00e1si szak\u00e9rt\u0151, a nemzetis\u00e9gek k\u00f6z\u00f6tti harm\u00f3nia \u00e9s meg\u00e9rt\u00e9s h\u00edve volt. Mint le\u00e1nygimn.-i iskolasz\u00e9ki eln\u00f6k, mint az Astra \u00e9s az Agrul alap\u00edt\u00f3tagja \u00e9s eln\u00f6ke, a \u201eCodrul\u201d Vad\u00e1szegyletnek t\u00e1rseln\u00f6ke, az Erd\u00e9lyi \u00e9s B\u00e1n\u00e1ti K\u00f6zigazgat\u00e1si Tisztvisel\u0151k Egyes\u00fclet\u00e9nek aleln\u00f6ke \u00e9s tagozati eln\u00f6ke, sokoldalu k\u00f6z\u00e9leti tev\u00e9kenys\u00e9get fejtett ki. \u00c9rdemei\u00e9rt a korm\u00e1ny a Rom\u00e1n Csillagrend Lovagkeresztj\u00e9vel, a Rom\u00e1n Koronarend Lovagkeresztj\u00e9vel t\u00fcntette ki. Megkapta az 1916\u20131918. \u00e9vi h\u00e1borus hadi\u00e9rmeket is. <br \/><strong>Irod.:<\/strong> Figuri politice \u015fi administrative din epoca consolid\u0103rii (Buc., 1924), Ki kicsoda ?; Lexiconul vie\u0163ii publice<\/br><\/p>\n","protected":false},"excerpt":{"rendered":"<p>Raksa, 1882. febr. 8. \u2020 Segesv\u00e1r, ?: \u00fcgyv\u00e9d, alisp\u00e1n. \u2013 Apja lelk\u00e9sz volt.- Szatm\u00e1ron \u00e9retts\u00e9gizett, jogi egyetemet Kv.-on v\u00e9gzett, jog- \u00e9s \u00e1llamtudom\u00e1nyi doktor\u00e1tust szerzett. \u00dcgyv\u00e9di praxis ut\u00e1n k\u00f6zigazgat\u00e1si p\u00e1ly\u00e1ra l\u00e9pett M\u00e1ramaros megy\u00e9ben. Az imp\u00e9rium v\u00e1lt\u00e1s ut\u00e1n f\u0151szolgab\u00edr\u00f3, majd Segesv\u00e1ron f\u0151jegyz\u0151, Nagyk\u00fck\u00fcll\u0151 vm. alisp\u00e1nja (1921\u2013), majd f\u0151isp\u00e1nja. Udvarhely vm. f\u0151isp\u00e1nja (\u20131930), azut\u00e1n a nagyk\u00fck\u00fcll\u0151i megyei tan\u00e1cs [&hellip;]<\/p>\n","protected":false},"featured_media":0,"comment_status":"open","ping_status":"closed","template":"","meta":[],"product_brand":[],"product_cat":[137],"product_tag":[],"class_list":{"0":"post-2034","1":"product","2":"type-product","3":"status-publish","5":"product_cat-maros-megyei-eletrajzi-lexikon","7":"first","8":"instock","9":"shipping-taxable","10":"product-type-simple"},"_links":{"self":[{"href":"https:\/\/uj.adatbank.ro\/lexikon\/wp-json\/wp\/v2\/product\/2034","targetHints":{"allow":["GET"]}}],"collection":[{"href":"https:\/\/uj.adatbank.ro\/lexikon\/wp-json\/wp\/v2\/product"}],"about":[{"href":"https:\/\/uj.adatbank.ro\/lexikon\/wp-json\/wp\/v2\/types\/product"}],"replies":[{"embeddable":true,"href":"https:\/\/uj.adatbank.ro\/lexikon\/wp-json\/wp\/v2\/comments?post=2034"}],"wp:attachment":[{"href":"https:\/\/uj.adatbank.ro\/lexikon\/wp-json\/wp\/v2\/media?parent=2034"}],"wp:term":[{"taxonomy":"product_brand","embeddable":true,"href":"https:\/\/uj.adatbank.ro\/lexikon\/wp-json\/wp\/v2\/product_brand?post=2034"},{"taxonomy":"product_cat","embeddable":true,"href":"https:\/\/uj.adatbank.ro\/lexikon\/wp-json\/wp\/v2\/product_cat?post=2034"},{"taxonomy":"product_tag","embeddable":true,"href":"https:\/\/uj.adatbank.ro\/lexikon\/wp-json\/wp\/v2\/product_tag?post=2034"}],"curies":[{"name":"wp","href":"https:\/\/api.w.org\/{rel}","templated":true}]}}