{"id":2050,"date":"2025-06-28T12:02:16","date_gmt":"2025-06-28T10:02:16","guid":{"rendered":"https:\/\/uj.adatbank.ro\/lexikon\/termek\/balintitt-jozsef-gyorgy-andras-%c2%a7-tovisi-br\/"},"modified":"2025-06-28T12:02:16","modified_gmt":"2025-06-28T10:02:16","slug":"balintitt-jozsef-gyorgy-andras-%c2%a7-tovisi-br","status":"publish","type":"product","link":"https:\/\/uj.adatbank.ro\/lexikon\/termek\/balintitt-jozsef-gyorgy-andras-%c2%a7-tovisi-br\/","title":{"rendered":"B\u00c1LINTITT J\u00f3zsef Gy\u00f6rgy Andr\u00e1s, \u00a7 t\u00f6visi br."},"content":{"rendered":"<p>Nagyernye, 1851. j\u00fan. 7., \u2020 Nagyernye, 1922. j\u00fan. 15. temetve Marosszentgy\u00f6rgy. Petky s\u00edrbolt: cs. \u00e9s k. kamar\u00e1s, k\u00e9pvisel\u0151, nagybirtokos, k\u00f6lt\u0151, m\u0171ford\u00edt\u00f3. \u2013 J\u00f3zsef (1808\u20131877) \u00e9s s\u00e1rosmagyarberkeszi Katona Julianna fia. Feles\u00e9ge gr. B\u00e9ldi Georgina (Esk\u00fcv\u0151 Kv., 1878. nov. 11.). Gyermekeik: Gy\u00f6rgy J\u00f3zsef K\u00e1roly (Nagyernye, 1879\u20131913); Alad\u00e1r B\u00e9la \u00c1d\u00e1m (Nagyernye, 1881\u20131885), K\u00e1roly Istv\u00e1n (Nagyernye, 1883\u20131943); M\u00e1rtha J\u00falia Alberta B\u00e9ldi P\u00e1ln\u00e9; M\u00e1ria-Magdolna maksai M\u00e1riaffy G\u00e1born\u00e9 (Nagyernye, 1888\u20131966). \u2013 A n\u00e9met \u00e9s a francia nyelvet m\u00e1r a sz\u00fcl\u0151i h\u00e1zn\u00e1l elsaj\u00e1t\u00edtotta. A gimn.-ot Mv.-en, a jogot Bp.-en v\u00e9gezte (1867\u201371). Hosszabb utaz\u00e1st tett De\u00e1k Farkas t\u00f6rt\u00e9net\u00edr\u00f3val\u00a0N\u00e9meto.-ban, Belgiumban, P\u00e1rizsban, ahol bar\u00e1ts\u00e1got k\u00f6t\u00f6tt Munk\u00e1csy Mih\u00e1llyal. Olaszorsz\u00e1gon, Ausztri\u00e1ban B\u00e9csben hosszabb id\u0151t t\u00f6lt\u00f6tt. Cs. k. kamar\u00e1si c\u00edmet kapott (1881). A ny\u00e1r\u00e1dszeredai ker\u00fclet ogy.-i k\u00e9pvisel\u0151je szabadelv\u0171 p\u00e1rti programmal (1884). A t\u00edz legnagybb megyei ad\u00f3fizet\u0151k egyike (1888). Utaz\u00e1sai \u00e9s olvasotts\u00e1ga r\u00e9v\u00e9n gazdag m\u0171velts\u00e9gre tett szert, iparm\u0171v\u00e9szeti \u00e9s t\u00f6rt\u00e9nelmi ismeretei rendkiv\u0171liek voltak. \u00c9lete utols\u00f3 harmad\u00e1ban legink\u00e1bb gazdas\u00e1g\u00e1nak, csal\u00e1dj\u00e1nak \u00e9s az irodalomnak \u00e9lt. A nagyernyei kast\u00e9ly egyik \u00e9p\u00edtett\u0151je, \u00e1talak\u00edtotta neog\u00f3tikus st\u00edlusban. Itt lakott a csal\u00e1d. A kast\u00e9lyhoz nagy park, k\u00e9t vir\u00e1gh\u00e1z \u00e9s halast\u00f3 is tartozott. Nagyernyei birtok\u00e1n gazd\u00e1lkodott. Erd\u00e9lyszerte h\u00edres v\u00f6r\u00f6sbort ad\u00f3 sz\u0151l\u0151\u00fcltetv\u00e9nye volt. Birtoka volt m\u00e9g Jobb\u00e1gyfalv\u00e1n, Kebel\u00e9n, birtokr\u00e9sze Marosszentgy\u00f6rgy\u00f6n. Cser\u00e9p \u00e9s t\u00e9glagy\u00e1rt\u00f3 \u00fczemet l\u00e9tes\u00edtett Szab\u00f3 Gy\u00f6rgy ernyei pl\u00e9b\u00e1nossal, amely az I. vh.-ig \u00fczemelt. A csal\u00e1d tulajdonosa, illetve \u00e9p\u00edtett\u0151je volt egy nagyernyei vizimalomnak, majd helyette m\u0171malmot \u00e9p\u00edttetett. A nagyernyei \u00faj templom \u00e9p\u00edt\u00e9se idej\u00e9n az egyh\u00e1zk\u00f6zs\u00e9g f\u0151gondnoka volt (1904). Az els\u0151 vh. idej\u00e9n a Mv.-en alakult V\u00f6r\u00f6s Kereszt egylet eln\u00f6ke volt. Birtokai legnagyobb r\u00e9sz\u00e9t (79, 81 %) kisaj\u00e1t\u00edtotta a rom\u00e1n \u00e1llam az imp\u00e9riumv\u00e1lt\u00e1s ut\u00e1n, a f\u00f6ldreformmal (1921). Csal\u00e1di lev\u00e9lt\u00e1r\u00e1t az Erd\u00e9lyi M\u00fazeumba adta be (1913). K\u00f6nyvt\u00e1ra \u0151rizte a 16. sz.-i m. humanista Kovacs\u00f3czy Farkas kancell\u00e1r lev\u00e9lt\u00e1r\u00e1t. Egy kem\u00e9nyfedel\u0171 f\u00fczetbe \u00edrta le eredeti verseit \u00e9s m\u0171ford\u00edt\u00e1sait, amely a csal\u00e1d birtok\u00e1ban maradt. N\u00e9met, francia, angol k\u00f6lt\u0151k verseit is leford\u00edtotta \u00e9s saj\u00e1tjaival egy\u00fctt K\u00f6ltem\u00e9nyek c\u00edmmel adta ki. Megjelentek versei, m\u0171ford\u00edt\u00e1sai, <strong>Cikkei:<\/strong> M. Baz\u00e1r, A<\/br><\/p>\n","protected":false},"excerpt":{"rendered":"<p>Nagyernye, 1851. j\u00fan. 7., \u2020 Nagyernye, 1922. j\u00fan. 15. temetve Marosszentgy\u00f6rgy. Petky s\u00edrbolt: cs. \u00e9s k. kamar\u00e1s, k\u00e9pvisel\u0151, nagybirtokos, k\u00f6lt\u0151, m\u0171ford\u00edt\u00f3. \u2013 J\u00f3zsef (1808\u20131877) \u00e9s s\u00e1rosmagyarberkeszi Katona Julianna fia. Feles\u00e9ge gr. B\u00e9ldi Georgina (Esk\u00fcv\u0151 Kv., 1878. nov. 11.). Gyermekeik: Gy\u00f6rgy J\u00f3zsef K\u00e1roly (Nagyernye, 1879\u20131913); Alad\u00e1r B\u00e9la \u00c1d\u00e1m (Nagyernye, 1881\u20131885), K\u00e1roly Istv\u00e1n (Nagyernye, 1883\u20131943); M\u00e1rtha J\u00falia [&hellip;]<\/p>\n","protected":false},"featured_media":0,"comment_status":"open","ping_status":"closed","template":"","meta":[],"product_brand":[],"product_cat":[137],"product_tag":[],"class_list":{"0":"post-2050","1":"product","2":"type-product","3":"status-publish","5":"product_cat-maros-megyei-eletrajzi-lexikon","7":"first","8":"instock","9":"shipping-taxable","10":"product-type-simple"},"_links":{"self":[{"href":"https:\/\/uj.adatbank.ro\/lexikon\/wp-json\/wp\/v2\/product\/2050","targetHints":{"allow":["GET"]}}],"collection":[{"href":"https:\/\/uj.adatbank.ro\/lexikon\/wp-json\/wp\/v2\/product"}],"about":[{"href":"https:\/\/uj.adatbank.ro\/lexikon\/wp-json\/wp\/v2\/types\/product"}],"replies":[{"embeddable":true,"href":"https:\/\/uj.adatbank.ro\/lexikon\/wp-json\/wp\/v2\/comments?post=2050"}],"wp:attachment":[{"href":"https:\/\/uj.adatbank.ro\/lexikon\/wp-json\/wp\/v2\/media?parent=2050"}],"wp:term":[{"taxonomy":"product_brand","embeddable":true,"href":"https:\/\/uj.adatbank.ro\/lexikon\/wp-json\/wp\/v2\/product_brand?post=2050"},{"taxonomy":"product_cat","embeddable":true,"href":"https:\/\/uj.adatbank.ro\/lexikon\/wp-json\/wp\/v2\/product_cat?post=2050"},{"taxonomy":"product_tag","embeddable":true,"href":"https:\/\/uj.adatbank.ro\/lexikon\/wp-json\/wp\/v2\/product_tag?post=2050"}],"curies":[{"name":"wp","href":"https:\/\/api.w.org\/{rel}","templated":true}]}}