{"id":2076,"date":"2025-06-28T12:03:03","date_gmt":"2025-06-28T10:03:03","guid":{"rendered":"https:\/\/uj.adatbank.ro\/lexikon\/termek\/balogh-jozsef-2\/"},"modified":"2025-06-28T12:03:03","modified_gmt":"2025-06-28T10:03:03","slug":"balogh-jozsef-2","status":"publish","type":"product","link":"https:\/\/uj.adatbank.ro\/lexikon\/termek\/balogh-jozsef-2\/","title":{"rendered":"BALOGH J\u00f3zsef"},"content":{"rendered":"<p>Mv., 1912. dec. 18\u00a0\u2020\u00a0Mv., 1972. dec. 9.: vas\u00f6nt\u0151. \u2013 Feles\u00e9ge: D\u00f3sa M\u00e1ria. Fi\u00fak: J\u00f3zsef. (Mv., 1934. j\u00fan. 8. \u2013) A mv.-i Transilvania vasgy\u00e1rban tanult \u00e9s dolgozott. Annak cs\u0151dbe menetele ut\u00e1n Meggyesfalv\u00e1ra ker\u00fclt a Nussbaum\u00e9k m\u0171hely\u00e9be, mint vas\u00f6nt\u0151. M\u0171helyt nyitott a S\u00f6rh\u00e1zutc\u00e1ban (1939), majd megvette a Miksz\u00e1th utc\u00e1ban megsz\u0171nt Kohn M\u00e1rton f\u00e9le szeszf\u0151zde ter\u00fclet\u00e9nek egy r\u00e9sz\u00e9t, ott m\u0171helyt rendezett be \u00e9s p\u00e1r \u00e9v m\u00falva h\u00e1zat is \u00e9p\u00edtett. Vas\u00f6nt\u0151k\u00e9nt nem volt el\u00e9g munk\u00e1ja, ez\u00e9rt vid\u00e9kre j\u00e1rt vas\u00fat\u00e1llom\u00e1soknak, \u00fczemeknek dolgozott, eszk\u00f6z\u00f6ket- oll\u00f3t, k\u00e1lyhalapot stb. k\u00e9sz\u00edtett \u00e9s adott el. Mint kisiparos m\u0171k\u00f6d\u00f6tt (\u20131945-ig). Oktat\u00f3 volt a mv.-i f\u00e9mipari szakiskol\u00e1ban (1946\u2013). Hirtelen halt meg 62 \u00e9ves kor\u00e1ban. Mesters\u00e9g\u00e9t fia folytatja. <br \/><strong>Irod.:<\/strong> Sipos<\/br><\/p>\n","protected":false},"excerpt":{"rendered":"<p>Mv., 1912. dec. 18\u00a0\u2020\u00a0Mv., 1972. dec. 9.: vas\u00f6nt\u0151. \u2013 Feles\u00e9ge: D\u00f3sa M\u00e1ria. Fi\u00fak: J\u00f3zsef. (Mv., 1934. j\u00fan. 8. \u2013) A mv.-i Transilvania vasgy\u00e1rban tanult \u00e9s dolgozott. Annak cs\u0151dbe menetele ut\u00e1n Meggyesfalv\u00e1ra ker\u00fclt a Nussbaum\u00e9k m\u0171hely\u00e9be, mint vas\u00f6nt\u0151. M\u0171helyt nyitott a S\u00f6rh\u00e1zutc\u00e1ban (1939), majd megvette a Miksz\u00e1th utc\u00e1ban megsz\u0171nt Kohn M\u00e1rton f\u00e9le szeszf\u0151zde ter\u00fclet\u00e9nek egy r\u00e9sz\u00e9t, [&hellip;]<\/p>\n","protected":false},"featured_media":0,"comment_status":"open","ping_status":"closed","template":"","meta":[],"product_brand":[],"product_cat":[137],"product_tag":[],"class_list":{"0":"post-2076","1":"product","2":"type-product","3":"status-publish","5":"product_cat-maros-megyei-eletrajzi-lexikon","7":"first","8":"instock","9":"shipping-taxable","10":"product-type-simple"},"_links":{"self":[{"href":"https:\/\/uj.adatbank.ro\/lexikon\/wp-json\/wp\/v2\/product\/2076","targetHints":{"allow":["GET"]}}],"collection":[{"href":"https:\/\/uj.adatbank.ro\/lexikon\/wp-json\/wp\/v2\/product"}],"about":[{"href":"https:\/\/uj.adatbank.ro\/lexikon\/wp-json\/wp\/v2\/types\/product"}],"replies":[{"embeddable":true,"href":"https:\/\/uj.adatbank.ro\/lexikon\/wp-json\/wp\/v2\/comments?post=2076"}],"wp:attachment":[{"href":"https:\/\/uj.adatbank.ro\/lexikon\/wp-json\/wp\/v2\/media?parent=2076"}],"wp:term":[{"taxonomy":"product_brand","embeddable":true,"href":"https:\/\/uj.adatbank.ro\/lexikon\/wp-json\/wp\/v2\/product_brand?post=2076"},{"taxonomy":"product_cat","embeddable":true,"href":"https:\/\/uj.adatbank.ro\/lexikon\/wp-json\/wp\/v2\/product_cat?post=2076"},{"taxonomy":"product_tag","embeddable":true,"href":"https:\/\/uj.adatbank.ro\/lexikon\/wp-json\/wp\/v2\/product_tag?post=2076"}],"curies":[{"name":"wp","href":"https:\/\/api.w.org\/{rel}","templated":true}]}}