{"id":21027,"date":"2025-07-22T19:10:32","date_gmt":"2025-07-22T17:10:32","guid":{"rendered":"https:\/\/uj.adatbank.ro\/lexikon\/termek\/szabedi-laszlo-%c2%a7-szekely-laszlo-1933-ig\/"},"modified":"2025-07-22T19:10:32","modified_gmt":"2025-07-22T17:10:32","slug":"szabedi-laszlo-%c2%a7-szekely-laszlo-1933-ig","status":"publish","type":"product","link":"https:\/\/uj.adatbank.ro\/lexikon\/termek\/szabedi-laszlo-%c2%a7-szekely-laszlo-1933-ig\/","title":{"rendered":"SZAB\u00c9DI L\u00e1szl\u00f3; \u00a7 Sz\u00e9kely L\u00e1szl\u00f3 (1933-ig)"},"content":{"rendered":"<p>S\u00e1romberke, 1907. m\u00e1j. 7., \u2020Szamosfalva, 1959. \u00e1pr. 18.\u00a0a H\u00e1zsong\u00e1rdi temet\u0151ben nyugszik: k\u00f6lt\u0151, nyelv\u00e9sz, irodalomt\u00f6rt\u00e9n\u00e9sz. \u2013 Nagyapja R\u00e9diger G\u00e9za, szab\u00e9di unit. lelk\u00e9sz, le\u00e1nya Emma, Szab\u00e9di L\u00e1szl\u00f3 anyja. Apja vasutas \u00e1llom\u00e1sf\u0151n\u00f6k, csal\u00e1dj\u00e1val Zernyesten (Brass\u00f3 vm.) \u00e9lt (1913 \u2013), majd \u00e1thelyeztette mag\u00e1t Kv.-ra, ahol szer\u00e9ny csal\u00e1di h\u00e1zat v\u00e1s\u00e1rolt. Feles\u00e9ge: Tompa Margit, Tompa L\u00e1szl\u00f3 k\u00f6lt\u0151 le\u00e1nya. \u2013 A kv.-i Unit. Koll.-ban tanult (1913\u201325), ahol a Di\u00e1k c. lap szerk., ebben a lapban l\u00e9pett Szab\u00e9di a nyilv\u00e1noss\u00e1g el\u00e9 \u2013 sz\u00e9ppr\u00f3z\u00e1val \u00e9s verssel, majd a Rem\u00e9ny c. di\u00e1klap t\u00e1rsszerk, a Kriza J\u00e1nosr\u00f3l elnevezett \u00f6nk\u00e9pz\u0151k\u00f6r eln\u00f6ke. Els\u0151 verseit az Ellenz\u00e9k c. lap k\u00f6z\u00f6lte (1925). Az erd\u00e9lyi unit. egyh\u00e1z \u00f6szt\u00f6nd\u00edj\u00e1val a strasbourgi prot. teol. akad.-n tanult (1925\u201327), emellett fizikai munk\u00e1t v\u00e1llalt. A kv.-i unit. teol. akad.-n \u00e9s a Ferdin\u00e1nd Egyetem b\u00f6lcs\u00e9szettud. kar\u00e1n folytatta tanulm\u00e1nyait (1927\u201335), A k\u00fcl\u00f6nb\u00f6z\u0151 karokon l\u00e1togatott szemeszterek, \u00e9vek \u00f6sszes\u00edt\u00e9se alapj\u00e1n siker\u00fclt egyetemi v\u00e9gzetts\u00e9g\u00e9t elismertetni (csak 1945 tavasz\u00e1n). \u00c9sz \u00e9s b\u0171b\u00e1j c. k\u00f6tet\u00e9nek tanulm\u00e1nyai alapj\u00e1n \u2013 a filoz\u00f3fiai, a m. irodalomt\u00f6rt\u00e9neti \u00e9s nyelv\u00e9szeti, valamint l\u00e9lektani tudom\u00e1nyokban val\u00f3 j\u00e1rtass\u00e1g\u00e1\u00e9rt \u2013 megkapta a filoz\u00f3fia doktora fokozatot is, summa cum laude min\u0151s\u00edt\u00e9ssel (1945). K\u00f6zben Aradon hivatalnok (1931\u201332). Gyermekkori k\u00f6t\u0151d\u00e9se \u00e9s a Szab\u00e9d k\u00f6zs\u00e9gben elt\u00f6lt\u00f6tt id\u0151szakok (1930\u201338) hat\u00e1s\u00e1ra vette fel a Szab\u00e9di nevet (1933), \u00e9s e n\u00e9ven v\u00e1lt ismertt\u00e9 a magyar irodalomban. Az Ellenz\u00e9k bels\u0151 munkat\u00e1rsa (1931\u201338). A Keleti \u00dajs\u00e1g, P\u00e1sztort\u0171z, Unit\u00e1rius K\u00f6zl\u00f6ny, Brass\u00f3i Lapok, az Erd\u00e9lyi Helikon is k\u00f6z\u00f6lte novell\u00e1it \u00e9s elbesz\u00e9l\u00e9seit, dr\u00e1mai k\u00f6ltem\u00e9ny\u00e9t, m\u0171ford\u00edt\u00e1sait \u00e9s l\u00edrai k\u00f6ltem\u00e9nyeit. Az Ady Endre T\u00e1rsas\u00e1g \u00e9s az ESZME csoport vezet\u0151s\u00e9gi tagja (1933\u2013), n\u00e9pfrontos \u00e9rtelmis\u00e9gi csoportokhoz csatlakozott (1937\u201339). A kv.-i Magyar Sz\u00ednh\u00e1z lektor-dramaturgja (1935), \u00e1ll\u00e1sn\u00e9lk\u00fcli (1938), katona a rom\u00e1n hadseregben (1939\u201340), B\u00e1r\u00e9 k\u00f6zs\u00e9g rom\u00e1n iskol\u00e1j\u00e1ban tan\u00edtott (1940\u2013), ahol rom\u00e1n n\u00e9pk\u00f6lt\u00e9szeti alkot\u00e1sokat gy\u0171jt\u00f6tt \u00e9s ford\u00edtott. A kv.-i Egyetemi K\u00f6nyvt\u00e1rban dolgozott (1941-t\u0151l) valamint \u00fajra lektor \u00e9s dramaturg a M. Sz\u00ednh\u00e1zn\u00e1l. A KZST tagjai sor\u00e1ba v\u00e1lasztotta (1941. j\u00fan. 29.). A k\u00f6vetkez\u0151 \u00e9v elej\u00e9n 2000 peng\u0151s jutalmat kapott a Baumgarten Alap\u00edtv\u00e1ny kurat\u00f3rium\u00e1t\u00f3l. Az utols\u00f3 Marosv\u00e9csen tartott Helikon-tal\u00e1lkoz\u00f3ra kapott megh\u00edv\u00f3t Kem\u00e9ny J\u00e1nost\u00f3l (1942). A Term\u00e9s c. foly\u00f3irat szerkeszt\u0151je (1942\u201344), k\u00f6tetbe gy\u0171jt\u00f6tte cikkeit \u00e9s tanulm\u00e1nyait, amely a Term\u00e9s K\u00f6nyvek n\u00e9v alatt megind\u00edtott sorozat els\u0151 \u00e9s egyetlen k\u00f6tete (1943) \u00c9sz \u00e9s b\u0171b\u00e1j. R\u00e9szt vett a n\u00e9pi \u00edr\u00f3k sz\u00e1rsz\u00f3i konferenci\u00e1j\u00e1n (1943), a P\u00fcski S\u00e1ndor M. \u00c9let nev\u0171 k\u00f6nyvkiad\u00f3j\u00e1nak kv.-i lektora (1944), sajt\u00f3 al\u00e1 rendezte \u00fajabb versesk\u00f6tet\u00e9t, a Teleholdat. a kv.-i Erd\u00e9lyi Magyar Tan\u00e1cs tagja (1944. aug.). A M. N\u00e9pi Sz\u00f6vets\u00e9g, a MADOSZ egyik vezet\u0151je, \u00e9s ennek kolozsv\u00e1ri lapj\u00e1n\u00e1l, a Vil\u00e1goss\u00e1gn\u00e1l dolgozott szerkeszt\u0151k\u00e9nt, s a J\u00f3zsa B\u00e9la Athenaeum kiad\u00f3i oszt\u00e1ly\u00e1nak lektora volt. Franciatan\u00e1r a h\u00f3st\u00e1ti polg\u00e1ri iskol\u00e1ban (1944\u201345), a Rom\u00e1niai Magyar \u00cdr\u00f3k Sz\u00f6vets\u00e9g\u00e9nek aleln\u00f6ke (1945\u201346), a kommunista p\u00e1rt tagja (1945). Feles\u00e9g\u00fcl vette Tompa L\u00e1szl\u00f3 le\u00e1ny\u00e1t, Margitot, ekkor k\u00f6lt\u00f6ztek Sepsiszentgy\u00f6rgyre, ahol a Sz\u00e9kely Nemzeti M\u00fazeum igazgat\u00f3ja (1945\u201347), a sepsiszentgy\u00f6rgyi N\u00e9pi Egys\u00e9g c. napilap f\u0151szerkeszt\u0151je (1945\u201347) \u00e9s a Sz\u00e9kely Mik\u00f3-Koll. tan\u00e1ra \u00e9s a Vil\u00e1goss\u00e1g munkat\u00e1rsa. Az Erd. M\u00faz.-Egyes. f\u0151titk\u00e1ra (1948). Visszat\u00e9rt Kv.-ra a Bolyai Tudom\u00e1nyegyetemen Vil\u00e1girodalomt\u00f6rt\u00e9netet, eszt\u00e9tik\u00e1t, m\u0171v\u00e9szett\u00f6rt\u00e9netet tan\u00edtott, az utols\u00f3 \u00e9vekben a magyar irodalmi nyelv t\u00f6rt\u00e9net\u00e9t adta el\u0151. a m. Irodalomt\u00f6rt\u00e9neti tansz\u00e9k vezet\u0151je (1952\u2013) az egyetem egyes\u00edt\u00e9s\u00e9ig a Babe\u015f Tudom\u00e1nyegyetemmel, amit helytelen\u00edtett, majd a megal\u00e1ztat\u00e1sok, zaklat\u00e1sok hat\u00e1s\u00e1ra \u00f6ngyilkos lett (1959). K\u00f6lt\u00e9szet\u00e9ben f\u0151k\u00e9nt az erd\u00e9lyi magyars\u00e1g nemzetis\u00e9gi \u00e9s szoci\u00e1lis t\u00f6rekv\u00e9seinek adott hangot. Az egyetemen irodalomt\u00f6rt\u00e9netet, vil\u00e1girodalmat, m\u0171v\u00e9szett\u00f6rt\u00e9netet, eszt\u00e9tik\u00e1t, n\u00e9pk\u00f6lt\u00e9szetet, irodalmi nyelvt\u00f6rt\u00e9netet \u00e9s t\u00f6rt\u00e9neti mondattant tan\u00edtott. Az EME f\u0151titk\u00e1ra (1948), a sz\u00ednh\u00e1zi tan\u00e1cs tagja, a Nyelv\u00e9szeti \u00e9s Irodalomt\u00f6rt\u00e9neti Int\u00e9zet tudom\u00e1nyos tan\u00e1cs\u00e1nak tagja. Versei \u00e9s elbesz\u00e9l\u00e9sei, reg\u00e9nyei mellett jelent\u0151s nyelv\u00e9szeti \u00e9s irodalomt\u00f6rt\u00e9neti tev\u00e9kenys\u00e9get fejtett ki. Nyelv\u00e9szeti munk\u00e1iban a m. nyelv \u00e9s az indoeur\u00f3pai nyelvek rokons\u00e1g\u00e1t pr\u00f3b\u00e1lta bizony\u00edtani. Eszt\u00e9tik\u00e1val \u00e9s ritmuselm\u00e9lettel is foglalkozott, essz\u00e9ket \u00edrt, M. Sadoveanu m\u0171veit \u00e9s a rom\u00e1n n\u00e9pk\u00f6lt\u00e9szetet ford. \u00cdr\u00e1sai jelentek meg a P\u00e1sztort\u0171z, Unit\u00e1rius K\u00f6zl\u00f6ny, Protest\u00e1ns Szemle, Hitel, Keleti \u00dajs\u00e1g, Brass\u00f3i Lapok, Erd\u00e9lyi Helikon lapjain \u00e9s az \u00e1ltala szerkesztett lapokban. Baumgarten-jutalom (1942); a V\u00e1logatott versek (Buk., 1955) az RNK \u00c1ll. D\u00edj 2. oszt. kapta (1957), M. \u00d6r\u00f6ks\u00e9g D\u00edj (posztumusz, 1998) kit\u00fcntetettje. Eml\u00e9k\u00e9t a szab\u00e9di k\u00f6zs\u00e9g m\u0171vel\u0151d\u00e9si h\u00e1za homlokzat\u00e1n az In memoriam Szab\u00e9di L\u00e1szl\u00f3 1907\u20131959 felirat\u00fa t\u00e1bla \u00e9s az \u00e9p\u00fcletben az \u00e9letm\u0171v\u00e9t bemutat\u00f3 m\u00fazeum \u0151rzi. Az unit\u00e1rius templom fal\u00e1n a portr\u00e9j\u00e1t \u00e1br\u00e1zol\u00f3 bronz domborm\u0171 van. J\u00e9zus Krisztus legend\u00e1ja. Keret: A v\u00e1ndorpr\u00f3f\u00e9ta (Korunk, 1995. j\u00fan. ). Minden \u00e9v m\u00e1jus\u00e1ban, sz\u00fclet\u00e9se h\u00f3napj\u00e1ban az EMKE \u00e9s az unit. egyh\u00e1z megszervezi a Szab\u00e9di-napokat. A kv.-i egykori lak\u00e1s\u00e1ban j\u00f6tt l\u00e9tre a m. irodalmi m\u00fazeum (2007). Szab\u00e9don az iskola viseli a nev\u00e9t (2009). \u2013 <strong><strong>F. m.<\/strong><\/strong>: D\u00e9lia (dr\u00e1mai k\u00f6lt.; Cluj, 1936); Alkot\u00f3 szeg\u00e9nys\u00e9g (versek; Buk., 1939); Ve\u00e9r Anna alszik: (elb.; Bp., 1941); \u00dcdv\u00f6zl\u00e9gy, szabads\u00e1g. Szerk. J\u00e9kely Zolt\u00e1nnal, Kiss Jen\u0151vel (k\u00f6lt\u0151i antol\u00f3gia; Kv., 1942); \u00c9sz \u00e9s b\u0171b\u00e1j (tanulm\u00e1nyok; Bp., 1943); Alkot\u00f3 szeg\u00e9nys\u00e9g (1943); Telehold (versek, m\u0171ford\u00edt\u00e1sok; Bp., 1944; Buk., 1967); Z\u00f6ld lev\u00e9l (rom\u00e1n n\u00e9pdalok; Kv., 1945); Sokan sz\u00f3lunk (versek, m\u0171ford\u00edt\u00e1sok; Kv., 1950); A magyar ritmus form\u00e1i (Buk., 1955); V\u00e1logatott versek (Buk., 1955; Versuri alese; ford. Ioanichie Olteanu; Buc., 1956); Nyelv \u00e9s irodalom (tanulm\u00e1nyok; Buk., 1956); A magyar nyelv \u0151st\u00f6rt\u00e9nete (Buk., 1958, 1974); Telehold. \u2013 Ve\u00e9r Anna alszik (reg., sz\u00e9ppr\u00f3zai \u00edr\u00e1sok, m\u0171ford\u00edt\u00e1sok, kisreg.; Buk., 1967); K\u00e9p \u00e9s forma (tan.; Buk., 1969); Sz. L. legszebb versei (Buk., 1972); A magyar nyelv \u0151st\u00f6rt\u00e9nete (Buk., 1974); Eny\u00e9m ez a t\u00f6rt\u00e9nelem (v\u00e1l. m\u0171vek; Bp., 1980); R\u00f3zsahullat\u00f3fa (versek, m\u0171ford\u00edt\u00e1sok; Kv., 1982); K\u00e1ntor Lajos; Szab\u00e9dival Strasbourgban (1990. j\u00fan. ); K\u00e1ntor Lajos: Szab\u00e9di egyeteme (1992. jan. ); Sz\u00e9les Kl\u00e1ra: Az \u00f6nreflexi\u00f3 Szab\u00e9di L\u00e1szl\u00f3n\u00e1l (1993. aug. ); Cseke P\u00e9ter: Az unitarizmus szerepe Szab\u00e9di L\u00e1szl\u00f3 indul\u00e1s\u00e1ban (1995. j\u00fan. ); J\u00e9zus Krisztus legend\u00e1ja Keret: A v\u00e1ndorpr\u00f3f\u00e9ta (1995. j\u00fan. ); 1945. m\u00e1rc. 15. (\u00dcnnepi besz\u00e9d, Kv.-on (1998. febr. ). L\u00e1z\u00e1r utc\u00e1t\u00f3l a Postakert utc\u00e1ig (napl\u00f3, levelek, 1928\u20131959; szerk. K\u00e1ntor Lajos; Kv., 2007); V\u00e1logatott versek, (Cs\u00edkszereda, 2015); <strong>t\u00e1rssz.:<\/strong> \u00daj \u00e9let. (Sz\u00e9kely L. n\u00e9ven. Valk\u00f3 L\u00e1szl\u00f3val; Kv., 1936); <strong>antol\u00f3g.:<\/strong> \u00daj erd\u00e9lyi antol\u00f3gia (<strong>szerk.:<\/strong> Abaf\u00e1y Guszt\u00e1v, Jancs\u00f3 Elem\u00e9r, Szeml\u00e9r Ferenc; Buk., 1937); Erd\u00e9lyi h\u00edrmond\u00f3k (Mv., 1941); Mai magyar k\u00f6lt\u0151k (Bp., 1941); Versekben t\u00fcnd\u00f6kl\u0151 Erd\u00e9ly (Kv., 1941); Szigetek a Holttengerben (Mv., 1998); \u00dcdv\u00f6zl\u00e9gy szabads\u00e1g (Kv., 1942); Sz\u00e1rsz\u00f3 (Bp., 1943); Humorunkn\u00e1l vagyunk (szerk. Nagy P\u00e1l; Mv., 2000); Erd\u00e9lyi elbesz\u00e9l\u0151k (Bp., 2004); <strong>ford.:<\/strong> Z\u00f6ld lev\u00e9l. Rom\u00e1n n\u00e9pi versek (gy\u0171jt., Kv., 1945); Mihail Sadoveanu: Moldvai sz\u00e9l (Aradi N\u00f3r\u00e1val, Bp., 1949); Mihail Sadoveanu: Nikora Potkova (jegyz., Buk., 1954); Mihail Sadoveanu: J\u00f6tt egy malom a Szereten (Buk., 1956; 1963; 1990; Kv., 1974); <strong>szerk.:<\/strong> Makkai Piroska M: Az asszony: Fametszetek (el\u0151sz\u00f3, Kv., 1943). <br \/><strong>Irod.:<\/strong> Adamovits; Aranykorszak; Balogh Edg\u00e1r 1974; Benedek Marcell: Az irodalmi m\u0171velts\u00e9g k\u00f6nyve (Kv., s.a.); Bottoni 2006; Bottoni 2008; B\u00f6l\u00f6ni Domokos: Orc\u00e1mmal \u00fct\u00f6ttem kezedre (N\u00fa., 2002., j\u00fan 3.); Cseke P\u00e9ter: Az Erd\u00e9lyi Fiatalok unit\u00e1rius munkat\u00e1rsai (4): Szab\u00e9di, amikor m\u00e9g Sz\u00e9kelynek h\u00edvt\u00e1k (N\u00fa., M\u00fazsa, 1005. sz. 2011. nov. 5.); D\u00e1vid Gyula: A Dobai-memorandumt\u00f3l a szamosfalvi s\u00ednekig: Sz. L. a magyar forradalom ut\u00e1n = Eml\u00e9kk. Egyed. \u00c1.; Dsida; Encyc. Hung.; Erd\u00e9lyi panteon; Fodor S\u00e1ndor: Az els\u0151- \u00e9s utols\u00f3: K\u00e9t besz\u00e9lget\u00e9s Sz. L.-val (Helikon, 11. sz., 1999. j\u00fan. 10.); F\u00fcl\u00f6p\u2013Ferencz; Ga\u00e1l 2001; Halasy; H\u00e1zsong\u00e1rd; Helikoni arck\u00e9p-csarnok 1; Igaz Sz\u00f3 (5\u20136. sz., 1956); Intelectuali rom.; Izs\u00e1k J\u00f3zsef: Erd\u00e9lyi k\u00f6lt\u0151 trag\u00e9di\u00e1ja (N\u00fa., M\u00fazsa, 346. sz., 1998. m\u00e1j. 30.) K\u00e1ntor Lajos; K\u00e1ntor Lajos: Erd\u00e9lyi sorsker\u00e9k. Sz. L. \u00e9s a t\u00f6rt\u00e9nelem (Bp., 1999); K\u00e1ntor Lajos: Szab\u00e9di okt\u00f3berei (Korunk, 6. sz., 2006. j\u00fan.); K\u00e1ntor Lajos: Rem\u00e9ny \u00e9s rem\u00e9nytelens\u00e9g, 1944\u20131945. (A Sz.-dosszi\u00e9b\u00f3l) (Sz\u00e9kelyf\u00f6ld, 4. sz., 1999. \u00e1pr.); K\u00e1ntor Lajos: Szab\u00e9di szabads\u00e1g-k\u00eds\u00e9rlete = Erd\u00e9lyi csillagok: \u00dajabb.. (Bp., 1990); K\u00e1ntor Lajos: Sz. \u00fatja (Strasbourgt\u00f3l Szamosfalv\u00e1ig) (Korunk, 7. sz., 2009); K\u00e1ntor\u2013L\u00e1ng; Katona Szab\u00f3; Katona Szab\u00f3 2001; Kelemen; Kort\u00e1rs M\u00cdKL; K\u00f6t\u0151 J\u00f3zsef: A szabads\u00e1geszm\u00e9ny Szab\u00e9di sz\u00ednm\u0171-k\u00eds\u00e9rleteiben (Korunk, 9. sz., 2014); Kusz\u00e1lik; Marosi-Helikon; Marosi-KZST; MMA; M\u00f3zes Huba: Az eg\u00e9szet akartam (Kv., 1984); M\u0171v\u00e9szeti hetek Kv.1942. m\u00e1j. 9. \u2013 j\u00fan. 6. (Bp., 1942); Nagy P\u00e1l: Sz\u00edvvel \u00e9s sz\u00f3val (N\u00fa., M\u00fazsa, 836 sz., 2008. m\u00e1j. 17.); Nagy P\u00e1l: L\u00e1szl\u00f3 Gyula \u2013Sz. L.-r\u00f3l (N\u00fa., M\u00fazsa, 881. sz., 2009. \u00e1pr. 18.); Pomog\u00e1ts B\u00e9la: Sz. L. (1907\u20131959) (Helikon, 2. sz., 2009); Poszler Gy\u00f6rgy: Bizonytalan rem\u00e9nyek \u00e9s t\u00e9tova k\u00e9telyek (IV): Sz. L. tragikus veres\u00e9gei (Korunk, 12. sz., 2015.); Poszler Gy\u00f6rgy: Teh\u00e1t \u00e1ldozatok, akiket e harc fel\u0151r\u00f6lt = Poszler Gy\u00f6rgy: Az erd\u00e9lyi magyars\u00e1g sz\u00e1z \u00e9v\u00e9r\u0151l (Kv., 2016); R\u00e9thy\u2013V\u00e1czy; Sz. napjai. (\u00d6ssze\u00e1ll. Cseke P\u00e9ter; eml\u00e9kez\u00e9sek, tud. el\u0151ad\u00e1sok; Kv., 1998); Sepsisz\u00e9ki; ; Sz\u00e9pr\u00e9ti Lilla: Eml\u00e9keim Sz.-r\u00f3l (N\u00fa. M\u00fazsa (9. sz., 1991. j\u00fan. 7.); T\u00f3falvi 5.; \u00daM\u00c9L; Valentiny 1938.<\/br><\/p>\n","protected":false},"excerpt":{"rendered":"<p>S\u00e1romberke, 1907. m\u00e1j. 7., \u2020Szamosfalva, 1959. \u00e1pr. 18.\u00a0a H\u00e1zsong\u00e1rdi temet\u0151ben nyugszik: k\u00f6lt\u0151, nyelv\u00e9sz, irodalomt\u00f6rt\u00e9n\u00e9sz. \u2013 Nagyapja R\u00e9diger G\u00e9za, szab\u00e9di unit. lelk\u00e9sz, le\u00e1nya Emma, Szab\u00e9di L\u00e1szl\u00f3 anyja. Apja vasutas \u00e1llom\u00e1sf\u0151n\u00f6k, csal\u00e1dj\u00e1val Zernyesten (Brass\u00f3 vm.) \u00e9lt (1913 \u2013), majd \u00e1thelyeztette mag\u00e1t Kv.-ra, ahol szer\u00e9ny csal\u00e1di h\u00e1zat v\u00e1s\u00e1rolt. Feles\u00e9ge: Tompa Margit, Tompa L\u00e1szl\u00f3 k\u00f6lt\u0151 le\u00e1nya. \u2013 A kv.-i [&hellip;]<\/p>\n","protected":false},"featured_media":0,"comment_status":"open","ping_status":"closed","template":"","meta":[],"product_brand":[],"product_cat":[137],"product_tag":[],"class_list":{"0":"post-21027","1":"product","2":"type-product","3":"status-publish","5":"product_cat-maros-megyei-eletrajzi-lexikon","7":"first","8":"instock","9":"shipping-taxable","10":"product-type-simple"},"_links":{"self":[{"href":"https:\/\/uj.adatbank.ro\/lexikon\/wp-json\/wp\/v2\/product\/21027","targetHints":{"allow":["GET"]}}],"collection":[{"href":"https:\/\/uj.adatbank.ro\/lexikon\/wp-json\/wp\/v2\/product"}],"about":[{"href":"https:\/\/uj.adatbank.ro\/lexikon\/wp-json\/wp\/v2\/types\/product"}],"replies":[{"embeddable":true,"href":"https:\/\/uj.adatbank.ro\/lexikon\/wp-json\/wp\/v2\/comments?post=21027"}],"wp:attachment":[{"href":"https:\/\/uj.adatbank.ro\/lexikon\/wp-json\/wp\/v2\/media?parent=21027"}],"wp:term":[{"taxonomy":"product_brand","embeddable":true,"href":"https:\/\/uj.adatbank.ro\/lexikon\/wp-json\/wp\/v2\/product_brand?post=21027"},{"taxonomy":"product_cat","embeddable":true,"href":"https:\/\/uj.adatbank.ro\/lexikon\/wp-json\/wp\/v2\/product_cat?post=21027"},{"taxonomy":"product_tag","embeddable":true,"href":"https:\/\/uj.adatbank.ro\/lexikon\/wp-json\/wp\/v2\/product_tag?post=21027"}],"curies":[{"name":"wp","href":"https:\/\/api.w.org\/{rel}","templated":true}]}}