{"id":21146,"date":"2025-07-22T19:14:41","date_gmt":"2025-07-22T17:14:41","guid":{"rendered":"https:\/\/uj.adatbank.ro\/lexikon\/termek\/szabo-gyula-3\/"},"modified":"2025-07-22T19:14:41","modified_gmt":"2025-07-22T17:14:41","slug":"szabo-gyula-3","status":"publish","type":"product","link":"https:\/\/uj.adatbank.ro\/lexikon\/termek\/szabo-gyula-3\/","title":{"rendered":"SZAB\u00d3 Gyula"},"content":{"rendered":"<p>Sz\u00e9kelyp\u00e1lfalva, 1906. aug. 14., \u2020\u00a0Sz\u00e9kelyudvarhely, 1978. szept. 12.: r. k. pap. \u2013 Tanulm\u00e1nyait Sz\u00e9kelyudvarhelyen \u00e9s Gyulafeh\u00e9rv\u00e1ron v\u00e9gezte, ahol papp\u00e1 szentelt\u00e9k (1930. j\u00fal. 6.). K\u00e1pl\u00e1n Sz\u00e1rhegyen, Petrozs\u00e9nyban. Marosj\u00e1rai pl\u00e9b\u00e1nos (1936. m\u00e1rc. 28.\u201338. szept. 1.), majd Szentegyh\u00e1zasfaluban (1938\u2013). Hitoktat\u00f3 Gyergy\u00f3szentmik\u00f3son, lelk\u00e9sz Magyarl\u00e1poson, Petrill\u00e1n, Cs\u00edkr\u00e1koson. <br \/><strong>Irod.:<\/strong> Ferenczi S\u00e1ndor 2009; Maros-k\u00fck\u00fcll\u0151i f\u0151esp.<\/br><\/p>\n","protected":false},"excerpt":{"rendered":"<p>Sz\u00e9kelyp\u00e1lfalva, 1906. aug. 14., \u2020\u00a0Sz\u00e9kelyudvarhely, 1978. szept. 12.: r. k. pap. \u2013 Tanulm\u00e1nyait Sz\u00e9kelyudvarhelyen \u00e9s Gyulafeh\u00e9rv\u00e1ron v\u00e9gezte, ahol papp\u00e1 szentelt\u00e9k (1930. j\u00fal. 6.). K\u00e1pl\u00e1n Sz\u00e1rhegyen, Petrozs\u00e9nyban. Marosj\u00e1rai pl\u00e9b\u00e1nos (1936. m\u00e1rc. 28.\u201338. szept. 1.), majd Szentegyh\u00e1zasfaluban (1938\u2013). Hitoktat\u00f3 Gyergy\u00f3szentmik\u00f3son, lelk\u00e9sz Magyarl\u00e1poson, Petrill\u00e1n, Cs\u00edkr\u00e1koson. Irod.: Ferenczi S\u00e1ndor 2009; Maros-k\u00fck\u00fcll\u0151i f\u0151esp.<\/p>\n","protected":false},"featured_media":0,"comment_status":"open","ping_status":"closed","template":"","meta":[],"product_brand":[],"product_cat":[137],"product_tag":[],"class_list":{"0":"post-21146","1":"product","2":"type-product","3":"status-publish","5":"product_cat-maros-megyei-eletrajzi-lexikon","7":"first","8":"instock","9":"shipping-taxable","10":"product-type-simple"},"_links":{"self":[{"href":"https:\/\/uj.adatbank.ro\/lexikon\/wp-json\/wp\/v2\/product\/21146","targetHints":{"allow":["GET"]}}],"collection":[{"href":"https:\/\/uj.adatbank.ro\/lexikon\/wp-json\/wp\/v2\/product"}],"about":[{"href":"https:\/\/uj.adatbank.ro\/lexikon\/wp-json\/wp\/v2\/types\/product"}],"replies":[{"embeddable":true,"href":"https:\/\/uj.adatbank.ro\/lexikon\/wp-json\/wp\/v2\/comments?post=21146"}],"wp:attachment":[{"href":"https:\/\/uj.adatbank.ro\/lexikon\/wp-json\/wp\/v2\/media?parent=21146"}],"wp:term":[{"taxonomy":"product_brand","embeddable":true,"href":"https:\/\/uj.adatbank.ro\/lexikon\/wp-json\/wp\/v2\/product_brand?post=21146"},{"taxonomy":"product_cat","embeddable":true,"href":"https:\/\/uj.adatbank.ro\/lexikon\/wp-json\/wp\/v2\/product_cat?post=21146"},{"taxonomy":"product_tag","embeddable":true,"href":"https:\/\/uj.adatbank.ro\/lexikon\/wp-json\/wp\/v2\/product_tag?post=21146"}],"curies":[{"name":"wp","href":"https:\/\/api.w.org\/{rel}","templated":true}]}}