{"id":21184,"date":"2025-07-22T19:16:01","date_gmt":"2025-07-22T17:16:01","guid":{"rendered":"https:\/\/uj.adatbank.ro\/lexikon\/termek\/szabo-janos-kaszonujfalvi\/"},"modified":"2025-07-22T19:16:01","modified_gmt":"2025-07-22T17:16:01","slug":"szabo-janos-kaszonujfalvi","status":"publish","type":"product","link":"https:\/\/uj.adatbank.ro\/lexikon\/termek\/szabo-janos-kaszonujfalvi\/","title":{"rendered":"SZAB\u00d3 J\u00e1nos, k\u00e1szon\u00fajfalvi"},"content":{"rendered":"<p>K\u00f6szv\u00e9nyes, 1767. jan. 27., \u2020 Kv., 1858. m\u00e1rc. 16. a H\u00e1zsong\u00e1rdi temet\u0151ben nyugszik: kir. tan\u00e1csos, r. k. pap, pedag\u00f3gus, geogr\u00e1fus \u2013 Pesten tanult teol\u00f3gi\u00e1t, papp\u00e1 szentelt\u00e9k (1791. jan.), a k\u00e1rolyfeh\u00e9rv\u00e1ri presbit\u00e9riumn\u00e1l szolg\u00e1lt, T\u00f6visen adminisztr\u00e1tor (1791. j\u00fal.), majd Mv.-en, ut\u00f3bb Kv.-ott seg\u00e9dlelk\u00e9sz. A k\u00e1rolyfeh\u00e9rv\u00e1ri l\u00edceumban az egyh\u00e1zt\u00f6rt\u00e9nelem \u00e9s az egyh\u00e1zi jog tan\u00e1ra (1796\u2013), gr. Esterh\u00e1zy J\u00e1nos D\u00e9nes \u00e9s L\u00e1szl\u00f3 nev\u0171 fiainak nevel\u0151je (1798\u2013), egy\u00fattal e min\u0151s\u00e9g\u00e9ben Kv.-on pl\u00e9b\u00e1nos-helyettes. K\u00e1rolyfeh\u00e9rv\u00e1ri pl\u00e9b\u00e1nos (1809\u201313), kanonok (1809\u2013), olvas\u00f3kanonok (1826\u2013), kv.-i pl\u00e9b\u00e1nos (1813\u2013), egy\u00fattal kolozsmonostori ap\u00e1t \u00e9s kir. tan\u00e1csos (1819). Az erd\u00e9lyi gubernium bizotts\u00e1g\u00e1ban az egyh\u00e1zi, isk. \u00e9s alap\u00edtv\u00e1nyi \u00fcgyek referense m\u00edg saj\u00e1t k\u00e9r\u00e9s\u00e9re nyugd\u00edjazt\u00e1k (1819\u201347). Kir. hivatalos az erd\u00e9lyi 1848. \u00e9vi utols\u00f3 rendi orsz\u00e1ggy\u0171l\u00e9sen (Kv., 1848. m\u00e1j. 29. \u2013 j\u00fal. 18.). Leopold cs\u00e1sz\u00e1r jeles rendje kis keresztes vit\u00e9ze. Sz\u00e1mos egyh\u00e1zi \u00e9s halotti besz\u00e9de nyomtat\u00e1sban is megjelent. \u2013 <strong><strong>F. m.<\/strong><\/strong>: N\u00e9hai gr. N\u00e9met\u00fajv\u00e1ri Batty\u00e1ny Ign\u00e1c erd\u00e9lyi p\u00fcsp\u00f6k \u00far halotti dics\u00e9rete (Kv., 1799); A Szent \u00edr\u00e1s \u00e9s a term\u00e9szet szava a f\u00f6ldnek \u00e9s az emberi nemnek n\u00e9mely f\u0151bb v\u00e1ltoz\u00e1sair\u00f3l (Kv., 1803); N\u00e9hai M\u00e9lt. L. b\u00e1r\u00f3 branyitzkai J\u00f3sika Antal&#8230; Kolosv\u00e1rmegye&#8230; f\u0151isp\u00e1nj\u00e1nak&#8230; eml\u00e9kezete egy halotti besz\u00e9dben. Mellyet tartott Kolosv\u00e1rt jan. 19. 1802. (Kv., 1802); M\u00e9lt. Hallerk\u0151i gr\u00f3f Haller Karolina \u00far-asszony&#8230; n\u00e9hai m\u00e9lt. maros-n\u00e9methi gr\u00f3f Gyulai Ferencz&#8230; gener\u00e1lis \u00f6zvegye egy halotti besz\u00e9dben. Mondotta Kolosv\u00e1rt, m\u00e1rcz. 6. 1809. (Kv., 1809); Egy p\u00e1r elm\u00e9lked\u00e9s nagym\u00e9lt. gr\u00f3f Bethleni Bethlen J\u00f3zsef urnak kopors\u00f3j\u00e1n\u00e1l. (Kv., 1815.); Nagym\u00e9lt. Losontzi liber b\u00e1r\u00f3 gr\u00f3f B\u00e1nffy Gy\u00f6rgy Erd\u00e9ly f\u0151korm\u00e1nyz\u00f3ja megsz\u00fcnt haland\u00f3 lenni j\u00fan. 5. 1822&#8230; kinek s\u00edrhalm\u00e1n\u00e1l a kolosv\u00e1ri f\u0151templomban ugyanaz h\u00f3nap 9. az \u00e9l\u0151k \u00e9p\u00fcl\u00e9s\u00e9re tan\u00fas\u00e1gokat mondott. (Kv., 1822., 1824.); Halotti elm\u00e9lked\u00e9s, mellyet m\u00e9lt. gr\u00f3f Bethleni Bethlen Rosalia \u00farasszony gr\u00f3f Cs\u00e1ky J\u00e1nos volt \u00e9lete p\u00e1rj\u00e1nak, azut\u00e1n Czegei gr\u00f3f Vass S\u00e1muel \u00far kegyes \u00f6zvegy\u00e9nek kopors\u00f3j\u00e1n\u00e1l Minorit\u00e1k templom\u00e1ban Kolosv\u00e1rt febr. 9. 1826. tartott. (Kv., 1826); Szab\u00f3 J\u00e1nos&#8230; egyh\u00e1zi besz\u00e9dei, kiadta Vitos Gergely Sz. arczk\u00e9p\u00e9vel. (Kv., 1848). <br \/><strong>Irod.:<\/strong> B\u00f6l\u00f6ni Domokos: \u00c1bel f\u00fcstjei a Bekecs alj\u00e1n (N\u00fa., 1998. dec. 4.); Egyed \u00c1.: Erd\u00e9ly 1848. ogy.; H\u00e1zsong\u00e1rd; Hevesi Attila: K\u00e1szon\u00fajfalvi Szab\u00f3 J\u00e1nos (1767\u20131858) p\u00e1ly\u00e1ja \u00e9s f\u00f6ldrajzi munk\u00e1ss\u00e1ga (Bp., 1976 [1978]); SzOkl, 4; Szinnyei; Szinnyei J; \u00daM\u00c9L.<\/br><\/p>\n","protected":false},"excerpt":{"rendered":"<p>K\u00f6szv\u00e9nyes, 1767. jan. 27., \u2020 Kv., 1858. m\u00e1rc. 16. a H\u00e1zsong\u00e1rdi temet\u0151ben nyugszik: kir. tan\u00e1csos, r. k. pap, pedag\u00f3gus, geogr\u00e1fus \u2013 Pesten tanult teol\u00f3gi\u00e1t, papp\u00e1 szentelt\u00e9k (1791. jan.), a k\u00e1rolyfeh\u00e9rv\u00e1ri presbit\u00e9riumn\u00e1l szolg\u00e1lt, T\u00f6visen adminisztr\u00e1tor (1791. j\u00fal.), majd Mv.-en, ut\u00f3bb Kv.-ott seg\u00e9dlelk\u00e9sz. A k\u00e1rolyfeh\u00e9rv\u00e1ri l\u00edceumban az egyh\u00e1zt\u00f6rt\u00e9nelem \u00e9s az egyh\u00e1zi jog tan\u00e1ra (1796\u2013), gr. Esterh\u00e1zy J\u00e1nos [&hellip;]<\/p>\n","protected":false},"featured_media":0,"comment_status":"open","ping_status":"closed","template":"","meta":[],"product_brand":[],"product_cat":[137],"product_tag":[],"class_list":{"0":"post-21184","1":"product","2":"type-product","3":"status-publish","5":"product_cat-maros-megyei-eletrajzi-lexikon","7":"first","8":"instock","9":"shipping-taxable","10":"product-type-simple"},"_links":{"self":[{"href":"https:\/\/uj.adatbank.ro\/lexikon\/wp-json\/wp\/v2\/product\/21184","targetHints":{"allow":["GET"]}}],"collection":[{"href":"https:\/\/uj.adatbank.ro\/lexikon\/wp-json\/wp\/v2\/product"}],"about":[{"href":"https:\/\/uj.adatbank.ro\/lexikon\/wp-json\/wp\/v2\/types\/product"}],"replies":[{"embeddable":true,"href":"https:\/\/uj.adatbank.ro\/lexikon\/wp-json\/wp\/v2\/comments?post=21184"}],"wp:attachment":[{"href":"https:\/\/uj.adatbank.ro\/lexikon\/wp-json\/wp\/v2\/media?parent=21184"}],"wp:term":[{"taxonomy":"product_brand","embeddable":true,"href":"https:\/\/uj.adatbank.ro\/lexikon\/wp-json\/wp\/v2\/product_brand?post=21184"},{"taxonomy":"product_cat","embeddable":true,"href":"https:\/\/uj.adatbank.ro\/lexikon\/wp-json\/wp\/v2\/product_cat?post=21184"},{"taxonomy":"product_tag","embeddable":true,"href":"https:\/\/uj.adatbank.ro\/lexikon\/wp-json\/wp\/v2\/product_tag?post=21184"}],"curies":[{"name":"wp","href":"https:\/\/api.w.org\/{rel}","templated":true}]}}