{"id":21187,"date":"2025-07-22T19:16:08","date_gmt":"2025-07-22T17:16:08","guid":{"rendered":"https:\/\/uj.adatbank.ro\/lexikon\/termek\/szabo-janos-magyarigeni\/"},"modified":"2025-07-22T19:16:08","modified_gmt":"2025-07-22T17:16:08","slug":"szabo-janos-magyarigeni","status":"publish","type":"product","link":"https:\/\/uj.adatbank.ro\/lexikon\/termek\/szabo-janos-magyarigeni\/","title":{"rendered":"SZAB\u00d3 J\u00e1nos, magyarigeni"},"content":{"rendered":"<p>Magyarigen, 1805., \u2020\u00a0Mv., 1865. aug. 18: jegyz\u0151, orgona\u00e9p\u00edt\u0151, orgonam\u0171v\u00e9sz. \u2013 Feles\u00e9ge Simon Roz\u00e1lia. Mv.-en volt a t\u00e1blab\u00edr\u00f3s\u00e1gon jegyz\u0151 \u00e9s \u00edrnok. Els\u0151 ismert orgon\u00e1ja 1840-ben k\u00e9sz\u00fclt az utols\u00f3 1880. 11 \u00e1ltala k\u00e9sz\u00edtett orgona ismert Maros megy\u00e9ben: B\u00f6z\u00f6di ref templ., Dedr\u00e1dsz\u00e9plak m\u0171eml\u00e9k ref. templ., D\u00e9sfalva m\u0171eml\u00e9k unit. templ. (1840), Disznaj\u00f3 ref. templ., Harasztker\u00e9k ref. templ. (1848), Magyarf\u00fclp\u00f6s m\u0171eml\u00e9k ref. templ. (1850), Mez\u0151b\u00e1nd ref. templom (1844), Mez\u0151bergenye ref. templ. (1847), Mez\u0151cs\u00e1v\u00e1s m\u0171eml\u00e9k ref. templom (1840), Ny\u00e1r\u00e1dszentl\u00e1szl\u00f3 m\u0171eml\u00e9k ref. templom, amely oszlopos-timp\u00e1nonos szerkezet\u0171 orgona (1841), Ny\u00e1r\u00e1dszentm\u00e1rton m\u0171eml\u00e9k unit templom. Orgon\u00e1i sz\u00e9pen kimunk\u00e1ltak \u00e9s n\u00e9pi mot\u00edvumokkal d\u00edsz\u00edtettek. Mv.-en a V\u00e1rtemplomban, Bolyai J\u00e1nos egyik tan\u00faja a h\u00e1zass\u00e1g\u00e1n\u00e1l (1849. m\u00e1j.18.) \u00e9s a v\u00e1l\u00e1s\u00e1n\u00e1l (1852). <br \/><strong>Irod.:<\/strong> Cs\u00edky Csaba; D\u00e1vid; Gy\u00e1szjelent\u0151; Ol\u00e1h-G\u00e1l; Sebesty\u00e9n J\u00f3zsef: S\u00fcg\u00e9r J\u00e1nos s\u00edrja (Magyar Nemzet, 2007. j\u00fan. 9.).<\/br><\/p>\n","protected":false},"excerpt":{"rendered":"<p>Magyarigen, 1805., \u2020\u00a0Mv., 1865. aug. 18: jegyz\u0151, orgona\u00e9p\u00edt\u0151, orgonam\u0171v\u00e9sz. \u2013 Feles\u00e9ge Simon Roz\u00e1lia. Mv.-en volt a t\u00e1blab\u00edr\u00f3s\u00e1gon jegyz\u0151 \u00e9s \u00edrnok. Els\u0151 ismert orgon\u00e1ja 1840-ben k\u00e9sz\u00fclt az utols\u00f3 1880. 11 \u00e1ltala k\u00e9sz\u00edtett orgona ismert Maros megy\u00e9ben: B\u00f6z\u00f6di ref templ., Dedr\u00e1dsz\u00e9plak m\u0171eml\u00e9k ref. templ., D\u00e9sfalva m\u0171eml\u00e9k unit. templ. (1840), Disznaj\u00f3 ref. templ., Harasztker\u00e9k ref. templ. (1848), Magyarf\u00fclp\u00f6s [&hellip;]<\/p>\n","protected":false},"featured_media":0,"comment_status":"open","ping_status":"closed","template":"","meta":[],"product_brand":[],"product_cat":[137],"product_tag":[],"class_list":{"0":"post-21187","1":"product","2":"type-product","3":"status-publish","5":"product_cat-maros-megyei-eletrajzi-lexikon","7":"first","8":"instock","9":"shipping-taxable","10":"product-type-simple"},"_links":{"self":[{"href":"https:\/\/uj.adatbank.ro\/lexikon\/wp-json\/wp\/v2\/product\/21187","targetHints":{"allow":["GET"]}}],"collection":[{"href":"https:\/\/uj.adatbank.ro\/lexikon\/wp-json\/wp\/v2\/product"}],"about":[{"href":"https:\/\/uj.adatbank.ro\/lexikon\/wp-json\/wp\/v2\/types\/product"}],"replies":[{"embeddable":true,"href":"https:\/\/uj.adatbank.ro\/lexikon\/wp-json\/wp\/v2\/comments?post=21187"}],"wp:attachment":[{"href":"https:\/\/uj.adatbank.ro\/lexikon\/wp-json\/wp\/v2\/media?parent=21187"}],"wp:term":[{"taxonomy":"product_brand","embeddable":true,"href":"https:\/\/uj.adatbank.ro\/lexikon\/wp-json\/wp\/v2\/product_brand?post=21187"},{"taxonomy":"product_cat","embeddable":true,"href":"https:\/\/uj.adatbank.ro\/lexikon\/wp-json\/wp\/v2\/product_cat?post=21187"},{"taxonomy":"product_tag","embeddable":true,"href":"https:\/\/uj.adatbank.ro\/lexikon\/wp-json\/wp\/v2\/product_tag?post=21187"}],"curies":[{"name":"wp","href":"https:\/\/api.w.org\/{rel}","templated":true}]}}