{"id":21301,"date":"2025-07-22T19:20:06","date_gmt":"2025-07-22T17:20:06","guid":{"rendered":"https:\/\/uj.adatbank.ro\/lexikon\/termek\/szabo-samuel-3\/"},"modified":"2025-07-22T19:20:06","modified_gmt":"2025-07-22T17:20:06","slug":"szabo-samuel-3","status":"publish","type":"product","link":"https:\/\/uj.adatbank.ro\/lexikon\/termek\/szabo-samuel-3\/","title":{"rendered":"SZAB\u00d3 S\u00e1muel"},"content":{"rendered":"<p>D\u00e9sfalva, 1811. szept. vagy nov. 29., \u2020 Abaf\u00e1ja, 1893. m\u00e1j. 12.: ref. lelk\u00e9sz. \u2013 A mv.-i ref. f\u0151tanod\u00e1ban tanult. Abaf\u00e1j\u00e1n lp. (1841.\u0151szt\u0151l\u20131893. m\u00e1j. 12.). Br. Bornemissza abaf\u00e1jai f\u00f6ldes\u00farn\u00e1l nevel\u0151 is egyben. Az 1838-ban \u00e9p\u00fclt ref. templomot lebontott\u00e1k (1888) \u00e9s \u00fajat \u00e9p\u00edtett, amit Sz\u00e1sz Domokos p\u00fcsp\u00f6k szentelt fel (1890. okt. 5.). Iskola is \u00e9p\u00fclt (1891). Sz. S. v\u00e9grendelet\u00e9ben 18 hold f\u00f6ldet hagyott az abaf\u00e1ji ref. egyh\u00e1zra, 10 holdat a lp.-nak \u00e9s 8 holdat az ekl\u00e9zsia fenntart\u00e1s\u00e1ra. <br \/><strong>Irod.:<\/strong> B\u00f6jthe Andor: A G\u00f6rg\u00e9nyi ev. ref. egyh\u00e1zmegye t\u00f6rt\u00e9nete [k\u00e9zirat]; [Gy\u00e1szh\u00edr] (Mv., 1893. m\u00e1j. 31.).<\/br><\/p>\n","protected":false},"excerpt":{"rendered":"<p>D\u00e9sfalva, 1811. szept. vagy nov. 29., \u2020 Abaf\u00e1ja, 1893. m\u00e1j. 12.: ref. lelk\u00e9sz. \u2013 A mv.-i ref. f\u0151tanod\u00e1ban tanult. Abaf\u00e1j\u00e1n lp. (1841.\u0151szt\u0151l\u20131893. m\u00e1j. 12.). Br. Bornemissza abaf\u00e1jai f\u00f6ldes\u00farn\u00e1l nevel\u0151 is egyben. Az 1838-ban \u00e9p\u00fclt ref. templomot lebontott\u00e1k (1888) \u00e9s \u00fajat \u00e9p\u00edtett, amit Sz\u00e1sz Domokos p\u00fcsp\u00f6k szentelt fel (1890. okt. 5.). Iskola is \u00e9p\u00fclt (1891). Sz. [&hellip;]<\/p>\n","protected":false},"featured_media":0,"comment_status":"open","ping_status":"closed","template":"","meta":[],"product_brand":[],"product_cat":[137],"product_tag":[],"class_list":{"0":"post-21301","1":"product","2":"type-product","3":"status-publish","5":"product_cat-maros-megyei-eletrajzi-lexikon","7":"first","8":"instock","9":"shipping-taxable","10":"product-type-simple"},"_links":{"self":[{"href":"https:\/\/uj.adatbank.ro\/lexikon\/wp-json\/wp\/v2\/product\/21301","targetHints":{"allow":["GET"]}}],"collection":[{"href":"https:\/\/uj.adatbank.ro\/lexikon\/wp-json\/wp\/v2\/product"}],"about":[{"href":"https:\/\/uj.adatbank.ro\/lexikon\/wp-json\/wp\/v2\/types\/product"}],"replies":[{"embeddable":true,"href":"https:\/\/uj.adatbank.ro\/lexikon\/wp-json\/wp\/v2\/comments?post=21301"}],"wp:attachment":[{"href":"https:\/\/uj.adatbank.ro\/lexikon\/wp-json\/wp\/v2\/media?parent=21301"}],"wp:term":[{"taxonomy":"product_brand","embeddable":true,"href":"https:\/\/uj.adatbank.ro\/lexikon\/wp-json\/wp\/v2\/product_brand?post=21301"},{"taxonomy":"product_cat","embeddable":true,"href":"https:\/\/uj.adatbank.ro\/lexikon\/wp-json\/wp\/v2\/product_cat?post=21301"},{"taxonomy":"product_tag","embeddable":true,"href":"https:\/\/uj.adatbank.ro\/lexikon\/wp-json\/wp\/v2\/product_tag?post=21301"}],"curies":[{"name":"wp","href":"https:\/\/api.w.org\/{rel}","templated":true}]}}