{"id":21305,"date":"2025-07-22T19:20:13","date_gmt":"2025-07-22T17:20:13","guid":{"rendered":"https:\/\/uj.adatbank.ro\/lexikon\/termek\/szabo-samuel-f-%c2%a7-bagyoni-neve-mellett-1860-ig-hasznalta-a-megkulonbozteto-f-et\/"},"modified":"2025-07-22T19:20:13","modified_gmt":"2025-07-22T17:20:13","slug":"szabo-samuel-f-%c2%a7-bagyoni-neve-mellett-1860-ig-hasznalta-a-megkulonbozteto-f-et","status":"publish","type":"product","link":"https:\/\/uj.adatbank.ro\/lexikon\/termek\/szabo-samuel-f-%c2%a7-bagyoni-neve-mellett-1860-ig-hasznalta-a-megkulonbozteto-f-et\/","title":{"rendered":"SZAB\u00d3 S\u00e1muel F., \u00a7 b\u00e1gyoni, [neve mellett 1860-ig haszn\u00e1lta a megk\u00fcl\u00f6nb\u00f6ztet\u0151 F.-et]"},"content":{"rendered":"<p>Sz\u00e9kelyf\u00f6ldv\u00e1r, v. Aranyospoly\u00e1n, 1829. m\u00e1j. 16., \u2020 Kv., 1905. jan. 1.: tan\u00e1r, t\u00f6rt\u00e9net\u00edr\u00f3, n\u00e9prajzos. \u2013 Nagy P\u00e9ter 1819\u20131884. szept. 16.) ref. p\u00fcsp\u00f6k le\u00e1nya volt a feles\u00e9ge (1882. dec. 14.), nyolc gyermek anyja. Egyik fia P\u00e9ter (1867\u20131914). \u2013 Nagyenyeden v\u00e9gezte a b\u00f6lcseletet \u00e9s a jogi tanfolyamot (1836\u201348), k\u00f6zben a segesv\u00e1ri algimn.-ban (1839\u201341) n\u00e9met ismereteit m\u00e9ly\u00edtette el. A nagyenyedi nemzet\u0151ri t\u00fcz\u00e9rs\u00e9g parancsnoka (1848), a pesti egyetemen rendezett hadtudom\u00e1nyi el\u0151ad\u00e1sokat hallgatta (1848), majd a nagyv\u00e1radi t\u00fcz\u00e9rk\u00e9pz\u0151 iskol\u00e1ban tanult, a K\u00e9zdiv\u00e1s\u00e1rhelyen a sz\u00e9kely t\u00fcz\u00e9rs\u00e9g egyik tan\u00edt\u00f3 altisztje volt (1849). R\u00e9szt vett az oroszok elleni harcokban H\u00e1romsz\u00e9kben G\u00e1bor \u00c1ron mellett. A szabads\u00e1gharc v\u00e9g\u00e9n f\u0151hadnagy (1849. j\u00fal.16.\u2013) \u00e9s az I. sz\u00e9kely h\u00e1romfontos \u00fcteg parancsnoka volt. Zsib\u00f3n\u00e1l tette le a fegyvert (1849. aug. 24.). Ezut\u00e1n egy ideig bujdosott a gr. Telekiek gernyeszegi j\u00f3sz\u00e1g\u00e1n mint asztalosleg\u00e9ny, majd nevel\u0151 lett a gy\u00f6mr\u0151i gr. Teleki csal\u00e1dn\u00e1l (1851\u2013), azut\u00e1n a br. Jeszen\u00e1k, v\u00e9g\u00fcl a gr. Degenfeld csal\u00e1dn\u00e1l. A t\u00e9li h\u00f3napokban, mint rendk\u00edv\u00fcli hallgat\u00f3, vegytant, term\u00e9szettant \u00e9s \u00e1sv\u00e1nytant tanult a bp.-i egyetemen (1853\u2013). Heidelbergbe ment, hol k\u00e9t f\u00e9l\u00e9vet t\u00f6lt\u00f6tt a Seb\u00e9szorvosi Karon (1856\u201357), f\u0151leg Bunsen laborat\u00f3rium\u00e1ban dolgozott, P\u00e1rizsban Saint Claire, Deville \u00e9s Tremy el\u0151ad\u00e1sait hallgatta, a G\u00f6ttingeni Egy. Vegy. Kar\u00e1n tanult (1858). Tanulm\u00e1nyai idej\u00e9n beutazta N\u00e9meto.-t, Sv\u00e1jcot, Belgiumot, Franciao. \u00e9szaki r\u00e9sz\u00e9t, Londonban is hosszabb id\u0151t t\u00f6lt\u00f6tt. G\u00f6tting\u00e1ban bar\u00e1ts\u00e1got k\u00f6t\u00f6tt Budenz J\u00f3zseffel s neki is van r\u00e9sze abban, hogy bel\u0151le m. tud\u00f3s lett. (1856\u2013). Az erd\u00e9lyi ref. f\u0151konsistorium megv\u00e1lasztotta Mv.-re tan\u00e1rnak (1857, amit 1858 szept.-ben foglalt el). Az \u00e1sv\u00e1ny-, n\u00f6v\u00e9nytan \u00e9s k\u00e9mi\u00e1n k\u00edv\u00fcl az angol \u00e9s francia nyelvet is tan\u00edtotta (1860\u2013), a VII. \u00e9s VIII. oszt\u00e1lyban a m. irodalmat adta el\u0151 (1863\u2013). A Mv.-en megalakult Kazinczy \u2013 alap\u00edtv\u00e1ny jegyz\u0151je. Ekkor az \u00f6nk\u00e9pz\u0151k\u00f6ri ifj\u00fas\u00e1gnak javasolta az \u00e9l\u0151 n\u00e9pdalok, n\u00e9pmes\u00e9k, sz\u00f3j\u00e1r\u00e1sok, helynevek gy\u0171jt\u00e9s\u00e9t (1862. dec.). Gy\u0171jt\u0151munk\u00e1j\u00e1t sokra \u00e9rt\u00e9keli a folkl\u00f3rtudom\u00e1ny, Kriza Vadr\u00f3zs\u00e1ihoz hasonl\u00f3k\u00e9nt emlegetik. N\u00e9pk\u00f6lt\u00e9szeti gy\u0171jtem\u00e9nye elveszett. Megh\u00edvta Tolnai Lajost Mv.-re ref. papnak. A kv.-i ref. koll.-ba ment \u00e1t a fizika \u00e9s k\u00e9mia tansz\u00e9k\u00e9re (1868\u201397). K\u00e9s\u0151bb teljesen a m. nyelv \u00e9s irodalom tan\u00edt\u00e1s\u00e1ra t\u00e9rt \u00e1t nyugalomba vonul\u00e1s\u00e1ig (1897). A magyar n\u00e9prajz jelent\u0151s k\u00e9pvisel\u0151je. A kv.-i ref. egyh\u00e1zk\u00f6zs\u00e9g tiszteletbeli presbitere s a kv.-i \u00e9s kolozsmegyei honv\u00e9degylet tiszteletbeli eln\u00f6ke \u00e9s az EMKE eln\u00f6ke volt. Besz\u00e9lt \u00e9s \u00edrt n\u00e9met\u00fcl, franci\u00e1ul \u00e9s angolul; \u00e9rtett rom\u00e1nul \u00e9s olaszul. Az egyik legels\u0151 Bolyai kutat\u00f3 volt. Nagyon sok \u00e9rt\u00e9kes anyagot \u00f6sszegy\u0171jt\u00f6tt Bolyai J\u00e1nosr\u00f3l, de nagyon sok \u00e9rt\u00e9kes eredeti iratot \u00e9s k\u00e9ziratot eltulajdon\u00edtott. Szerencs\u00e9re fia, Szab\u00f3 P\u00e9ter, Bp.-en matematikus lett \u00e9s apja hal\u00e1la ut\u00e1n, a hagyat\u00e9kban megtal\u00e1lta a sok \u00e9rt\u00e9kesebbn\u00e9l \u00e9rt\u00e9kesebb k\u00e9ziratot \u00e9s a MTA-nak aj\u00e1nd\u00e9kozta. Szerkesztette a Sz\u00e9kely K\u00f6zl\u00f6nyt (1867\u201368) Mv.-en; az Erd\u00e9lyi Gazd\u00e1t Kv., (1869\u201371); az Egyh\u00e1zi \u00e9s Iskolai Szeml\u00e9nek (1876\u201381) egyik szerkeszt\u0151je \u00e9s f\u0151munkat\u00e1rsa, a Magyarorsz\u00e1g. c. napilap munkat\u00e1rsa volt (1890\u2013). Cikkeit k\u00f6z\u00f6lte: a Protest\u00e1ns K\u00f6zl\u00f6ny, Gazdas\u00e1gi Lapok (1852\u2013), a Budapesti Szemle (1863, Ap\u00e1czai Cseri J\u00e1nos \u00e9letrajza), a Marosv\u00e1s\u00e1rhelyi F\u00fczetek, az Erd\u00e9lyi Gazda, a M\u00e9h\u00e9szeti K\u00f6zl\u00f6ny, a T\u00f6rt\u00e9nelmi Lapok (1892\u201395), M. Polg\u00e1r; Magyarorsz\u00e1g c. lapok. \u2013 <strong><strong>F. m.<\/strong><\/strong>: A magyar korona orsz\u00e1gainak r\u00f6vid f\u00f6ldrajza (Kv., 1860.; 3. kiad. 1864.); Magyarorsz\u00e1gnak s kapcsolt r\u00e9szeinek r\u00f6vid f\u00f6ldrajza (Mv., 1861); Az erd\u00e9lyi ev. ref. f\u0151- \u00e9s k\u00f6z\u00e9ptanod\u00e1k I. \u00e9s II. tan\u00e1ri \u00e9rtekezleteinek ismertet\u00e9se (Pest, 1864); A kolozsv\u00e1ri ev. ref. f\u0151tanoda r\u00e9gibb \u00e9s leg\u00fajabb t\u00f6rt\u00e9nete. (Pest, 1876); <strong>t\u00e1rssz.:<\/strong> Hunyadi M\u00e1ty\u00e1s Kir\u00e1ly az Igazs\u00e1gos. Eml\u00e9kk\u00f6nyv. A nagy kir\u00e1ly szobr\u00e1nak leleplez\u00e9se alkalm\u00e1b\u00f3l 1902. okt. 12-\u00e9n az \u00fcnnepl\u0151 nemzetnek aj\u00e1nlja Kv. v\u00e1rosa (Pest, 1902., Kov\u00e1cs Dezs\u0151vel); A sz\u00e9kelyudvarhelyi codex. A M. Tudom. Akad\u00e9mia nyelvtud. bizotts\u00e1ga meghagy\u00e1s\u00e1b\u00f3l sajt\u00f3 al\u00e1 rendezte (Bp., 1908); Erd\u00e9lyi n\u00e9phagyom\u00e1nyok. 1863\u20131884: Sz. S. \u00e9s gy\u0171jt\u0151i k\u00f6r\u00e9nek sz\u00e9tsz\u00f3rt hagyat\u00e9k\u00e1t \u00f6sszegy\u0171jt\u00f6tte, szerk., bev. tanulm\u00e1nnyal \u00e9s jegyzetekkel k\u00f6zz\u00e9teszi Olosz Katalin (Bp.-Mv., 2009). <br \/><strong>Irod.:<\/strong> Benk\u0151 Samu; Er\u0151s v\u00e1runk; Ga\u00e1l; H\u00e1zsong\u00e1rd; Id\u0151t\u00e1r 2; Kelemen Lajos 2009; Kiss K\u00e1roly Sz; Koncz J\u00f3zsef; Koncz; Kriza 2; Kriza levelez\u00e9s; M\u00e1th\u00e9-Haller; M\u00c9L; Ol\u00e1h G\u00e1l 2013; Ol\u00e1h G\u00e1l R\u00f3bert: Hangulatk\u00e9p Mv.-r\u0151l (N\u00fa., 2001. szept. 8); Ol\u00e1h G\u00e1l R\u00f3bert: Bolyai Farkas \u00e9s Szab\u00f3 Samu (N\u00fa., Sz\u00ednes Vil\u00e1g, 2009. \u00e1pr. 25.); Olosz Katalin: Arany J\u00e1nos Koszor\u00faj\u00e1nak h\u00e1rom erd\u00e9lyimunkat\u00e1rsa (Sz\u00e9kelyf\u00f6ld, 6. sz., 2008.); Olosz Katalin: Ismeretlen magyar n\u00e9pballada Szab\u00f3 S\u00e1muel di\u00e1kgy\u0171jt\u0151inek hagyat\u00e9k\u00e1b\u00f3l (Kriza J\u00e1nos N\u00e9prajzi T\u00e1rsas\u00e1g \u00c9vk., 13, 2005); Olosz Katalin: 2003; Olosz K.: Szab\u00f3 S\u00e1muel \u00e9s di\u00e1kjainak folkl\u00f3rgy\u0171jt\u0151 mozgalma a XIX. sz\u00e1zad hatvanas \u00e9veiben = Mv. t\u00f6rt\u00e9net\u00e9b\u0151l; Olosz Katalin: Adatok a K\u00e9t rab \u00farfi m. ballada ismeret\u00e9nek t\u00f6rt\u00e9net\u00e9hez = K\u00f6nyvek \u00e1ltal&#8230;; Par\u00e1di; Szab\u00f3\u2013Simon\u2013Sz\u00f6gi; Szinnyei; Szinnyei J.; Thury; Todea.<\/br><\/p>\n","protected":false},"excerpt":{"rendered":"<p>Sz\u00e9kelyf\u00f6ldv\u00e1r, v. Aranyospoly\u00e1n, 1829. m\u00e1j. 16., \u2020 Kv., 1905. jan. 1.: tan\u00e1r, t\u00f6rt\u00e9net\u00edr\u00f3, n\u00e9prajzos. \u2013 Nagy P\u00e9ter 1819\u20131884. szept. 16.) ref. p\u00fcsp\u00f6k le\u00e1nya volt a feles\u00e9ge (1882. dec. 14.), nyolc gyermek anyja. Egyik fia P\u00e9ter (1867\u20131914). \u2013 Nagyenyeden v\u00e9gezte a b\u00f6lcseletet \u00e9s a jogi tanfolyamot (1836\u201348), k\u00f6zben a segesv\u00e1ri algimn.-ban (1839\u201341) n\u00e9met ismereteit m\u00e9ly\u00edtette el. [&hellip;]<\/p>\n","protected":false},"featured_media":0,"comment_status":"open","ping_status":"closed","template":"","meta":[],"product_brand":[],"product_cat":[137],"product_tag":[],"class_list":{"0":"post-21305","1":"product","2":"type-product","3":"status-publish","5":"product_cat-maros-megyei-eletrajzi-lexikon","7":"first","8":"instock","9":"shipping-taxable","10":"product-type-simple"},"_links":{"self":[{"href":"https:\/\/uj.adatbank.ro\/lexikon\/wp-json\/wp\/v2\/product\/21305","targetHints":{"allow":["GET"]}}],"collection":[{"href":"https:\/\/uj.adatbank.ro\/lexikon\/wp-json\/wp\/v2\/product"}],"about":[{"href":"https:\/\/uj.adatbank.ro\/lexikon\/wp-json\/wp\/v2\/types\/product"}],"replies":[{"embeddable":true,"href":"https:\/\/uj.adatbank.ro\/lexikon\/wp-json\/wp\/v2\/comments?post=21305"}],"wp:attachment":[{"href":"https:\/\/uj.adatbank.ro\/lexikon\/wp-json\/wp\/v2\/media?parent=21305"}],"wp:term":[{"taxonomy":"product_brand","embeddable":true,"href":"https:\/\/uj.adatbank.ro\/lexikon\/wp-json\/wp\/v2\/product_brand?post=21305"},{"taxonomy":"product_cat","embeddable":true,"href":"https:\/\/uj.adatbank.ro\/lexikon\/wp-json\/wp\/v2\/product_cat?post=21305"},{"taxonomy":"product_tag","embeddable":true,"href":"https:\/\/uj.adatbank.ro\/lexikon\/wp-json\/wp\/v2\/product_tag?post=21305"}],"curies":[{"name":"wp","href":"https:\/\/api.w.org\/{rel}","templated":true}]}}