{"id":21311,"date":"2025-07-22T19:20:26","date_gmt":"2025-07-22T17:20:26","guid":{"rendered":"https:\/\/uj.adatbank.ro\/lexikon\/termek\/szabo-t-attila-%c2%a7-szabo-torpenyi-attila\/"},"modified":"2025-07-22T19:20:26","modified_gmt":"2025-07-22T17:20:26","slug":"szabo-t-attila-%c2%a7-szabo-torpenyi-attila","status":"publish","type":"product","link":"https:\/\/uj.adatbank.ro\/lexikon\/termek\/szabo-t-attila-%c2%a7-szabo-torpenyi-attila\/","title":{"rendered":"SZAB\u00d3 T. Attila; \u00a7 Szab\u00f3 T\u00f6rp\u00e9nyi Attila"},"content":{"rendered":"<p>Feh\u00e9regyh\u00e1za, 1906. jan. 12. \u2020 Kv., 1987. m\u00e1rc. 3.).a H\u00e1zsong\u00e1rdi temet\u0151ben nyugszik: nyelv\u00e9sz, irodalom- \u00e9s m\u0171vel\u0151d\u00e9st\u00f6rt\u00e9n\u00e9sz., n\u00e9prajzkutat\u00f3. \u2013 Feles\u00e9ge dr. Cs\u00e1ti \u00c9va orvos Fiaik: Attila (1941\u2013), \u00c1d\u00e1m (1946\u2013) \u00e9s \u00c1ron (1948\u2013). Apja korai elhunyta ut\u00e1n az \u00e9desanyja \u00f6t gyermek\u00e9vel visszak\u00f6lt\u00f6z\u00f6tt D\u00e9sre, ahol tan\u00edt\u00f3n\u0151i fizet\u00e9s\u00e9b\u0151l tartotta fenn a csal\u00e1dot. A gyermekkor\u00e1t t\u00f6lt\u00f6tte D\u00e9sen \u00e9s v\u00e9gezte tanulm\u00e1nyait a gimn\u00e1ziumban, majd VII oszt\u00e1lyt\u00f3l a kv.-i Ref. Koll.-ban, ahol \u00e9retts\u00e9gizett (1924). Az egyetemi tanulm\u00e1nyait a Ref. Teol\u00f3gi\u00e1n kezdte, de nem l\u00e9pett papi p\u00e1ly\u00e1ra. Rockefeller-\u00f6szt\u00f6nd\u00edjjal Sk\u00f3ci\u00e1ban, Edinburgh \u00e9s St. Adrews egyetem\u00e9n hallgatott el\u0151ad\u00e1sokat, t\u00f6k\u00e9letes\u00edtette angol nyelvtud\u00e1s\u00e1t (1927\u201328). Hazat\u00e9rve n\u00e9h\u00e1ny h\u00f3napig a kutyfalvi D\u00e9genfeld csal\u00e1dn\u00e1l volt nevel\u0151, ugyanott helyettes lelk\u00e9sz is. A ref. teol. akad.-n ref. lelk\u00e9szi (1928), a kv.-i rom\u00e1n egy.-en m.-angol szakos tan\u00e1ri (1932), a debreceni egy.-en b\u00f6lcs\u00e9szdoktori oklevelet (1934), majd t\u00f6rt\u00e9nelemtan\u00e1ri oklevelet szerzett (1937). Kelemen Lajos \u00e9s Cs\u0171ry B\u00e1lint tan\u00e1rai nagyban befoly\u00e1solt\u00e1k k\u00e9s\u0151bbi tudom\u00e1nyos kutat\u00f3 munk\u00e1j\u00e1t. A nyelvtudom\u00e1ny doktora (1957). Nagyenyeden helyettes tan\u00e1rk\u00e9nt tan\u00edtott a Bethlen Koll. Tan\u00edt\u00f3k\u00e9pz\u0151j\u00e9ben (1930\u201332), egy \u00e9vig \u00e1ll\u00e1stalan, Zilahon a Ref. Wessel\u00e9nyi Koll.-ban helyettes tan\u00e1r (1933\u201336). Visszat\u00e9rt Kv.-ra (1936. m\u00e1rc.) mint az Erd\u00e9lyi M\u00fazeum lev\u00e9lt\u00e1ri kutat\u00f3ja, Kelemen Lajos volt tan\u00e1ra mellett. Az EME igazgat\u00f3s\u00e1gi tagj\u00e1v\u00e1 v\u00e1lasztott\u00e1k (1942. j\u00fan. 11. \u2013), b\u00f6lcs\u00e9szt-, nyelv- \u00e9s t\u00f6rt\u00e9nettud, szakoszt\u00e1ly\u00e1nak titk\u00e1ra (1940\u201348), az EME lev\u00e9lt\u00e1r\u00e1nak igazgat\u00f3ja megsz\u00fcntet\u00e9s\u00e9ig (1942. j\u00fal. 1.\u20131950). Kinevezt\u00e9k a kv.-i Ferenc J\u00f3zsef TE m. nyelv\u00e9szet nyilv\u00e1nos rendk\u00edv\u00fcli tan\u00e1r\u00e1v\u00e1 (1940. \u0151sz.), a M. Nyelvtudom\u00e1nyi Int\u00e9zet igazgat\u00f3j\u00e1v\u00e1 \u00e9s az Erd\u00e9lyi Tudom\u00e1nyos Int\u00e9zet Nyelv\u00e9szeti oszt\u00e1ly\u00e1nak is vezet\u0151je lett. Ezen int\u00e9zm\u00e9nyekben a maga \u00e9s munkat\u00e1rsai sz\u00e1m\u00e1ra tervezte: a m. nyelvj\u00e1r\u00e1sok atlasz\u00e1nak megalkot\u00e1s\u00e1t, az erd\u00e9lyi helyn\u00e9vt\u00f6rt\u00e9neti anyaggy\u0171jt\u00e9st, a nyelvj\u00e1r\u00e1si \u00e1s nyelvt\u00f6rt\u00e9neti jelens\u00e9gmonogr\u00e1fi\u00e1k szerkeszt\u00e9s\u00e9t. A 4. c\u00e9lkit\u0171z\u00e9se az Erd\u00e9lyi M. Sz\u00f3t\u00f6rt\u00e9neti T\u00e1r terve lett. Ezen feladatok \u00e9s tervek a mai napig meghat\u00e1roz\u00f3 ir\u00e1nyvonalai az erd\u00e9lyi m. nyelv\u00e9szti kutat\u00f3munk\u00e1nak. A megalakult BTE Nyelvtudom\u00e1nyi Tansz\u00e9k\u00e9nek vezet\u0151je (1945), az \u00f6tvenes \u00e9vek elej\u00e9n minden indokl\u00e1s n\u00e9lk\u00fcl elt\u00e1vol\u00edtott\u00e1k az egyetemr\u0151l (1951\u201353) \u00e9s k\u00e9t \u00e9ven \u00e1t akkord munk\u00e1sk\u00e9nt dolgozott az Akad\u00e9mia Nyelvtudom\u00e1nyi Int\u00e9zet\u00e9ben. Visszah\u00edvt\u00e1k a BTE-re, ennek megsz\u0171n\u00e9se ut\u00e1n a BBTE-en a m. nyelv- \u00e9s nyelvj\u00e1r\u00e1st\u00f6rt\u00e9net tan\u00e1ra nyugd\u00edjaz\u00e1s\u00e1ig (1954\u201371). Az erd\u00e9lyi vonatkoz\u00e1s\u00fa irodalom-, nyelv- \u00e9s tudom\u00e1nyt\u00f6rt., nyelvj\u00e1r\u00e1si, n\u00e9prajzi, hely- \u00e9s szem\u00e9lyn\u00e9vtani kutat\u00e1sai alapvet\u0151 jelent\u0151s\u00e9g\u0171ek. K\u00f6z\u00f6lt a foly\u00f3iratokban: M. Nyelv, Erd\u00e9lyi Iskola, Erd\u00e9lyi Tud. F\u00fczetek, Erd\u00e9lyi Tudom\u00e1nyos Int\u00e9zet \u00c9vk\u00f6nyve, Erd\u00e9lyi M\u00fazeum, Nyelv- \u00e9s Irodalomtudom\u00e1nyi K\u00f6zlem\u00e9nyek, Magyar Nyelv. Magyar Nyelv\u0151r, Magyar Nyelvj\u00e1r\u00e1sok, Ethnographia, Irodalomt\u00f6rt\u00e9neti K\u00f6zlem\u00e9nyek, Ref. Szemle [Kutyfalva reform\u00e1tus lakoss\u00e1ga n\u00e9pess\u00e9g- \u00e9s n\u00e9pis\u00e9gt\u00f6rt\u00e9net\u00e9nek m\u00e1sf\u00e9lsz\u00e1z \u00e9ve, 1939], Orvosi Szemle, Korunk, Utunk. Szerkesztette a debreceni M. N\u00e9pnyelv (B\u00e1rczi G\u00e9z\u00e1val, 1941\u201342), az EME-\u00e9vk\u00f6nyvek (1942\u201343); az Erd\u00e9lyi M\u00fazeum; Nyelv- \u00e9s Irodalomtudom\u00e1nyi K\u00f6zlem\u00e9nyek (1957\u201377); az Erd\u00e9lyi Tudom\u00e1nyos F\u00fczetek; az Erd\u00e9lyi Tudom\u00e1nyos Int\u00e9zet \u00c9vk\u00f6nyveit. Anyaggy\u0171jt\u0151-f\u0151szerkeszt\u0151je volt az Erd\u00e9lyi m. sz\u00f3t\u00f6rt\u00e9neti t\u00e1r-nak, az els\u0151 7 k\u00f6t. anyag\u00e1t gy\u0171jt\u00f6tte \u00e9s szerkesztette, az els\u0151 k\u00f6t. anyag\u00e1t egymaga \u00e1ll\u00edtotta \u00f6ssze. A t\u00f6bb mint m\u00e1sf\u00e9l milli\u00f3 nyelvi adal\u00e9kot tartalmaz\u00f3 c\u00e9dul\u00e1ja nemcsak nyelvt\u00f6rt\u00e9neti, de irodalom t\u00f6rt\u00e9neti, n\u00e9prajzi, vagy meteorol\u00f3giai szempontb\u00f3l is jelent\u0151s. Megjelent a 12. k\u00f6t. (2006). A M. N\u00e9prajzi T\u00e1rs. (1976) \u00e9s az MTA t. tagja (1977). Az MTA S\u00e1muel-K\u00f6bler d\u00edja (1935). Szily K\u00e1lm\u00e1n \u2013 eml\u00e9k\u00e9rem (1940), R\u00e9vai Mikl\u00f3s \u2013 eml\u00e9k\u00e9rem (1972), Rom\u00e1n Akad\u00e9mia Cipariu-d\u00edja (1975), MTA tiszteleti tagja (1977), a Magyar N\u00e9prajzi T\u00e1rsas\u00e1g Gy\u00f6rffy Istv\u00e1n-eml\u00e9k\u00e9rme (1981), Korunk Bolyai-d\u00edja (1983); a Debreceni Kossuth Lajos TE d\u00edszdoktora (1986. okt.), Pais Dezs\u0151-eml\u00e9k\u00e9rem (1986), Bethlen G\u00e1bor-d\u00edj (posztumusz, 1987), M. \u00d6r\u00f6ks\u00e9g D\u00edj (posztumusz, 1996). Feh\u00e9regyh\u00e1z\u00e1n a templomban az EME eml\u00e9kt\u00e1bl\u00e1t \u00e1ll\u00edtott az itt sz\u00fcletett nyelv\u00e9sz, tud\u00f3s kutat\u00f3nak (1966. j\u00fal. 28.). A Kv.-on alakult nyelvint\u00e9zet a Szab\u00f3 T. Attila nev\u00e9t viseli (?). \u2013 <strong><strong>F. m.<\/strong><\/strong>: K\u00f6z\u00e9p-Szamos vid\u00e9ki hat\u00e1rnevek (Kv., 1932); A helyn\u00e9vgy\u0171jt\u00e9s jelent\u0151s\u00e9ge \u00e9s m\u00f3dszere (Bp., 1934); K\u00e9ziratos \u00e9nekesk\u00f6nyveink \u00e9s verses k\u00e9zirataink a XVI-XIX. sz\u00e1zadban (Zilah, 1934); Zilah helyn\u00e9vt\u00f6rt\u00e9neti adatai a XIV-XX. sz\u00e1zadban (Kv., 1936); D\u00e9s helynevei (Kv., 1937); Nire\u015f-Sz\u00e1szny\u00edres telep\u00fcl\u00e9s-, n\u00e9pis\u00e9g-, n\u00e9pesed\u00e9s- \u00e9s helyn\u00e9vt\u00f6rt\u00e9neti viszonyai a XIII-XX. sz\u00e1zadban (Kv., 1937); Kelemen Lajos tudom\u00e1nyos munk\u00e1ss\u00e1g\u00e1nak negyven \u00e9ve (Kv., 1938); Mi\u00e9rt \u00e9s hogyan gy\u0171jts\u00fck a helyneveket (Kv., 1938); A nyelvm\u0171vel\u00e9s id\u0151szer\u0171 k\u00e9rd\u00e9sei (Kv., 1938); A kalotaszegi nagybirtokok jobb\u00e1gys\u00e1g\u00e1nak szolg\u00e1ltat\u00e1sa \u00e9s ad\u00f3z\u00e1sa (1640\u20131690) (Kv., 1940); A szem\u00e9lynevek helyneveinkben (Debrecen, 1940); Gyergy\u00f3i helynevek a XVII-XIX. sz\u00e1zadb\u00f3l (Bp., 1940); Cs\u0171ry B\u00e1lint eml\u00e9kezete (Bp., 1941; repr. 1983); \u00dajabb adatok \u00e9s p\u00f3tl\u00e1sok k\u00e9ziratos \u00e9nekesk\u00f6nyveink \u00e9s verses k\u00e9zirataink k\u00f6nyv\u00e9-szet\u00e9hez (Kv., 1942); Kalotaszeg helynevei (Kv., 1943); A kalotaszegi helyn\u00e9vanyag v\u00edzrajzi sz\u00f3kincse (Kv., 1942); Az Erd\u00e9lyi M\u00fazeum-Egyes\u00fclet t\u00f6rt\u00e9nete \u00e9s feladatai (Kv., 1941); D\u00e9s telep\u00fcl\u00e9se \u00e9s lakoss\u00e1ga (Kv., 1943); A magyar helyn\u00e9vkutat\u00e1s a XIX. sz\u00e1zadban (Kv., 1944 vagy 1943); Kolozsv\u00e1r telep\u00fcl\u00e9se a XIX. sz\u00e1zad v\u00e9g\u00e9ig (Kv., 1946); Erd\u00e9lyi n\u00e9pi mesterek \u00e9s tiszts\u00e9gvisel\u0151k a XVI-XIX. sz\u00e1zadb\u00f3l (Kv., 1947); Lev\u00e9lt\u00e1ri adatok a d\u00e9si fazekas c\u00e9h t\u00f6rt\u00e9net\u00e9hez (Kv., 1947); M. nyelv\u00e9szet (1\u20132. r\u00e9sz; F\u0151iskolai jegyzet; Kv., 1948) A kicsiny\u00edt\u0151-bec\u00e9z\u0151 k\u00e9pz\u0151k a moldvai cs\u00e1ng\u00f3 nyelvj\u00e1r\u00e1sban (A kv.-i Bolyai Tudom\u00e1nyegy. 1945\u20131955. Kv., 1956); Magyar t\u00f6rt\u00e9neti nyelvtan. 1\u20132. T\u00f6rt\u00e9neti hang \u00e9s alaktan. Egyetemi tank\u00f6nyv (Buk., 1962), A kolozsv\u00e1ri becenevek a XVI-XIX. sz\u00e1zadban (Bp., 1968); Haja, haja vir\u00e1gom. Vir\u00e1g\u00e9nekek (Buk., 1969; 1970); Anyanyelv\u00fcnk \u00e9let\u00e9b\u0151l (v\u00e1l. tan., cikkek, 1. k\u00f6t.; Buk., 1970); V\u00e1logatott tanulm\u00e1nyok, cikkek, 1\u20137. (Buk., 1970\u201385; Bp., 1988); A sz\u00f3 \u00e9s az ember (v\u00e1l. tan., cikkek, 2. k\u00f6t; Buk., 1971); Nyelv \u00e9s m\u00falt (v\u00e1l. tan., cikkek, 3. k\u00f6t.; Buk., 1972); N\u00e9p \u00e9s nyelv (v\u00e1l. tan., cikkek, 4. k\u00f6t.; Buk., 1980); Nyelv \u00e9s irodalom (v\u00e1l. tan., cikkek, 5. k\u00f6t.; Buk., 1981); Tall\u00f3z\u00e1s a m\u00faltban (v\u00e1l. tan., cikkek, 6. k\u00f6t.; Buk., 1985); Nyelv \u00e9s telep\u00fcl\u00e9s (v\u00e1l. tan., cikkek, 7. k\u00f6t.; Buk., 1988); Sz. T. A. erd\u00e9lyi t\u00f6rt\u00e9neti helyn\u00e9vgy\u0171jt\u00e9se (gondoz. Hajd\u00fa Mih\u00e1ly, Sl\u00edz Mariann; Bp., 2001\u20132006; 1.Als\u00f3feh\u00e9r megye (2001); 2. H\u00e1romsz\u00e9k (2001); 3. Szil\u00e1gymegye (2002); 4. Kisk\u00fck\u00fcll\u0151 \u00e9s Nagyk\u00fck\u00fcll\u0151 megye (2004); 5. Torda-Aranyos megye (2004); 6. Udvarhelysz\u00e9k (2005); 7. Maros-Torda megye (2005); 8. Cs\u00edk-, Gyergy\u00f3-, K\u00e1szonsz\u00e9k (2006); <strong>t\u00e1rssz.:<\/strong> Mez\u0151s\u00e9gi magyar h\u00edmz\u00e9sek. Palotay Gertr\u00faddal (Bp., 1940., Kv., 1943); Huszon\u00f6t lap \u201eKolozsv\u00e1r \u00e9s vid\u00e9ke n\u00e9pnyelvi t\u00e9rk\u00e9p\u00e9\u201d-b\u0151l (G\u00e1lffy M\u00f3zessel, M\u00e1rton Gyul\u00e1val; Kv., 1944); A kolozsmegyei Borsav\u00f6lgy helynevei. (Gergely B\u00e9l\u00e1val; Kv., 1945); A Dobokai v\u00f6lgy helynevei (Gergely B\u00e9l\u00e1val; Cluj, 1946); Nyelv \u00e9s irodalomtudom\u00e1nyi k\u00f6zlem\u00e9nyek (Kv., 1957); A Marosv\u00e1s\u00e1rhelyi Sorok (Farcz\u00e1dy Elekkel; Buk., 1957); Magyar t\u00f6rt\u00e9neti nyelvtan 3. k.: A magyar sz\u00f3kincs t\u00f6rt\u00e9nete (Buc., 1962); Kriza J\u00e1nos: H\u00e1rom tanulm\u00e1ny (Antal \u00c1rp\u00e1ddal \u00e9s Farag\u00f3 J\u00f3zseffel; Buk., 1965; Kv., 1971); Marosv\u00e1s\u00e1rhelyi sorok \u00e9s a marosv\u00e1s\u00e1rhelyi glossz\u00e1k. (Farcz\u00e1dy Elekkel; Buk., 1973); Ezerj\u00f3f\u0171. (P\u00e9ntek J\u00e1nossal; Buk., 1996; Bp., 1996); <strong>gy\u0171jtem\u00e9nyes k\u00f6t., antol\u00f3g.:<\/strong> Puszta szem\u00e9lynevek helyneveinkben = Krist\u00f3f eml\u00e9kk\u00f6nyv (Kv., 1939); Gyarmathi S\u00e1muel nyelvtudom\u00e1nyi munk\u00e1ss\u00e1ga a tudom\u00e1nyt\u00f6rt\u00e9net t\u00e1vlat\u00e1ban =Nyelv\u00e9szeti tanulm\u00e1nyok (Buk., 1983); Az erd\u00e9lyi magyar nyelv \u00e9s nyelvj\u00e1r\u00e1st\u00f6rt\u00e9neti kutat\u00e1s szempontjai \u00e9s feladatai = M\u00e1lyusz Elem\u00e9r Eml\u00e9kk\u00f6nyv (Bp., 1984); Mv. \u00e9s V\u00e1rtemploma (Bp., 1990); <strong>szerk.:<\/strong> Fi\u00e1tfalvi Gy\u00f6rgy: Verses t\u00f6red\u00e9k (1626) (kiadta Sz. T. A.; Kv., 1931); P\u00e1lffy J\u00e1nos: Magyarorsz\u00e1gi \u00e9s erd\u00e9lyi urak (sajt\u00f3 al\u00e1 rendezte; Kv., 1939; Bp., 2008); Eml\u00e9kk\u00f6nyv Kelemen Lajos sz\u00fclet\u00e9s\u00e9nek nyolcvanadik \u00e9vfordul\u00f3j\u00e1ra (Buk., 1957); Helyes\u00edr\u00e1si t\u00e1j\u00e9koztat\u00f3. (A szab\u00e1lyzati r\u00e9szt Szab\u00f3 T. Attila gondozta, a sz\u00f3t\u00e1ri r\u00e9szt G\u00e1lffy M\u00f3zes, Kelemen B\u00e9la, M\u00e1rton Gyula szerkesztette. Buk., 1969); Ballad\u00e1k k\u00f6nyve: \u00c9l\u0151 hazai magyar n\u00e9pballad\u00e1k (Kall\u00f3s Zolt\u00e1n gy\u0171jt\u00e9se; Sz. T. A. gondoz\u00e1s\u00e1ban; Buk., 1970; 1971); Haja, haja vir\u00e1gom. Vir\u00e1g\u00e9nekek. bev., gondozta, (Buk., 1969; 1970; Kv., 2006); Helyes\u00edr\u00e1si t\u00e1j\u00e9koztat\u00f3 (gondozta; Buk., 1969); Erd\u00e9lyi magyar sz\u00f3t\u00f6rt\u00e9neti t\u00e1r. 1 \u2013 13. (anyag\u00e1t gy\u0171jt\u00f6tte \u00e9s szerk. A sz\u00f3cikkeket rom\u00e1nul Kelemen B\u00e9la, n\u00e9met\u00fcl Nagy Jen\u0151 \u00e9rtelmezte, Sz. Cs\u00e1ti \u00c9va (eg\u00e9szs\u00e9g\u00fcgy) \u00e9s Szab\u00f3 T. E. Attila (biol\u00f3gia) k\u00f6zrem\u0171k\u00f6d\u00e9s\u00e9vel. Az anyagrendez\u00e9st Szab\u00f3 T. Judit v\u00e9gezte. 1.k., Buk., 1975, 2. k. Buk., 1978; 3. k. Buk., 1982, 4. k. Buk., 84; 5 k., Buk.-Bp., 1993; 6. k\u00f6t. Buk.-Bp., 1993; 7. k\u00f6t., Buk.-Bp., 1995; 8. k\u00f6t., Buk.-Bp., 1996; 9. k\u00f6t., Buk.-Bp., 1997.; \u20132009); Kelemen Lajos: M\u0171v\u00e9szett\u00f6rt\u00e9neti tanulm\u00e1nyok (el\u0151sz\u00f3; Buk., 1977); Magyar helyes\u00edr\u00e1si sz\u00f3t\u00e1r (Buk., 1978). \u2013 Irod.: 110 \u00e9ve sz\u00fcletett Sz. T. Attila nyelv\u00e9sz, irodalomt\u00f6rt\u00e9n\u00e9sz = Sz\u00e9kely F.; Aranykorszak; Bajor Andor: Bet\u0171vet\u0151k becs\u00fclete (Kv., 1996); Balassa Iv\u00e1n: Sz. T. A., 1906\u20131987: Erd\u00e9ly nagy nyelvtud\u00f3sa (Bp., 1996); Bartha J\u00e1nos: Sz. T. A. trag\u00e9di\u00e1ja (N\u00fa., M\u00fazsa, 48. sz., 1992. m\u00e1rc. 26.); Benk\u0151 Samu: Sz. T. A. m\u0171helyei = Erd\u00e9lyi csillagok: \u00dajabb arcok; Cseke P\u00e9ter: , aki erd\u00e9lyi szavakb\u00f3l \u00e9p\u00edtett katedr\u00e1list (Helikon, 2011. aug. 10.); Dubovitz; Az EME h\u00e1romnegyedsz\u00e1zados tudom\u00e1nyos m\u0171k\u00f6d\u00e9se (Kv., 1937); Encyc. Hung.; Erd\u00e9lyi L 2009, fot\u00f31974; Erd\u00e9lyi panteon; Fornade; F\u00fcl\u00f6p\u2013Ferencz; Ga\u00e1l Gy.; Halasy; H\u00e1zsong\u00e1rd; A H\u00e9t, 3. sz., 2003. jan. 23.; Hivat\u00e1s \u00e9s tudom\u00e1ny; In memoriam Sz. T. A. (N\u00fa., M\u00fazsa, 256. sz., 1996. aug. 2.); K\u00e1d\u00e1r Zsombor: Nyelv\u00fcnk tud\u00f3s kutat\u00f3ja = K\u00e1d\u00e1r Zsombor: Sz\u00e9kelyf\u00f6ldi erd\u00e9szeti arck\u00e9pcsarnok (Bp., 1999); K\u00e1ntor\u2013L\u00e1ng; Korunk, 10. sz., 2006; KM\u00cd; Kusz\u00e1lik; L. Balogh B\u00e9ni: \u201e Erd\u00e9ly elv\u00e1rja fiait\u00f3l, hogy teljes\u00edtse mindenki a maga k\u00f6teless\u00e9g\u00e9t\u201d. M\u00c9L; Nagy P\u00e1l: Itthoni k\u00f6nyv.; Sz. T. A.: \u201e &#8230;lev\u00e9lt\u00e1ri kutat\u00f3 maradtam\u201d (N\u00fa., M\u00fazsa, 256. sz., 1996. aug. 2.); P\u00e1ll \u00c1rp\u00e1d: \u201eA gazdag sz\u00f3t\u00e1r \u00e1muldoztat el mindannyiunkat&#8230;\u201d (\u00daj \u00c9let, 1982, 22. sz.); R\u00e9thy\u2013\u00dajv\u00e1ri\u2013V\u00e1czi, Sz. T. A. p\u00e1lyak\u00e9pe \u00e9s \u00f6nvallom\u00e1sa (Bp., 1996); R\u00e9thy\u2013V\u00e1czy; RMIL; T\u00f3th-G\u00e1bor; \u00daM\u00c9L; Valentiny 1937.<\/br><\/p>\n","protected":false},"excerpt":{"rendered":"<p>Feh\u00e9regyh\u00e1za, 1906. jan. 12. \u2020 Kv., 1987. m\u00e1rc. 3.).a H\u00e1zsong\u00e1rdi temet\u0151ben nyugszik: nyelv\u00e9sz, irodalom- \u00e9s m\u0171vel\u0151d\u00e9st\u00f6rt\u00e9n\u00e9sz., n\u00e9prajzkutat\u00f3. \u2013 Feles\u00e9ge dr. Cs\u00e1ti \u00c9va orvos Fiaik: Attila (1941\u2013), \u00c1d\u00e1m (1946\u2013) \u00e9s \u00c1ron (1948\u2013). Apja korai elhunyta ut\u00e1n az \u00e9desanyja \u00f6t gyermek\u00e9vel visszak\u00f6lt\u00f6z\u00f6tt D\u00e9sre, ahol tan\u00edt\u00f3n\u0151i fizet\u00e9s\u00e9b\u0151l tartotta fenn a csal\u00e1dot. A gyermekkor\u00e1t t\u00f6lt\u00f6tte D\u00e9sen \u00e9s v\u00e9gezte tanulm\u00e1nyait [&hellip;]<\/p>\n","protected":false},"featured_media":0,"comment_status":"open","ping_status":"closed","template":"","meta":[],"product_brand":[],"product_cat":[137],"product_tag":[],"class_list":{"0":"post-21311","1":"product","2":"type-product","3":"status-publish","5":"product_cat-maros-megyei-eletrajzi-lexikon","7":"first","8":"instock","9":"shipping-taxable","10":"product-type-simple"},"_links":{"self":[{"href":"https:\/\/uj.adatbank.ro\/lexikon\/wp-json\/wp\/v2\/product\/21311","targetHints":{"allow":["GET"]}}],"collection":[{"href":"https:\/\/uj.adatbank.ro\/lexikon\/wp-json\/wp\/v2\/product"}],"about":[{"href":"https:\/\/uj.adatbank.ro\/lexikon\/wp-json\/wp\/v2\/types\/product"}],"replies":[{"embeddable":true,"href":"https:\/\/uj.adatbank.ro\/lexikon\/wp-json\/wp\/v2\/comments?post=21311"}],"wp:attachment":[{"href":"https:\/\/uj.adatbank.ro\/lexikon\/wp-json\/wp\/v2\/media?parent=21311"}],"wp:term":[{"taxonomy":"product_brand","embeddable":true,"href":"https:\/\/uj.adatbank.ro\/lexikon\/wp-json\/wp\/v2\/product_brand?post=21311"},{"taxonomy":"product_cat","embeddable":true,"href":"https:\/\/uj.adatbank.ro\/lexikon\/wp-json\/wp\/v2\/product_cat?post=21311"},{"taxonomy":"product_tag","embeddable":true,"href":"https:\/\/uj.adatbank.ro\/lexikon\/wp-json\/wp\/v2\/product_tag?post=21311"}],"curies":[{"name":"wp","href":"https:\/\/api.w.org\/{rel}","templated":true}]}}