{"id":21325,"date":"2025-07-22T19:20:56","date_gmt":"2025-07-22T17:20:56","guid":{"rendered":"https:\/\/uj.adatbank.ro\/lexikon\/termek\/szacsvay-karolyne-sz-terenyi-lilla\/"},"modified":"2025-07-22T19:20:56","modified_gmt":"2025-07-22T17:20:56","slug":"szacsvay-karolyne-sz-terenyi-lilla","status":"publish","type":"product","link":"https:\/\/uj.adatbank.ro\/lexikon\/termek\/szacsvay-karolyne-sz-terenyi-lilla\/","title":{"rendered":"SZACSVAY K\u00e1rolyn\u00e9, sz. Ter\u00e9nyi Lilla"},"content":{"rendered":"<p>1912?, \u2020 G\u00f6d\u00f6ll\u0151, 2008. m\u00e1rc. 20. Temet\u00e9se Mv.-en (2008. m\u00e1j. 8.): zongoratan\u00e1rn\u0151. \u2013 Testv\u00e9re: Ter\u00e9nyi Ede zeneszerz\u0151. \u2013 A mv.-i Szentgy\u00f6rgyi Istv\u00e1n Sz\u00ednm\u0171v\u00e9szeti Int\u00e9zetben volt korrepetitor. \u00c9ghy Ghysa mellett a balett \u00e9s t\u00f6rt\u00e9nelmi t\u00e1ncok, majd S\u0151t\u00e9r L\u00e1szl\u00f3 Ilona \u00e9nektan\u00e1rn\u0151 \u00e9s Szab\u00f3 Csaba mellett vett r\u00e9szt az \u00e9nekoktat\u00e1sban. A St\u00fadi\u00f3 Sz\u00ednh\u00e1z zen\u00e9s el\u0151ad\u00e1saiban is k\u00f6zrem\u0171k\u00f6d\u00f6tt: Rome\u00f3 \u00e9s Julia (1974) a b\u00e1li t\u00e1nc-jelenetet k\u00eds\u00e9rte \u00e9s korrepet\u00e1lta; Sz\u00ednes szil\u00e1nkok (\u00e9nek \u00e9s t\u00e1ncsz\u00e1mokat k\u00eds\u00e9rt, r\u00e9szt vett a betan\u00edt\u00e1sban; rendez\u0151: Kov\u00e1cs Levente, 1972); Egy szerelem h\u00e1rom \u00e9jszak\u00e1ja (m. musical-ben zongor\u00e1zott, (Rendez\u0151: Lohinszky L\u00f3r\u00e1nd \u00e9s Kov\u00e1cs Levente, \u20131976); Brecht: Kur\u00e1zsi mama (a dalokat a csemball\u00f3s hangz\u00e1s kedv\u00e9\u00e9rt az \u00e1ltala rajzsz\u00f6gekkel prepar\u00e1lt zongor\u00e1n k\u00eds\u00e9rte, 1977). A Nemzeti Sz\u00ednh\u00e1zban Az eml\u00e9kek k\u00e1v\u00e9h\u00e1za c\u00edm\u0171 el\u0151ad\u00e1somban az \u00f6ttag\u00fa zenekarban zongor\u00e1zott (zenei vezet\u0151 S\u00e1rossy Endre volt, a zenekarban Seres Buci is j\u00e1tszott). 1982\u201384 k\u00f6z\u00f6tt k\u00f6zel 170 el\u0151ad\u00e1st j\u00e1tszott v\u00e9gig, b\u00e1r f\u00e1jtak m\u00e1r az \u00edz\u00fcletei \u00e9s a sz\u00edv\u00e9vel is voltak probl\u00e9m\u00e1i, de f\u00e1radhatatlan, munkam\u00e1ni\u00e1s sz\u00ednh\u00e1zi ember volt, aki a sz\u00edn\u00e9szeket \u00e9s hallgat\u00f3kat gyakran pr\u00f3b\u00e1k ut\u00e1n m\u00e9g hazavitte \u00e9s tov\u00e1bb foglalkozott vel\u00fck, t\u00f6bb v\u00e9gzett \u00e9s befutott sz\u00edn\u00e9sznek tartott mag\u00e1n\u00f3r\u00e1kat (pl. olyan szt\u00e1rnak is, mint Szil\u00e1gyi Enik\u0151). Kiv\u00e1l\u00f3 pedag\u00f3giai \u00e9rz\u00e9kkel \u00e9s t\u00fcrelemmel tan\u00edtott \u00e9neket (pl. az el\u00e9g szer\u00e9ny k\u00e9pess\u00e9g\u0171 \u00e9s el\u0151k\u00e9pzetts\u00e9g\u0171 fiamnak \u00e9veken \u00e1t adott mag\u00e1n\u00f3r\u00e1kat (Vaccai-m\u00f3dszer szerint), melynek eredm\u00e9nyek\u00e9nt k\u00e9s\u0151bb, nagyv\u00e1radi sz\u00edn\u00e9szk\u00e9nt t\u00f6bb musicalben, zen\u00e9s darabban j\u00e1tszott f\u0151szerepeket. K\u00e9pes volt hossz\u00fa \u00f3r\u00e1kon \u00e1t f\u00e1radhatatlanul korrepet\u00e1lni a koreogr\u00e1fi\u00e1k be\u00e1ll\u00edt\u00e1s\u00e1t (pl. Kelemen Ferenc koreogr\u00e1fus mellett k\u00f6zel h\u00e1rom h\u00f3napon \u00e1t az Eml\u00e9kek k\u00e1v\u00e9h\u00e1za neh\u00e9z t\u00e1ncait. M\u00f3dszeres, lelkes, alapos pedag\u00f3gusi munk\u00e1ja (mely messze t\u00falmutatott egy korrepetitori munkak\u00f6r el\u0151\u00edr\u00e1sain) \u00e9vekig hi\u00e1nyzott a f\u0151iskola k\u00e9pz\u00e9sb\u0151l). \u00c9lete v\u00e9ge fel\u00e9 sokat betegeskedett. Egyik l\u00e1nya Gergely J\u00e1nos gy\u00f3gyszer\u00e9szhez ment feles\u00e9g\u00fcl (volt oszt\u00e1lyt\u00e1rsam a m\u00e9g fi\u00fagimn\u00e1ziumk\u00e9nt m\u0171k\u00f6d\u0151 r\u00e9gi Bolyaiban-Ranghet Iosif l\u00edceum), akivel kitelepdtek Magyaro.-ra, tudom\u00e1som szerint Lilla n\u00e9nit is kivitt\u00e9k. Szacsvay Lill\u00e1t a Marosv\u00e1s\u00e1rhelyen meggy\u00f6kerez\u0151 \u00e9s ki\u00e9p\u00fcl\u0151 sz\u00edn\u00e9szk\u00e9pz\u00e9s emblematikus alakjak\u00e9nt tarthatjuk sz\u00e1mon. Volt di\u00e1kjai \u00e9s volt koll\u00e9g\u00e1i (sajnos egyre kevesebben vannak-vagyunk) szeretettel \u0151rizz\u00fck eml\u00e9k\u00e9t. A ballag\u00f3 di\u00e1kok rendszeresen \u00e9jjeli zen\u00e9vel kerest\u00e9k fel, b\u00facs\u00faztak t\u0151le, s eml\u00e9kezetesek voltak n\u00e1la a h\u00fasv\u00e9ti \u00f6nt\u00f6z\u00e9sek is. A r\u00e9gi V\u00f6r\u00f6smarty (ma M\u0103r\u0103\u015fti) utc\u00e1ban kedves kis csal\u00e1di h\u00e1z\u00e1t lebuld\u00f3zerolt\u00e1k, <br \/><strong>Irod.:<\/strong> Kov\u00e1cs Levente \u00e9s Elekes M\u00e1rta t\u00e1j\u00e9koztat\u00f3ja; [Nekrol\u00f3g] (N\u00fa., 2008. m\u00e1rc. 19.).<\/br><\/p>\n","protected":false},"excerpt":{"rendered":"<p>1912?, \u2020 G\u00f6d\u00f6ll\u0151, 2008. m\u00e1rc. 20. Temet\u00e9se Mv.-en (2008. m\u00e1j. 8.): zongoratan\u00e1rn\u0151. \u2013 Testv\u00e9re: Ter\u00e9nyi Ede zeneszerz\u0151. \u2013 A mv.-i Szentgy\u00f6rgyi Istv\u00e1n Sz\u00ednm\u0171v\u00e9szeti Int\u00e9zetben volt korrepetitor. \u00c9ghy Ghysa mellett a balett \u00e9s t\u00f6rt\u00e9nelmi t\u00e1ncok, majd S\u0151t\u00e9r L\u00e1szl\u00f3 Ilona \u00e9nektan\u00e1rn\u0151 \u00e9s Szab\u00f3 Csaba mellett vett r\u00e9szt az \u00e9nekoktat\u00e1sban. A St\u00fadi\u00f3 Sz\u00ednh\u00e1z zen\u00e9s el\u0151ad\u00e1saiban is k\u00f6zrem\u0171k\u00f6d\u00f6tt: Rome\u00f3 [&hellip;]<\/p>\n","protected":false},"featured_media":0,"comment_status":"open","ping_status":"closed","template":"","meta":[],"product_brand":[],"product_cat":[137],"product_tag":[],"class_list":{"0":"post-21325","1":"product","2":"type-product","3":"status-publish","5":"product_cat-maros-megyei-eletrajzi-lexikon","7":"first","8":"instock","9":"shipping-taxable","10":"product-type-simple"},"_links":{"self":[{"href":"https:\/\/uj.adatbank.ro\/lexikon\/wp-json\/wp\/v2\/product\/21325","targetHints":{"allow":["GET"]}}],"collection":[{"href":"https:\/\/uj.adatbank.ro\/lexikon\/wp-json\/wp\/v2\/product"}],"about":[{"href":"https:\/\/uj.adatbank.ro\/lexikon\/wp-json\/wp\/v2\/types\/product"}],"replies":[{"embeddable":true,"href":"https:\/\/uj.adatbank.ro\/lexikon\/wp-json\/wp\/v2\/comments?post=21325"}],"wp:attachment":[{"href":"https:\/\/uj.adatbank.ro\/lexikon\/wp-json\/wp\/v2\/media?parent=21325"}],"wp:term":[{"taxonomy":"product_brand","embeddable":true,"href":"https:\/\/uj.adatbank.ro\/lexikon\/wp-json\/wp\/v2\/product_brand?post=21325"},{"taxonomy":"product_cat","embeddable":true,"href":"https:\/\/uj.adatbank.ro\/lexikon\/wp-json\/wp\/v2\/product_cat?post=21325"},{"taxonomy":"product_tag","embeddable":true,"href":"https:\/\/uj.adatbank.ro\/lexikon\/wp-json\/wp\/v2\/product_tag?post=21325"}],"curies":[{"name":"wp","href":"https:\/\/api.w.org\/{rel}","templated":true}]}}