{"id":2135,"date":"2025-06-28T12:04:53","date_gmt":"2025-06-28T10:04:53","guid":{"rendered":"https:\/\/uj.adatbank.ro\/lexikon\/termek\/bandi-dezso-%c2%a7\/"},"modified":"2025-06-28T12:04:53","modified_gmt":"2025-06-28T10:04:53","slug":"bandi-dezso-%c2%a7","status":"publish","type":"product","link":"https:\/\/uj.adatbank.ro\/lexikon\/termek\/bandi-dezso-%c2%a7\/","title":{"rendered":"BANDI Dezs\u0151, \u00a7"},"content":{"rendered":"<p>Magyars\u00e1ros, 1919. okt. 7., \u2020 B\u00e9k\u00e9scsaba, 2005. j\u00fan. 23., temet\u00e9se Mv.- en: iparm\u0171v\u00e9sz, szobr\u00e1sz, keramikus, n\u00e9pm\u0171vel\u0151, n\u00e9prajzkutat\u00f3. \u2013 B. J\u00f3zsef g\u00e9p\u00e9sz \u00e9s Iszlai Etelka fia. Feles\u00e9ge: Sikl\u00f3di Katalin tan\u00edt\u00f3n\u0151. Le\u00e1nyuk: Katalin, ruhatervez\u0151 iparm\u0171v\u00e9sz. \u2013 Elemi \u00e9s \u00e1ltal\u00e1nos iskol\u00e1t Magyars\u00e1roson \u00e9s a sz\u00e9kelykereszt\u00fari Unit. Gimn.-ban v\u00e9gezte, itt Bene J\u00f3zsef volt a k\u00e9zimunka- \u00e9s Moln\u00e1r Istv\u00e1n a t\u00f6rt\u00e9nelem tan\u00e1ra, m\u00e1r ekkor minden tan\u00e9v v\u00e9g\u00e9n ki\u00e1ll. \u2013t rendezett faragv\u00e1nyaib\u00f3l. A kv.-i Unit. Koll.-ban \u00e9retts\u00e9gizett (1941). A bp.-i Bolyai Koll.-ban kapott elhelyez\u00e9st, ill. a Gy\u00f6rfi Istv\u00e1n N\u00e9pi Koll.-ban, a K\u00e9pz\u0151m\u0171v\u00e9szeti F\u0151iskol\u00e1n Sidl\u00f3 Ferencn\u00e9l tanult szobr\u00e1szatot, de nem diplom\u00e1zhatott a h\u00e1bor\u00fa miatt (1941\u201344). M\u00e9g f\u0151iskol\u00e1s kor\u00e1ban megb\u00edz\u00e1st kapott az udvarhelysz\u00e9ki Ab\u00e1sfalva \u00e9s Rava vh.-s eml\u00e9km\u0171v\u00e9nek megalkot\u00e1s\u00e1ra (1943\u201344). N\u00e9pm\u0171v\u00e9szetet tan\u00edtott az \u00c1llami Tan\u00edt\u00f3k\u00e9pz\u0151 Int\u00e9zetben (1944\u201348). Helyettes rajztan\u00e1r Mv.-en a Ref. Koll.-ban (1945. jan. \u2013 1956. szept.), n\u00e9pm\u0171v\u00e9szeti szakir\u00e1ny\u00edt\u00f3 a mv.-i N\u00e9pi Alkot\u00e1sok Tartom\u00e1nyi\/Megyei H\u00e1z\u00e1ban, ahonnan t\u00e1voznia kellett az igazgat\u00f3 miatt (1956\u201368); a M. N\u00e9pm\u0171v\u00e9szeti Sz\u00f6vetkezet m\u0171v\u00e9szeti, m\u00f3dszertani vezet\u0151je (1968\u201373); a Kisipari Sz\u00f6vetkezetek Marosmegyei Sz\u00f6vets\u00e9ge formatervez\u0151 iparm\u0171v\u00e9sze nyugd\u00edjaz\u00e1s\u00e1ig (1973\u201379). Farag\u00f3 tanfolyamot ind\u00edtott (1991). M\u0171v\u00e9szi ker\u00e1mi\u00e1val \u00e9s a hagyom\u00e1nyos h\u00e1ziipari mesters\u00e9gek \u00e9s a falusi ember m\u0171v\u00e9szi adotts\u00e1gainak serkent\u00e9s\u00e9vel \u00e9s ir\u00e1ny\u00edt\u00e1s\u00e1val foglalkozott. \u00daj alapokra helyezte hat\u00e1sk\u00f6r\u00e9ben az \u00f6ntev\u00e9keny m\u0171kedvel\u0151 mozgalmakat. Maros, Hargita \u00e9s Kov\u00e1szna megy\u00e9ben m\u00e1r 170 n\u00e9pi alkot\u00e1si k\u00f6rt ir\u00e1ny\u00edtott, t\u00f6bb mint ezer taggal. M\u0171v\u00e9szeti t\u00f6megmozgalm\u00e1nak c\u00e9lja a korszer\u0171 otthonk\u00e9p kialak\u00edt\u00e1sa \u00e9s az ember m\u0171v\u00e9szi alkot\u00f3k\u00e9szs\u00e9geinek \u00e1pol\u00e1sa a mai felt\u00e9telek k\u00f6zt. Sz\u00f6v\u00e9s, fon\u00e1s, k\u00f6t\u00e9s, varr\u00e1s, csipkever\u00e9s, szalmafon\u00e1s, gy\u00e9k\u00e9nyk\u00f6t\u0151, ker\u00e1mia, na\u00edv fest\u00e9szet, fafarag\u00e1s tanfolyam \u00e9s t\u00e1bor szervez\u0151je \u00e9s vezet\u0151je. A Pedag\u00f3giai \u00e9s M\u0171v\u00e9szeti L\u00edc. Tanul\u00f3ival n\u00e9pdalgy\u0171jt\u0151 k\u00f6rutat szervezett (1970). A v\u00e1rosi m\u0171kedvel\u00e9st is igyekezett eredeti alkot\u00e1ss\u00e1 fejleszteni, a naiv m\u0171v\u00e9szeti \u00e1gak: fest\u00e9szet, szobr\u00e1szat \u00e9s a szellemi n\u00e9prajz hagyom\u00e1nyainak felkarol\u00e1s\u00e1ra \u00e9s felfriss\u00edt\u00e9s\u00e9re v\u00e1llalkozott. \u00cdr\u00e1saival, tervez\u0151- \u00e9s tan\u00e1csad\u00f3 munk\u00e1j\u00e1val hat\u00e9konyan j\u00e1rult hozz\u00e1 az erd\u00e9lyi n\u00e9pi kult\u00fara hagyom\u00e1nyainak f\u00f6l\u00e9leszt\u00e9s\u00e9hez. Ifj\u00fas\u00e1gi szobr\u00e1szt\u00e1bort szervezett \u00e9s vezetett a szov\u00e1tai Teleki Oktat\u00e1si K\u00f6zpontban (1993\u20132003). \u00d6tlete alapj\u00e1n Magyars\u00e1roson falum\u00fazeumot l\u00e9tes\u00edtettek (1996). Cikkei a n\u00e9pi t\u00e1nc, dal, t\u00e1rgyi n\u00e9pm\u0171v\u00e9szet, n\u00e9pszok\u00e1sok, m\u0171kedvel\u0151i-m\u00f3dszertani t\u00e1j\u00e9koztat\u00f3kra vonatkoznak, a V. Z. N\u00e9prajzi rovat\u00e1nak vezet\u0151je (1968\u201375). Havonta egyszer a mv.-i V. Z., napilapban egyed\u00fcl\u00e1ll\u00f3 sorozatot ind\u00edtott, amelyben tipogr\u00e1fiailag is addig ismeretlen ig\u00e9nyess\u00e9ggel, rajzokkal illusztr\u00e1lva mutatta be Maros megye csod\u00e1latos \u00e9rt\u00e9keit (1969\u201383 k\u00f6z\u00f6t hatalmi sz\u00f3val betiltott\u00e1k. K\u00f6z\u00f6lt: A H\u00e9t, Utunk, El\u0151re, M\u0171vel\u0151d\u00e9s, V. Z., majd N\u00fa. [ir\u00e1nytm\u00fatat\u00f3 <strong>Cikke:<\/strong> N\u00e9pm\u0171v\u00e9szeti hagyom\u00e1nyok \u00e9s \u00faj\u00edt\u00e1sok a k\u00f6zm\u0171vel\u0151d\u00e9sben, n\u00e9prajzban, antropol\u00f3gi\u00e1ban, politik\u00e1ban \u00e9s a val\u00f3s\u00e1gban (N\u00fa., 1998. m\u00e1rc. 3. \u20134)], Falvak Dolgoz\u00f3 N\u00e9pe, Hargita, Korunk c. lapokban. Szerkesztette: a Naiv m\u0171v\u00e9szek ki\u00e1ll\u00edt\u00e1si katal\u00f3gus\u00e1t (1970), a Marosmegyei M\u0171vel\u0151d\u00e9si Bizotts\u00e1g f\u00fczeteit (A falu n\u00f3t\u00e1ja: Magyar\u00f3 n\u00e9pdalaib\u00f3l, Tiszta b\u00faz\u00e1b\u00f3l: Ny\u00e1r\u00e1dk\u00f6szv\u00e9nyes n\u00e9pdalaib\u00f3l, Szerelem, szerelem: Backamadaras n\u00e9pdalaib\u00f3l, 1970), Unit\u00e1rius Falinapt\u00e1r (1982, 1988). \u00d6n\u00e1ll\u00f3 iparm\u0171v\u00e9szeti munk\u00e1i a n\u00e9pi mot\u00edvumkincsre alapoz\u00f3 ker\u00e1mi\u00e1k \u00e9s sz\u0151nyegek. A K\u00e9pz\u0151m\u0171v\u00e9szeti Alap, a Rom\u00e1n K\u00e9pz\u0151m\u0171v\u00e9szek Sz\u00f6vets\u00e9ge tagja. A bp.-i k\u00f6zm\u0171vel\u0151d\u00e9si \u00c9letfa- d\u00edj birtokosa (1994). A M. K\u00f6zt\u00e1rsas\u00e1g eln\u00f6ke arany\u00e9remmel t\u00fcntette ki 80. sz\u00fclet\u00e9snapj\u00e1n (1999. okt. 8), az EMKE d\u00edszoklevelet adom\u00e1nyozott neki (1999. nov. 2.). Magyars\u00e1ros d\u00edszpolg\u00e1r\u00e1v\u00e1 avatt\u00e1k (2002. dec.). A magyars\u00e1rosi falum\u00fazeum (2006. aug.) \u00e9s az iskola B. D. nev\u00e9t vette fel (2007. j\u00fan. 15.). B. D.-ifj\u00fas\u00e1gi-farag\u00f3t\u00e1bor m\u0171k\u00f6dik Szov\u00e1t\u00e1n (2008. aug. \u2013). Szov\u00e1t\u00e1n a Teleki Oktat\u00e1si K\u00f6zpont (TOK), digit\u00e1liz\u00e1lta a B. D. hagyat\u00e9kot (2010), ami ig\u00e9nybe vehet\u0151. \u2013 <strong>F. m.:<\/strong> <strong>t\u00e1rssz.:<\/strong> Teremt\u0151 \u00f6nv\u00e9delem : az erd\u00e9lyi magyar naivok \u00e9s \u00e1br\u00e1zol\u00f3 n\u00e9pi mesterek m\u0171v\u00e9szete (Bp., 1995); szerk: Tiszta b\u00faz\u00e1b\u00fal: Ny\u00e1r\u00e1dk\u00f6szv\u00e9nyesi n\u00e9pdalok (Verest\u00f3y Ilon\u00e1val \u00e9s Szab\u00f3 Csab\u00e1val; Mv., 1970), A falu n\u00f3t\u00e1ja: Magyar\u00f3i n\u00e9pdalok (Rozsnyai Enik\u0151vel, Nagy G\u00e9z\u00e1val, Szab\u00f3 Csab\u00e1val; Mv., 1970), Szerelem, szerelem.: Backamadarasi n\u00e9pdalok. (Verest\u00f3y Ilon\u00e1val \u00e9s Szab\u00f3 Csab\u00e1val; Mv. 1970). <strong>F. ki\u00e1ll.:<\/strong> A Barab\u00e1s Mikl\u00f3s C\u00e9h (Kv.; Nagyb\u00e1nya, Mv., 1941); Buk. (ker\u00e1mia, 1954); Kv., (1957, 1958, 1963); Cs\u00edkszereda (1965, 1967); Nagyszalonta (ker\u00e1mia, falisz\u0151nyeg, 1968); Mv. Megyei ki\u00e1ll\u00edt\u00e1sok (ker\u00e1mia); Alkot\u00e1sai: vh.-s eml\u00e9km\u0171 (Ab\u00e1sfalva, Hargita m., Rava, Maros m., 1943\u201344); sz\u00fcl\u0151faluj\u00e1ban Magyars\u00e1roson kopjaf\u00e1s faragott eml\u00e9km\u0171 a k\u00e9t vh. \u00e1ldozatainak eml\u00e9k\u00e9re, ugyanitt az unit. templom bej\u00e1rat\u00e1t \u00e9s a tempomkert kapuj\u00e1t faragta (1979); Mv-en a Szabads\u00e1g-\u00fati ref. templom sz\u00f3sz\u00e9ke \u00e9s a hozz\u00e1tartoz\u00f3 b\u00fatorzat; Cserealjai ref. templom eml\u00e9koszlopa, kapuja; Mez\u0151paniton a ref. templombels\u0151 d\u00edszei; a magyars\u00e1rosi unit. templom eml\u00e9koszlopa, kapuja; a sz\u00e1szcs\u00e1v\u00e1si templom karzata; s\u00f6v\u00e9nyfalvi, k\u00fck\u00fcll\u0151domb\u00f3i, havad\u0151i, kelementelki templomok kapuja. A korondi unit\u00e1rius templom kertj\u00e9ben kopjaf\u00e1t \u00e1ll\u00edtottak eml\u00e9k\u00e9re (2006); Magyars\u00e1roson felavatt\u00e1k a B. D. Falum\u00fazeumot (2006. aug. 20.) \u00e9s sz\u00fcl\u0151h\u00e1z\u00e1n eml\u00e9kt\u00e1bl\u00e1t avattak; B. D. Eml\u00e9kt\u00e1bor Cs\u00edtszentiv\u00e1non (2011. j\u00fan.-j\u00fal.). <br \/><strong>Irod.:<\/strong> artportal; Banner Zolt\u00e1n: Modern n\u00e9pi iparm\u0171v\u00e9szet (Korunk 1965\/3); Banner Zolt\u00e1n: B. D. iskol\u00e1ja (Kritika, Bp. 1971\/4); Banner Zolt\u00e1n: Csillagfarag\u00f3k (Buk., 1972.); Banner 1995; B\u00f6lcs\u0151ringat\u00f3; B\u00f6l\u00f6ni Domokos: \u201eSzobr\u00e1szm\u0171v\u00e9sznek k\u00e9sz\u00fcltem\u201d: B. D. 75 \u00e9ves (N\u00fa., M\u00fazsa, 169. sz., 1994. okt. 13.); B\u00f6l\u00f6ni Domokos: \u201eBokraink k\u00f6zt m\u00e1r az \u0151sz barangol\u201d ((N\u00fa., 1999. okt. 7); B\u00f6l\u00f6ni S\u00e1ndor: A romantik\u00e1n t\u00fal. Interj\u00fa B. D. n\u00e9pnevel\u0151vel (Bihari Napl\u00f3 1973. okt.); Igaz Sz\u00f3 \u00c9vk. (1984); Kelemen Imre; KKACs; Koch M\u00e1ria: Interj\u00fa B. D. k\u00e9pz\u0151m\u0171v\u00e9szszel (V. Z., 1966. febr. 5.; 1968. jan. 27.); Kusz\u00e1lik; Lokodi Imre: B. D. m\u0171hely\u00e9ben (N\u00fa., 1998. nov. 13.); A. Lupu: B. D., un prestigios artist \u015fi etnograf (Steaua Ro\u015fie, 1973. febr. 17.); Marosi Ildik\u00f3: Most keramikus vagyok (A H\u00e9t, 1981. szept. 4.); Marosi Ildik\u00f3: A n\u00e9pm\u0171v\u00e9szet szervez\u0151je (\u00daj T\u00fck\u00f6r, 1988. \u00e1pr. 24.); M\u00e1th\u00e9 \u00c9va: Egy megsz\u00e1llott n\u00e9pm\u0171vel\u0151 az id\u0151k forgatag\u00e1ban: besz\u00e9lget\u00e9s B. D.-vel (Sz\u00e9kelyf\u00f6ld, 12. sz., 1998); MNBK; Moln\u00e1r; [Nekrol\u00f3g](N\u00fa., 2005. j\u00fan. 24.; 2005. j\u00fan. 23.); Pelin; RepM; RMIL; RMKK; R\u00daL; Sk\u00f3la; Szab\u00f3 K. Attila; Sz\u00e9kely Ferenc: Piros nyelv\u0171 kuty\u00e1k a kemnc\u00e9ben: T\u00edz \u00e9ve hunyt el B. D. iparm\u0171v\u00e9sz (N\u00fa., M\u00fazsa, 1188. sz., 2015. j\u00fal. 25.); = Sz\u00e9kely F.; Sz\u00e1mba kell venni az \u00e9rt\u00e9keinket\u2026 (Sz\u00e9kelyf\u00f6ld, 9. sz., 2023.); Sz\u00f3, eszme, l\u00e1tv\u00e1ny; Todea 2013; T\u00f3falvi Zolt\u00e1n: \u201eCsillagfarag\u00f3k\u201d nevel\u0151je: B. D. (\u00daj \u00c9let, 23. sz., 1979); T\u00f3falvi Zolt\u00e1n: Valami nagy-nagy t\u00fczet k\u00e9ne rakni (A H\u00e9t \u00c9vk\u00f6nyve, 1978); T\u00f3falvi Zolt\u00e1n: A csillagfarag\u00f3 (N\u00fa., M\u00fazsa, 425. sz., 2000. jan. 8); T\u00f3th Katalin: Falum\u00fazeum Magyars\u00e1roson (N\u00fa., 2006. aug. 30.)<\/br><\/p>\n","protected":false},"excerpt":{"rendered":"<p>Magyars\u00e1ros, 1919. okt. 7., \u2020 B\u00e9k\u00e9scsaba, 2005. j\u00fan. 23., temet\u00e9se Mv.- en: iparm\u0171v\u00e9sz, szobr\u00e1sz, keramikus, n\u00e9pm\u0171vel\u0151, n\u00e9prajzkutat\u00f3. \u2013 B. J\u00f3zsef g\u00e9p\u00e9sz \u00e9s Iszlai Etelka fia. Feles\u00e9ge: Sikl\u00f3di Katalin tan\u00edt\u00f3n\u0151. Le\u00e1nyuk: Katalin, ruhatervez\u0151 iparm\u0171v\u00e9sz. \u2013 Elemi \u00e9s \u00e1ltal\u00e1nos iskol\u00e1t Magyars\u00e1roson \u00e9s a sz\u00e9kelykereszt\u00fari Unit. Gimn.-ban v\u00e9gezte, itt Bene J\u00f3zsef volt a k\u00e9zimunka- \u00e9s Moln\u00e1r Istv\u00e1n a [&hellip;]<\/p>\n","protected":false},"featured_media":0,"comment_status":"open","ping_status":"closed","template":"","meta":[],"product_brand":[],"product_cat":[137],"product_tag":[],"class_list":{"0":"post-2135","1":"product","2":"type-product","3":"status-publish","5":"product_cat-maros-megyei-eletrajzi-lexikon","7":"first","8":"instock","9":"shipping-taxable","10":"product-type-simple"},"_links":{"self":[{"href":"https:\/\/uj.adatbank.ro\/lexikon\/wp-json\/wp\/v2\/product\/2135","targetHints":{"allow":["GET"]}}],"collection":[{"href":"https:\/\/uj.adatbank.ro\/lexikon\/wp-json\/wp\/v2\/product"}],"about":[{"href":"https:\/\/uj.adatbank.ro\/lexikon\/wp-json\/wp\/v2\/types\/product"}],"replies":[{"embeddable":true,"href":"https:\/\/uj.adatbank.ro\/lexikon\/wp-json\/wp\/v2\/comments?post=2135"}],"wp:attachment":[{"href":"https:\/\/uj.adatbank.ro\/lexikon\/wp-json\/wp\/v2\/media?parent=2135"}],"wp:term":[{"taxonomy":"product_brand","embeddable":true,"href":"https:\/\/uj.adatbank.ro\/lexikon\/wp-json\/wp\/v2\/product_brand?post=2135"},{"taxonomy":"product_cat","embeddable":true,"href":"https:\/\/uj.adatbank.ro\/lexikon\/wp-json\/wp\/v2\/product_cat?post=2135"},{"taxonomy":"product_tag","embeddable":true,"href":"https:\/\/uj.adatbank.ro\/lexikon\/wp-json\/wp\/v2\/product_tag?post=2135"}],"curies":[{"name":"wp","href":"https:\/\/api.w.org\/{rel}","templated":true}]}}