{"id":2138,"date":"2025-06-28T12:04:57","date_gmt":"2025-06-28T10:04:57","guid":{"rendered":"https:\/\/uj.adatbank.ro\/lexikon\/termek\/bandi-pap-samuel-bandi-p-samuel-mezobandi\/"},"modified":"2025-06-28T12:04:57","modified_gmt":"2025-06-28T10:04:57","slug":"bandi-pap-samuel-bandi-p-samuel-mezobandi","status":"publish","type":"product","link":"https:\/\/uj.adatbank.ro\/lexikon\/termek\/bandi-pap-samuel-bandi-p-samuel-mezobandi\/","title":{"rendered":"B\u00c1NDI PAP S\u00e1muel, B\u00e1ndi P. S\u00e1muel, mez\u0151b\u00e1ndi"},"content":{"rendered":"<p>Mez\u0151b\u00e1nd, ? \u2020 1695.: ref. lelk\u00e9sz. \u2013 Erd\u00e9lyben v\u00e9gezve iskol\u00e1it, k\u00fclf\u00f6ldre ment \u00e9s a franekerai egyetemen tanult (1687\u201390). Majd Amsterdamban id\u0151z\u00f6tt (1691 elej\u00e9n), ezut\u00e1n hazat\u00e9rt. Beszterc\u00e9ben voltak javai. Miszt\u00f3tfalusi Kis Mikl\u00f3s Amsterd\u00e1mb\u00f3l val\u00f3 elutaz\u00e1sa el\u0151tt r\u00e1b\u00edzta \u00e9rt\u00e9kes matrixait (bet\u0171szersz\u00e1mait), amelyek azut\u00e1n az \u0151 kez\u00e9n elkall\u00f3dtak. Ez\u00e9rt pereskedtek, feltehet\u0151leg ref- egyh\u00e1zi keretek k\u00f6z\u00f6tt, de nem siker\u00fclt anyagilag felel\u0151ss\u00e9 tenni \u0151t. Gondtalans\u00e1g\u00e1t \u00e9s tisztess\u00e9gtelen elj\u00e1r\u00e1s\u00e1t az erd\u00e9lyi k\u00e1lvinista k\u00f6zv\u00e9lem\u00e9ny sok\u00e1ig eml\u00e9kezet\u00e9ben tartotta. \u2013 <strong>F. m.:<\/strong> M. B\u00e1ndi P. S\u00e1muelnek r\u00f6vid magyar\u00e1zattya a LXVIII zsolt\u00e1rra (Franekera, 1690). <br \/><strong>Irod.:<\/strong> Erd\u00e9lyi f\u00e9niks; Rugonfalvi Kiss; Szinnyei; Zov\u00e1nyi<\/br><\/p>\n","protected":false},"excerpt":{"rendered":"<p>Mez\u0151b\u00e1nd, ? \u2020 1695.: ref. lelk\u00e9sz. \u2013 Erd\u00e9lyben v\u00e9gezve iskol\u00e1it, k\u00fclf\u00f6ldre ment \u00e9s a franekerai egyetemen tanult (1687\u201390). Majd Amsterdamban id\u0151z\u00f6tt (1691 elej\u00e9n), ezut\u00e1n hazat\u00e9rt. Beszterc\u00e9ben voltak javai. Miszt\u00f3tfalusi Kis Mikl\u00f3s Amsterd\u00e1mb\u00f3l val\u00f3 elutaz\u00e1sa el\u0151tt r\u00e1b\u00edzta \u00e9rt\u00e9kes matrixait (bet\u0171szersz\u00e1mait), amelyek azut\u00e1n az \u0151 kez\u00e9n elkall\u00f3dtak. Ez\u00e9rt pereskedtek, feltehet\u0151leg ref- egyh\u00e1zi keretek k\u00f6z\u00f6tt, de nem siker\u00fclt [&hellip;]<\/p>\n","protected":false},"featured_media":0,"comment_status":"open","ping_status":"closed","template":"","meta":[],"product_brand":[],"product_cat":[137],"product_tag":[],"class_list":{"0":"post-2138","1":"product","2":"type-product","3":"status-publish","5":"product_cat-maros-megyei-eletrajzi-lexikon","7":"first","8":"instock","9":"shipping-taxable","10":"product-type-simple"},"_links":{"self":[{"href":"https:\/\/uj.adatbank.ro\/lexikon\/wp-json\/wp\/v2\/product\/2138","targetHints":{"allow":["GET"]}}],"collection":[{"href":"https:\/\/uj.adatbank.ro\/lexikon\/wp-json\/wp\/v2\/product"}],"about":[{"href":"https:\/\/uj.adatbank.ro\/lexikon\/wp-json\/wp\/v2\/types\/product"}],"replies":[{"embeddable":true,"href":"https:\/\/uj.adatbank.ro\/lexikon\/wp-json\/wp\/v2\/comments?post=2138"}],"wp:attachment":[{"href":"https:\/\/uj.adatbank.ro\/lexikon\/wp-json\/wp\/v2\/media?parent=2138"}],"wp:term":[{"taxonomy":"product_brand","embeddable":true,"href":"https:\/\/uj.adatbank.ro\/lexikon\/wp-json\/wp\/v2\/product_brand?post=2138"},{"taxonomy":"product_cat","embeddable":true,"href":"https:\/\/uj.adatbank.ro\/lexikon\/wp-json\/wp\/v2\/product_cat?post=2138"},{"taxonomy":"product_tag","embeddable":true,"href":"https:\/\/uj.adatbank.ro\/lexikon\/wp-json\/wp\/v2\/product_tag?post=2138"}],"curies":[{"name":"wp","href":"https:\/\/api.w.org\/{rel}","templated":true}]}}