{"id":21394,"date":"2025-07-22T19:23:20","date_gmt":"2025-07-22T17:23:20","guid":{"rendered":"https:\/\/uj.adatbank.ro\/lexikon\/termek\/szalinai-istvan-arp\/"},"modified":"2025-07-22T19:23:20","modified_gmt":"2025-07-22T17:23:20","slug":"szalinai-istvan-arp","status":"publish","type":"product","link":"https:\/\/uj.adatbank.ro\/lexikon\/termek\/szalinai-istvan-arp\/","title":{"rendered":"SZALINAI Istv\u00e1n, ARP."},"content":{"rendered":"<p>Turza (Bosznia)?\u00a0\u2020\u00a0Mikh\u00e1za, 1652. jan. 9.-\u00e9n temett\u00e9k az \u00e1ltala \u00e9p\u00edtett olt\u00e1r alatti kript\u00e1ba: bosny\u00e1k atya, ferences szerzetes, rendtartom\u00e1nyf\u0151n\u00f6k, p\u00fcsp\u00f6ki helyn\u00f6k. \u2013 A Bosna-Argentiniai Provinci\u00e1b\u00f3l j\u00f6tt az erd\u00e9lyi kat. f\u0151\u00farak: Kov\u00e1cs\u00f3czy Istv\u00e1n kancell\u00e1r, Toldalagi Mih\u00e1ly (1580 k., \u2020 1642) marossz\u00e9ki f\u0151kapit\u00e1ny, B\u00e1lintitt Krist\u00f3f kincstart\u00f3 h\u00edv\u00e1s\u00e1ra 4. mag\u00e1val: P. Loparai Istv\u00e1n, P. Szer\u00e1ji M\u00e1ri\u00e1n \u00e9s P. Pozsegai Ill\u00e9s k\u00eds\u00e9ret\u00e9ben misszion\u00e1riusnak (1630). Ny\u00e1r\u00e1dk\u00f6szv\u00e9nyesi \u00fcres pl\u00e9b\u00e1ni\u00e1t foglalta el t\u00e1rs\u00e1val Lopara Istv\u00e1nnal. K\u00f6szv\u00e9nyes f\u00edli\u00e1ja Mikh\u00e1za volt, megszerezt\u00e9k a mikh\u00e1zi telket \u00e9s megtelepedtek ott. Vic\u00e1rius Gener\u00e1lis lett (1632). R\u00e1k\u00f3czi Gy\u00f6rgy fejedelem megengedte, hogy t\u00e1rsaival egy\u00fctt Erd\u00e9lyben maradhat (1632. j\u00fan. 10.). Toldalagi Mih\u00e1ly r\u00e9sz\u00fckre Mikh\u00e1z\u00e1n h\u00e1zat \u00e9s telket v\u00e1s\u00e1rolt M\u00e1rkody Gergely\u00e9kt\u0151l (1636. febr. 8.). A ferencesek itt \u00e9p\u00edtettek z\u00e1rd\u00e1t, k\u00e1poln\u00e1t, cell\u00e1kat a ferences papoknak \u00e9s Toldalagi r\u00e9sz\u00e9re kript\u00e1t. A mikh\u00e1zi \u00faj telep\u00fcl\u00e9snek az els\u0151 lak\u00f3i a bosny\u00e1kok lettek, a p\u00e1pa az erd\u00e9lyi misszi\u00f3k prefektus\u00e1v\u00e1 tette (1636. okt. 1.). A cs\u00edksomly\u00f3iakkal egyetemben megalap\u00edtott\u00e1k az erd\u00e9lyi Custodi\u00e1t, amit R\u00f3ma is meger\u0151s\u00edtett, ennek els\u0151 ferences. Custosa (1640\u201347), Definitor (1648\u201350), Visitator Generalis (1650\u2013). Teol\u00f3giai lektor, j\u00f3l tudott olaszul. \u00c9lt a prefektusi felhatalmaz\u00e1saival, egyh\u00e1zi l\u00e1togat\u00e1sokat tett a katolikus sz\u00f3rv\u00e1nyokban eg\u00e9sz Erd\u00e9ly ter\u00fclet\u00e9n, munk\u00e1ja nyom\u00e1n az egyh\u00e1zi \u00e9let meg\u00e9l\u00e9nk\u00fclt. <br \/><strong>Irod.:<\/strong> Benedek Fid\u00e9l; Ferenczi S\u00e1ndor 2009; Gy\u00f6rgy: A ferencrendiek; L\u00e9sty\u00e1n Ferenc: 300 \u00e9ves a mikh\u00e1zi ferenceskolostor-templom (N\u00fa., 1992. szept. 8.).<\/br><\/p>\n","protected":false},"excerpt":{"rendered":"<p>Turza (Bosznia)?\u00a0\u2020\u00a0Mikh\u00e1za, 1652. jan. 9.-\u00e9n temett\u00e9k az \u00e1ltala \u00e9p\u00edtett olt\u00e1r alatti kript\u00e1ba: bosny\u00e1k atya, ferences szerzetes, rendtartom\u00e1nyf\u0151n\u00f6k, p\u00fcsp\u00f6ki helyn\u00f6k. \u2013 A Bosna-Argentiniai Provinci\u00e1b\u00f3l j\u00f6tt az erd\u00e9lyi kat. f\u0151\u00farak: Kov\u00e1cs\u00f3czy Istv\u00e1n kancell\u00e1r, Toldalagi Mih\u00e1ly (1580 k., \u2020 1642) marossz\u00e9ki f\u0151kapit\u00e1ny, B\u00e1lintitt Krist\u00f3f kincstart\u00f3 h\u00edv\u00e1s\u00e1ra 4. mag\u00e1val: P. Loparai Istv\u00e1n, P. Szer\u00e1ji M\u00e1ri\u00e1n \u00e9s P. Pozsegai Ill\u00e9s [&hellip;]<\/p>\n","protected":false},"featured_media":0,"comment_status":"open","ping_status":"closed","template":"","meta":[],"product_brand":[],"product_cat":[137],"product_tag":[],"class_list":{"0":"post-21394","1":"product","2":"type-product","3":"status-publish","5":"product_cat-maros-megyei-eletrajzi-lexikon","7":"first","8":"instock","9":"shipping-taxable","10":"product-type-simple"},"_links":{"self":[{"href":"https:\/\/uj.adatbank.ro\/lexikon\/wp-json\/wp\/v2\/product\/21394","targetHints":{"allow":["GET"]}}],"collection":[{"href":"https:\/\/uj.adatbank.ro\/lexikon\/wp-json\/wp\/v2\/product"}],"about":[{"href":"https:\/\/uj.adatbank.ro\/lexikon\/wp-json\/wp\/v2\/types\/product"}],"replies":[{"embeddable":true,"href":"https:\/\/uj.adatbank.ro\/lexikon\/wp-json\/wp\/v2\/comments?post=21394"}],"wp:attachment":[{"href":"https:\/\/uj.adatbank.ro\/lexikon\/wp-json\/wp\/v2\/media?parent=21394"}],"wp:term":[{"taxonomy":"product_brand","embeddable":true,"href":"https:\/\/uj.adatbank.ro\/lexikon\/wp-json\/wp\/v2\/product_brand?post=21394"},{"taxonomy":"product_cat","embeddable":true,"href":"https:\/\/uj.adatbank.ro\/lexikon\/wp-json\/wp\/v2\/product_cat?post=21394"},{"taxonomy":"product_tag","embeddable":true,"href":"https:\/\/uj.adatbank.ro\/lexikon\/wp-json\/wp\/v2\/product_tag?post=21394"}],"curies":[{"name":"wp","href":"https:\/\/api.w.org\/{rel}","templated":true}]}}