{"id":21492,"date":"2025-07-22T19:26:49","date_gmt":"2025-07-22T17:26:49","guid":{"rendered":"https:\/\/uj.adatbank.ro\/lexikon\/termek\/szasz-bela-%c2%a7-szemerjai\/"},"modified":"2025-07-22T19:26:49","modified_gmt":"2025-07-22T17:26:49","slug":"szasz-bela-%c2%a7-szemerjai","status":"publish","type":"product","link":"https:\/\/uj.adatbank.ro\/lexikon\/termek\/szasz-bela-%c2%a7-szemerjai\/","title":{"rendered":"SZ\u00c1SZ B\u00e9la, \u00a7 szemerjai"},"content":{"rendered":"<p>Nagyenyed, 1840. \u00e1pr. 23., \u2020 Kv., 1898. j\u00fal. 7., a H\u00e1zsong\u00e1rdi temet\u0151ben nyugszik: ref. lelk\u00e9sz, tan\u00e1r, filoz\u00f3fus, k\u00f6lt\u0151, m\u0171ford\u00edt\u00f3. \u2013 Sz. K\u00e1roly (1798\u20131853) pedag\u00f3gus fia, Sz. K\u00e1roly (1829\u20131905) k\u00f6lt\u0151, \u00edr\u00f3 \u00e9s Sz. Domokos ref. p\u00fcsp\u00f6k \u00f6ccse, Feles\u00e9ge: Mentovich Julianna, Mentovich Ferenc le\u00e1nya (esk\u00fcv\u0151, 1868). 8 gyermek\u00fck sz\u00fcletett. \u2013 A gimn.-ot Bud\u00e1n a piarist\u00e1kn\u00e1l, Pesten az evang\u00e9likusokn\u00e1l, Mv.-en \u00e9s Nagyenyeden a reform\u00e1tusokn\u00e1l v\u00e9gezte, majd a pesti Ref. Teol. Akad.-n n\u00e9gy \u00e9vet hallgatott (1859\u201363), ek\u00f6zben sz\u00e9pirodalmi lapoknak munkat\u00e1rsa. A j\u00e9nai egyetem filoz\u00f3fia fakult\u00e1s\u00e1n tanult (1864\u2013), majd az utrechti egy.-en teol\u00f3giai, t\u00f6rt\u00e9nelmi \u00e9s filoz\u00f3fiai koll.-okat l\u00e1togatott (1865\u201365). Az erd\u00e9lyi ref. f\u0151konziszt\u00f3rium megv\u00e1lasztotta a mv.-i f\u0151iskola b\u00f6lcseleti rendes tansz\u00e9k\u00e9re (1865), de a tan\u00e9v befejez\u00e9s\u00e9ig Utrechtben maradt, majd Hollandi\u00e1t beutazva, p\u00e1r h\u00e9tig Londonban tart\u00f3zkodott, innen a Rajna ment\u00e9n D\u00e9ln\u00e9meto.-on \u00e1t t\u00e9rt haza Mv.-re, ahol a ref. gimn.-ban \u00e9s jogakad\u00e9mi\u00e1n a b\u00f6lcseletet \u00e9s a m. irodalmat tan\u00edtotta (1865\u201371). Tansz\u00e9k\u00e9t A tudalom k\u00e9rd\u00e9se c. \u00e9rtekez\u00e9s\u00e9vel foglalta el. A mv.-i ref. egyh\u00e1zk\u00f6z\u00f6ss\u00e9g k\u00e9pvisel\u0151 test\u00fclet\u00e9nek \u00e9s a kebli tan\u00e1csnak tagjak\u00e9nt r\u00e9szt vett az egyh\u00e1zi \u00e9s iskolai \u00fcgyek int\u00e9z\u00e9s\u00e9ben, egy \u00e9vig P\u00e9terfi K\u00e1roly meg\u00fcresedett papi sz\u00f3sz\u00e9k\u00e9n rendszeresen pr\u00e9dik\u00e1lt, minek viszonz\u00e1s\u00e1ul az egyh\u00e1z k\u00e9pvisel\u0151 test\u00fclete Dor\u00e9 nagy k\u00e9pes Bibli\u00e1j\u00e1val aj\u00e1nd\u00e9kozta meg. D\u00f3zsa Elek Mv.-re sz\u00e1ll\u00edtott hamvai felett templomi gy\u00e1szbesz\u00e9det tartott Az \u00e9let a hal\u00e1lban c.-el, amit ki is nyomtattak. Mv.-i tan\u00e1rkod\u00e1sa alatt szerkesztette a Sz\u00e9kely K\u00f6zl\u00f6ny c. politikai lapot, ford\u00edtotta Thackeray N\u00e9gy Gy\u00f6rgy\u00e9t. Dolgozott k\u00fcl\u00f6nb\u00f6z\u0151 sz\u00e9pirodalmi lapok \u00e9s foly\u00f3iratokba. A Kisfaludy T\u00e1rsas\u00e1gban A Szabadelv\u0171ek c. szat\u00edr\u00e1j\u00e1val foglalta el sz\u00e9k\u00e9t (1869). Tolnai Lajos bar\u00e1ti k\u00f6r\u00e9hez tartozott, t\u00e1mogatta Tolnai mv.-i megv\u00e1laszt\u00e1s\u00e1t, de ellens\u00e9gekk\u00e9 v\u00e1ltak. Kv.-ra k\u00f6lt\u00f6z\u00f6tt, ahol ref. f\u0151isk.-n a b\u00f6lcs\u00e9szet tan\u00e1ra (1870\u2013), az akkor megny\u00edtott kv.-i m. kir. Ferencz J\u00f3zsef TE b\u00f6lcs\u00e9szet ny. r. tan\u00e1r\u00e1v\u00e1 nevezt\u00e9k ki (1872\u201395); az egy. t. doktora (1873), a B\u00f6lcs\u00e9szet-, Nyelv- \u00e9s T\u00f6rt\u00e9nettud. Kar d\u00e9k\u00e1nja (1875\u201376, 1879\u201380, 1886\u201387), prod\u00e9k\u00e1nja (1876\u201377, 1880\u201381, 1884\u201386. \u00e9s 1887\u201388), az egy. rektora (1890\u201391), prorektora (1891\u201392). Az erd\u00e9lyi ref. f\u0151konziszt\u00f3riumnak tagjak\u00e9nt r\u00e9szt vett a legf\u0151bb egyh\u00e1zi test\u00fclet tan\u00e1cskoz\u00e1sain, a tan\u00fcgyi szakbizotts\u00e1gokban, a tan\u00e1ri \u00e9rtekezleteken, az egyh\u00e1z-alkotm\u00e1ny reformmunk\u00e1lataiban, az \u00e1lland\u00f3 igazgat\u00f3 tan\u00e1csnak tagja \u00e9s jegyz\u0151je volt. F\u0151k\u00e9nt n\u00e9met filoz\u00f3fusok (I. Kant, F. Kuno), k\u00f6lt\u0151k (Goethe: Faust) \u00e9s angol k\u00f6lt\u0151k, \u00edr\u00f3k (H. W. Longfellow, W. M. Thackeray) m\u0171veit ford\u00edtotta magyarra. Szerkesztette \u00e9s tulajdonosa volt a mv.-i Sz\u00e9kely H\u00edrlapnak (1869. jan. 6.\u201376. jan. 5.), munkat\u00e1rsa Mentovich Ferenc \u00e9s Szab\u00f3 S. mellett a Sz\u00e9kely K\u00f6zl\u00f6nynek (1867\u201368), szerkesztette Kv.-on a Keletet (1871\u201374). Cikkeket, k\u00f6ltem\u00e9nyeket, ford\u00edt\u00e1sokat \u00edrt, amit k\u00f6z\u00f6lt a: H\u00f6lgyfut\u00e1r, Lisznyay album, Vas\u00e1rnapi \u00dajs\u00e1g, Erd\u00e9lyi Protest\u00e1ns K\u00f6zl\u00f6ny, A M. Ember K\u00f6nyvt\u00e1ra, a R\u00e9szv\u00e9t k\u00f6nyve, Cs\u00e1sz\u00e1rf\u00fcrd\u0151i album, S\u00e1rospataki f\u00fczetek, Bp.-i Szemle, F\u0151v\u00e1rosi Lapok, a mv.-i Sz\u00e9kely K\u00f6zl\u00f6ny (1867\u201368), Csal\u00e1d \u00e9s Iskola c. lapokban. Akad\u00e9miai sz\u00e9kfoglal\u00f3ja: A reflexiv \u00e9s a vall\u00e1serk\u00f6lcsi elem a k\u00f6lt\u00e9szetben s Langfellow (1884). A Kisfaludy T\u00e1rs. (1868), az MTA levelez\u0151 tagja (1883). Az EME. B\u00f6lcs\u00e9szet-, Nyelv- \u00e9s T\u00f6rt\u00e9nettud. szakoszt\u00e1ly\u00e1nak eln\u00f6ke. \u2013 <strong><strong>F. m.<\/strong><\/strong>: A tudalom k\u00e9rd\u00e9se (Kv., 1866); Az \u00e9let a hal\u00e1lban: Halotti besz\u00e9d makfalvi D\u00f3sa Elek kopors\u00f3ja f\u00f6l\u00f6tt, 1867. nov. 27. (Mv., 1868); A szabadelv\u0171ek: Szat\u00edra (Pest, 1870); A kandall\u00f3 el\u0151tt: elb. k\u00f6lt. (Kv., 1874); De\u00e1k Ferenc eml\u00e9kezete (Kv., 1876); Sz. B. k\u00f6ltem\u00e9nyei (Kv., 1883); A reflex\u00edv \u00e9s vall\u00e1s-erk\u00f6lcsi elem a k\u00f6lt\u00e9szetben s Longfellow (Bp., 1884); A philosophiai facult\u00e1sr\u00f3l: Rectori \u00e9rtekez\u00e9s (Kv, 1887); Egy veszedelmes nagy t\u00e9ved\u00e9s (Kv., 1892); <strong>antol\u00f3g.:<\/strong> R\u00e9szv\u00e9t album a kv.-i \u00e9s mv.-i \u00e1rvah\u00e1zak jav\u00e1ra (Kv., 1872); R\u00e9szv\u00e9t k\u00f6nyve 1863 (Kv., 1863); K\u00f6bl\u00f6s Zolt\u00e1n: Halotti besz\u00e9dek (Kv., 1905); Versekben t\u00fcnd\u00f6kl\u0151 Erd\u00e9ly (Kv., 1941); <strong>ford.:<\/strong> Thackeray Esmond Henrik, Anna kir\u00e1lyn\u0151 \u0150 fels\u00e9ge ezredes\u00e9nek \u00f6n\u00e9let\u00edr\u00e1sa (Bp., 1862, 1897); Thackeray: A n\u00e9gy Gy\u00f6rgy (Bp., 1867, 1893); Stuart, Mill John: A deductiv \u00e9s inductiv logika rendszere (Pest, 1874\u201377); Mc Carthy Justus: Anglia t\u00f6rt\u00e9nete korunkban (Bp., 1885); Kant E.: Az erk\u00f6lcs metaphysik\u00e1j\u00e1nak megalap\u00edt\u00e1sa (Kv.,); Longfellow k\u00f6ltem\u00e9nyeib\u0151l. (Bp., 1897). <br \/><strong>Irod.:<\/strong> Aranykorszak; D\u00f6m\u00e9ny; Er\u0151s v\u00e1runk; Ga\u00e1l; Gy\u00e1szjelent\u0151; H\u00e1zsong\u00e1rd; K\u00e9ky Lajos: A sz\u00e1z\u00e9ves Kisfaludy T\u00e1rsas\u00e1g (Bp., 1936); Koncz; Kozma Dezs\u0151: Regionalizmus \u00e9s egyetemess\u00e9g v\u00e1ltoz\u00f3 vil\u00e1gban (Sz\u00e9kelyf\u00f6ld, 2007. aug., 8. sz.); Kusz\u00e1lik\u2013Zal\u00e1nyi; Magyar dr\u00e1mai eml\u00e9kek a k\u00f6z\u00e9pkort\u00f3l Bessenyeiig (Bp., 1914); Marosi-KZST; M\u00c9L; Olosz Katalin: Tolnai Lajos portr\u00e9ja\u2026= Eml\u00e9kk. Szab\u00f3 Mikl\u00f3s; Par\u00e1di; Per\u00e9nyi J\u00f3zsef: Sz. B. \u00e9lete \u00e9s k\u00f6lt\u00e9szete (Kv., 1903); RNL; Rugonfalvi Kiss; Szab\u00f3\u2013Simon\u2013Sz\u00f6gi; Sz\u00e1sz B\u00e9la: De\u00e1k Lajos kort\u00e1rsai: A Tininapl\u00f3ban szerepl\u0151 jelent\u0151s szem\u00e9lyek: Szemarjai Sz\u00e1sz B\u00e9la (N\u00fa., Sz\u00ednes Vil\u00e1g, 2010. j\u00fal. 24.; 2010. j\u00fal. 31.; 2010. aug. 7.); Szinnyei; Szinnyei J; \u00daM\u00c9L, Vargha Zolt\u00e1n: A szemerjai Sz\u00e1sz csal\u00e1d (Kv., 1912)<\/br><\/p>\n","protected":false},"excerpt":{"rendered":"<p>Nagyenyed, 1840. \u00e1pr. 23., \u2020 Kv., 1898. j\u00fal. 7., a H\u00e1zsong\u00e1rdi temet\u0151ben nyugszik: ref. lelk\u00e9sz, tan\u00e1r, filoz\u00f3fus, k\u00f6lt\u0151, m\u0171ford\u00edt\u00f3. \u2013 Sz. K\u00e1roly (1798\u20131853) pedag\u00f3gus fia, Sz. K\u00e1roly (1829\u20131905) k\u00f6lt\u0151, \u00edr\u00f3 \u00e9s Sz. Domokos ref. p\u00fcsp\u00f6k \u00f6ccse, Feles\u00e9ge: Mentovich Julianna, Mentovich Ferenc le\u00e1nya (esk\u00fcv\u0151, 1868). 8 gyermek\u00fck sz\u00fcletett. \u2013 A gimn.-ot Bud\u00e1n a piarist\u00e1kn\u00e1l, Pesten az [&hellip;]<\/p>\n","protected":false},"featured_media":0,"comment_status":"open","ping_status":"closed","template":"","meta":[],"product_brand":[],"product_cat":[137],"product_tag":[],"class_list":{"0":"post-21492","1":"product","2":"type-product","3":"status-publish","5":"product_cat-maros-megyei-eletrajzi-lexikon","7":"first","8":"instock","9":"shipping-taxable","10":"product-type-simple"},"_links":{"self":[{"href":"https:\/\/uj.adatbank.ro\/lexikon\/wp-json\/wp\/v2\/product\/21492","targetHints":{"allow":["GET"]}}],"collection":[{"href":"https:\/\/uj.adatbank.ro\/lexikon\/wp-json\/wp\/v2\/product"}],"about":[{"href":"https:\/\/uj.adatbank.ro\/lexikon\/wp-json\/wp\/v2\/types\/product"}],"replies":[{"embeddable":true,"href":"https:\/\/uj.adatbank.ro\/lexikon\/wp-json\/wp\/v2\/comments?post=21492"}],"wp:attachment":[{"href":"https:\/\/uj.adatbank.ro\/lexikon\/wp-json\/wp\/v2\/media?parent=21492"}],"wp:term":[{"taxonomy":"product_brand","embeddable":true,"href":"https:\/\/uj.adatbank.ro\/lexikon\/wp-json\/wp\/v2\/product_brand?post=21492"},{"taxonomy":"product_cat","embeddable":true,"href":"https:\/\/uj.adatbank.ro\/lexikon\/wp-json\/wp\/v2\/product_cat?post=21492"},{"taxonomy":"product_tag","embeddable":true,"href":"https:\/\/uj.adatbank.ro\/lexikon\/wp-json\/wp\/v2\/product_tag?post=21492"}],"curies":[{"name":"wp","href":"https:\/\/api.w.org\/{rel}","templated":true}]}}