{"id":21789,"date":"2025-07-22T19:37:35","date_gmt":"2025-07-22T17:37:35","guid":{"rendered":"https:\/\/uj.adatbank.ro\/lexikon\/termek\/szekely-janos-%c2%a7\/"},"modified":"2025-07-22T19:37:35","modified_gmt":"2025-07-22T17:37:35","slug":"szekely-janos-%c2%a7","status":"publish","type":"product","link":"https:\/\/uj.adatbank.ro\/lexikon\/termek\/szekely-janos-%c2%a7\/","title":{"rendered":"SZ\u00c9KELY J\u00e1nos, \u00a7"},"content":{"rendered":"<p>Torda, 1929. m\u00e1rc. 7., \u2020 Mv., 1992. aug. 23. s\u00edrja a mv.-i Ref.temet\u0151ben: \u00edr\u00f3, k\u00f6lt\u0151, dr\u00e1ma- \u00e9s essz\u00e9\u00edr\u00f3. \u2013 Feles\u00e9ge: Varr\u00f3 Ilona, \u00edr\u00f3. Gyermekeik: J\u00e1nos Jen\u0151, szobr\u00e1sz; Ilona, Orb\u00f3k S\u00e1ndorn\u00e9. \u2013 A mv.-i Hadapr\u00f3d iskola kad\u00e9tja, az orosz fronton, a holland hat\u00e1r k\u00f6zel\u00e9ben angol\u2013amerikai fogs\u00e1gban. A k\u00f6z\u00e9piskol\u00e1t Tord\u00e1n \u00e9s Mv.-en v\u00e9gezte (1948), a h\u00e1bor\u00fa \u00e9s hadifogs\u00e1g miatt megszak\u00edt\u00e1ssal. A kv.-i BTE filoz\u00f3fia szak\u00e1n szerzett oklevelet (1952). Az \u00c1IMK kv.-i szerkeszt\u0151s\u00e9g\u00e9nek bels\u0151 munkat\u00e1rsa (1951\u201356); Mv.-re k\u00f6lt\u00f6z\u00f6tt, ahol az Igaz Sz\u00f3 c. foly\u00f3irat versrovat\u00e1nak szerkeszt\u0151je nyugd\u00edjaz\u00e1s\u00e1ig (1956\u20131989). \u00c9desapj\u00e1t politikai v\u00e1dakkal nyolc \u00e9v b\u00f6rt\u00f6nb\u00fcntet\u00e9sre \u00edt\u00e9lt\u00e9k (1958\u2013), kiszabad\u00edt\u00e1sa \u00e9rdek\u00e9ben olyan m\u0171veket is \u00edrt, amelyeket k\u00e9s\u0151bb nem v\u00e1llalt. Els\u0151 versei az Utunkban (1952), k\u00e9s\u0151bb az Igaz Sz\u00f3ban jelentek meg. A II. vh. ut\u00e1n a modern m. l\u00edra nyugatos hagyom\u00e1nyait k\u00f6vet\u0151 m\u00edves formakult\u00far\u00e1j\u00fa, eszt\u00e9tiz\u00e1l\u00f3 k\u00f6lt\u0151; hat\u00e1rozottan elk\u00fcl\u00f6n\u00fclt a korszakra jellemz\u0151 n\u00e9pies-realista ir\u00e1nyzatokt\u00f3l. Dokumentumokra alapozott dr\u00e1m\u00e1iban a diktat\u00far\u00e1k vil\u00e1g\u00e1t mutatta be saj\u00e1t tapasztalatin \u00e1tsz\u0171rve. K\u00f6nyvdr\u00e1m\u00e1nak sz\u00e1nt m\u0171veit a manaps\u00e1g szokatlan verses form\u00e1ban \u00edrta. A diktat\u00far\u00e1k \u00f6nk\u00e9nye, az emberi m\u00e9lt\u00f3s\u00e1g l\u00e1bbal tipr\u00e1sa ellen metaforikus alakban, magas m\u0171v\u00e9szi szinten tiltakoz\u00f3 m\u0171vei a 70-es \u00e9vek v\u00e9g\u00e9t\u0151l kezdve tal\u00e1ltak utat el\u0151bb a rom\u00e1niai m., majd a bp.-i \u00e9s m\u00e1s mo.-i sz\u00ednpadok fel\u00e9. Az \u00fatt\u00f6r\u00e9s \u00e9rdeme a nagyv\u00e1radi m. sz\u00ednh\u00e1zat \u00e9s a rendez\u0151t, Farkas Istv\u00e1nt illeti meg. Essz\u00e9iben hangoztatta, hogy a k\u00f6lt\u00e9szet elvesz\u00edtette \u0151si l\u00e9tkifejez\u0151 funkci\u00f3j\u00e1t, az emberis\u00e9g kult\u00far\u00e1j\u00e1ban bet\u00f6lt\u00f6tt szerep\u00e9t, ez\u00e9rt a saj\u00e1t k\u00f6lt\u00e9szet\u00e9t is megtagadta. F\u0151k\u00e9nt kort\u00e1rs rom\u00e1n szerz\u0151k m\u0171veit tolm\u00e1csolta (M. Beniuc, I. Calovia, M. Eliade), oroszb\u00f3l \u00e9s n\u00e9metb\u0151l is ford. D\u00e9ry Tibor-d\u00edja (1989), Sz\u00e9p Ern\u0151-jutalom (1991), Ady Endre-d\u00edj (posztumusz, 1993). \u00c9let\u00e9ben t\u00f6bb d\u00edjat is visszautas\u00edtott. \u2013 <strong><strong>F. m.<\/strong><\/strong>: Csillagf\u00e9nyben (versek; Buk. 1953, 1955); Prof\u00e1n Passi\u00f3 (dr\u00e1ma; Bp., 1954); M\u00e9lyvizek partj\u00e1n (versek; Buk., 1957); Itthon vagyok (l\u00edrai riport; Buk., 1961); K\u00fcldet\u00e9sek (versek; Buk., 1962); D\u00f3zsa (Elbesz\u00e9l\u0151 k\u00f6ltem\u00e9ny; Buk., 1964; 1968; 1989); Vir\u00e1gok \u00e1tka (versek; Buk., 1966); Gyermekkorom \u00f6sv\u00e9nyei (elb.; Buk., 1967); Marad\u00e9k (v\u00e1l. versek, 1954\u20131968; Buk., 1969); So\u00f3 P\u00e9ter b\u00e1nata (reg.; Buk., 1969); Az \u00e1rny\u00e9k \u2013 So\u00f3 P\u00e9ter b\u00e1nata (reg\u00e9nyek, Buk., 1972; 1988); Caligula helytart\u00f3ja: Dr\u00e1ma (Bp., 1972); A hallgat\u00e1s tornya (v\u00e1l. versek, 1949\u20131970; Buk., 1972); Turnul t\u0103cerii; (el\u0151sz\u00f3 M. Beniuc; ford. H. Gr\u0103mescu (Buc., 1973); Egy l\u00e1da agyag (v\u00e1l. versek; Buk., 1973); Umbra \u2013 Am\u0103r\u0103ciunea lui So\u00f3 P\u00e9ter; (ford. Adela-Rodica S\u0103l\u0103gianu; Buc., 1973); Doja (poem, ford. Andrei Fischof; Buc., 1974); Sz. J. legszebb versei. (Buk., 1976); V\u00e1logatott verseim (Korunk, 1992. aug.); Egy r\u00f6geszme genezise (essz\u00e9k, b\u00edr\u00e1latok; Buk., 1978); Protest\u00e1nsok (dr\u00e1ma; Bp., 1978); Irgalmas hazugs\u00e1g (dr\u00e1ma; Buk., 1979); A nyugati hadtest: Vari\u00e1ci\u00f3k indul\u00f3t\u00e9m\u00e1ra (reg.; Buk., 1979; 1982; Bp., 1988); K\u00e9pes kr\u00f3nika (sz\u00ednm\u0171; Bp., 1979); Vak B\u00e9la kir\u00e1ly (dr\u00e1ma; Bp., 1981); A m\u00edtosz \u00e9rtelmei (essz\u00e9k; Buk., 1985); Az \u00e1rny\u00e9k: So\u00f3 P\u00e9ter b\u00e1nata. A nyugati hadtest (reg.; Bp., 1988); Ce este norocul (ford. Marius Tabacu, el\u0151sz\u00f3 Marian Papahagi; Buc., 1989); \u00daj k\u00e9pes kr\u00f3nika (Prof\u00e1n Passi\u00f3, Caligula helytart\u00f3ja, Vak B\u00e9la kir\u00e1ly, Protest\u00e1nsok, Irgalmas hazugs\u00e1g; dr\u00e1m\u00e1k; Kv., 1991); V\u00e1logatott verseim (1992); Semmi \u2013 soha (versek, 1948\u20131986, a szerz\u0151 v\u00e1logat\u00e1sa; Buk., 1994; 1999); A val\u00f3di vil\u00e1g (essz\u00e9k; Bp., 1995); A m\u00e1sik torony (So\u00f3 P\u00e9ter b\u00e1nata, A nyugati hadtest, A m\u00e1sik torony; Buk.\u2013Kv., 1998); \u00d6sszes dr\u00e1m\u00e1i (Kv., 1999); A vir\u00e1gok \u00e1tka (v\u00e1l. versek; Bp., 1998); Prof\u00e1n passi\u00f3 Sz. J. versei. (Bp., 2006); Voices \u2013 Elhallgatott hangok (Sz\u00e9kely J\u00e1nos: Caligula helytart\u00f3ja; angol\u2013m. kiad.; ford. Bertha Csilla, 2008); H\u00e1rom dr\u00e1ma (Caligula helytart\u00f3ja; Protest\u00e1nsok; M\u00f3rok; Mv., 2009); M\u00e9g egyszer a l\u00e9tr\u0151l. Szempontok az ill\u00fazi\u00f3tlan gondolkod\u00e1shoz = Helikon; <strong>antol\u00f3g.:<\/strong> Bolyai hagyat\u00e9k =Marosv\u00e1s\u00e1rhely \u00e9s v\u00e1rtemploma (Bp., 1990); Volt j\u00f6v\u0151kbe n\u00e9zve: V\u00e1logat\u00e1s a M\u00fazsa irodalmi anyag\u00e1b\u00f3l (Mv., 2001); <strong>t\u00e1rsszerz\u0151:<\/strong> T\u00fal\u00e9l\u0151 k\u00e9pek \/ K\u00e1ntor; Sz\u00e9kely J\u00e1nos Jen\u0151 szobr\u00e1sz (Sz. J., Dienes Attila, Sz\u0151cs G\u00e9za; Bp., 1995); <strong>ford.:<\/strong> Mihai Beniuc: V\u00e1logatott versek (Buk., 1953); Ion Calovia: T\u00e9lap\u00f3 (Buk., 1956); Arghezi: Kantil\u00e9na (Igaz Sz\u00f3, 1965); Demostene Botez: F\u00far\u00f3 Ferke (Buk., 1962); Eminescu, Mihai: Versek (t\u00f6bbekkel; Buk., 1962); Mircea Eliade: Serampuri \u00e9jszak\u00e1k (Buk., 1980); Mircea Eliade: Honigberger doktor titka (2 elb., ford. K\u00e1lm\u00e1n B\u00e9l\u00e1val; Bp., 1996); <strong>szerk.:<\/strong> W. Shakespeare: Romeo \u00e9s J\u00falia. A szentiv\u00e1n\u00e9ji \u00e1lom (el\u0151sz\u00f3; Buk., 1955); Sz\u0151cs K\u00e1lm\u00e1n: Lelkemben gyermekk\u00f3rusok (el\u0151sz\u00f3; Buk., 1965); Bartalis J\u00e1nos legszebb versei (bev., Buk., 1966); <strong>lemeze: <\/strong> D\u00f3zsa (1978, Nemes Levente el\u0151ad\u00e1s\u00e1ban). <br \/><strong>Irod.:<\/strong> 7&#215;7 h\u00edres mai magyar reg\u00e9ny (Bp., 1997); A 80 \u00e9ve sz\u00fcletett Sz. J.-ra eml\u00e9keztek (N\u00fa., 2009. m\u00e1rc. 9.); Aranykorszak; Bal\u00e1zs Imre: J\u00f3zsef: Mitosz, essz\u00e9, reg\u00e9ny (Sz\u00e9kely J\u00e1nos: A m\u00e1sik torony; Korunk, 1999. 5. sz.: 110\u2013113); Balot\u0103; B\u00e9rczes; Becs\u00fclj\u00fck meg h\u00f3h\u00e9rainkat. Sorok Sz\u00e9kely J\u00e1nosr\u00f3l = G\u00e1lfalvi; Egyed\u00fcl: Sz\u00e9kely J\u00e1nos eml\u00e9kezete (Bp., 1999); Egy h\u00edr \u00e9s ami m\u00f6g\u00f6tte van (N\u00fa., 1992. okt. 24.); Elek Tibor: Sz. J. (Pozsony, 2001); Elek Tibor: \u201e&#8230;kimondani a vil\u00e1got\u201d (Helikon, 7. sz., 2001. \u00e1pr. 10.); Elek Tibor: Sz. J.: monogr\u00e1fia (Cs\u00edkszereda, 2011); Erd\u00e9lyi L 2009; Ferenczes Istv\u00e1n: Alkot\u00f3 r\u00e9sze a nagy eg\u00e9sznek: besz\u00e9lget\u00e9s Orb\u00f3k S\u00e1ndorn\u00e9. Sz\u00fcletett Sz\u00e9kely Ilon\u00e1val (Sz\u00e9kelyf\u00f6ld, 3. sz., 1999. m\u00e1rc.); Fodor S\u00e1ndor: Sz. J\u00e1nos \u00e9s Varr\u00f3 Ilona eml\u00e9kt\u00e1bl\u00e1ja (N\u00fa., Sz\u00ednes Vil\u00e1g, 2006. okt. 14.; 2008. aug. 2.); G\u00f6r\u00f6mbei Andr\u00e1s: A szavak \u00e9rtelme (Bp., 1996); Helikon; K\u00e1ntor\u2013L\u00e1ng; K\u00e1ntor L\u00e1szl\u00f3: T\u00fal\u00e9l\u0151 k\u00e9pek (Szombathely, 1989); KKMI; KMI; Kort\u00e1rs M\u00cdKL; M\u00edtosz, essz\u00e9, reg\u00e9ny (Korunk 1999. m\u00e1j.9; Kusz\u00e1lik; Kuti M\u00e1rta 2010; Kuti M\u00e1rta: Sz. J., a szerkeszt\u0151 \u00e9s levelez\u00e9se. Az Igaz Sz\u00f3 szerkeszt\u0151s\u00e9ge a nyolcvanas \u00e9vekben (Mv., 2021.); Sz.J\u00e1nos dedik\u00e1ci\u00f3i; J\u00e1nos \u00far eml\u00e9keimben = Kuti M. 2021; Mark\u00f3 B\u00e9la: Sz. J. igazi m\u0171faja; J\u00e1nos \u00far kegyes tr\u00fckkjei = Mark\u00f3 B\u00e9la: Az erd\u00e9lyi macska: (Cs\u00edkszereda 2010); M\u00e1th\u00e9 \u00c9va: Bonyolult irodalmi k\u00e9pletek: Besz\u00e9lget\u00e9s Elek Tibor irodalomt\u00f6rt\u00e9n\u00e9sszel (Sz\u00e9kelyf\u00f6ld, 2006, 1. sz.); MIIB; MNL; MSZL; Mv.-Bal\u00e1s; Mv.-i ref. temet\u0151; Sz. J.dedik\u00e1ci\u00f3i. Hal\u00e1l\u00e1nak 25. \u00e9vfordul\u00f3j\u00e1ra; Nagy P\u00e1l: Itthoni k\u00f6nyv; Nagyjaink; Nemzetis\u00e9gi magyar irodalmak az ezredv\u00e9gen (szerk. G\u00f6r\u00f6mbei Andr\u00e1s; Debrecen, 2000); Ol\u00e1h Tibor 1996; P\u00e1ll \u00c1rp\u00e1d: A sz\u00f3 \u00e9s a jelk\u00e9p (Mv., 1995); P\u00e1ter Zolt\u00e1n: Sz. J. \u00e9s a matematika (N\u00fa, 2001 m\u00e1j. 5); Pomog\u00e1ts B\u00e9la: A rom\u00e1niai magyar irodalom; R\u00e9thy\u2013V\u00e1czy; RMIL; S\u0151ni P\u00e1l: Sz. J. (S. P.: \u00cdr\u00f3i arc\u00e9lek. Buk., 1981); Szakolcai Lajos: A csavarg\u00f3 eszt\u00e9tik\u00e1ja (Bp., 1996); Sz\u00e1sz L\u00e1szl\u00f3: Egy szerencs\u00e9s kelet-eur\u00f3pai: Sz. J. (Bp., 2000); Sz. J., a szerkeszt\u0151 \u00e9s levelez\u00e9se. Az Igaz Sz\u00f3 szerkeszt\u0151s\u00e9ge a nyolcvanas \u00e9vekben (L\u00e1t\u00f3, 1996, 4. sz.); Sz. J. [Nekrol\u00f3g] (N\u00fa., 1992. aug. 26); Sz. J.: A b\u0171ntudat term\u00e9szetrajza: (Memo\u00e1r helyett \u2013 a politik\u00e1r\u00f3l) (Sz\u00e9kelyf\u00f6ld, 1999. m\u00e1rc., 3. sz.); Szil\u00e1gyi J\u00falia: Essz\u00e9 \u00e9s sz\u00f3belis\u00e9g [Sz\u00e9kely J. Ars poetic\u00e1j\u00e1r\u00f3l] (Korunk, 2006, 8. sz.); Tal\u00e1lkoz\u00e1sok Eur\u00f3p\u00e1val: Bornemisza P\u00e9ter T\u00e1rsas\u00e1g (1960\u20131995) (Bp., 1995); Tg. M. \u2013 Mv.; \u00daM\u00c9L; \u00daMIL; Veress D\u00e1niel: Gondolatt\u00f6red\u00e9kek Sz. J.-r\u00f3l (L\u00e1t\u00f3, 2000, 6. sz.); Weszely Tibor: Bolyai vonz\u00e1s\u00e1ban (N\u00fa., M\u00fazsa, 2009. m\u00e1rc. 7., 876. sz.); Zsehr\u00e1nszky Istv\u00e1n: Azonos sors \u2013 felcser\u00e9lhet\u0151 t\u00f6rt\u00e9netek (Erd\u00e9lyi Figyel\u0151, 1994, 2. sz.); Zsehr\u00e1nszky Istv\u00e1n: Dr\u00e1mai kih\u00edv\u00e1s (N\u00fa., M\u00fazsa, 1991. j\u00fal. 12., 14. sz.); 25 \u00e9ve hunyt el Sz\u00e9kely J\u00e1nos \u2013Mark\u00f3 B\u00e9la gondolatai \u2013 V\u00e1s\u00e1rlap \u2013 a 23. Mv.-i Nemzetk\u00f6zi K\u00f6nyvv\u00e1s\u00e1r lapja 2017.<\/br><\/p>\n","protected":false},"excerpt":{"rendered":"<p>Torda, 1929. m\u00e1rc. 7., \u2020 Mv., 1992. aug. 23. s\u00edrja a mv.-i Ref.temet\u0151ben: \u00edr\u00f3, k\u00f6lt\u0151, dr\u00e1ma- \u00e9s essz\u00e9\u00edr\u00f3. \u2013 Feles\u00e9ge: Varr\u00f3 Ilona, \u00edr\u00f3. Gyermekeik: J\u00e1nos Jen\u0151, szobr\u00e1sz; Ilona, Orb\u00f3k S\u00e1ndorn\u00e9. \u2013 A mv.-i Hadapr\u00f3d iskola kad\u00e9tja, az orosz fronton, a holland hat\u00e1r k\u00f6zel\u00e9ben angol\u2013amerikai fogs\u00e1gban. A k\u00f6z\u00e9piskol\u00e1t Tord\u00e1n \u00e9s Mv.-en v\u00e9gezte (1948), a h\u00e1bor\u00fa \u00e9s [&hellip;]<\/p>\n","protected":false},"featured_media":0,"comment_status":"open","ping_status":"closed","template":"","meta":[],"product_brand":[],"product_cat":[137],"product_tag":[],"class_list":{"0":"post-21789","1":"product","2":"type-product","3":"status-publish","5":"product_cat-maros-megyei-eletrajzi-lexikon","7":"first","8":"instock","9":"shipping-taxable","10":"product-type-simple"},"_links":{"self":[{"href":"https:\/\/uj.adatbank.ro\/lexikon\/wp-json\/wp\/v2\/product\/21789","targetHints":{"allow":["GET"]}}],"collection":[{"href":"https:\/\/uj.adatbank.ro\/lexikon\/wp-json\/wp\/v2\/product"}],"about":[{"href":"https:\/\/uj.adatbank.ro\/lexikon\/wp-json\/wp\/v2\/types\/product"}],"replies":[{"embeddable":true,"href":"https:\/\/uj.adatbank.ro\/lexikon\/wp-json\/wp\/v2\/comments?post=21789"}],"wp:attachment":[{"href":"https:\/\/uj.adatbank.ro\/lexikon\/wp-json\/wp\/v2\/media?parent=21789"}],"wp:term":[{"taxonomy":"product_brand","embeddable":true,"href":"https:\/\/uj.adatbank.ro\/lexikon\/wp-json\/wp\/v2\/product_brand?post=21789"},{"taxonomy":"product_cat","embeddable":true,"href":"https:\/\/uj.adatbank.ro\/lexikon\/wp-json\/wp\/v2\/product_cat?post=21789"},{"taxonomy":"product_tag","embeddable":true,"href":"https:\/\/uj.adatbank.ro\/lexikon\/wp-json\/wp\/v2\/product_tag?post=21789"}],"curies":[{"name":"wp","href":"https:\/\/api.w.org\/{rel}","templated":true}]}}