{"id":2189,"date":"2025-06-28T12:06:25","date_gmt":"2025-06-28T10:06:25","guid":{"rendered":"https:\/\/uj.adatbank.ro\/lexikon\/termek\/banffy-janos-losonczi-br-ifj\/"},"modified":"2025-06-28T12:06:25","modified_gmt":"2025-06-28T10:06:25","slug":"banffy-janos-losonczi-br-ifj","status":"publish","type":"product","link":"https:\/\/uj.adatbank.ro\/lexikon\/termek\/banffy-janos-losonczi-br-ifj\/","title":{"rendered":"B\u00c1NFFY J\u00e1nos, losonczi br., ifj."},"content":{"rendered":"<p>Holtmaros v. Torda, 1816, \u2020 Szil\u00e1gybagos, 1852. nov. \/dec: honv\u00e9dtiszt, alezredes, v\u00e1rosparancsnok. \u2013 Tanulm\u00e1nyait a k\u00e9zdiv\u00e1s\u00e1rhelyi katonai nevel\u0151int.-ben v\u00e9gezte (1833). A 2. gyalogezredben z\u00e1szl\u00f3s (1833\u2013), a 11. husz\u00e1rezredben szolg\u00e1lt, f\u0151\u00adhadnagyi rangban (1844\u2013), a 11. honv\u00e9dz\u00e1szl\u00f3aljban harcolt, mint sz\u00e1zados (1848. szept.), \u0151rnagy (1848. nov.), az erd\u00e9lyi hadtestben dand\u00e1rnok, alezredes (1848. dec.), r\u00e9szt vett Szeben elfoglal\u00e1s\u00e1ban, ez\u00e9rt Bem t\u00e1bornokt\u00f3l ezredesi rangot kapott. Mv. katonai f\u0151parancsnoka (1849. m\u00e1rc. 9.- \u00e1pr. 11.). Bem J\u00f3zsef b\u00e1n\u00e1ti exped\u00edci\u00f3s hadtest\u00e9nek hadoszt\u00e1lyparancsnoka, ezredes (1849. \u00e1pr.). Hadoszt\u00e1ly\u00e1val a D\u00e9lvid\u00e9ken harcolt (1849 nyar\u00e1n), hadoszt\u00e1ly\u00e1t j\u00fan. m\u00e1sodik fel\u00e9ben a 4. hadtestbe osztott\u00e1k be, j\u00fal. v\u00e9g\u00e9t\u0151l betegs\u00e9ge miatt nem teljes\u00edtett szolg\u00e1latot. A vil\u00e1gosi fegyverlet\u00e9tel (1849. aug.) ut\u00e1n egy \u00e9vig vizs\u00adg\u00e1lati fogs\u00e1gban tartott\u00e1k, kegyel\u00admet kapott (1850). <br \/><strong>Irod.:<\/strong> Bicsok\u2013Orb\u00e1n; Der\u00e9k magyar embernek \u00e9s kereszt\u00e9nynek maradni \/ Ol\u00e1h-G\u00e1l Elvira besz\u00e9lget\u00e9se Ugron Istv\u00e1nn\u00e9 b\u00e1r\u00f3 B\u00e1nffy M\u00e1ri\u00e1val (Sz\u00e9kelyf\u00f6ld, 1. sz., 2012); Id\u0151t\u00e1r 2; MNL; \u00daIL; \u00daM\u00c9L<\/br><\/p>\n","protected":false},"excerpt":{"rendered":"<p>Holtmaros v. Torda, 1816, \u2020 Szil\u00e1gybagos, 1852. nov. \/dec: honv\u00e9dtiszt, alezredes, v\u00e1rosparancsnok. \u2013 Tanulm\u00e1nyait a k\u00e9zdiv\u00e1s\u00e1rhelyi katonai nevel\u0151int.-ben v\u00e9gezte (1833). A 2. gyalogezredben z\u00e1szl\u00f3s (1833\u2013), a 11. husz\u00e1rezredben szolg\u00e1lt, f\u0151\u00adhadnagyi rangban (1844\u2013), a 11. honv\u00e9dz\u00e1szl\u00f3aljban harcolt, mint sz\u00e1zados (1848. szept.), \u0151rnagy (1848. nov.), az erd\u00e9lyi hadtestben dand\u00e1rnok, alezredes (1848. dec.), r\u00e9szt vett Szeben elfoglal\u00e1s\u00e1ban, ez\u00e9rt [&hellip;]<\/p>\n","protected":false},"featured_media":0,"comment_status":"open","ping_status":"closed","template":"","meta":[],"product_brand":[],"product_cat":[137],"product_tag":[],"class_list":{"0":"post-2189","1":"product","2":"type-product","3":"status-publish","5":"product_cat-maros-megyei-eletrajzi-lexikon","7":"first","8":"instock","9":"shipping-taxable","10":"product-type-simple"},"_links":{"self":[{"href":"https:\/\/uj.adatbank.ro\/lexikon\/wp-json\/wp\/v2\/product\/2189","targetHints":{"allow":["GET"]}}],"collection":[{"href":"https:\/\/uj.adatbank.ro\/lexikon\/wp-json\/wp\/v2\/product"}],"about":[{"href":"https:\/\/uj.adatbank.ro\/lexikon\/wp-json\/wp\/v2\/types\/product"}],"replies":[{"embeddable":true,"href":"https:\/\/uj.adatbank.ro\/lexikon\/wp-json\/wp\/v2\/comments?post=2189"}],"wp:attachment":[{"href":"https:\/\/uj.adatbank.ro\/lexikon\/wp-json\/wp\/v2\/media?parent=2189"}],"wp:term":[{"taxonomy":"product_brand","embeddable":true,"href":"https:\/\/uj.adatbank.ro\/lexikon\/wp-json\/wp\/v2\/product_brand?post=2189"},{"taxonomy":"product_cat","embeddable":true,"href":"https:\/\/uj.adatbank.ro\/lexikon\/wp-json\/wp\/v2\/product_cat?post=2189"},{"taxonomy":"product_tag","embeddable":true,"href":"https:\/\/uj.adatbank.ro\/lexikon\/wp-json\/wp\/v2\/product_tag?post=2189"}],"curies":[{"name":"wp","href":"https:\/\/api.w.org\/{rel}","templated":true}]}}