{"id":21960,"date":"2025-07-22T19:43:54","date_gmt":"2025-07-22T17:43:54","guid":{"rendered":"https:\/\/uj.adatbank.ro\/lexikon\/termek\/szenner-samuel-nagyernyei\/"},"modified":"2025-07-22T19:43:54","modified_gmt":"2025-07-22T17:43:54","slug":"szenner-samuel-nagyernyei","status":"publish","type":"product","link":"https:\/\/uj.adatbank.ro\/lexikon\/termek\/szenner-samuel-nagyernyei\/","title":{"rendered":"SZENNER S\u00e1muel, nagyernyei"},"content":{"rendered":"<p>Nagyernye, 1807., \u2020?: f\u00f6ldbirtokos. \u2013 Sz. Ferenc \u00e9s Nemes Judit fia. Feles\u00e9ge: Vit\u00e1lis M\u00e1ria. T\u00edz feln\u0151ttkort meg\u00e9rt gyermeke volt. L\u00e1z\u00e1r honv\u00e9d\u0151rmesterk\u00e9nt halt meg Kom\u00e1rom ostrom\u00e1n\u00e1l (1849). J\u00f3zsef k\u00e9t feles\u00e9g\u00e9t\u0151l hat gyermeke volt. \u2013 Visszav\u00e1s\u00e1rolta nagyapja birtok\u00e1t \u00e9s sz\u00e9tosztotta gyermekei k\u00f6z\u00f6tt. \u2013 Nagyernyei birtokos. <br \/><strong>Irod.:<\/strong> Nemes Gyula: Dr. Szenner J\u00f3zsef politikai munk\u00e1ss\u00e1ga = P\u00e1l-Antal \u2013 Simon 2011.<\/br><\/p>\n","protected":false},"excerpt":{"rendered":"<p>Nagyernye, 1807., \u2020?: f\u00f6ldbirtokos. \u2013 Sz. Ferenc \u00e9s Nemes Judit fia. Feles\u00e9ge: Vit\u00e1lis M\u00e1ria. T\u00edz feln\u0151ttkort meg\u00e9rt gyermeke volt. L\u00e1z\u00e1r honv\u00e9d\u0151rmesterk\u00e9nt halt meg Kom\u00e1rom ostrom\u00e1n\u00e1l (1849). J\u00f3zsef k\u00e9t feles\u00e9g\u00e9t\u0151l hat gyermeke volt. \u2013 Visszav\u00e1s\u00e1rolta nagyapja birtok\u00e1t \u00e9s sz\u00e9tosztotta gyermekei k\u00f6z\u00f6tt. \u2013 Nagyernyei birtokos. Irod.: Nemes Gyula: Dr. Szenner J\u00f3zsef politikai munk\u00e1ss\u00e1ga = P\u00e1l-Antal \u2013 Simon [&hellip;]<\/p>\n","protected":false},"featured_media":0,"comment_status":"open","ping_status":"closed","template":"","meta":[],"product_brand":[],"product_cat":[137],"product_tag":[],"class_list":{"0":"post-21960","1":"product","2":"type-product","3":"status-publish","5":"product_cat-maros-megyei-eletrajzi-lexikon","7":"first","8":"instock","9":"shipping-taxable","10":"product-type-simple"},"_links":{"self":[{"href":"https:\/\/uj.adatbank.ro\/lexikon\/wp-json\/wp\/v2\/product\/21960","targetHints":{"allow":["GET"]}}],"collection":[{"href":"https:\/\/uj.adatbank.ro\/lexikon\/wp-json\/wp\/v2\/product"}],"about":[{"href":"https:\/\/uj.adatbank.ro\/lexikon\/wp-json\/wp\/v2\/types\/product"}],"replies":[{"embeddable":true,"href":"https:\/\/uj.adatbank.ro\/lexikon\/wp-json\/wp\/v2\/comments?post=21960"}],"wp:attachment":[{"href":"https:\/\/uj.adatbank.ro\/lexikon\/wp-json\/wp\/v2\/media?parent=21960"}],"wp:term":[{"taxonomy":"product_brand","embeddable":true,"href":"https:\/\/uj.adatbank.ro\/lexikon\/wp-json\/wp\/v2\/product_brand?post=21960"},{"taxonomy":"product_cat","embeddable":true,"href":"https:\/\/uj.adatbank.ro\/lexikon\/wp-json\/wp\/v2\/product_cat?post=21960"},{"taxonomy":"product_tag","embeddable":true,"href":"https:\/\/uj.adatbank.ro\/lexikon\/wp-json\/wp\/v2\/product_tag?post=21960"}],"curies":[{"name":"wp","href":"https:\/\/api.w.org\/{rel}","templated":true}]}}