{"id":22001,"date":"2025-07-22T19:45:24","date_gmt":"2025-07-22T17:45:24","guid":{"rendered":"https:\/\/uj.adatbank.ro\/lexikon\/termek\/szentgyorgyi-k-mihaly-sepsiszentgyorgyi\/"},"modified":"2025-07-22T19:45:24","modified_gmt":"2025-07-22T17:45:24","slug":"szentgyorgyi-k-mihaly-sepsiszentgyorgyi","status":"publish","type":"product","link":"https:\/\/uj.adatbank.ro\/lexikon\/termek\/szentgyorgyi-k-mihaly-sepsiszentgyorgyi\/","title":{"rendered":"SZENTGY\u00d6RGYI K. Mih\u00e1ly, sepsiszentgy\u00f6rgyi"},"content":{"rendered":"<p>? \u2020\u00a01680 u.: tan\u00e1r. \u2013 A Mv.-i Sk\u00f3la rektora (1657. m\u00e1rc. \u2013 1659. jan. v\u00e9ge), Gyulafeh\u00e9rv\u00e1rr\u00f3l \u00e9rkezett. P\u00e1pai P\u00e1riz Ferencnek mint menek\u00fcltnek tan\u00e1ra Beszterc\u00e9n, ekkor m\u00e9g Mv.-en volt (1663). Leidenben tanult (1665). D\u00e9v\u00e1n pap (1680 k.), a vajdahunyadi egyh\u00e1zmegye esperese. Rektors\u00e1ga idej\u00e9n nyugatr\u00f3l a t\u00f6r\u00f6k\u00f6k, keletr\u0151l \u00e9s d\u00e9lr\u0151l a krimi tat\u00e1rok t\u00e1madt\u00e1k meg Erd\u00e9lyt, \u00e9s Mv.-t sem hagyt\u00e1k ki (1658). Az iskola v\u00e1rban lev\u0151 \u00e9p\u00fclet\u00e9t fel\u00e9gett\u00e9k, jav\u00edt\u00e1s\u00e1ra nem volt anyagi lehet\u0151s\u00e9g, 30 \u00e9vig \u00e1llott deszk\u00e1kkal \u00f6sszet\u00e1kolva, m\u00edg Teleki Mih\u00e1ly adom\u00e1ny\u00e1b\u00f3l \u00faj fed\u00e9l al\u00e1 ker\u00fclhetett (1693). Az oktat\u00e1s azonban nem \u00e1llt le. <br \/><strong>Irod.:<\/strong> Er\u0151s v\u00e1runk, Id\u0151t\u00e1r 1; Koncz, Kozma, P\u00e1pai P\u00e1riz.<\/br><\/p>\n","protected":false},"excerpt":{"rendered":"<p>? \u2020\u00a01680 u.: tan\u00e1r. \u2013 A Mv.-i Sk\u00f3la rektora (1657. m\u00e1rc. \u2013 1659. jan. v\u00e9ge), Gyulafeh\u00e9rv\u00e1rr\u00f3l \u00e9rkezett. P\u00e1pai P\u00e1riz Ferencnek mint menek\u00fcltnek tan\u00e1ra Beszterc\u00e9n, ekkor m\u00e9g Mv.-en volt (1663). Leidenben tanult (1665). D\u00e9v\u00e1n pap (1680 k.), a vajdahunyadi egyh\u00e1zmegye esperese. Rektors\u00e1ga idej\u00e9n nyugatr\u00f3l a t\u00f6r\u00f6k\u00f6k, keletr\u0151l \u00e9s d\u00e9lr\u0151l a krimi tat\u00e1rok t\u00e1madt\u00e1k meg Erd\u00e9lyt, \u00e9s [&hellip;]<\/p>\n","protected":false},"featured_media":0,"comment_status":"open","ping_status":"closed","template":"","meta":[],"product_brand":[],"product_cat":[137],"product_tag":[],"class_list":{"0":"post-22001","1":"product","2":"type-product","3":"status-publish","5":"product_cat-maros-megyei-eletrajzi-lexikon","7":"first","8":"instock","9":"shipping-taxable","10":"product-type-simple"},"_links":{"self":[{"href":"https:\/\/uj.adatbank.ro\/lexikon\/wp-json\/wp\/v2\/product\/22001","targetHints":{"allow":["GET"]}}],"collection":[{"href":"https:\/\/uj.adatbank.ro\/lexikon\/wp-json\/wp\/v2\/product"}],"about":[{"href":"https:\/\/uj.adatbank.ro\/lexikon\/wp-json\/wp\/v2\/types\/product"}],"replies":[{"embeddable":true,"href":"https:\/\/uj.adatbank.ro\/lexikon\/wp-json\/wp\/v2\/comments?post=22001"}],"wp:attachment":[{"href":"https:\/\/uj.adatbank.ro\/lexikon\/wp-json\/wp\/v2\/media?parent=22001"}],"wp:term":[{"taxonomy":"product_brand","embeddable":true,"href":"https:\/\/uj.adatbank.ro\/lexikon\/wp-json\/wp\/v2\/product_brand?post=22001"},{"taxonomy":"product_cat","embeddable":true,"href":"https:\/\/uj.adatbank.ro\/lexikon\/wp-json\/wp\/v2\/product_cat?post=22001"},{"taxonomy":"product_tag","embeddable":true,"href":"https:\/\/uj.adatbank.ro\/lexikon\/wp-json\/wp\/v2\/product_tag?post=22001"}],"curies":[{"name":"wp","href":"https:\/\/api.w.org\/{rel}","templated":true}]}}