{"id":2216,"date":"2025-06-28T12:07:16","date_gmt":"2025-06-28T10:07:16","guid":{"rendered":"https:\/\/uj.adatbank.ro\/lexikon\/termek\/banffy-zoltan-%c2%a7-losonczi-br\/"},"modified":"2025-06-28T12:07:16","modified_gmt":"2025-06-28T10:07:16","slug":"banffy-zoltan-%c2%a7-losonczi-br","status":"publish","type":"product","link":"https:\/\/uj.adatbank.ro\/lexikon\/termek\/banffy-zoltan-%c2%a7-losonczi-br\/","title":{"rendered":"B\u00c1NFFY Zolt\u00e1n, \u00a7 losonczi br."},"content":{"rendered":"<p>Beresztelke, 1841. szept. 15., \u2020\u00a0Beresztelke, 1892. j\u00fan. 7. Beresztelk\u00e9n temett\u00e9k: f\u0151isp\u00e1n, f\u00f6ldbirtokos, f\u0151rendih\u00e1zi tag. \u2013 B. J\u00e1nos br. f\u00f6ldbirtokos \u00e9s Wessel\u00e9nyi Jozefa br. fia. N\u00f6v\u00e9re: Polyxena Kem\u00e9ny K\u00e1lm\u00e1nn\u00e9. Feles\u00e9ge: 1. Bethlen Aranka \/ Aur\u00e9lia (1839\u20131872), esk\u00fcv\u0151\u00a0(1868. febr. 8.). 2. Teleki Erzs\u00e9bet \/Eliz (1853\u20131937). Esk\u00fcv\u0151 (S\u00e1romberke 1878 nov. 26). Fiaik: Endre (Beresztelke, 1879.- Mv., 1962); Zolt\u00e1n (1886.- 1967), J\u00e1nos (1895\u20131956), L\u00e1szl\u00f3 (1896\u20131974) \u00e9s Istv\u00e1n (1898\u20131944). \u2013 A kv.-i ref. f\u0151tanod\u00e1ban tanult, majd n\u00e9meto.-i egyetemeken folytatta tanulm\u00e1nyait. Bar\u00e1tj\u00e1val orral az olaszo.-i m. l\u00e9gi\u00f3ba jelentkezett k\u00f6zleg\u00e9nyk\u00e9nt (1859), Genfbe k\u00fcldt\u00e9k Teleki L\u00e1szl\u00f3hoz, de nem tal\u00e1lkoztak, mert Telekit m\u00e1r elfogt\u00e1k. Genfben Aulitzky lengyel ezredes mellett katonai tanulm\u00e1nyokat folytatott. R\u00e9szt vett t\u00f6bb exped\u00edci\u00f3ban, Garibaldi mellett harcolt Szicili\u00e1ban. Visszat\u00e9rt birtokaira, Szil\u00e1gynagyfaluban gazd\u00e1lkodott, innen a beresztelki birtok\u00e1ra k\u00f6lt\u00f6z\u00f6tt \u00e9s ott gazd\u00e1lkodott, amig eladt\u00e1k. \u00d6r\u00f6ks\u00e9ge a marosgezsei birtok volt. T\u00e1mogatta a ref. egyh\u00e1zat, az \u00far asztal\u00e1t mindenkor \u0151 l\u00e1tta el keny\u00e9rrel \u00e9s borral. 11 ezer holdja volt Szil\u00e1gy, Als\u00f3feh\u00e9r, Kolozs \u00e9s Maros-Torda megy\u00e9ben \u00e9s a csal\u00e1dnak B\u00e1nffyhunyad melletti havasokban 35 ezer holdnyi osztatlan erd\u0151b\u00edrtoka volt. R\u00e9szt vett a megye k\u00f6z\u00e9let\u00e9ben, kinevezt\u00e9k Maros-Torda vm. f\u0151isp\u00e1nj\u00e1v\u00e1 (1883. \u00e1pr. 30. \u201391). A mv.-i Ref. Koll. \u00e9s a Marosi Ref. Egyh\u00e1zmegye f\u0151gondnoka (1885. m\u00e1j. 1. \u201392), az EMKE alap\u00edt\u00f3 \u00e9s v\u00e1lasztm\u00e1nyi tagja, Marostorda megye fi\u00f3k v\u00e1lasztm\u00e1nyi eln\u00f6ke (1885\u201392); a Marostorda V\u00e1rmegyei Gazdas\u00e1gi Egylet els\u0151 aleln\u00f6ke (1885), majd eln\u00f6ke. Az MTE alap\u00edt\u00f3tagja (1884). A Mv.-en alakult Sz\u00edn\u00fcgyp\u00e1rtol\u00f3 Egyes\u00fclet v\u00e9dn\u00f6ke (1885). A Mv.-i Kaszin\u00f3 eln\u00f6ke (1886\u201391). Mv legnagyobb ad\u00f3fizet\u0151inek egyike (1887). Birtok\u00e1n tekeversenyeket rendezett, az egyes\u00fclet r\u00e9sz\u00e9re tetemes \u00e1llami seg\u00e9lyt eszk\u00f6z\u00f6lt ki. Mv. d\u00edszpolg\u00e1ra (1890). <br \/><strong>Irod.:<\/strong> Bi\u00e1s Istv\u00e1n; Bicsok\u2013Orb\u00e1n; Der\u00e9k magyar embernek \u00e9s kereszt\u00e9nynek maradni \/ Ol\u00e1h-G\u00e1l Elvira besz\u00e9lget\u00e9se Ugron Istv\u00e1nn\u00e9 b\u00e1r\u00f3 B\u00e1nffy M\u00e1ri\u00e1val (Sz\u00e9kelyf\u00f6ld, 1. sz., 2012); D\u00f3sa S\u00e1ndor; EMKE: szervezked\u0151 k\u00f6zgy\u0171l\u00e9s Kv. 1885. aug. 31. (Kv., 1886) EMKE 120; ; Az Erd\u00e9lyi Ref. Egyh\u00e1zker\u00fclet k\u00f6zgy\u0171l\u00e9s\u00e9nek jegyz\u0151k\u00f6nyve (Kv, 1888); Gudenus; Id\u0151t\u00e1r 2.; Kempelen; Keresztes 1995; Koncz; Kov\u00e1cs Kiss Gy\u00f6ngy: Politikai \u00e9s int\u00e9zm\u00e9nyrendszeri \u00e1talakul\u00e1sok a Habsburg-install\u00e1ci\u00f3 idej\u00e9n Erd\u00e9lyben: A korszak eml\u00e9k\u00edr\u00f3inak l\u00e1ttat\u00e1s\u00e1ban (Korunk, 3. sz., 2009. m\u00e1rc.); Kusz\u00e1lik \u2013 Zal\u00e1nyi; P\u00e1l Judit: Erd\u00e9lyi f\u0151isp\u00e1nok a Tisza-\u00e9ra v\u00e9g\u00e9n (1890\u201391) (II.) (Korunk, 4. sz., 2009); Par\u00e1di; S\u00e1ndor; Sikl\u00f3ssy; Mo. F\u0151isp\u00e1njai; \u00daj orsz\u00e1ggy\u0171l\u00e9si almanach 1887\u201392 (Bp., 1888)<\/br><\/p>\n","protected":false},"excerpt":{"rendered":"<p>Beresztelke, 1841. szept. 15., \u2020\u00a0Beresztelke, 1892. j\u00fan. 7. Beresztelk\u00e9n temett\u00e9k: f\u0151isp\u00e1n, f\u00f6ldbirtokos, f\u0151rendih\u00e1zi tag. \u2013 B. J\u00e1nos br. f\u00f6ldbirtokos \u00e9s Wessel\u00e9nyi Jozefa br. fia. N\u00f6v\u00e9re: Polyxena Kem\u00e9ny K\u00e1lm\u00e1nn\u00e9. Feles\u00e9ge: 1. Bethlen Aranka \/ Aur\u00e9lia (1839\u20131872), esk\u00fcv\u0151\u00a0(1868. febr. 8.). 2. Teleki Erzs\u00e9bet \/Eliz (1853\u20131937). Esk\u00fcv\u0151 (S\u00e1romberke 1878 nov. 26). Fiaik: Endre (Beresztelke, 1879.- Mv., 1962); Zolt\u00e1n [&hellip;]<\/p>\n","protected":false},"featured_media":0,"comment_status":"open","ping_status":"closed","template":"","meta":[],"product_brand":[],"product_cat":[137],"product_tag":[],"class_list":{"0":"post-2216","1":"product","2":"type-product","3":"status-publish","5":"product_cat-maros-megyei-eletrajzi-lexikon","7":"first","8":"instock","9":"shipping-taxable","10":"product-type-simple"},"_links":{"self":[{"href":"https:\/\/uj.adatbank.ro\/lexikon\/wp-json\/wp\/v2\/product\/2216","targetHints":{"allow":["GET"]}}],"collection":[{"href":"https:\/\/uj.adatbank.ro\/lexikon\/wp-json\/wp\/v2\/product"}],"about":[{"href":"https:\/\/uj.adatbank.ro\/lexikon\/wp-json\/wp\/v2\/types\/product"}],"replies":[{"embeddable":true,"href":"https:\/\/uj.adatbank.ro\/lexikon\/wp-json\/wp\/v2\/comments?post=2216"}],"wp:attachment":[{"href":"https:\/\/uj.adatbank.ro\/lexikon\/wp-json\/wp\/v2\/media?parent=2216"}],"wp:term":[{"taxonomy":"product_brand","embeddable":true,"href":"https:\/\/uj.adatbank.ro\/lexikon\/wp-json\/wp\/v2\/product_brand?post=2216"},{"taxonomy":"product_cat","embeddable":true,"href":"https:\/\/uj.adatbank.ro\/lexikon\/wp-json\/wp\/v2\/product_cat?post=2216"},{"taxonomy":"product_tag","embeddable":true,"href":"https:\/\/uj.adatbank.ro\/lexikon\/wp-json\/wp\/v2\/product_tag?post=2216"}],"curies":[{"name":"wp","href":"https:\/\/api.w.org\/{rel}","templated":true}]}}