{"id":22326,"date":"2025-07-22T19:57:02","date_gmt":"2025-07-22T17:57:02","guid":{"rendered":"https:\/\/uj.adatbank.ro\/lexikon\/termek\/szilagyi-mihaly-primor-akosfalvi\/"},"modified":"2025-07-22T19:57:02","modified_gmt":"2025-07-22T17:57:02","slug":"szilagyi-mihaly-primor-akosfalvi","status":"publish","type":"product","link":"https:\/\/uj.adatbank.ro\/lexikon\/termek\/szilagyi-mihaly-primor-akosfalvi\/","title":{"rendered":"SZIL\u00c1GYI Mih\u00e1ly, primor \u00e1kosfalvi"},"content":{"rendered":"<p>Meggyesfalva, 1915. m\u00e1j. 23. \u2020?: husz\u00e1rhadnagy. \u2013 T\u00e9nyleges katonai szolg\u00e1lat\u00e1t P\u00e9csen teljes\u00edtette (1939. nov. \u2013 1941. szept.). Tartal\u00e9kos tiszti iskol\u00e1t a 2. husz\u00e1rezredn\u00e9l v\u00e9gzett, majd t. z\u00e1szl\u00f3ss\u00e1 l\u00e9ptett\u00e9k el\u0151 (1941. okt. 1.\u2013). Egy \u00e9v tov\u00e1bbi szolg\u00e1latot v\u00e1llalt (1941.okt \u2013), amelyet m\u00e9g megism\u00e9telt egyszer (1943. okt. \u2013). Tov\u00e1bbszolg\u00e1l\u00f3 hadnaggy\u00e1 l\u00e9ptett\u00e9k el\u0151 (1944. j\u00fal. 1.\u2013). Sz\u00e1zadparancsnokk\u00e9nt frontszolg\u00e1latot teljes\u00edtett a Pripjat-mocsarak ter\u00fclet\u00e9n, k\u00e9s\u0151bb Nagyv\u00e1rad k\u00f6rny\u00e9k\u00e9n (1944. febr.\u2013). K\u00e9tszer sebes\u00fclt meg. Fel\u00e9p\u00fcl\u00e9se ut\u00e1n eredeti csapatteste helyett Bp.-en a KISKA alakulatban szolg\u00e1lt (1944. dec. 24.-ig), majd a bp.-i rend\u0151rkarhatalmi z\u00e1szl\u00f3alj tagja volt. Lefokozt\u00e1k (1958. m\u00e1rc. 25.\u2013). A 90-es \u00e9vekben rehabilit\u00e1lt\u00e1k \u00e9s visszaadt\u00e1k rendfokozat\u00e1t. <br \/><strong>Irod.:<\/strong> Bene\u2013Szab\u00f3.<\/br><\/p>\n","protected":false},"excerpt":{"rendered":"<p>Meggyesfalva, 1915. m\u00e1j. 23. \u2020?: husz\u00e1rhadnagy. \u2013 T\u00e9nyleges katonai szolg\u00e1lat\u00e1t P\u00e9csen teljes\u00edtette (1939. nov. \u2013 1941. szept.). Tartal\u00e9kos tiszti iskol\u00e1t a 2. husz\u00e1rezredn\u00e9l v\u00e9gzett, majd t. z\u00e1szl\u00f3ss\u00e1 l\u00e9ptett\u00e9k el\u0151 (1941. okt. 1.\u2013). Egy \u00e9v tov\u00e1bbi szolg\u00e1latot v\u00e1llalt (1941.okt \u2013), amelyet m\u00e9g megism\u00e9telt egyszer (1943. okt. \u2013). Tov\u00e1bbszolg\u00e1l\u00f3 hadnaggy\u00e1 l\u00e9ptett\u00e9k el\u0151 (1944. j\u00fal. 1.\u2013). Sz\u00e1zadparancsnokk\u00e9nt frontszolg\u00e1latot [&hellip;]<\/p>\n","protected":false},"featured_media":0,"comment_status":"open","ping_status":"closed","template":"","meta":[],"product_brand":[],"product_cat":[137],"product_tag":[],"class_list":{"0":"post-22326","1":"product","2":"type-product","3":"status-publish","5":"product_cat-maros-megyei-eletrajzi-lexikon","7":"first","8":"instock","9":"shipping-taxable","10":"product-type-simple"},"_links":{"self":[{"href":"https:\/\/uj.adatbank.ro\/lexikon\/wp-json\/wp\/v2\/product\/22326","targetHints":{"allow":["GET"]}}],"collection":[{"href":"https:\/\/uj.adatbank.ro\/lexikon\/wp-json\/wp\/v2\/product"}],"about":[{"href":"https:\/\/uj.adatbank.ro\/lexikon\/wp-json\/wp\/v2\/types\/product"}],"replies":[{"embeddable":true,"href":"https:\/\/uj.adatbank.ro\/lexikon\/wp-json\/wp\/v2\/comments?post=22326"}],"wp:attachment":[{"href":"https:\/\/uj.adatbank.ro\/lexikon\/wp-json\/wp\/v2\/media?parent=22326"}],"wp:term":[{"taxonomy":"product_brand","embeddable":true,"href":"https:\/\/uj.adatbank.ro\/lexikon\/wp-json\/wp\/v2\/product_brand?post=22326"},{"taxonomy":"product_cat","embeddable":true,"href":"https:\/\/uj.adatbank.ro\/lexikon\/wp-json\/wp\/v2\/product_cat?post=22326"},{"taxonomy":"product_tag","embeddable":true,"href":"https:\/\/uj.adatbank.ro\/lexikon\/wp-json\/wp\/v2\/product_tag?post=22326"}],"curies":[{"name":"wp","href":"https:\/\/api.w.org\/{rel}","templated":true}]}}