{"id":22353,"date":"2025-07-22T19:57:59","date_gmt":"2025-07-22T17:57:59","guid":{"rendered":"https:\/\/uj.adatbank.ro\/lexikon\/termek\/szilvasi-janos\/"},"modified":"2025-07-22T19:57:59","modified_gmt":"2025-07-22T17:57:59","slug":"szilvasi-janos","status":"publish","type":"product","link":"https:\/\/uj.adatbank.ro\/lexikon\/termek\/szilvasi-janos\/","title":{"rendered":"SZILV\u00c1SI J\u00e1nos"},"content":{"rendered":"<p>D\u00e9s? \u2020\u00a01597 ut\u00e1n: hittud\u00f3s, ref. lelk\u00e9sz, esperes. \u2013 Enyedi Gy\u00f6rgy tan\u00edtv\u00e1nya volt, majd az unit\u00e1riusok tan\u00edtatt\u00e1k Strassburgban (1587), visszat\u00e9rte ut\u00e1n \u00e1tt\u00e9rt a ref. vall\u00e1sra. Val\u00f3sz\u00edn\u0171, hogy Strassburgban ismerhette meg Baranyai Decsi J\u00e1nost \u00e9s \u0151 h\u00edvta meg tan\u00e1rnak Mv.-re. Mv-i V\u00e1rtemplom ref. lelk\u00e9sze (1586\u201391), a Marosi ref. egyh\u00e1zmegye esperese. Nagytud\u00e1s\u00fa, felk\u00e9sz\u00fclt lelk\u00e9sz, de vall\u00e1s\u00e1ban \u00e1llhatatlan: antitrinit\u00e1riusb\u00f3l (1587), ref., majd katolikus lett. Basta idej\u00e9ben a gyalui v\u00e1r lelk\u00e9sz-kapit\u00e1nya, kat. hitsz\u00f3nok (1595\u2013) volt. Mv. a katolikusok \u00e9s ref. k\u00f6z\u00f6tti hitvita sz\u00edntere volt, amelyben Sz. J. a kat. \u00e9s K\u00e1llai J\u00e1nos a k\u00e1lvinista t\u00e9teleket v\u00e9delmezte (1591). Az 1586-os Epicedion c\u00edm\u0171 gy\u00e1szverseiben m\u00e9g unit\u00e1rius, az 1591-es Oratio in synodo orthodoxorum c\u00edm\u0171 hitvit\u00e1z\u00f3 irat\u00e1ban m\u00e1r reform\u00e1tus \u00e1ll\u00e1sponton volt, az 1597-es Antiquitas et perpetua duratio fidei catholicae c\u00edm\u0171 \u00edr\u00e1s\u00e1ban m\u00e1r katolikus hitelveket terjesztett. Alkalmi verseket is \u00edrt. K\u00e9t kort\u00e1rs t\u00f6rt\u00e9net\u00edr\u00f3, Szamosk\u00f6zi Istv\u00e1n (1570\u20131612) \u00e9s Mik\u00f3 Ferenc (1585\u20131635) \u00e1ll\u00edtja, hogy a B\u00e1sta megostromolta Gyalu v\u00e1r \u0151rz\u0151it meg\u00f6lette, Szilv\u00e1si J\u00e1nos pap a v\u00e1r kapit\u00e1nya volt, de nem eml\u00edtik, hogy Szilv\u00e1si elesett vagy nem. Piskolti Fabritius M\u00e1ty\u00e1s tudom\u00e1s\u00e1ra jutott, hogy Szilv\u00e1si \u00f6nkez\u00e9vel vetett v\u00e9get \u00e9let\u00e9nek, megkeseredett ember volt. Kort\u00e1rs feltev\u00e9sek szerint.1601. aug. vagy 1602. jan. \u2013 <strong>F. m.<\/strong>: Oratio &#8230; praemissa disputationi publicae in syndo otrthodoxaorum Ungarorum Vasarhelyni celebratae (Szeben, 1591); Atiguitas et perpetua duratio fidei catholicae (Claudiopoli, 1597); k\u00e9zirata: Vitairat Enyedi Gy\u00f6rgy ellen (Kv., 1593). <br \/><strong>Irod.:<\/strong> Cat. Bibl. T.-B.; Farcz\u00e1dy; Id\u0151t\u00e1r 1.; K\u00e9nosi\u2013Uzoni 1.; Marossz\u00e9ki kr\u00f3nik\u00e1k 1.; A mv.-i ref. egyh\u00e1z (1727\u2013) anyak\u00f6nyve [k\u00e9zirat]; \u0150sz S\u00e1ndor El\u0151d. Keres\u0151 teol\u00f3gus vagy (egyh\u00e1z)politikai opportunista? \u00dajabb adatok Szilv\u00e1si J\u00e1nos \u00e9let\u00e9hez; P\u00e1l-Antal 2009; V\u00e1rtemplomi lelk\u00e9szek n\u00e9vsora, 1571\u20132000 (\u00daj Kezdet, 2. sz., 2000); T\u00f3th Istv\u00e1n: Mv. irodalmi m\u0171velts\u00e9g\u00e9r\u0151l IV (N\u00fa., M\u00fazsa, 451. sz., 2000., j\u00fal 22.); Zov\u00e1nyi.<\/br><\/p>\n","protected":false},"excerpt":{"rendered":"<p>D\u00e9s? \u2020\u00a01597 ut\u00e1n: hittud\u00f3s, ref. lelk\u00e9sz, esperes. \u2013 Enyedi Gy\u00f6rgy tan\u00edtv\u00e1nya volt, majd az unit\u00e1riusok tan\u00edtatt\u00e1k Strassburgban (1587), visszat\u00e9rte ut\u00e1n \u00e1tt\u00e9rt a ref. vall\u00e1sra. Val\u00f3sz\u00edn\u0171, hogy Strassburgban ismerhette meg Baranyai Decsi J\u00e1nost \u00e9s \u0151 h\u00edvta meg tan\u00e1rnak Mv.-re. Mv-i V\u00e1rtemplom ref. lelk\u00e9sze (1586\u201391), a Marosi ref. egyh\u00e1zmegye esperese. Nagytud\u00e1s\u00fa, felk\u00e9sz\u00fclt lelk\u00e9sz, de vall\u00e1s\u00e1ban \u00e1llhatatlan: antitrinit\u00e1riusb\u00f3l [&hellip;]<\/p>\n","protected":false},"featured_media":0,"comment_status":"open","ping_status":"closed","template":"","meta":[],"product_brand":[],"product_cat":[137],"product_tag":[],"class_list":{"0":"post-22353","1":"product","2":"type-product","3":"status-publish","5":"product_cat-maros-megyei-eletrajzi-lexikon","7":"first","8":"instock","9":"shipping-taxable","10":"product-type-simple"},"_links":{"self":[{"href":"https:\/\/uj.adatbank.ro\/lexikon\/wp-json\/wp\/v2\/product\/22353","targetHints":{"allow":["GET"]}}],"collection":[{"href":"https:\/\/uj.adatbank.ro\/lexikon\/wp-json\/wp\/v2\/product"}],"about":[{"href":"https:\/\/uj.adatbank.ro\/lexikon\/wp-json\/wp\/v2\/types\/product"}],"replies":[{"embeddable":true,"href":"https:\/\/uj.adatbank.ro\/lexikon\/wp-json\/wp\/v2\/comments?post=22353"}],"wp:attachment":[{"href":"https:\/\/uj.adatbank.ro\/lexikon\/wp-json\/wp\/v2\/media?parent=22353"}],"wp:term":[{"taxonomy":"product_brand","embeddable":true,"href":"https:\/\/uj.adatbank.ro\/lexikon\/wp-json\/wp\/v2\/product_brand?post=22353"},{"taxonomy":"product_cat","embeddable":true,"href":"https:\/\/uj.adatbank.ro\/lexikon\/wp-json\/wp\/v2\/product_cat?post=22353"},{"taxonomy":"product_tag","embeddable":true,"href":"https:\/\/uj.adatbank.ro\/lexikon\/wp-json\/wp\/v2\/product_tag?post=22353"}],"curies":[{"name":"wp","href":"https:\/\/api.w.org\/{rel}","templated":true}]}}