{"id":22467,"date":"2025-07-22T20:02:13","date_gmt":"2025-07-22T18:02:13","guid":{"rendered":"https:\/\/uj.adatbank.ro\/lexikon\/termek\/szolga-janos-vargyasi\/"},"modified":"2025-07-22T20:02:13","modified_gmt":"2025-07-22T18:02:13","slug":"szolga-janos-vargyasi","status":"publish","type":"product","link":"https:\/\/uj.adatbank.ro\/lexikon\/termek\/szolga-janos-vargyasi\/","title":{"rendered":"SZOLGA J\u00e1nos, vargyasi"},"content":{"rendered":"<p>? \u2020 Mv., 1844: kir. t\u00e1blai \u00fcgyv\u00e9d, jogtud\u00f3s. \u2013 Feles\u00e9ge: ny\u00e1r\u00e1dg\u00e1lfalvi K\u00e1d\u00e1r Kl\u00e1ra (? \u2013 Mv., 1829. m\u00e1rc. 28.). \u2013 Mv.-en kir. t\u00e1blai \u00fcgyv\u00e9d (1815\u201344). \u2013 <strong>F. m.<\/strong>: Az Erd\u00e9lyi Nagyfejedelems\u00e9g-b\u00e9li sz\u00e9kbeli katon\u00e1k k\u00f6z\u00f6tt, viszont ezek \u00e9s provincialist\u00e1k k\u00f6z\u00f6tt el\u0151fordul\u00f3 perek; \u00fagy a fekv\u0151 sz\u00e9kely j\u00f3sz\u00e1gok megbecs\u00fcl\u00e9se modja er\u00e1nt \u00e1lland\u00f3ul, \u00e9s r\u00e9szszer\u00e9nt ideiglen az 1825. esztend\u0151ben j\u00fal. 11. napj\u00e1n sinor-m\u00e9rt\u00e9k\u00fcl kiadott kir. cs\u00e1sz. Kegyelmes v\u00e1lasz. Mellyet de\u00e1kb\u00f3l ford\u00edtott (Nagyv\u00e1rad, 1825); Az Erd\u00e9lyi Nagyfejedelems\u00e9gben a perfolyamatokban el\u0151fordul\u00f3 l\u00e9p\u00e9seknek \u00e9s t\u00f6rv\u00e9nyes cselekedeteknek n\u00e9gy darabb\u00f3l \u00e1ll\u00f3 t\u00e1bl\u00e1i (Mv., 1830); A sz\u00e9kely t\u00f6rv\u00e9nyb\u0151l \u00f6tven k\u00e9rd\u00e9sei \u00e9s ezen k\u00e9rd\u00e9sre: hol \u00e9s micsoda esetekben lehet tett utty\u00e1n (via facti) t\u00f6rv\u00e9nyesen b\u00e1nni?: \u00d6tven feleletjei Szolga J\u00e1nosnak (Mv., 1838); Sz\u00e9kely jogi \u00f6tven k\u00e9rd\u00e9sek \u00e9s feleletek, \u00e9s ezen k\u00e9rd\u00e9sre: micsoda esetekben szabad \u00e9s kell a saj\u00e1t juss t\u00f6rv\u00e9nyes per folyamaton k\u00edv\u00fcl mag\u00e1nyos vagy k\u00f6z tett \u00e1ltal (via facti privati, vel publici) v\u00e9delmezni? vagy legal\u00e1bb ha k\u00f6vetkez\u0151leg per folyamat v\u00e1lik is a t\u00e1rgyb\u00f3l a v\u00e9delmet elkezdeni? esem\u00e9nyk\u00e9nt \u00f6sszeszedve 52 feleletek (Mv., 1844). <br \/><strong>Irod.:<\/strong> Gy\u00e1szjelent\u0151; Kr\u00f3n. F\u00fcz. (1939. 4\/6), Szinnyei.<\/br><\/p>\n","protected":false},"excerpt":{"rendered":"<p>? \u2020 Mv., 1844: kir. t\u00e1blai \u00fcgyv\u00e9d, jogtud\u00f3s. \u2013 Feles\u00e9ge: ny\u00e1r\u00e1dg\u00e1lfalvi K\u00e1d\u00e1r Kl\u00e1ra (? \u2013 Mv., 1829. m\u00e1rc. 28.). \u2013 Mv.-en kir. t\u00e1blai \u00fcgyv\u00e9d (1815\u201344). \u2013 F. m.: Az Erd\u00e9lyi Nagyfejedelems\u00e9g-b\u00e9li sz\u00e9kbeli katon\u00e1k k\u00f6z\u00f6tt, viszont ezek \u00e9s provincialist\u00e1k k\u00f6z\u00f6tt el\u0151fordul\u00f3 perek; \u00fagy a fekv\u0151 sz\u00e9kely j\u00f3sz\u00e1gok megbecs\u00fcl\u00e9se modja er\u00e1nt \u00e1lland\u00f3ul, \u00e9s r\u00e9szszer\u00e9nt ideiglen az 1825. [&hellip;]<\/p>\n","protected":false},"featured_media":0,"comment_status":"open","ping_status":"closed","template":"","meta":[],"product_brand":[],"product_cat":[137],"product_tag":[],"class_list":{"0":"post-22467","1":"product","2":"type-product","3":"status-publish","5":"product_cat-maros-megyei-eletrajzi-lexikon","7":"first","8":"instock","9":"shipping-taxable","10":"product-type-simple"},"_links":{"self":[{"href":"https:\/\/uj.adatbank.ro\/lexikon\/wp-json\/wp\/v2\/product\/22467","targetHints":{"allow":["GET"]}}],"collection":[{"href":"https:\/\/uj.adatbank.ro\/lexikon\/wp-json\/wp\/v2\/product"}],"about":[{"href":"https:\/\/uj.adatbank.ro\/lexikon\/wp-json\/wp\/v2\/types\/product"}],"replies":[{"embeddable":true,"href":"https:\/\/uj.adatbank.ro\/lexikon\/wp-json\/wp\/v2\/comments?post=22467"}],"wp:attachment":[{"href":"https:\/\/uj.adatbank.ro\/lexikon\/wp-json\/wp\/v2\/media?parent=22467"}],"wp:term":[{"taxonomy":"product_brand","embeddable":true,"href":"https:\/\/uj.adatbank.ro\/lexikon\/wp-json\/wp\/v2\/product_brand?post=22467"},{"taxonomy":"product_cat","embeddable":true,"href":"https:\/\/uj.adatbank.ro\/lexikon\/wp-json\/wp\/v2\/product_cat?post=22467"},{"taxonomy":"product_tag","embeddable":true,"href":"https:\/\/uj.adatbank.ro\/lexikon\/wp-json\/wp\/v2\/product_tag?post=22467"}],"curies":[{"name":"wp","href":"https:\/\/api.w.org\/{rel}","templated":true}]}}